{"id":17959,"date":"2020-02-19T09:35:28","date_gmt":"2020-02-19T08:35:28","guid":{"rendered":"https:\/\/www.hbod.hr\/predavanja\/"},"modified":"2026-02-02T21:02:27","modified_gmt":"2026-02-02T20:02:27","slug":"lectures","status":"publish","type":"page","link":"https:\/\/www.hbod.hr\/en\/lectures\/","title":{"rendered":"Lectures"},"content":{"rendered":"<p>[et_pb_section fb_built=&#8221;1&#8243; fullwidth=&#8221;on&#8221; _builder_version=&#8221;4.16&#8243; _module_preset=&#8221;default&#8221; background_enable_color=&#8221;off&#8221; background_enable_image=&#8221;off&#8221; parallax=&#8221;on&#8221; locked=&#8221;off&#8221; global_colors_info=&#8221;{}&#8221;][et_pb_fullwidth_slider use_bg_overlay=&#8221;off&#8221; _builder_version=&#8221;4.16&#8243; _module_preset=&#8221;default&#8221; header_font=&#8221;Poppins||||||||&#8221; parallax=&#8221;on&#8221; content_width=&#8221;100%&#8221; custom_padding=&#8221;280px|||||&#8221; global_colors_info=&#8221;{}&#8221;][et_pb_slide heading=&#8221;Hrvatsko botani\u010dko dru\u0161tvo&#8221; use_bg_overlay=&#8221;off&#8221; use_text_overlay=&#8221;on&#8221; text_border_radius=&#8221;20px&#8221; _builder_version=&#8221;4.16&#8243; _module_preset=&#8221;default&#8221; header_font=&#8221;Poppins|800||on|||||&#8221; header_font_size=&#8221;50px&#8221; header_letter_spacing=&#8221;1px&#8221; background_enable_color=&#8221;off&#8221; background_image=&#8221;http:\/\/www.hbod.hr\/wp-content\/uploads\/2021\/04\/viter-oskorus\u030cno-6-scaled.jpg&#8221; background_enable_image=&#8221;on&#8221; width=&#8221;65%&#8221; width_tablet=&#8221;65%&#8221; width_phone=&#8221;75%&#8221; width_last_edited=&#8221;on|phone&#8221; max_width_tablet=&#8221;&#8221; max_width_phone=&#8221;&#8221; max_width_last_edited=&#8221;on|phone&#8221; custom_padding=&#8221;5px||||false|false&#8221; header_font_size_tablet=&#8221;48px&#8221; header_font_size_phone=&#8221;13px&#8221; header_font_size_last_edited=&#8221;on|phone&#8221; global_colors_info=&#8221;{}&#8221; sticky_transition=&#8221;on&#8221;][\/et_pb_slide][et_pb_slide _builder_version=&#8221;4.16&#8243; _module_preset=&#8221;default&#8221; background_enable_color=&#8221;off&#8221; background_image=&#8221;http:\/\/www.hbod.hr\/wp-content\/uploads\/2021\/04\/kriva-dolina-4-scaled.jpg&#8221; background_enable_image=&#8221;on&#8221; global_colors_info=&#8221;{}&#8221; sticky_transition=&#8221;on&#8221;][\/et_pb_slide][\/et_pb_fullwidth_slider][\/et_pb_section][et_pb_section fb_built=&#8221;1&#8243; _builder_version=&#8221;4.16&#8243; _module_preset=&#8221;default&#8221; custom_padding=&#8221;||99px|||&#8221; global_colors_info=&#8221;{}&#8221;][et_pb_row column_structure=&#8221;3_5,2_5&#8243; disabled_on=&#8221;off|off|off&#8221; _builder_version=&#8221;4.16&#8243; _module_preset=&#8221;default&#8221; custom_padding=&#8221;30px|||||&#8221; global_colors_info=&#8221;{}&#8221;][et_pb_column type=&#8221;3_5&#8243; _builder_version=&#8221;4.16&#8243; _module_preset=&#8221;default&#8221; global_colors_info=&#8221;{}&#8221;][et_pb_text _builder_version=&#8221;4.19.4&#8243; _module_preset=&#8221;default&#8221; text_font=&#8221;|300|||||||&#8221; global_colors_info=&#8221;{}&#8221;]<\/p>\n<h2>Lectures and workshops<\/h2>\n<p>[\/et_pb_text][et_pb_text _builder_version=&#8221;4.23.1&#8243; _module_preset=&#8221;default&#8221; text_font=&#8221;|300|||||||&#8221; global_colors_info=&#8221;{}&#8221;]<\/p>\n<p><span>Popularization of botany is one of the most important goals of Croatian Botanical Society. For this reason, the Society organizes professional-popular lectures in Croatian language which are held periodically, for many years now. The lectures are open for everyone and free, held at the Division of Biology, Faculty of Science in Zagreb. They are traditionally held on Thursdays at 18:00, usually every two weeks. During the circumstances of pandemic when live lectures were not possible to organize, lectures were transmitted online through MS Teams platform (all members have default access).<\/span><\/p>\n<p><span>Lectures started going live again in 2022, but online transmission was kept so lectures are currently going both live and online.<\/span><\/p>\n<p>[\/et_pb_text][et_pb_text _builder_version=&#8221;4.23.1&#8243; _module_preset=&#8221;default&#8221; text_font_size=&#8221;15px&#8221; background_color=&#8221;rgba(214,214,214,0.45)&#8221; custom_padding=&#8221;10px||10px|5px|false|false&#8221; border_radii=&#8221;on|1px|1px|1px|1px&#8221; global_colors_info=&#8221;{}&#8221;]<\/p>\n<p><span>Archive of lectures and workshops (in Croatian)<br \/><\/span><\/p>\n<p>[\/et_pb_text][et_pb_accordion open_toggle_text_color=&#8221;#474747&#8243; closed_toggle_background_color=&#8221;rgba(71,71,71,0.1)&#8221; icon_color=&#8221;#12876f&#8221; use_icon_font_size=&#8221;on&#8221; icon_font_size=&#8221;20px&#8221; _builder_version=&#8221;4.27.5&#8243; _module_preset=&#8221;default&#8221; toggle_font=&#8221;Poppins|600|||||||&#8221; toggle_font_size=&#8221;16px&#8221; closed_toggle_font=&#8221;Poppins|700|||||||&#8221; closed_toggle_font_size=&#8221;17px&#8221; background_enable_image=&#8221;off&#8221; hover_enabled=&#8221;0&#8243; border_radii=&#8221;on|3px|3px|3px|3px&#8221; global_colors_info=&#8221;{}&#8221; sticky_enabled=&#8221;0&#8243;][et_pb_accordion_item title=&#8221;2025&#8243; _builder_version=&#8221;4.27.5&#8243; _module_preset=&#8221;default&#8221; hover_enabled=&#8221;0&#8243; global_colors_info=&#8221;{}&#8221; open=&#8221;on&#8221; sticky_enabled=&#8221;0&#8243;]<\/p>\n<ul>\n<li><strong><span>Botani\u010dka ilustracija: znanost o\u010dima umjetnosti<\/span><span>\u00a0<\/span><\/strong>(Matej Ni\u0161evi\u0107)<\/li>\n<li><strong><span>Geneti\u010dka i morfolo\u0161ka raznolikost divljih kru\u0161aka u Hrvatskoj<\/span><span>\u00a0<\/span><\/strong>(Antonio Vidakovi\u0107)<\/li>\n<li><strong><span>\u010cesi me\u0111u prvim profesorima Sveu\u010dili\u0161ta u Zagrebu<\/span><span>\u00a0<\/span><\/strong>(<span>Suzana Ini\u0107 i Marijan Lipovac<\/span>)<\/li>\n<li><strong><span>\u0160to su to papratnja\u010de i \u0161to se sve me\u0111u njima nalazi?<\/span>\u00a0<\/strong>(Antun Alegro, Pterido\u0161kola BIUS);\u00a0<\/li>\n<li><strong><span>Razvoj i rasprostranjenje srodstvenih skupina papratnja\u010da kroz geolo\u0161ku pro\u0161lost<\/span><span>\u00a0<\/span><\/strong>(Vladimir Hr\u0161ak, Pterido\u0161kola BIUS)<\/li>\n<li><strong><span>Raznolikost papratnja\u010da: \u0161etnja povijesnim zbirkama Botani\u010dkog vrta PMF-a<\/span><span>\u00a0<\/span><\/strong>(Sanja Kova\u010di\u0107, Pterido\u0161kola, BIUS)<\/li>\n<li><strong><span>Pregled raznolikosti papratnja\u010da Hrvatske<\/span><span>\u00a0<\/span><\/strong>(Vedran \u0160egota, Pterido\u0161kola, BIUS)<\/li>\n<li><strong><span>Predavanje i obilazak Farmakogno\u0161ke zbirke<\/span><span>\u00a0<\/span><\/strong>(Sanda Vladimir-Kne\u017eevi\u0107)<\/li>\n<li><strong><span>Tekstilna biljna bojila<\/span><span>\u00a0<\/span><\/strong>(Ana Sutlovi\u0107)<\/li>\n<li><strong><span>Igra svjetlosti i valova oko otoka Lastova \u2013 Pogled iz svemira<\/span><span>\u00a0<\/span><\/strong>(Antonija Matek)<\/li>\n<li><strong><span>Otok Cipar \u2013 botani\u010dki dragulj<\/span><span>\u00a0<\/span><\/strong>(Sandro Bogdanovi\u0107)<\/li>\n<li><strong><span>Kirgistan \u2013 treking, konji, i malo o biljkama<\/span><span>\u00a0<\/span><\/strong>(Ivana Re\u0161etnik)<\/li>\n<li><strong><span>Plavi papir \u2013 povijest i sastav<\/span><span>\u00a0<\/span><\/strong>(<span>Andreja Dragojevi\u0107<\/span>)<\/li>\n<li><strong><span>iNaturalist \u2013 dru\u0161tvena mre\u017ea za \u0161trebere<\/span><span>\u00a0<\/span><\/strong>(<span>Marko Dobo\u0161<\/span>)<\/li>\n<li><strong><span>Filogenija i sistematika golosjemenja\u010da<\/span><span>\u00a0<\/span><\/strong>(<span>Zlatko Liber, Gimno\u0161kola BIUS<\/span>)<\/li>\n<li><strong><span>Golosjemenja\u010de u vegetaciji<\/span><span>\u00a0<\/span><\/strong>(<span>Antun Alegro, Gimno\u0161kola BIUS<\/span>)<\/li>\n<li><strong><span>Postanak, razvoj i rasprostranjenje golosjemenja\u010da<\/span><span>\u00a0<\/span><\/strong>(<span>Vladimir Hr\u0161ak, Gimno\u0161kola BIUS<\/span>)<\/li>\n<\/ul>\n<p>[\/et_pb_accordion_item][et_pb_accordion_item title=&#8221;2024&#8243; open=&#8221;off&#8221; _builder_version=&#8221;4.27.4&#8243; _module_preset=&#8221;default&#8221; global_colors_info=&#8221;{}&#8221;]<\/p>\n<p><strong><\/strong><\/p>\n<ul>\n<li><strong>Flora Vodica i okolice <\/strong>(Sebastian \u0106ato)<\/li>\n<li><strong>Krug oko jezera Van: putovanje po isto\u010dnoj Turskoj <\/strong>(Marko Dobo\u0161, Maja Masla\u0107 Mikulec)<\/li>\n<li><strong>Endemizam u izvantropskoj ju\u017enoj hemisferi <\/strong>(Vladimir Hr\u0161ak)<\/li>\n<li><strong>Tajanstvene pra\u0161ume Malezije: Bioraznolikost, \u0161pilje i o\u010duvanje prirodnih stani\u0161ta<\/strong> (Ivan Limi\u0107)<\/li>\n<li><strong>Cambridge University Botanic Garden \u2013 Living collection strategy and plans for the future <\/strong>(Katie Martyr, Andrea Topalovi\u0107 and Tom Wheatcroft)<\/li>\n<li><strong>Prolje\u0107e na Via Adriatici <\/strong>(Mladen Pahernik)<strong><\/strong><\/li>\n<li><strong>Makrofiti turopoljskih vodotoka: \u0161to je to druga\u010dije? <\/strong>(Ivan Beno)<\/li>\n<li><strong>Endemizam na otocima Lanzarote i Fuerventura <\/strong>(Vladimir Hr\u0161ak)<strong><\/strong><\/li>\n<li><strong>Skroviti \u017eivot kaduljekojanevidimore <\/strong>(Bo\u0161tjan Surina)<\/li>\n<li><strong>Od zbrke do zbirke: porodica komelinovki (Commelinaceae) u Botani\u010dkom vrtu PMF-a\u00a0<\/strong>(Sanja Kova\u010di\u0107)<\/li>\n<li><strong>Slatkovodni koraligen &#8211; slu\u010daj sedrenih slapova rijeke Krke <\/strong>(Nikola Koleti\u0107)<\/li>\n<li><strong>Novi stari botani\u010dki rezervat na Papuku <\/strong>(Marko Dobo\u0161)<\/li>\n<li><strong>Palagru\u0161ko oto\u010dje &#8211; Hrvatski Galapagos <\/strong>(Roman Ozimec, Vedran \u0160egota)<\/li>\n<\/ul>\n<p>[\/et_pb_accordion_item][et_pb_accordion_item title=&#8221;2023&#8243; _builder_version=&#8221;4.27.4&#8243; _module_preset=&#8221;default&#8221; global_colors_info=&#8221;{}&#8221; open=&#8221;off&#8221;]<\/p>\n<ul>\n<li><strong>Pregled novih botani\u010dkih istra\u017eivanja uz obilazak skrivenih mjesta u Parku prirode &#8220;Kopa\u010dki Rit&#8221; <\/strong>(Sini\u0161a Ozimec)<\/li>\n<li><strong>Li\u0161ajevi: od svemira do pustinje, od pra\u0161ume do rafinerije nafte <\/strong>(Maja Masla\u0107 Mikulec)<\/li>\n<li><strong>Jezero Bolmen u \u0160vedskoj: putovanje fitoplanktona u mezokosmos sustavima <\/strong>(Antonija Kula\u0161)<\/li>\n<li><strong>Rod <em>Carex<\/em> u flori hrvatske &#8211; nove svojte i spoznaje <\/strong>(Sandro Bogdanovi\u0107)<\/li>\n<li><strong>Skrivene ljepote Srednje Amerike <\/strong>(Andrea Brigi\u0107)<\/li>\n<li><strong>Biljke koje kazuju vrijeme <\/strong>(Marko Vu\u010deti\u0107)<\/li>\n<li><strong>Indija &#8211; pogled u nepoznato\u00a0 <\/strong>(Zrinka Ljube\u0161i\u0107)<\/li>\n<li><strong>Vo\u0161tani cvjetovi (<em>Hoya spp.<\/em>) u hortikulturi\u00a0 <\/strong>(Mara Vukojevi\u0107)<\/li>\n<li><strong>Zelena \u010doja Crne gore &#8211; razvoj biologije i saznanja o diverzitetu mahovina \u00a0<\/strong>(Sne\u017eana Dragi\u010devi\u0107)<\/li>\n<li><strong><em>Dianthus sylvestris<\/em> na Balkanu &#8211; veliki filogeografski i taksonomski izazov <\/strong>(Ana Terlevi\u0107)<\/li>\n<li><strong>Filogeografija biljaka na Balkanskom poluotoku <\/strong>(Ivana Re\u0161etnik)<\/li>\n<li><strong>Taksonomija i ekologija vrsta visibaba (<em>Galanthus<\/em> L.) na Balkanskom poluotoku <\/strong>(Filip A. Jovanovi\u010d)<\/li>\n<\/ul>\n<p>[\/et_pb_accordion_item][et_pb_accordion_item title=&#8221;2022&#8243; _builder_version=&#8221;4.27.4&#8243; _module_preset=&#8221;default&#8221; global_colors_info=&#8221;{}&#8221; open=&#8221;off&#8221;]<\/p>\n<ul>\n<li><strong>Valorizacija travnjaka na podru\u010dju Nacionalnog parka Plitvi\u010dka jezera i odabranih li\u010dkih polja <\/strong>(Tajana Uzelac Obradovi\u0107, Dubravko \u0160incek i Najla Bakovi\u0107)<\/li>\n<li><strong>Role of genome duplication in changing mountain landscapes<\/strong> (Teresa Zeni)<\/li>\n<li><strong>Flora Madagaskara koja zoologu zagor\u010dava \u017eivot <\/strong>(Josip Skejo)<\/li>\n<li><strong>Gdje je nestao buha\u010d? <\/strong>(Filip Varga)<\/li>\n<li><strong>Predstavljanje knjige Flora Dinare &#8211; 100 najzna\u010dajnijih svojti <\/strong>(Sandro Bogdanovi\u0107 i Ivica Ljubi\u010di\u0107)<\/li>\n<li><strong>Otrovni i jestivi ukrasi prirode <\/strong>(Ilinka \u0106etkovi\u0107)<\/li>\n<li><em><strong>Euphrasia<\/strong><\/em><strong><em> marchesettii<\/em>, NATURA 2000 vrsta na granici izme\u0111u Slovenije i Hrvatske<\/strong> (Nejc Jogan)<strong><\/strong><span><br \/><\/span><\/li>\n<li><span><strong>Rod <em>Ornithogalum<\/em> u flori Hrvatske &#8211; taksonomske i horolo\u0161ke novosti <\/strong>(Milica Rat, Sandro Bogdanovi\u0107)<br \/><\/span><\/li>\n<li><span><strong><\/strong><\/span><strong>Usluge ekosustava: koncept, primjena, primjeri<\/strong> (Marina \u0160kunca)<\/li>\n<li><span><strong>\u0160to kada brokula ima visoku temperaturu? <\/strong>(Ivana \u0160ola)<\/span><\/li>\n<li><span><strong>DINARA BACK TO LIFE Projekt obnove travnjaka na podru\u010dju Dinare<\/strong> (Tomislav Hudina i Luka \u0160kunca)<br \/><\/span><\/li>\n<li><span><strong>Flora Hrastovi\u010dke gore (Sisa\u010dko-moslava\u010dka \u017eupanija)<\/strong> (Marija Bu\u010dar)<\/span><\/li>\n<li><strong>Daljinska istra\u017eivanja invazivnih biljnih vrsta<\/strong> (Nela Jantol)<\/li>\n<\/ul>\n<p>[\/et_pb_accordion_item][et_pb_accordion_item title=&#8221;2021&#8243; _builder_version=&#8221;4.27.4&#8243; _module_preset=&#8221;default&#8221; global_colors_info=&#8221;{}&#8221; open=&#8221;off&#8221;]<\/p>\n<ul>\n<li><strong>Predstavljanje knjige Terenska nastava iz vegetacijske ekologije<\/strong> (Dragan Prli\u0107)<\/li>\n<li><strong>Pelud \u2013 sitno, a mo\u0107no oru\u0111e u paleookoli\u0161nim rekonstrukcijama<\/strong> (Dario Hru\u0161evar)<\/li>\n<li><strong>Skriveni \u017eivot vrste <em>Moehringia tommasinii<\/em><\/strong> (Bo\u0161tjan Surina)<\/li>\n<li><strong>Livadni procjepak (<em>Chouardia litardierei<\/em> , Hiacinthaceae) kao istra\u017eiva\u010dki sustav ekolo\u0161ke divergencije<\/strong> (Ivan Radosavljevi\u0107)<\/li>\n<li><strong>Predstavljanje knjige Korisne biljke od Krasa do Kvarnera<\/strong> (Mitja Kaligari\u0107 i Ivana Vitasovi\u0107 Kosi\u0107)<\/li>\n<li><strong>Zrno do zrna \u2013 (arheobotani\u010dka) poga\u010da<\/strong> (Renata \u0160o\u0161tari\u0107)<\/li>\n<li><strong>Mehanika bubrenja i isu\u0161ivanja peludnih zrna<\/strong> (Antonio \u0160iber)<\/li>\n<li><strong>Fitoikonografija i botani\u010dari. Za\u0161to smo nezamjenjivi u ovoj istra\u017eiva\u010dkoj disciplini? Izabrane studije iz anti\u010dke kulture<\/strong> (Alma Kumbari\u0107)<\/li>\n<li>Radionica <strong>Nove i rijetke svojte mahovina, li\u0161ajeva i algi u hrvatskoj flori<\/strong> (Antun Alegro, Anja Rimac, Vedran \u0160egota, Sini\u0161a Ozimec, Nikola Koleti\u0107 i Maja Mucko)<\/li>\n<li>Radionica <strong>Alohtone i invazivne biljne svojte u na\u0161em okru\u017eenju<\/strong> (Nejc Jogan, Dragica Purger, Semir Maslo, Sne\u017eana Vuksanovi\u0107, Vera Batanjski)<\/li>\n<li>Radionica <strong>Nove i rijetke biljne svojte u hrvatskoj flori \u2013 prepoznavanje, rasprostranjenost i ekologija \u2013 II. dio<\/strong> (Ljiljana Borove\u010dki-Voska, Dragica Purger, Antun Alegro, Vedran \u0160egota i Nejc Jogan)<\/li>\n<li>Radionica <strong>Nove i rijetke biljne svojte u hrvatskoj flori \u2013 prepoznavanje, rasprostranjenost i ekologija<\/strong> (Vedran \u0160egota, Sandro Bogdanovi\u0107, Nenad Jasprica, Dario Hru\u0161evar, Dragan Prli\u0107, Marko Dobo\u0161)<\/li>\n<\/ul>\n<p>[\/et_pb_accordion_item][et_pb_accordion_item title=&#8221;2020&#8243; _builder_version=&#8221;4.27.4&#8243; _module_preset=&#8221;default&#8221; global_colors_info=&#8221;{}&#8221; open=&#8221;off&#8221;]<\/p>\n<ul>\n<li><b>Ugro\u017eenost i za\u0161tita gljiva u Hrvatskoj<\/b><span style=\"font-weight: 400;\"> (Magdalena Jambrek Fuellhart)<\/span><\/li>\n<li><b>Balkanska turneja<\/b><span style=\"font-weight: 400;\"> (Marin Grgurev, Marko Dobo\u0161 i Ana Terlevi\u0107)<\/span><\/li>\n<li><b>Biogeochemical Time Machines: Theory and Practice<\/b><span style=\"font-weight: 400;\"> (Damir Vili\u010di\u0107)<\/span><\/li>\n<\/ul>\n<p>[\/et_pb_accordion_item][et_pb_accordion_item title=&#8221;2019&#8243; _builder_version=&#8221;4.27.4&#8243; _module_preset=&#8221;default&#8221; global_colors_info=&#8221;{}&#8221; open=&#8221;off&#8221;]<\/p>\n<ul>\n<li><b>Putopis \u2013 od Seattle-a do sekvoja<\/b><span style=\"font-weight: 400;\"> (<\/span><span style=\"font-weight: 400;\">Sandra Radi\u0107 Brkanac)<\/span><\/li>\n<li><b>Svjetski atlas dezertifikacije III. izdanje: Novi pogledi na degradaciju zemlji\u0161ta i odr\u017eivo upravljanje<\/b><span style=\"font-weight: 400;\"> (Hrvoje Kutnjak)<\/span><\/li>\n<li><b>Dalmatinski buha\u010d \u2013 zna\u010dajke i posebnosti ponavljaju\u0107e DNA ovog jadranskog dragulja<\/b><span style=\"font-weight: 400;\"> (Adela Jurkovi\u0107)<\/span><\/li>\n<li><b>Vizualizacija bakterijskog biofilma kori\u0161tenjem rendgenske mikrotomografije <\/b><span style=\"font-weight: 400;\">(Tomislav Ivankovi\u0107)\u00a0<\/span><\/li>\n<li><b>Evolucija i porijeklo roda <\/b><b><i>Pulsatilla\u00a0<\/i><\/b><b>&#8211; nastanak travnja\u010dkih zajednica<\/b><span style=\"font-weight: 400;\"> (Jelena Mlinarec Novosel)<\/span><\/li>\n<li><b>U potrazi za karanfilima (<\/b><b><i>Dianthus sylvestris<\/i><\/b><b> agg.) po Balkanu<\/b><span style=\"font-weight: 400;\"> (<\/span><span style=\"font-weight: 400;\">Ivica Ljubi\u010di\u0107, Sandro Bogdanovi\u0107 i Ana Terlevi\u0107)<\/span><\/li>\n<li><b>Antibiotic resistant bacteria in loggerhead sea turtles as bio-indicators of pollution in Adriatic Sea<\/b><span style=\"font-weight: 400;\"> (Adriana Trotta)<\/span><\/li>\n<li><b>Nasipavanje pla\u017ea u Hrvatskoj &#8211; korist ili \u0161teta<\/b><span style=\"font-weight: 400;\">? (<\/span><span style=\"font-weight: 400;\">Kristina Pikelj)<\/span><\/li>\n<li><b>Urbana klima i primjena plave i zelene infrastrukture kao mjera za ubla\u017eavanje toplinskog stresa u gradovima (<\/b><span style=\"font-weight: 400;\">Ivana Herceg Buli\u0107\u00a0)<\/span><\/li>\n<li><b>Epigeneti\u010dka fleksibilnost biljaka (<\/b><span style=\"font-weight: 400;\">Dunja Leljak Levani\u0107)\u00a0<\/span><\/li>\n<li><b>Biolo\u0161ka raznolikost u urbanom planiranju <\/b><span style=\"font-weight: 400;\">(Damir Vili\u010di\u0107)<\/span><\/li>\n<li><b>Invazivna alga <\/b><b><i>Caulerpa cylindracea<\/i><\/b><b> Sonder u Velikom jezeru (NP Mljet) <\/b><span style=\"font-weight: 400;\">(Petar Kru\u017ei\u0107)<\/span><\/li>\n<li><b>Kartiranje flore Parka prirode Biokovo &#8211; predstavljanje projekta<\/b><span style=\"font-weight: 400;\"> (Slavo Jak\u0161a i Toni Nikoli\u0107)<\/span><\/li>\n<\/ul>\n<p>[\/et_pb_accordion_item][et_pb_accordion_item title=&#8221;2018&#8243; _builder_version=&#8221;4.27.4&#8243; _module_preset=&#8221;default&#8221; global_colors_info=&#8221;{}&#8221; open=&#8221;off&#8221;]<\/p>\n<ul>\n<li><b>Biljni svijet sedrenih barijera Plitvi\u010dkih jezera<\/b><span style=\"font-weight: 400;\"> (Antun Alegro)<\/span><\/li>\n<li><b>Dekorativno samoniklo bilje na zagreba\u010dkim tr\u017enicama<\/b><span style=\"font-weight: 400;\"> (<\/span><span style=\"font-weight: 400;\">Nina Vukovi\u0107)<\/span><\/li>\n<li><b>Vegetation and phytogeography of Sicily<\/b><span style=\"font-weight: 400;\"> (<\/span><span style=\"font-weight: 400;\">Salvatore Cambria)<\/span><\/li>\n<li><b>Science in a cold paradise<\/b><span style=\"font-weight: 400;\"> (Bart Van de Vijver)<\/span><\/li>\n<li><b>Izgubljeni svjetovi \u2013 evolucija biljnog carstva u nekoliko slika<\/b><span style=\"font-weight: 400;\"> (Sanja Kova\u010di\u0107)<\/span><\/li>\n<li><b>Toksi\u010dne cijanobakterije u akvakulturi<\/b><span style=\"font-weight: 400;\"> (Anamarija Kolda)<\/span><\/li>\n<li><b>Tajland, Kambod\u017ea, Vijetnam \u2013 idealno adventsko putovanje<\/b><span style=\"font-weight: 400;\"> (Maja Masla\u0107 Mikulec)<\/span><\/li>\n<li><b>Istra\u017eivanje bioraznolikosti u Indoneziji<\/b><span style=\"font-weight: 400;\"> (Yeni Herdiyeni<\/span><span style=\"font-weight: 400;\"> i <\/span><span style=\"font-weight: 400;\">Fifi Gus Dwiyanti)<\/span><\/li>\n<li><b>Grupa <\/b><b><i>Silene saxifraga<\/i><\/b><b>: novi taksonomski koncept<\/b><span style=\"font-weight: 400;\"> (<\/span><span style=\"font-weight: 400;\">Sanja \u0110urovi\u0107<\/span><span style=\"font-weight: 400;\">)<\/span><\/li>\n<li><b>Bioraznolikost i njeni ekolo\u0161ki u\u010dinci<\/b><span style=\"font-weight: 400;\"> (<\/span><span style=\"font-weight: 400;\">Nina \u0160ajna<\/span><span style=\"font-weight: 400;\">)<\/span><\/li>\n<li><b>Hrvatska kr\u0161ka u\u0161\u0107a &#8211; nastanak i mijene<\/b><span style=\"font-weight: 400;\"> (Mladen Jura\u010di\u0107<\/span><span style=\"font-weight: 400;\">)<\/span><\/li>\n<li><b>Japanski parkovi<\/b><span style=\"font-weight: 400;\"> (<\/span><span style=\"font-weight: 400;\">Jasenka Topi\u0107)<\/span><\/li>\n<li><b>\u010covjek i drvo: kulturna i socijalna povijest<\/b><span style=\"font-weight: 400;\"> (Mirko Sardeli\u0107)<\/span><\/li>\n<li><b>Pacifik <\/b><span style=\"font-weight: 400;\">(Zrinka Ljube\u0161i\u0107)<\/span><\/li>\n<li><b>Fitokomponenta u biocenozama sedrenih barijera<\/b><span style=\"font-weight: 400;\"> (Nikola Koleti\u0107)<\/span><\/li>\n<\/ul>\n<p>[\/et_pb_accordion_item][et_pb_accordion_item title=&#8221;2017&#8243; _builder_version=&#8221;4.27.4&#8243; _module_preset=&#8221;default&#8221; global_colors_info=&#8221;{}&#8221; open=&#8221;off&#8221;]<\/p>\n<ul>\n<li><b>Tenerifi; Otok vjetra, vje\u010dnog prolje\u0107a i gu\u0161tera<\/b><span style=\"font-weight: 400;\"> (Mara Vukojevi\u0107)<\/span><\/li>\n<li><b>Analogni agroekosustavi: uzgoj biljaka opona\u0161anjem prirode<\/b><span style=\"font-weight: 400;\"> (Antun Jelin\u010di\u0107)<\/span><\/li>\n<li><b>Kuda to ide <\/b><b><i>H<\/i><\/b><b><i>omo sapiens<\/i><\/b><b>?<\/b><span style=\"font-weight: 400;\"> (<\/span><span style=\"font-weight: 400;\">Toni Nikoli\u0107<\/span><span style=\"font-weight: 400;\">)<\/span><\/li>\n<li><b>Za\u0161to je razumijevanje interakcija biljaka i okoli\u0161a bitno za zdravlje i ljepotu?<\/b><span style=\"font-weight: 400;\"> (Dunja \u0160amec)<\/span><\/li>\n<li><b>Diversity, origin and speciation of diatoms in Lake Ohrid<\/b><span style=\"font-weight: 400;\"> (Zlatko Levkov)<\/span><\/li>\n<li><b>Bioraznolikost u Hrvatskoj \u2013 ju\u010der, danas, sutra<\/b><span style=\"font-weight: 400;\"> (Jasenka Topi\u0107)<\/span><\/li>\n<li><b>Eurasian forest-steppes: a global outlook from the Carpathian Basin<\/b><span style=\"font-weight: 400;\"> (L\u00e1szl\u00f3 Erd\u0151s)<\/span><\/li>\n<li><b>Flora zidova u gradu Zagrebu<\/b><span style=\"font-weight: 400;\"> (Luna D\u017eidi\u0107-Uzelac)<\/span><\/li>\n<li><b>Vegetacijska tipologija Hrvatske od von Humboldta do Mucine<\/b> <span style=\"font-weight: 400;\">(<\/span><span style=\"font-weight: 400;\">Antun Alegro)<\/span><\/li>\n<li><b>Etnobotani\u010dki aspekt kori\u0161tenja bilja na Jadranskim otocima &#8211; znanstvena istra\u017eivanja<\/b><span style=\"font-weight: 400;\"> (Ivana Vitasovi\u0107 Kosi\u0107<\/span><span style=\"font-weight: 400;\">)<\/span><\/li>\n<li><b>Svijet drugih \/ kroz moje o\u010di -putovanje u srce pra\u0161ume<\/b><span style=\"font-weight: 400;\"> (Tamara Serti\u0107)<\/span><\/li>\n<li><b>Intenzitet fotosinteze i kapacitet izmjene plinova kod hrvatskih tradicijskih kultivara graha<\/b><span style=\"font-weight: 400;\"> (Boris Lazarevi\u0107)<\/span><\/li>\n<li><b>Erasmus iskustvo akademske mobilnosti u Indoneziji<\/b><span style=\"font-weight: 400;\"> (<\/span><span style=\"font-weight: 400;\">Marko Zebec)<\/span><\/li>\n<li><b>Botanika u farmaciji, fitoterapiji i aromaterapiji<\/b><span style=\"font-weight: 400;\"> (Stribor Markovi\u0107)<\/span><\/li>\n<li><b>Roga\u010d &#8211; vrijedna i &#8220;zaboravljena&#8221; biljka<\/b><span style=\"font-weight: 400;\"> (Sini\u0161a Sre\u010dec<\/span><span style=\"font-weight: 400;\">)<\/span><\/li>\n<li><b>Od Sao Paula do Rio de Janeiro-a<\/b><span style=\"font-weight: 400;\"> (<\/span><span style=\"font-weight: 400;\">Martina Temunovi\u0107<\/span><span style=\"font-weight: 400;\">)<\/span><\/li>\n<\/ul>\n<p>[\/et_pb_accordion_item][et_pb_accordion_item title=&#8221;2016&#8243; _builder_version=&#8221;4.27.4&#8243; _module_preset=&#8221;default&#8221; global_colors_info=&#8221;{}&#8221; open=&#8221;off&#8221;]<\/p>\n<ul>\n<li><b>Botani\u010dki izlet u Ninski zaljev iliti kako je regionalno izumrla vrsta opet me\u0111u nama<\/b><span style=\"font-weight: 400;\"> (Vedran \u0160egota<\/span><span style=\"font-weight: 400;\">, <\/span><span style=\"font-weight: 400;\">Sandro Bogdanovi\u0107 <\/span><span style=\"font-weight: 400;\">i <\/span><span style=\"font-weight: 400;\">Antun Alegro)<\/span><\/li>\n<li><b>Opa\u017eanje i modeliranje klimatskih promjena<\/b><span style=\"font-weight: 400;\"> (Mirko Orli\u0107)<\/span><\/li>\n<li><b>Uzgoj povr\u0107a na balkonu<\/b><span style=\"font-weight: 400;\"> (<\/span><span style=\"font-weight: 400;\">Kornelija Benyovsky \u0160o\u0161tari\u0107)<\/span><\/li>\n<li><b>Najdra\u017ee jelo Louisa XIV<\/b><span style=\"font-weight: 400;\"> (Maja Mejdand\u017ei\u0107)<\/span><\/li>\n<li><b>Li\u0161ajevi kao bioindikatori zaga\u0111enja u okoli\u0161u (OkoLI\u0160)<\/b><span style=\"font-weight: 400;\"> (Sa\u0161a Liki\u0107)<\/span><\/li>\n<li><b>Gdje je nestala Cyclotella?<\/b><span style=\"font-weight: 400;\"> (<\/span><span style=\"font-weight: 400;\">Marija Gligora Udovi\u010d)<\/span><\/li>\n<li><b>Dijatomeje: mali organizmi &#8211; veliki utjecaj<\/b><span style=\"font-weight: 400;\"> (<\/span><span style=\"font-weight: 400;\">Petar \u017dutini\u0107<\/span><span style=\"font-weight: 400;\"> i <\/span><span style=\"font-weight: 400;\">Buga Berkovi\u0107)<\/span><\/li>\n<li><b>Koliko poznajemo hrast lu\u017enjak? Mitovi, \u010dinjenice i neka nova pitanja<\/b> <span style=\"font-weight: 400;\">(<\/span><span style=\"font-weight: 400;\">Martina Temunovi\u0107)<\/span><\/li>\n<li><b>Antimikrobno djelovanje konzervansa i va\u017enost njihove primjene u kozmeti\u010dkoj industriji <\/b><span style=\"font-weight: 400;\">(<\/span><span style=\"font-weight: 400;\">Gordana Gorin\u0161ek)<\/span><\/li>\n<li><b>Biolo\u0161ka aktivnost fitokemikalija biljne vrste <\/b><b><i>Centaurea ragusina<\/i><\/b><b> L.<\/b><span style=\"font-weight: 400;\"> (<\/span><span style=\"font-weight: 400;\">Valerija Vuj\u010di\u0107)<\/span><\/li>\n<li><b>Ekspedicija Nessie II<\/b><span style=\"font-weight: 400;\"> (<\/span><span style=\"font-weight: 400;\">Zrinka Ljube\u0161i\u0107)<\/span><\/li>\n<li><b>Put oko svijeta u 46 dana<\/b><span style=\"font-weight: 400;\"> (<\/span><span style=\"font-weight: 400;\">Sandi Orli\u0107<\/span><span style=\"font-weight: 400;\">)<\/span><\/li>\n<li><b>Herbarijske zbirke \u2013 od biljke i terena, preko povijesti i kulture, do digitalizacije i molekularne biologije<\/b><span style=\"font-weight: 400;\"> (Ivana Re\u0161etnik)<\/span><\/li>\n<li><b>Parkovi i dvorci Pariza i okolice<\/b><span style=\"font-weight: 400;\"> (Darko Mihelj<\/span><span style=\"font-weight: 400;\">)<\/span><\/li>\n<li><b>Od Shkod\u00ebra do Sarand\u00eb (Albanija)<\/b><span style=\"font-weight: 400;\"> (Nenad Jasprica)<\/span><\/li>\n<li><b>Kako se kupus nosi sa stresom?<\/b><span style=\"font-weight: 400;\"> (<\/span><span style=\"font-weight: 400;\">Branka Salopek Sondi)<\/span><\/li>\n<li><b>Cret \u0110on Mo\u010dvar &#8211; oaza biolo\u0161ke raznolikosti<\/b><span style=\"font-weight: 400;\"> (<\/span><span style=\"font-weight: 400;\">Andreja Brigi\u0107)<\/span><\/li>\n<li><b>Turisti\u010dka botanika i botani\u010dki turizam: mogu\u0107nosti i perspektive<\/b><span style=\"font-weight: 400;\"> (Sanja Kova\u010di\u0107)<\/span><\/li>\n<\/ul>\n<p>[\/et_pb_accordion_item][et_pb_accordion_item title=&#8221;2015&#8243; _builder_version=&#8221;4.27.4&#8243; _module_preset=&#8221;default&#8221; global_colors_info=&#8221;{}&#8221; open=&#8221;off&#8221;]<\/p>\n<ul>\n<li><b>Leptiri i biljke. Biljke na jelovniku leptira <\/b><span style=\"font-weight: 400;\">(Nikola Tvrtkovi\u0107)<\/span><\/li>\n<li><b>I sitno je bitno: <\/b><b><i>Prochlorococus marinus<\/i><\/b><b> &#8211; Najsitniji i najdominantniji fotosintetski organizam na Zemlji <\/b><span style=\"font-weight: 400;\">(Ivana Bo\u0161njak)<\/span><\/li>\n<li><b>Madagaskar <\/b><span style=\"font-weight: 400;\">(Davorka Kitoni\u0107<\/span><\/li>\n<li><b>\u0160to se dogodilo sa znanstvenim imenima orhideja? <\/b><span style=\"font-weight: 400;\">(Nejc Jogan)<\/span><\/li>\n<li><b>Permakultura \u2013 pogled ispod povr\u0161ine <\/b><span style=\"font-weight: 400;\">(Miroslav Ki\u0161)<\/span><\/li>\n<li><b>Endosimbioza i evolucija eukariota <\/b><span style=\"font-weight: 400;\">(Karlo Rade\u010di\u0107)<\/span><\/li>\n<li><b>Paro\u017eine \u2013 pioniri kolonizacije dna vodenih stani\u0161ta <\/b><span style=\"font-weight: 400;\">(Igor Stankovi\u0107)<\/span><\/li>\n<li><b>Ekspedicija Nessie<\/b><span style=\"font-weight: 400;\"> (Zrinka Ljube\u0161i\u0107)<\/span><\/li>\n<li><b>Zgodne crtice nezgodnog putovanja \u2013 GMA <\/b><span style=\"font-weight: 400;\">(Ivana Re\u0161etnik, Marija Jug-Dujakovi\u0107, Marin Je\u017ei\u0107 i Sandro Bogdanovi\u0107)<\/span><\/li>\n<li><b>Od biljnog \u017eljezdanog tkiva do staklene bo\u010dice eteri\u010dnog ulja. Uloga mirisa i njihova va\u017enost u svakodnevnom \u017eivotu \u010dovjeka <\/b><span style=\"font-weight: 400;\">(Gordana Gorin\u0161ek)<\/span><\/li>\n<li><b>Podrijetlo, udoma\u0107enje i \u0161irenje graha (<\/b><b><i>Phaseolus vulgaris<\/i><\/b><b> L.) <\/b><span style=\"font-weight: 400;\">(Zlatko Liber)<\/span><\/li>\n<li><b>Hijerobotani\u010dke i druge crtice iz Svete zemlje <\/b><span style=\"font-weight: 400;\">(Tihomir Mili\u010devi\u0107<\/span><\/li>\n<li><b>QUORUM SENSING &#8211; dijatomeje vs. bakterije &#8211; rivali ili saveznici? <\/b><span style=\"font-weight: 400;\">(Maja Mejdand\u017ei\u0107)<\/span><\/li>\n<li><b>Dva stolje\u0107a istra\u017eivanja mahovina u Hrvatskoj<\/b><span style=\"font-weight: 400;\"> (Antun Alegro )<\/span><\/li>\n<li><b>Vjetroelektrane i za\u0161tita prirode u Hrvatskoj <\/b><span style=\"font-weight: 400;\">(<\/span><span style=\"font-weight: 400;\">Bo\u0161tjan Surina<\/span><\/li>\n<li><b>Bilo kuda-alge svuda ili male crtice iz velike Kine <\/b><span style=\"font-weight: 400;\">(An\u0111elka Plenkovi\u0107-Moraj)<\/span><\/li>\n<li><b>Simbolika bilja u slikarstvu <\/b><span style=\"font-weight: 400;\">(Antun Alegro)<\/span><\/li>\n<li><b>Tajne Pan\u010di\u0107eve omorike<\/b><span style=\"font-weight: 400;\"> (Jelena\u00a0 M. Aleksi\u0107)<\/span><\/li>\n<li><b>Jedemo li dovoljno graha? Raznolikost hrvatskih tradicijskih kultivara u nutritivnom sastavu <\/b><span style=\"font-weight: 400;\">(Mirjana Herak \u0106usti\u0107)<\/span><\/li>\n<\/ul>\n<p>[\/et_pb_accordion_item][et_pb_accordion_item title=&#8221;2014&#8243; _builder_version=&#8221;4.27.4&#8243; _module_preset=&#8221;default&#8221; global_colors_info=&#8221;{}&#8221; open=&#8221;off&#8221;]<\/p>\n<ul>\n<li><b>Put u Tur Abdin \u2013 aramejsko gorje u turskom dijelu Mezopotamije (krajolici, stari gradovi, manastiri, povijest, drevne kr\u0161\u0107anske zajednice) <\/b><span style=\"font-weight: 400;\">(Tihomir Mili\u010devi\u0107)<\/span><\/li>\n<li><b>Pridru\u017euju\u0107e kartiranje od QTL do Kadulja: Studija slu\u010daja endemi\u010dnih kadulja <\/b><span style=\"font-weight: 400;\">(Jerko Gunja\u010da)<\/span><\/li>\n<li><b>Mikroalge &#8211; energetska budu\u0107nost Mediterana? <\/b><span style=\"font-weight: 400;\">(Sun\u010dica Bosak)<\/span><\/li>\n<li><b>Adaptivna genetska raznolikost: Studija slu\u010daja endemi\u010dnih kadulja <\/b><span style=\"font-weight: 400;\">(Zlatko \u0160atovi\u0107)<\/span><\/li>\n<li><b>S.O.S. ambrozija svuda oko nas <\/b><span style=\"font-weight: 400;\">(Bo\u017eena Miti\u0107)<\/span><\/li>\n<li><b>Uloga epigeneti\u010dkih fenomena u ekologiji i evoluciji biljaka:\u00a0Studija slu\u010daja hrvatskih endemi\u010dnih kadulja<\/b><span style=\"font-weight: 400;\">\u00a0 (Vlatka Zoldo\u0161)<\/span><\/li>\n<li><b>\u05d9\u05e9\u05e8\u05d0\u05dc &#8211; putovanje svetom zemljom <\/b><span style=\"font-weight: 400;\">(Martina Temunovi\u0107)<\/span><\/li>\n<li><b>Botanic gardens as living libraries: places of perennial pleasure<\/b><\/li>\n<li><b>Promocija sveu\u010dili\u0161nog ud\u017eenika &#8220;Dendrologija &#8211; cvijet, \u010de\u0161er, plod, sjeme\u201c <\/b><span style=\"font-weight: 400;\">(Marilena Id\u017eojti\u0107)<\/span><\/li>\n<li><b>Vaskularna flora sjeverne padine planine Matokit i okolice Vrgorca <\/b><span style=\"font-weight: 400;\">(Mara Vukojevi\u0107)<\/span><\/li>\n<li><b>Floristi\u010dki vodi\u010d Nacionalnog parka \u201eRisnjak\u201c: Leska \u2013 Priru\u010dnik o flori <\/b><span style=\"font-weight: 400;\">(Mirjana Vrbek)<\/span><\/li>\n<li><b>Filogenija i poliploidna evolucija roda <\/b><b><i>Knautia<\/i><\/b> <span style=\"font-weight: 400;\">(Ivana Re\u0161etnik)<\/span><\/li>\n<li><b>Osnovni tipovi tala u Hrvatskoj <\/b><span style=\"font-weight: 400;\">(Boris Vrbek<\/span><b>)<\/b><\/li>\n<li><b>\u017divot i djelo Luja Adamovi\u0107a (1864. &#8211; 1935.) u povodu 150. obljetnice ro\u0111enja <\/b><span style=\"font-weight: 400;\">(Nenad Jasprica)<\/span><\/li>\n<li><b>Vaskularna flora Nacionalnog parka Mljet <\/b><span style=\"font-weight: 400;\">(Vedran \u0160egota)<\/span><\/li>\n<li><b>Koliko su potrebna autekolo\u0161ka i sinekolo\u0161ka istra\u017eivanja u Hrvatskoj? <\/b><span style=\"font-weight: 400;\">(Jasenka Topi\u0107)<\/span><\/li>\n<\/ul>\n<p>[\/et_pb_accordion_item][et_pb_accordion_item title=&#8221;2013&#8243; _builder_version=&#8221;4.27.4&#8243; _module_preset=&#8221;default&#8221; global_colors_info=&#8221;{}&#8221; open=&#8221;off&#8221;]<\/p>\n<ul>\n<li><b>NATURA 2000 MANMON\u201c s livadnim procjepkom &#8211; Po\u010detak monitoringa biljnih vrsta Hrvatske <\/b><span style=\"font-weight: 400;\">(Sanja Kova\u010di\u0107)<\/span><\/li>\n<li><b>Prof. dr. Ivo Horvat &#8211; \u017eivotno djelo <\/b><span style=\"font-weight: 400;\">(Ljudevit Ilijani\u0107)<\/span><b>\u00a0<\/b><\/li>\n<li><b>Za\u0161to Hrvatska jo\u0161 nema suvremenu analiti\u010dku floru? <\/b><span style=\"font-weight: 400;\">(Ljudevit Ilijani\u0107)<\/span><\/li>\n<li><b>Genetska raznolikost hrvatskih endemi\u010dnih zvon\u010di\u0107a roda <\/b><b><i>Campanula<\/i><\/b><b>\u00a0<\/b><span style=\"font-weight: 400;\">(Sandro Bogdanovi\u0107)<\/span><\/li>\n<li><b>Distribution, morphology and systematics of the genus <\/b><b><i>Salvia<\/i><\/b><b> (Rasprostranjenost, morfologija i sistematika roda Salvia)\u00a0<\/b><span style=\"font-weight: 400;\">(Sandro Bogdanovi\u0107)<\/span><\/li>\n<li><b>Application of GIS technology to biodiversity conservation (Primjena GIS tehnologije u za\u0161titi bioraznolikosti) <\/b><span style=\"font-weight: 400;\">(Toni Nikoli\u0107)<\/span><\/li>\n<li><b>Vukotinovi\u0107-istaknuti sudionik hrvatskog narodnog preporoda <\/b><span style=\"font-weight: 400;\">(Josip Balabani\u0107)<\/span><\/li>\n<li><b>Fitoplankton &#8211; izvor \u017eivota na Zemlji <\/b><span style=\"font-weight: 400;\">(Zrinka Ljube\u0161i\u0107)<\/span><\/li>\n<li><b>Tra\u017ee se! &#8211; o nekim novim i slabo poznatim vrstama na\u0161e flore <\/b><span style=\"font-weight: 400;\">(Jasenka Topi\u0107)<\/span><\/li>\n<li><b>\u10e1\u10d0\u10e5\u10d0\u10e0\u10d7\u10d5\u10d4\u10da\u10dd (Gruzija) <\/b><span style=\"font-weight: 400;\">(Ivana Re\u0161etnik)<\/span><\/li>\n<li><b>Josip Kalasancije Schlosser vitez Klekovski &#8211; \u017eivot i rad &#8211; danas pomalo zaboravljen <\/b><span style=\"font-weight: 400;\">(Darko Mihelj)<\/span><\/li>\n<li><b>\u017divotni put i djelo Ljudevita pl. Farka\u0161a Vukotinovi\u0107a &#8211; u povodu dvjestote obljetnice ro\u0111enja <\/b><span style=\"font-weight: 400;\">(Ljerka Regula)<\/span><\/li>\n<\/ul>\n<p>[\/et_pb_accordion_item][et_pb_accordion_item title=&#8221;2011\/2012&#8243; _builder_version=&#8221;4.27.4&#8243; _module_preset=&#8221;default&#8221; global_colors_info=&#8221;{}&#8221; open=&#8221;off&#8221;]<\/p>\n<ul>\n<li><b>Epigeneti\u010dka vs. geneti\u010dka raznolikost prirodnih biljnih populacija: Studija slu\u010daja hrvatskih endemi\u010dnih kadulja<\/b><span style=\"font-weight: 400;\"> (Zlatko \u0160atovi\u0107<\/span><b>)<\/b><\/li>\n<li><b>Pollen &#8211; an invisible trace (Forensic Palynology) <\/b><span style=\"font-weight: 400;\">(Martina Weber)<\/span><\/li>\n<li><b>Flora Gornjeg Kamenjaka<\/b><span style=\"font-weight: 400;\"> (Ivica Ljubi\u010di\u0107 i Sandro Bogdanovi\u0107)<\/span><\/li>\n<li><b>Kina &#8211; izgubljeni u prijevodu <\/b><span style=\"font-weight: 400;\">(Martina Temunovi\u0107)<\/span><\/li>\n<li><b>Predstavljanje knjige\u00a0\u201e\u0160umska vegetacija Hrvatske\u201c <\/b><span style=\"font-weight: 400;\">(Joso Vukeli\u0107)<\/span><\/li>\n<li><b>Ukrasni kultivari autohtonih vrsta drve\u0107a i grmlja<\/b><span style=\"font-weight: 400;\"> (Marilena Id\u017eojti\u0107)<\/span><\/li>\n<li><b>Sukcesija travnjaka na Medvednici<\/b><span style=\"font-weight: 400;\"> (Hrvoje Kutnjak)<\/span><\/li>\n<li><b>Orhidoflora budu\u0107eg Regionalnog parka Hrvatsko zagorje<\/b><span style=\"font-weight: 400;\"> (Ljiljana Borove\u010dki-Voska i Dubravko \u0160incek)<\/span><\/li>\n<li><b>Apeninski botani\u010dki pothvati<\/b><span style=\"font-weight: 400;\"> (Sandro Bogdanovi\u0107)\u00a0<\/span><\/li>\n<li><b>Kroz \u0161umu zakonskih propisa o za\u0161titi biljnih svojti u Hrvatskoj<\/b><span style=\"font-weight: 400;\"> (Vida Posavec Vukeli\u0107)<\/span><\/li>\n<li><b>Makrofiti u ocjeni stanja voda <\/b><span style=\"font-weight: 400;\">(Antun Alegro)<\/span><\/li>\n<li><b>Ekolo\u0161ke i vegetacijske osobitosti na\u0161ih kr\u0161kih polja<\/b><span style=\"font-weight: 400;\"> (Jasenka Topi\u0107)<\/span><\/li>\n<li><b><i>Salvia brachyodon <\/i><\/b><b>Vandas: ugro\u017eenost, endemi\u010dnost i ostale zanimljivosti iz na\u0161eg labosa<\/b><span style=\"font-weight: 400;\"> (Zlatko Liber)<\/span><\/li>\n<li><b>Biljni svijet planina Sicilije (Madonie, Nebrodi, Etna) <\/b><span style=\"font-weight: 400;\">(Vedran \u0160egota)<\/span><\/li>\n<li><b>Aventuras Brasileiras <\/b><span style=\"font-weight: 400;\">(Maja Masla\u0107)<\/span><\/li>\n<li><b>Botani\u010dko putovanje po Ju\u017enoafri\u010dkoj Republici (Fynbos i Succulent karoo)<\/b><span style=\"font-weight: 400;\"> (\u017deljko \u0160kvorc i Daniel Krstono\u0161i\u0107)<\/span><\/li>\n<li><b>Izlo\u017eba orhideja NY Botani\u010dkog vrta i jo\u0161 pone\u0161to s isto\u010dne obale<\/b><span style=\"font-weight: 400;\"> (Dubravka Sandev)<\/span><\/li>\n<li><b>Tjedan botani\u010dkih vrtova i arboretuma Hrvatske u organizaciji Hrvatskog botani\u010dkog dru\u0161tva<\/b><span style=\"font-weight: 400;\"> (Sanja Kova\u010di\u0107)<\/span><\/li>\n<li><b>Genes and Geometry in flower formation and evolution in Angiosperms<\/b><span style=\"font-weight: 400;\"> (Johana Gielis)<\/span><\/li>\n<li><b>Proljetna flora Dalmacije<\/b><span style=\"font-weight: 400;\"> (Sandro Bogdanovi\u0107)<\/span><\/li>\n<li><b>Mate Botteri \u2013 hvarski prirodoslovac<\/b><span style=\"font-weight: 400;\"> (Milovan Buchberger)<\/span><\/li>\n<li><b>Rijetke i &#8220;rijetke&#8221; biljke hrvatske flore<\/b><span style=\"font-weight: 400;\"> (Jasenka Topi\u0107)<\/span><\/li>\n<li><b>Rod <\/b><b><i>Sphagnum <\/i><\/b><b>u Hrvatskoj<\/b><span style=\"font-weight: 400;\"> (Antun Alegro)<\/span><\/li>\n<\/ul>\n<p>[\/et_pb_accordion_item][et_pb_accordion_item title=&#8221;2010&#8243; _builder_version=&#8221;4.27.4&#8243; _module_preset=&#8221;default&#8221; global_colors_info=&#8221;{}&#8221; open=&#8221;off&#8221;]<\/p>\n<ul>\n<li><b>Turska-Sirija-Libanon<\/b><span style=\"font-weight: 400;\"> (Ana Kojakovi\u0107)<\/span><\/li>\n<li><b>Lastovsko oto\u010dje&#8230;<\/b><span style=\"font-weight: 400;\"> (Darko Mihelj)<\/span><\/li>\n<li><b>Azorski otoci<\/b><span style=\"font-weight: 400;\"> (Biserka Jureti\u0107)<\/span><\/li>\n<li><b>Rod <\/b><b><i>Fumana<\/i><\/b><b> (Cistaceae) u flori Hrvatske<\/b><span style=\"font-weight: 400;\"> (Sandro Bogdanovi\u0107)<\/span><\/li>\n<li><b>Japan &#8211; do\u017eivljaji botani\u010dara<\/b><span style=\"font-weight: 400;\"> (Jasenka Topi\u0107)<\/span><\/li>\n<li><b>Makedonija<\/b><span style=\"font-weight: 400;\"> (Antun Alegro)<\/span><\/li>\n<li><b>Alpe i flora Alpa<\/b><span style=\"font-weight: 400;\"> (Dubravka \u0160oljan)<\/span><\/li>\n<li><b>Kanarsko oto\u010dje: Tenerife i Gomera; NP Teide<\/b><span style=\"font-weight: 400;\"> (Igor Bor\u0161i\u0107)<\/span><\/li>\n<li><b>Fitopatogene gljive i mikoze na endemi\u010dnim\u00a0i\u00a0 za\u0161ti\u0107enim biljnim svojtama u na\u0161oj flori<\/b><span style=\"font-weight: 400;\"> (Tihomir Mili\u010devi\u0107)<\/span><\/li>\n<li><b>Va\u017enost flore i vegetacije za \u017eivot i pre\u017eivljavanje u prirodi<\/b><span style=\"font-weight: 400;\"> (Sanja Kova\u010di\u0107)<\/span><\/li>\n<\/ul>\n<p>[\/et_pb_accordion_item][\/et_pb_accordion][\/et_pb_column][et_pb_column type=&#8221;2_5&#8243; _builder_version=&#8221;4.16&#8243; _module_preset=&#8221;default&#8221; global_colors_info=&#8221;{}&#8221;][et_pb_image src=&#8221;http:\/\/www.hbod.hr\/wp-content\/uploads\/2021\/07\/tomasinijeva-kockica-Ophrys-tommasinii-V.-Segota-scaled.jpg&#8221; title_text=&#8221;tomasinijeva kockica (Ophrys tommasinii) V. \u0160egota&#8221; disabled_on=&#8221;on|off|off&#8221; _builder_version=&#8221;4.16&#8243; _module_preset=&#8221;default&#8221; width=&#8221;100%&#8221; width_tablet=&#8221;50%&#8221; width_phone=&#8221;&#8221; width_last_edited=&#8221;on|desktop&#8221; max_width=&#8221;100%&#8221; module_alignment=&#8221;center&#8221; custom_margin=&#8221;-5px||||false|false&#8221; custom_padding=&#8221;35px||||false|false&#8221; border_radii=&#8221;on|5px|5px|5px|5px&#8221; global_colors_info=&#8221;{}&#8221;][\/et_pb_image][et_pb_image src=&#8221;http:\/\/www.hbod.hr\/wp-content\/uploads\/2021\/04\/IMG_1569-1-scaled.jpg&#8221; title_text=&#8221;IMG_1569&#8243; disabled_on=&#8221;on|off|off&#8221; _builder_version=&#8221;4.16&#8243; _module_preset=&#8221;default&#8221; width=&#8221;100%&#8221; width_tablet=&#8221;50%&#8221; width_phone=&#8221;&#8221; width_last_edited=&#8221;on|desktop&#8221; max_width=&#8221;100%&#8221; module_alignment=&#8221;center&#8221; custom_margin=&#8221;-5px||||false|false&#8221; custom_padding=&#8221;35px||||false|false&#8221; border_radii=&#8221;on|5px|5px|5px|5px&#8221; global_colors_info=&#8221;{}&#8221;][\/et_pb_image][\/et_pb_column][\/et_pb_row][\/et_pb_section]<\/p>\n","protected":false},"excerpt":{"rendered":"<p>Lectures and workshopsPopularization of botany is one of the most important goals of Croatian Botanical Society. For this reason, the Society organizes professional-popular lectures in Croatian language which are held periodically, for many years now. The lectures are open for everyone and free, held at the Division of Biology, Faculty of Science in Zagreb. They [&hellip;]<\/p>\n","protected":false},"author":1,"featured_media":0,"parent":0,"menu_order":0,"comment_status":"closed","ping_status":"closed","template":"","meta":{"_et_pb_use_builder":"on","_et_pb_old_content":"","_et_gb_content_width":"","footnotes":""},"class_list":["post-17959","page","type-page","status-publish","hentry"],"_links":{"self":[{"href":"https:\/\/www.hbod.hr\/en\/wp-json\/wp\/v2\/pages\/17959","targetHints":{"allow":["GET"]}}],"collection":[{"href":"https:\/\/www.hbod.hr\/en\/wp-json\/wp\/v2\/pages"}],"about":[{"href":"https:\/\/www.hbod.hr\/en\/wp-json\/wp\/v2\/types\/page"}],"author":[{"embeddable":true,"href":"https:\/\/www.hbod.hr\/en\/wp-json\/wp\/v2\/users\/1"}],"replies":[{"embeddable":true,"href":"https:\/\/www.hbod.hr\/en\/wp-json\/wp\/v2\/comments?post=17959"}],"version-history":[{"count":20,"href":"https:\/\/www.hbod.hr\/en\/wp-json\/wp\/v2\/pages\/17959\/revisions"}],"predecessor-version":[{"id":21690,"href":"https:\/\/www.hbod.hr\/en\/wp-json\/wp\/v2\/pages\/17959\/revisions\/21690"}],"wp:attachment":[{"href":"https:\/\/www.hbod.hr\/en\/wp-json\/wp\/v2\/media?parent=17959"}],"curies":[{"name":"wp","href":"https:\/\/api.w.org\/{rel}","templated":true}]}}