{"id":17987,"date":"2020-02-19T09:36:14","date_gmt":"2020-02-19T08:36:14","guid":{"rendered":"https:\/\/www.hbod.hr\/preporuke\/"},"modified":"2025-03-20T20:56:57","modified_gmt":"2025-03-20T19:56:57","slug":"botanical-library","status":"publish","type":"page","link":"https:\/\/www.hbod.hr\/en\/botanical-library\/","title":{"rendered":"Botanical library"},"content":{"rendered":"<p>[et_pb_section fb_built=&#8221;1&#8243; fullwidth=&#8221;on&#8221; _builder_version=&#8221;4.16&#8243; _module_preset=&#8221;default&#8221; background_enable_color=&#8221;off&#8221; background_enable_image=&#8221;off&#8221; parallax=&#8221;on&#8221; locked=&#8221;off&#8221; global_colors_info=&#8221;{}&#8221;][et_pb_fullwidth_slider use_bg_overlay=&#8221;off&#8221; _builder_version=&#8221;4.16&#8243; _module_preset=&#8221;default&#8221; header_font=&#8221;Poppins||||||||&#8221; parallax=&#8221;on&#8221; content_width=&#8221;100%&#8221; custom_padding=&#8221;280px|||||&#8221; global_colors_info=&#8221;{}&#8221;][et_pb_slide heading=&#8221;Hrvatsko botani\u010dko dru\u0161tvo&#8221; use_bg_overlay=&#8221;off&#8221; use_text_overlay=&#8221;on&#8221; text_border_radius=&#8221;20px&#8221; _builder_version=&#8221;4.16&#8243; _module_preset=&#8221;default&#8221; header_font=&#8221;Poppins|800||on|||||&#8221; header_font_size=&#8221;50px&#8221; header_letter_spacing=&#8221;1px&#8221; background_enable_color=&#8221;off&#8221; background_image=&#8221;http:\/\/www.hbod.hr\/wp-content\/uploads\/2021\/04\/viter-oskorus\u030cno-6-scaled.jpg&#8221; background_enable_image=&#8221;on&#8221; width=&#8221;65%&#8221; width_tablet=&#8221;65%&#8221; width_phone=&#8221;75%&#8221; width_last_edited=&#8221;on|phone&#8221; max_width_tablet=&#8221;&#8221; max_width_phone=&#8221;&#8221; max_width_last_edited=&#8221;on|phone&#8221; custom_padding=&#8221;5px||||false|false&#8221; header_font_size_tablet=&#8221;48px&#8221; header_font_size_phone=&#8221;13px&#8221; header_font_size_last_edited=&#8221;on|phone&#8221; global_colors_info=&#8221;{}&#8221; sticky_transition=&#8221;on&#8221;][\/et_pb_slide][et_pb_slide _builder_version=&#8221;4.16&#8243; _module_preset=&#8221;default&#8221; background_enable_color=&#8221;off&#8221; background_image=&#8221;http:\/\/www.hbod.hr\/wp-content\/uploads\/2021\/04\/kriva-dolina-4-scaled.jpg&#8221; background_enable_image=&#8221;on&#8221; global_colors_info=&#8221;{}&#8221; sticky_transition=&#8221;on&#8221;][\/et_pb_slide][\/et_pb_fullwidth_slider][\/et_pb_section][et_pb_section fb_built=&#8221;1&#8243; _builder_version=&#8221;4.16&#8243; _module_preset=&#8221;default&#8221; custom_padding=&#8221;50px||95px|||&#8221; global_colors_info=&#8221;{}&#8221;][et_pb_row _builder_version=&#8221;4.16&#8243; _module_preset=&#8221;default&#8221; custom_padding=&#8221;0px|||||&#8221; global_colors_info=&#8221;{}&#8221;][et_pb_column type=&#8221;4_4&#8243; _builder_version=&#8221;4.16&#8243; _module_preset=&#8221;default&#8221; global_colors_info=&#8221;{}&#8221;][et_pb_text quote_border_color=&#8221;#12876f&#8221; _builder_version=&#8221;4.24.2&#8243; _module_preset=&#8221;default&#8221; text_font=&#8221;Poppins|300|||||||&#8221; text_font_size=&#8221;15px&#8221; link_font=&#8221;Poppins|600|||||||&#8221; link_text_color=&#8221;#12876f&#8221; quote_font=&#8221;Poppins||||||||&#8221; header_font=&#8221;Poppins||||||||&#8221; header_text_color=&#8221;#474747&#8243; min_height=&#8221;63.6px&#8221; custom_padding=&#8221;4px||0px|||&#8221; global_colors_info=&#8221;{}&#8221;]<\/p>\n<h2><span style=\"font-size: xx-large;\">Botanical library<\/span><\/h2>\n<p>[\/et_pb_text][\/et_pb_column][\/et_pb_row][et_pb_row _builder_version=&#8221;4.23.1&#8243; _module_preset=&#8221;default&#8221; width=&#8221;100%&#8221; global_colors_info=&#8221;{}&#8221;][et_pb_column type=&#8221;4_4&#8243; _builder_version=&#8221;4.23.1&#8243; _module_preset=&#8221;default&#8221; global_colors_info=&#8221;{}&#8221;][et_pb_text _builder_version=&#8221;4.24.2&#8243; _module_preset=&#8221;default&#8221; global_colors_info=&#8221;{}&#8221; text_font=&#8221;&#8211;et_global_body_font|300|||||||&#8221; text_font_size=&#8221;16px&#8221; text_font_size_tablet=&#8221;14px&#8221; text_font_size_phone=&#8221;15px&#8221; text_font_size_last_edited=&#8221;on|phone&#8221; custom_padding=&#8221;|||6px|false|false&#8221; custom_padding_tablet=&#8221;|0px||15px|false|false&#8221; custom_padding_phone=&#8221;|0px||15px|false|false&#8221; custom_padding_last_edited=&#8221;on|tablet&#8221;]<\/p>\n<p>The aim of Botanical library is to represent the central overview of expert-popular botanical literature about Croatian flora (books, manuals, textbooks, botanical guides, brochures\u2026) published in Croatia, mainly in Croatian language, with the corresponding front pages and basic information. The aim is to gather data about published literature in one place, so that the interested readers can easily access information about the flora of Croatia, certain areas of Croatia or particular plant groups.<\/p>\n<p>Some titles are designated as <strong>Recommended by HBoD:<\/strong><\/p>\n<p>According to the Ordinance of Internal Management of the Society, interested authors (which have to be regular members) must send a written request by post or email to the Directive bord (<a href=\"mailto:hbod.botanic@gmail.com\">hbod.botanic@gmail.com<\/a>), in order to receive the permit to use Recommended by HBoD sign on their publication. Submitted publications undergo an internal review process within the Society, which is the basis for providing the recommendation.<\/p>\n<p>&nbsp;<\/p>\n<p>&nbsp;<\/p>\n<p>[\/et_pb_text][\/et_pb_column][\/et_pb_row][et_pb_row column_structure=&#8221;1_3,1_3,1_3&#8243; _builder_version=&#8221;4.23.1&#8243; _module_preset=&#8221;default&#8221; width=&#8221;100%&#8221; locked=&#8221;off&#8221; global_colors_info=&#8221;{}&#8221;][et_pb_column type=&#8221;1_3&#8243; _builder_version=&#8221;4.23.1&#8243; _module_preset=&#8221;default&#8221; global_colors_info=&#8221;{}&#8221;][et_pb_accordion _builder_version=&#8221;4.27.4&#8243; _module_preset=&#8221;default&#8221; hover_enabled=&#8221;0&#8243; box_shadow_style=&#8221;preset1&#8243; global_colors_info=&#8221;{}&#8221; sticky_enabled=&#8221;0&#8243;][et_pb_accordion_item title=&#8221;Atlas korovne, ruderalne i travnja\u010dke flore&#8221; open=&#8221;on&#8221; _builder_version=&#8221;4.27.4&#8243; _module_preset=&#8221;default&#8221; body_text_align=&#8221;center&#8221; min_height=&#8221;326px&#8221; max_height=&#8221;326px&#8221; global_colors_info=&#8221;{}&#8221; toggle_level=&#8221;h1&#8243; toggle_font=&#8221;|700||||on|||&#8221; toggle_text_align=&#8221;left&#8221; toggle_font_size=&#8221;20px&#8221;]<\/p>\n<p><img loading=\"lazy\" decoding=\"async\" src=\"https:\/\/www.hbod.hr\/wp-content\/uploads\/2025\/03\/Atlas-korovne-ruderalne-i-travnjacke-flore-1-202x300.jpg\" width=\"182\" height=\"270\" alt=\"\" class=\"wp-image-21679 alignnone size-medium\" srcset=\"https:\/\/www.hbod.hr\/wp-content\/uploads\/2025\/03\/Atlas-korovne-ruderalne-i-travnjacke-flore-1-202x300.jpg 202w, https:\/\/www.hbod.hr\/wp-content\/uploads\/2025\/03\/Atlas-korovne-ruderalne-i-travnjacke-flore-1.jpg 406w\" sizes=\"(max-width: 182px) 100vw, 182px\" \/><\/p>\n<p>[\/et_pb_accordion_item][et_pb_accordion_item title=&#8221;Read more&#8221; _builder_version=&#8221;4.27.4&#8243; _module_preset=&#8221;default&#8221; hover_enabled=&#8221;0&#8243; global_colors_info=&#8221;{}&#8221; open=&#8221;off&#8221; sticky_enabled=&#8221;0&#8243;]<\/p>\n<p class=\"p1\"><b>Author:<\/b> Mira Kne\u017eevi\u0107<\/p>\n<p class=\"p1\"><b>Publisher:<\/b> Poljoprivredni fakultet Sveu\u010dili\u0161ta Josipa Jurja Strossmayera u Osijeku<\/p>\n<p class=\"p1\"><b>Year published:<\/b> 2006<\/p>\n<p class=\"p1\"><b>Pages:<\/b> 402<\/p>\n<p>[\/et_pb_accordion_item][\/et_pb_accordion][\/et_pb_column][et_pb_column type=&#8221;1_3&#8243; _builder_version=&#8221;4.23.1&#8243; _module_preset=&#8221;default&#8221; global_colors_info=&#8221;{}&#8221;][et_pb_accordion _builder_version=&#8221;4.27.4&#8243; _module_preset=&#8221;default&#8221; custom_margin=&#8221;||7px|||&#8221; hover_enabled=&#8221;0&#8243; box_shadow_style=&#8221;preset1&#8243; global_colors_info=&#8221;{}&#8221; sticky_enabled=&#8221;0&#8243;][et_pb_accordion_item title=&#8221;Imenik drve\u0107a i grmlja (latinski, hrvatski, engleski, njema\u010dki)                                                                     &#8221; open=&#8221;on&#8221; _builder_version=&#8221;4.27.4&#8243; _module_preset=&#8221;default&#8221; body_text_align=&#8221;center&#8221; min_height=&#8221;326px&#8221; max_height=&#8221;326px&#8221; global_colors_info=&#8221;{}&#8221; toggle_level=&#8221;h1&#8243; toggle_font=&#8221;|700||||on|||&#8221; toggle_text_align=&#8221;left&#8221; toggle_font_size=&#8221;20px&#8221;]<\/p>\n<p><img loading=\"lazy\" decoding=\"async\" src=\"https:\/\/www.hbod.hr\/wp-content\/uploads\/2025\/03\/Imenik-drveca-i-grmlja-215x300.jpg\" width=\"200\" height=\"279\" alt=\"\" class=\"wp-image-21681 alignnone size-medium\" srcset=\"https:\/\/www.hbod.hr\/wp-content\/uploads\/2025\/03\/Imenik-drveca-i-grmlja-215x300.jpg 215w, https:\/\/www.hbod.hr\/wp-content\/uploads\/2025\/03\/Imenik-drveca-i-grmlja.jpg 400w\" sizes=\"(max-width: 200px) 100vw, 200px\" \/><\/p>\n<p>[\/et_pb_accordion_item][et_pb_accordion_item title=&#8221;Read more&#8221; _builder_version=&#8221;4.27.4&#8243; _module_preset=&#8221;default&#8221; hover_enabled=&#8221;0&#8243; global_colors_info=&#8221;{}&#8221; open=&#8221;off&#8221; sticky_enabled=&#8221;0&#8243;]<\/p>\n<p class=\"p1\"><b>Author:<\/b> \u017delimir Borzan<\/p>\n<p class=\"p1\"><b>Publisher:<\/b> Hrvatske \u0161ume<\/p>\n<p class=\"p1\"><b>Godina izdanja:<\/b> 2001<\/p>\n<p class=\"p1\"><b>Pages:<\/b> 487<\/p>\n<p>[\/et_pb_accordion_item][\/et_pb_accordion][\/et_pb_column][et_pb_column type=&#8221;1_3&#8243; _builder_version=&#8221;4.23.1&#8243; _module_preset=&#8221;default&#8221; global_colors_info=&#8221;{}&#8221;][et_pb_accordion _builder_version=&#8221;4.27.4&#8243; _module_preset=&#8221;default&#8221; hover_enabled=&#8221;0&#8243; box_shadow_style=&#8221;preset1&#8243; locked=&#8221;off&#8221; global_colors_info=&#8221;{}&#8221; sticky_enabled=&#8221;0&#8243;][et_pb_accordion_item title=&#8221;Botani\u010dki priru\u010dnik&#8221; open=&#8221;on&#8221; _builder_version=&#8221;4.27.4&#8243; _module_preset=&#8221;default&#8221; body_text_align=&#8221;center&#8221; min_height=&#8221;326px&#8221; max_height=&#8221;326px&#8221; global_colors_info=&#8221;{}&#8221; toggle_level=&#8221;h1&#8243; toggle_font=&#8221;|700||||on|||&#8221; toggle_text_align=&#8221;left&#8221; toggle_font_size=&#8221;20px&#8221;]<\/p>\n<p><img loading=\"lazy\" decoding=\"async\" src=\"https:\/\/www.hbod.hr\/wp-content\/uploads\/2025\/03\/Botanicki-prirucnik-201x300.jpg\" width=\"191\" height=\"285\" alt=\"\" class=\"wp-image-21683 alignnone size-medium\" srcset=\"https:\/\/www.hbod.hr\/wp-content\/uploads\/2025\/03\/Botanicki-prirucnik-201x300.jpg 201w, https:\/\/www.hbod.hr\/wp-content\/uploads\/2025\/03\/Botanicki-prirucnik.jpg 300w\" sizes=\"(max-width: 191px) 100vw, 191px\" \/><\/p>\n<p>[\/et_pb_accordion_item][et_pb_accordion_item title=&#8221;Read more&#8221; _builder_version=&#8221;4.27.4&#8243; _module_preset=&#8221;default&#8221; hover_enabled=&#8221;0&#8243; global_colors_info=&#8221;{}&#8221; open=&#8221;off&#8221; sticky_enabled=&#8221;0&#8243;]<\/p>\n<p class=\"p1\"><b>Botani\u010dki priru\u010dnik<\/b><\/p>\n<p class=\"p1\"><b>Author:<\/b> Nada Hulina<\/p>\n<p class=\"p1\"><b>Publisher:<\/b> Agronomski fakultet Sveu\u010dili\u0161ta u Zagrebu<\/p>\n<p class=\"p1\"><b>Year published:<\/b> 1994<\/p>\n<p class=\"p1\"><b>Pages:<\/b> 50<\/p>\n<p>[\/et_pb_accordion_item][\/et_pb_accordion][\/et_pb_column][\/et_pb_row][et_pb_row column_structure=&#8221;1_3,1_3,1_3&#8243; _builder_version=&#8221;4.23.1&#8243; _module_preset=&#8221;default&#8221; width=&#8221;100%&#8221; locked=&#8221;off&#8221; global_colors_info=&#8221;{}&#8221;][et_pb_column type=&#8221;1_3&#8243; _builder_version=&#8221;4.23.1&#8243; _module_preset=&#8221;default&#8221; global_colors_info=&#8221;{}&#8221;][et_pb_accordion _builder_version=&#8221;4.27.4&#8243; _module_preset=&#8221;default&#8221; hover_enabled=&#8221;0&#8243; box_shadow_style=&#8221;preset1&#8243; global_colors_info=&#8221;{}&#8221; sticky_enabled=&#8221;0&#8243;][et_pb_accordion_item title=&#8221;Die Pflanzenwelt des Insel Krk (Veglia, V\u00f6gls) in der Quarner Bucht \u2013 Flora und Vegetation&#8221; open=&#8221;on&#8221; _builder_version=&#8221;4.27.4&#8243; _module_preset=&#8221;default&#8221; body_text_align=&#8221;center&#8221; min_height=&#8221;326px&#8221; max_height=&#8221;326px&#8221; global_colors_info=&#8221;{}&#8221; toggle_level=&#8221;h1&#8243; toggle_font=&#8221;|700||||on|||&#8221; toggle_text_align=&#8221;left&#8221; toggle_font_size=&#8221;20px&#8221;]<\/p>\n<p><img loading=\"lazy\" decoding=\"async\" src=\"https:\/\/www.hbod.hr\/wp-content\/uploads\/2025\/03\/Exkursionsflora-fur-die-Insel-Krk-Veglia-Vogls-in-der-Quarner-Bucht-Flora-und-Vegetation-1-221x300.jpg\" width=\"184\" height=\"249\" alt=\"\" class=\"wp-image-21670 alignnone size-medium\" \/><\/p>\n<p>[\/et_pb_accordion_item][et_pb_accordion_item title=&#8221;Read more&#8221; _builder_version=&#8221;4.27.4&#8243; _module_preset=&#8221;default&#8221; hover_enabled=&#8221;0&#8243; global_colors_info=&#8221;{}&#8221; open=&#8221;off&#8221; sticky_enabled=&#8221;0&#8243;]<\/p>\n<p class=\"p1\"><b>Author:<\/b> Walter K. Rottensteiner<\/p>\n<p class=\"p1\"><b>Publisher:<\/b> Klagenfurt am W\u00f6rthersee: Verlag der Naturwissenschaftlichen Vereins f\u00fcr K\u00e4rnten, Klagenfurt am W\u00f6rthersee<\/p>\n<p class=\"p1\"><b>Year published:<\/b> 2024<\/p>\n<p class=\"p1\"><b>Pages:<\/b> 1452<\/p>\n<p>[\/et_pb_accordion_item][\/et_pb_accordion][\/et_pb_column][et_pb_column type=&#8221;1_3&#8243; _builder_version=&#8221;4.23.1&#8243; _module_preset=&#8221;default&#8221; global_colors_info=&#8221;{}&#8221;][et_pb_accordion _builder_version=&#8221;4.27.4&#8243; _module_preset=&#8221;default&#8221; custom_margin=&#8221;||7px|||&#8221; hover_enabled=&#8221;0&#8243; box_shadow_style=&#8221;preset1&#8243; global_colors_info=&#8221;{}&#8221; sticky_enabled=&#8221;0&#8243;][et_pb_accordion_item title=&#8221;O\u010duvanje biljnih genetskih izvora                                                                          &#8221; open=&#8221;on&#8221; _builder_version=&#8221;4.27.4&#8243; _module_preset=&#8221;default&#8221; body_text_align=&#8221;center&#8221; min_height=&#8221;326px&#8221; max_height=&#8221;326px&#8221; global_colors_info=&#8221;{}&#8221; toggle_level=&#8221;h1&#8243; toggle_font=&#8221;|700||||on|||&#8221; toggle_text_align=&#8221;left&#8221; toggle_font_size=&#8221;20px&#8221;]<\/p>\n<p><img loading=\"lazy\" decoding=\"async\" src=\"https:\/\/www.hbod.hr\/wp-content\/uploads\/2025\/03\/Ocuvanje-biljnih-genetskih-izvora-1-213x300.jpg\" width=\"199\" height=\"280\" alt=\"\" class=\"wp-image-21672 alignnone size-medium\" \/><\/p>\n<p>[\/et_pb_accordion_item][et_pb_accordion_item title=&#8221;Read more&#8221; _builder_version=&#8221;4.27.4&#8243; _module_preset=&#8221;default&#8221; hover_enabled=&#8221;0&#8243; global_colors_info=&#8221;{}&#8221; open=&#8221;off&#8221; sticky_enabled=&#8221;0&#8243;]<\/p>\n<p class=\"p1\"><b>Authors:<\/b> Zlatko \u0160atovi\u0107, Martina Grdi\u0161a, Nina Jeran, Filip Varga<\/p>\n<p class=\"p1\"><b>Publisher:<\/b> Agronomski fakultet Sveu\u010dili\u0161ta u Zagrebu<\/p>\n<p class=\"p1\"><b>Year published:<\/b> 2023.<\/p>\n<p class=\"p1\"><b>Pages:<\/b> 306<\/p>\n<p>[\/et_pb_accordion_item][\/et_pb_accordion][\/et_pb_column][et_pb_column type=&#8221;1_3&#8243; _builder_version=&#8221;4.23.1&#8243; _module_preset=&#8221;default&#8221; global_colors_info=&#8221;{}&#8221;][et_pb_accordion _builder_version=&#8221;4.27.4&#8243; _module_preset=&#8221;default&#8221; hover_enabled=&#8221;0&#8243; box_shadow_style=&#8221;preset1&#8243; locked=&#8221;off&#8221; global_colors_info=&#8221;{}&#8221; sticky_enabled=&#8221;0&#8243;][et_pb_accordion_item title=&#8221;Obi\u010dna planika (Arbutus unedo L.) \u2013 Biolo\u0161ka, kemijska i gospodarska svojstva&#8221; open=&#8221;on&#8221; _builder_version=&#8221;4.27.4&#8243; _module_preset=&#8221;default&#8221; body_text_align=&#8221;center&#8221; min_height=&#8221;326px&#8221; max_height=&#8221;326px&#8221; global_colors_info=&#8221;{}&#8221; toggle_level=&#8221;h1&#8243; toggle_font=&#8221;|700||||on|||&#8221; toggle_text_align=&#8221;left&#8221; toggle_font_size=&#8221;20px&#8221;]<\/p>\n<p><img loading=\"lazy\" decoding=\"async\" src=\"https:\/\/www.hbod.hr\/wp-content\/uploads\/2025\/03\/Obicna-planika-213x300.jpg\" width=\"189\" height=\"266\" alt=\"\" class=\"wp-image-21675 alignnone size-medium\" \/><\/p>\n<p>[\/et_pb_accordion_item][et_pb_accordion_item title=&#8221;Read more&#8221; _builder_version=&#8221;4.27.4&#8243; _module_preset=&#8221;default&#8221; hover_enabled=&#8221;0&#8243; global_colors_info=&#8221;{}&#8221; open=&#8221;off&#8221; sticky_enabled=&#8221;0&#8243;]<\/p>\n<p class=\"p1\"><b>Authors:<\/b> Martina Skendrovi\u0107 Babojeli\u0107, Sandro Bogdanovi\u0107, Ivan Dla\u010di\u0107, Boris Duralija, \u017deljko Prgomet, Iva Prgomet, Jasna \u0160ic \u017dlabur, Sandra Vo\u0107a<\/p>\n<p class=\"p1\"><b>Publisher:<\/b> Agronomski fakultet Sveu\u010dili\u0161ta u Zagrebu<\/p>\n<p class=\"p1\"><b>Year published:<\/b> 2020<\/p>\n<p class=\"p1\"><b>Pages:<\/b> 44<\/p>\n<p>[\/et_pb_accordion_item][\/et_pb_accordion][\/et_pb_column][\/et_pb_row][et_pb_row column_structure=&#8221;1_3,1_3,1_3&#8243; _builder_version=&#8221;4.23.1&#8243; _module_preset=&#8221;default&#8221; width=&#8221;100%&#8221; locked=&#8221;off&#8221; global_colors_info=&#8221;{}&#8221;][et_pb_column type=&#8221;1_3&#8243; _builder_version=&#8221;4.23.1&#8243; _module_preset=&#8221;default&#8221; global_colors_info=&#8221;{}&#8221;][et_pb_accordion _builder_version=&#8221;4.27.4&#8243; _module_preset=&#8221;default&#8221; hover_enabled=&#8221;0&#8243; box_shadow_style=&#8221;preset1&#8243; global_colors_info=&#8221;{}&#8221; sticky_enabled=&#8221;0&#8243;][et_pb_accordion_item title=&#8221;Samonikle orhideje Neretvanskog kraja&#8221; open=&#8221;on&#8221; _builder_version=&#8221;4.27.4&#8243; _module_preset=&#8221;default&#8221; body_text_align=&#8221;center&#8221; min_height=&#8221;326px&#8221; max_height=&#8221;326px&#8221; global_colors_info=&#8221;{}&#8221; toggle_level=&#8221;h1&#8243; toggle_font=&#8221;|700||||on|||&#8221; toggle_text_align=&#8221;left&#8221; toggle_font_size=&#8221;20px&#8221;]<\/p>\n<p><img loading=\"lazy\" decoding=\"async\" src=\"https:\/\/www.hbod.hr\/wp-content\/uploads\/2025\/03\/Orhideje-Neretvanskog-kraja-1-213x300.jpg\" width=\"213\" height=\"300\" alt=\"\" class=\"wp-image-21659 alignnone size-medium\" \/><\/p>\n<p>[\/et_pb_accordion_item][et_pb_accordion_item title=&#8221;Read more&#8221; _builder_version=&#8221;4.27.4&#8243; _module_preset=&#8221;default&#8221; hover_enabled=&#8221;0&#8243; global_colors_info=&#8221;{}&#8221; open=&#8221;off&#8221; sticky_enabled=&#8221;0&#8243;]<\/p>\n<p class=\"p1\"><b>Author:<\/b> Bari\u0161a Ili\u0107<\/p>\n<p class=\"p1\"><b>Publisher:<\/b> Ornitolo\u0161ko dru\u0161tvo Brkata sjenica, Metkovi\u0107<\/p>\n<p class=\"p1\"><b>Year published:<\/b> 2024<\/p>\n<p class=\"p1\"><b>Pages:<\/b> 114<\/p>\n<p>[\/et_pb_accordion_item][\/et_pb_accordion][\/et_pb_column][et_pb_column type=&#8221;1_3&#8243; _builder_version=&#8221;4.23.1&#8243; _module_preset=&#8221;default&#8221; global_colors_info=&#8221;{}&#8221;][et_pb_accordion _builder_version=&#8221;4.27.4&#8243; _module_preset=&#8221;default&#8221; custom_margin=&#8221;||7px|||&#8221; hover_enabled=&#8221;0&#8243; box_shadow_style=&#8221;preset1&#8243; global_colors_info=&#8221;{}&#8221; sticky_enabled=&#8221;0&#8243;][et_pb_accordion_item title=&#8221;Vara\u017edinska heljda                                                                                 &#8221; open=&#8221;on&#8221; _builder_version=&#8221;4.27.4&#8243; _module_preset=&#8221;default&#8221; body_text_align=&#8221;center&#8221; min_height=&#8221;326px&#8221; max_height=&#8221;326px&#8221; hover_enabled=&#8221;0&#8243; global_colors_info=&#8221;{}&#8221; toggle_level=&#8221;h1&#8243; toggle_font=&#8221;|700||||on|||&#8221; toggle_text_align=&#8221;left&#8221; toggle_font_size=&#8221;20px&#8221; sticky_enabled=&#8221;0&#8243;]<\/p>\n<p><img loading=\"lazy\" decoding=\"async\" src=\"https:\/\/www.hbod.hr\/wp-content\/uploads\/2025\/03\/Varazdinska-heljda-1-1-213x300.jpg\" width=\"207\" height=\"292\" alt=\"\" class=\"wp-image-21663 alignnone size-medium\" \/><\/p>\n<p>[\/et_pb_accordion_item][et_pb_accordion_item title=&#8221;Read more&#8221; _builder_version=&#8221;4.27.4&#8243; _module_preset=&#8221;default&#8221; hover_enabled=&#8221;0&#8243; global_colors_info=&#8221;{}&#8221; open=&#8221;off&#8221; sticky_enabled=&#8221;0&#8243;]<\/p>\n<p class=\"p1\"><b>Authors:<\/b> Mara Bogovi\u0107, Dragutin Vincek, Roman Ozimec, Natalija Ur\u0161ulin-Trstenjak, Marija Gabrijela Jambres Bogovi\u0107, Damir Crleni, Ru\u017ea Levati\u0107<\/p>\n<p class=\"p1\"><b>Publisher:<\/b> ADIPA \u2013 Dru\u0161tvo za istra\u017eivanje i o\u010duvanje prirodoslovne raznolikosti Hrvatske<\/p>\n<p class=\"p1\"><b>Year published:<\/b> 2024<\/p>\n<p class=\"p1\"><b>Pages:<\/b> 223<\/p>\n<p>[\/et_pb_accordion_item][\/et_pb_accordion][\/et_pb_column][et_pb_column type=&#8221;1_3&#8243; _builder_version=&#8221;4.23.1&#8243; _module_preset=&#8221;default&#8221; global_colors_info=&#8221;{}&#8221;][et_pb_accordion _builder_version=&#8221;4.27.4&#8243; _module_preset=&#8221;default&#8221; hover_enabled=&#8221;0&#8243; box_shadow_style=&#8221;preset1&#8243; locked=&#8221;off&#8221; global_colors_info=&#8221;{}&#8221; sticky_enabled=&#8221;0&#8243;][et_pb_accordion_item title=&#8221;Exkursionsflora f\u00fcr die Insel Krk (Veglia, V\u00f6gls) in der Quarner Bucht &#8221; open=&#8221;on&#8221; _builder_version=&#8221;4.27.4&#8243; _module_preset=&#8221;default&#8221; body_text_align=&#8221;center&#8221; min_height=&#8221;326px&#8221; max_height=&#8221;326px&#8221; global_colors_info=&#8221;{}&#8221; toggle_level=&#8221;h1&#8243; toggle_font=&#8221;|700||||on|||&#8221; toggle_text_align=&#8221;left&#8221; toggle_font_size=&#8221;20px&#8221;]<\/p>\n<p><img loading=\"lazy\" decoding=\"async\" src=\"https:\/\/www.hbod.hr\/wp-content\/uploads\/2025\/03\/Exkursionsflora-fur-die-Insel-Krk-Veglia-Vogls-in-der-Quarner-Bucht-1-213x300.jpg\" width=\"180\" height=\"254\" alt=\"\" class=\"wp-image-21666 alignnone size-medium\" \/><\/p>\n<p>[\/et_pb_accordion_item][et_pb_accordion_item title=&#8221;Read more&#8221; _builder_version=&#8221;4.27.4&#8243; _module_preset=&#8221;default&#8221; hover_enabled=&#8221;0&#8243; global_colors_info=&#8221;{}&#8221; open=&#8221;off&#8221; sticky_enabled=&#8221;0&#8243;]<\/p>\n<p class=\"p1\"><b>Author:<\/b> Walter K. Rottensteiner<\/p>\n<p class=\"p1\"><b>Publisher:<\/b> Klagenfurt am W\u00f6rthersee: Verlag der Naturwissenschaftlichen Vereins f\u00fcr K\u00e4rnten, Klagenfurt am W\u00f6rthersee<\/p>\n<p class=\"p1\"><b>Year published:<\/b> 2024<\/p>\n<p class=\"p1\"><b>Pages:<\/b> 522<\/p>\n<p>[\/et_pb_accordion_item][\/et_pb_accordion][\/et_pb_column][\/et_pb_row][et_pb_row column_structure=&#8221;1_3,1_3,1_3&#8243; _builder_version=&#8221;4.23.1&#8243; _module_preset=&#8221;default&#8221; width=&#8221;100%&#8221; locked=&#8221;off&#8221; global_colors_info=&#8221;{}&#8221;][et_pb_column type=&#8221;1_3&#8243; _builder_version=&#8221;4.23.1&#8243; _module_preset=&#8221;default&#8221; global_colors_info=&#8221;{}&#8221;][et_pb_accordion _builder_version=&#8221;4.27.2&#8243; _module_preset=&#8221;default&#8221; box_shadow_style=&#8221;preset1&#8243; global_colors_info=&#8221;{}&#8221;][et_pb_accordion_item title=&#8221;Flora Dalmatinske zagore&#8221; open=&#8221;on&#8221; _builder_version=&#8221;4.27.2&#8243; _module_preset=&#8221;default&#8221; body_text_align=&#8221;center&#8221; min_height=&#8221;326px&#8221; max_height=&#8221;326px&#8221; global_colors_info=&#8221;{}&#8221; toggle_level=&#8221;h1&#8243; toggle_font=&#8221;|700||||on|||&#8221; toggle_text_align=&#8221;left&#8221; toggle_font_size=&#8221;20px&#8221;]<\/p>\n<p><img loading=\"lazy\" decoding=\"async\" src=\"https:\/\/www.hbod.hr\/wp-content\/uploads\/2024\/10\/Flora-Dalmatinske-zagore-216x300.jpg\" width=\"216\" height=\"300\" alt=\"\" class=\"wp-image-20149 alignnone size-medium\" \/><\/p>\n<p>[\/et_pb_accordion_item][et_pb_accordion_item title=&#8221;Read more&#8221; _builder_version=&#8221;4.27.2&#8243; _module_preset=&#8221;default&#8221; global_colors_info=&#8221;{}&#8221; open=&#8221;off&#8221;]<\/p>\n<p><span><strong>Author<\/strong>: Boris Karin<\/span><\/p>\n<p><span><strong>Publisher<\/strong>: \u0160kolska knjiga<br \/><\/span><br \/><span><strong>Year published<\/strong>: 2023<br \/><\/span><br \/><span><strong>Pages<\/strong>: 576<\/span><\/p>\n<p>[\/et_pb_accordion_item][\/et_pb_accordion][\/et_pb_column][et_pb_column type=&#8221;1_3&#8243; _builder_version=&#8221;4.23.1&#8243; _module_preset=&#8221;default&#8221; global_colors_info=&#8221;{}&#8221;][et_pb_accordion _builder_version=&#8221;4.24.2&#8243; _module_preset=&#8221;default&#8221; box_shadow_style=&#8221;preset1&#8243; global_colors_info=&#8221;{}&#8221;][et_pb_accordion_item title=&#8221;Orhideje otoka Kor\u010dule&#8221; open=&#8221;on&#8221; _builder_version=&#8221;4.23.1&#8243; _module_preset=&#8221;default&#8221; body_text_align=&#8221;center&#8221; min_height=&#8221;326px&#8221; max_height=&#8221;326px&#8221; global_colors_info=&#8221;{}&#8221; toggle_level=&#8221;h1&#8243; toggle_font=&#8221;|700||||on|||&#8221; toggle_text_align=&#8221;left&#8221; toggle_font_size=&#8221;20px&#8221;]<\/p>\n<p><img loading=\"lazy\" decoding=\"async\" src=\"https:\/\/www.hbod.hr\/wp-content\/uploads\/2024\/01\/Screenshot_1-213x300.jpg\" width=\"213\" height=\"300\" alt=\"\" class=\"wp-image-18879 alignnone size-medium\" \/><\/p>\n<p>[\/et_pb_accordion_item][et_pb_accordion_item title=&#8221;Read more&#8221; _builder_version=&#8221;4.24.2&#8243; _module_preset=&#8221;default&#8221; global_colors_info=&#8221;{}&#8221; open=&#8221;off&#8221;]<\/p>\n<p><span style=\"font-weight: 400;\"><strong>Authors:<\/strong> Mirjana Jeri\u010devi\u0107, Neboj\u0161a Jeri\u010devi\u0107<\/span><\/p>\n<p><span style=\"font-weight: 400;\"><strong>Publisher:<\/strong> Adriatica &#8211; Dru\u0161tvo za istra\u017eivanje i o\u010duvanje prirodne raznolikosti Mediterana<\/span><\/p>\n<p><span style=\"font-weight: 400;\"><strong>Year published:<\/strong> 2024.<\/span><\/p>\n<p><span style=\"font-weight: 400;\"><strong>Pages:<\/strong> 145<\/span><\/p>\n<p>[\/et_pb_accordion_item][\/et_pb_accordion][\/et_pb_column][et_pb_column type=&#8221;1_3&#8243; _builder_version=&#8221;4.23.1&#8243; _module_preset=&#8221;default&#8221; global_colors_info=&#8221;{}&#8221;][et_pb_accordion _builder_version=&#8221;4.24.2&#8243; _module_preset=&#8221;default&#8221; box_shadow_style=&#8221;preset1&#8243; global_colors_info=&#8221;{}&#8221;][et_pb_accordion_item title=&#8221;PS \u2013 Prepoznaj stablo&#8221; open=&#8221;on&#8221; _builder_version=&#8221;4.24.2&#8243; _module_preset=&#8221;default&#8221; body_text_align=&#8221;center&#8221; min_height=&#8221;326px&#8221; max_height=&#8221;326px&#8221; global_colors_info=&#8221;{}&#8221; toggle_level=&#8221;h1&#8243; toggle_font=&#8221;|700||||on|||&#8221; toggle_text_align=&#8221;left&#8221; toggle_font_size=&#8221;20px&#8221;]<\/p>\n<p>&nbsp;<\/p>\n<p><img loading=\"lazy\" decoding=\"async\" src=\"https:\/\/www.hbod.hr\/wp-content\/uploads\/2024\/03\/1_PS-prepoznaj-stablo.jpg\" width=\"192\" height=\"199\" alt=\"\" class=\"wp-image-19653 alignnone size-full\" \/><\/p>\n<p>[\/et_pb_accordion_item][et_pb_accordion_item title=&#8221;Read more&#8221; _builder_version=&#8221;4.24.2&#8243; _module_preset=&#8221;default&#8221; global_colors_info=&#8221;{}&#8221; open=&#8221;off&#8221;]<\/p>\n<p><span style=\"font-weight: 400;\"><strong>Author:<\/strong>\u00a0Zorana Sedlar<\/span><\/p>\n<p><span style=\"font-weight: 400;\"><strong>Publisher:<\/strong> Naklada Veble d.o.o<\/span><\/p>\n<p><span style=\"font-weight: 400;\"><strong>Year published: <\/strong>\u00a02023.<\/span><\/p>\n<p><span style=\"font-weight: 400;\"><strong>Pages:<\/strong> 96<\/span><\/p>\n<p>[\/et_pb_accordion_item][\/et_pb_accordion][\/et_pb_column][\/et_pb_row][et_pb_row column_structure=&#8221;1_3,1_3,1_3&#8243; _builder_version=&#8221;4.23.1&#8243; _module_preset=&#8221;default&#8221; width=&#8221;100%&#8221; locked=&#8221;off&#8221; global_colors_info=&#8221;{}&#8221;][et_pb_column type=&#8221;1_3&#8243; _builder_version=&#8221;4.23.1&#8243; _module_preset=&#8221;default&#8221; global_colors_info=&#8221;{}&#8221;][et_pb_accordion _builder_version=&#8221;4.24.2&#8243; _module_preset=&#8221;default&#8221; box_shadow_style=&#8221;preset1&#8243; global_colors_info=&#8221;{}&#8221;][et_pb_accordion_item title=&#8221;Tustopizde u izobilju &#8211; kurcoglava ni za lijek: Samoniklo jestivo bilje otoka Zlarina&#8221; open=&#8221;on&#8221; _builder_version=&#8221;4.23.1&#8243; _module_preset=&#8221;default&#8221; body_text_align=&#8221;center&#8221; max_height=&#8221;326px&#8221; global_colors_info=&#8221;{}&#8221; toggle_level=&#8221;h1&#8243; toggle_font=&#8221;|700||||on|||&#8221; toggle_text_align=&#8221;left&#8221; toggle_font_size=&#8221;20px&#8221;]<\/p>\n<p><img loading=\"lazy\" decoding=\"async\" src=\"https:\/\/www.hbod.hr\/wp-content\/uploads\/2024\/01\/2_Tustopizde-u-izobilju-kurcoglava-ni-za-lijek-Samoniklo-jestivo-bilje-otoka-Zlarina-215x300.jpg\" width=\"168\" height=\"235\" alt=\"\" class=\"wp-image-18881 alignnone size-medium\" \/><\/p>\n<p>[\/et_pb_accordion_item][et_pb_accordion_item title=&#8221;Read more&#8221; _builder_version=&#8221;4.24.2&#8243; _module_preset=&#8221;default&#8221; global_colors_info=&#8221;{}&#8221; open=&#8221;off&#8221;]<\/p>\n<p><span style=\"font-weight: 400;\"><strong>Authors:<\/strong> Marina Viculin, Mirjana Randi\u0107 Barlek, \u017deljko \u0160atovi\u0107, Danilo Du\u010dak, Zlatko Liber, Sandro Bogdanovi\u0107, Zlatko \u0160atovi\u0107<\/span><\/p>\n<p><span style=\"font-weight: 400;\"><strong>Publisher: <\/strong>\u00a0Sveu\u010dili\u0161te u Zagrebu Agronomski fakultet, Znanstveni centar izvrsnosti za bioraznolikost i molekularno oplemenjivanje bilja<\/span><\/p>\n<p><span style=\"font-weight: 400;\"><strong>Year published:<\/strong> 2022.<\/span><\/p>\n<p><span style=\"font-weight: 400;\"><strong>Pages:<\/strong> 140<\/span><\/p>\n<p>[\/et_pb_accordion_item][\/et_pb_accordion][\/et_pb_column][et_pb_column type=&#8221;1_3&#8243; _builder_version=&#8221;4.23.1&#8243; _module_preset=&#8221;default&#8221; global_colors_info=&#8221;{}&#8221;][et_pb_accordion _builder_version=&#8221;4.24.2&#8243; _module_preset=&#8221;default&#8221; box_shadow_style=&#8221;preset1&#8243; global_colors_info=&#8221;{}&#8221;][et_pb_accordion_item title=&#8221;Zna\u010dajni krajobraz Prolo\u0161ko blato&#8221; open=&#8221;on&#8221; _builder_version=&#8221;4.24.2&#8243; _module_preset=&#8221;default&#8221; body_text_align=&#8221;center&#8221; max_height=&#8221;326px&#8221; global_colors_info=&#8221;{}&#8221; toggle_level=&#8221;h1&#8243; toggle_font=&#8221;|700||||on|||&#8221; toggle_text_align=&#8221;left&#8221; toggle_font_size=&#8221;20px&#8221;]<\/p>\n<p><img loading=\"lazy\" decoding=\"async\" src=\"https:\/\/www.hbod.hr\/wp-content\/uploads\/2024\/03\/2_Znacajni-krajobraz-Prolosko-blato-225x300.jpg\" width=\"207\" height=\"276\" alt=\"\" class=\"wp-image-19655 alignnone size-medium\" \/><\/p>\n<p>[\/et_pb_accordion_item][et_pb_accordion_item title=&#8221;Read more&#8221; _builder_version=&#8221;4.24.2&#8243; _module_preset=&#8221;default&#8221; global_colors_info=&#8221;{}&#8221; open=&#8221;off&#8221;]<\/p>\n<p><span style=\"font-weight: 400;\"><strong>Authors:<\/strong> Dalibor Vladovi\u0107, Darko Sterm\u0161ek, Gvido Piasevoli, Stjepan Mekini\u0107, Dario Hru\u0161evar, Nediljko \u017devrnja, Tino Milat, Branimir Juki\u0107<\/span><\/p>\n<p><span style=\"font-weight: 400;\"><strong>Publisher: <\/strong><\/span>Javna ustanova za upravljanje za\u0161ti\u0107enim dijelovima prirode na podru\u010dju Splitsko-dalmatinske \u017eupanije \u2013 \u201eMore i kr\u0161\u201c, Prirodoslovni muzej i zoolo\u0161ki vrt<\/p>\n<p><span style=\"font-weight: 400;\"><strong>Year published:<\/strong> 2022.<\/span><\/p>\n<p><span style=\"font-weight: 400;\"><strong>Pages:<\/strong> 54<\/span><\/p>\n<p>[\/et_pb_accordion_item][\/et_pb_accordion][\/et_pb_column][et_pb_column type=&#8221;1_3&#8243; _builder_version=&#8221;4.23.1&#8243; _module_preset=&#8221;default&#8221; global_colors_info=&#8221;{}&#8221;][et_pb_accordion _builder_version=&#8221;4.24.2&#8243; _module_preset=&#8221;default&#8221; box_shadow_style=&#8221;preset1&#8243; global_colors_info=&#8221;{}&#8221;][et_pb_accordion_item title=&#8221;Osnove botani\u010dke nomenklature s etimolo\u0161kim rje\u010dnikom&#8221; open=&#8221;on&#8221; _builder_version=&#8221;4.24.2&#8243; _module_preset=&#8221;default&#8221; body_text_align=&#8221;center&#8221; min_height=&#8221;284px&#8221; height=&#8221;232px&#8221; max_height=&#8221;326px&#8221; global_colors_info=&#8221;{}&#8221; toggle_level=&#8221;h1&#8243; toggle_font=&#8221;|700||||on|||&#8221; toggle_text_align=&#8221;left&#8221; toggle_font_size=&#8221;20px&#8221;]<\/p>\n<h3><img loading=\"lazy\" decoding=\"async\" src=\"https:\/\/www.hbod.hr\/wp-content\/uploads\/2024\/01\/3_Osnove-botanicke-nomenklature-s-etimoloskim-rjecnikom-252x300.jpg\" width=\"222\" height=\"265\" alt=\"\" class=\"wp-image-18883 alignnone size-medium\" \/><\/h3>\n<p>[\/et_pb_accordion_item][et_pb_accordion_item title=&#8221;Read more&#8221; _builder_version=&#8221;4.24.2&#8243; _module_preset=&#8221;default&#8221; global_colors_info=&#8221;{}&#8221; open=&#8221;off&#8221;]<\/p>\n<p><span style=\"font-weight: 400;\"><strong>Author:<\/strong> Toni Nikoli\u0107<\/span><\/p>\n<p><span style=\"font-weight: 400;\"><strong>Publisher:<\/strong> Alfa d. d.\u00a0<\/span><\/p>\n<p><span style=\"font-weight: 400;\"><strong>Year published:<\/strong> 2022.<\/span><\/p>\n<p><span style=\"font-weight: 400;\"><strong>Pages:<\/strong> 263<\/span><\/p>\n<p>[\/et_pb_accordion_item][\/et_pb_accordion][\/et_pb_column][\/et_pb_row][et_pb_row column_structure=&#8221;1_3,1_3,1_3&#8243; _builder_version=&#8221;4.23.1&#8243; _module_preset=&#8221;default&#8221; width=&#8221;100%&#8221; locked=&#8221;off&#8221; global_colors_info=&#8221;{}&#8221;][et_pb_column type=&#8221;1_3&#8243; _builder_version=&#8221;4.23.1&#8243; _module_preset=&#8221;default&#8221; global_colors_info=&#8221;{}&#8221;][et_pb_accordion _builder_version=&#8221;4.24.2&#8243; _module_preset=&#8221;default&#8221; box_shadow_style=&#8221;preset1&#8243; global_colors_info=&#8221;{}&#8221;][et_pb_accordion_item title=&#8221;Flora dinare &#8211; 100 najzna\u010dajnih svojti&#8221; open=&#8221;on&#8221; _builder_version=&#8221;4.23.1&#8243; _module_preset=&#8221;default&#8221; body_text_align=&#8221;center&#8221; min_height=&#8221;100px&#8221; height=&#8221;306px&#8221; max_height=&#8221;326px&#8221; global_colors_info=&#8221;{}&#8221; toggle_level=&#8221;h1&#8243; toggle_font=&#8221;|700||||on|||&#8221; toggle_text_align=&#8221;left&#8221; toggle_font_size=&#8221;20px&#8221;]<\/p>\n<h3><img loading=\"lazy\" decoding=\"async\" src=\"https:\/\/www.hbod.hr\/wp-content\/uploads\/2024\/01\/4_Flora-Dinare-252x300.jpg\" width=\"223\" height=\"265\" alt=\"\" class=\"wp-image-18885 alignnone size-medium\" \/><\/h3>\n<p>[\/et_pb_accordion_item][et_pb_accordion_item title=&#8221;Read more&#8221; _builder_version=&#8221;4.24.2&#8243; _module_preset=&#8221;default&#8221; global_colors_info=&#8221;{}&#8221; open=&#8221;off&#8221;]<\/p>\n<p><span style=\"font-weight: 400;\"><strong>Authors:<\/strong> Ivica Ljubi\u010di\u0107, Sandro Bogdanovi\u0107, Mihaela Britvec, Dubravka Dujmovi\u0107 Purgar, Ivana Vitasovi\u0107 Kosi\u0107, Marko Jeli\u0107<\/span><\/p>\n<p><span style=\"font-weight: 400;\"><strong>Publisher:<\/strong> Spiritoso<\/span><\/p>\n<p><span style=\"font-weight: 400;\"><strong>Year published:<\/strong> 2022.<\/span><\/p>\n<p><span style=\"font-weight: 400;\"><strong>Pages:<\/strong> 274<\/span><\/p>\n<p>[\/et_pb_accordion_item][\/et_pb_accordion][\/et_pb_column][et_pb_column type=&#8221;1_3&#8243; _builder_version=&#8221;4.23.1&#8243; _module_preset=&#8221;default&#8221; global_colors_info=&#8221;{}&#8221;][et_pb_accordion _builder_version=&#8221;4.24.2&#8243; _module_preset=&#8221;default&#8221; box_shadow_style=&#8221;preset1&#8243; global_colors_info=&#8221;{}&#8221;][et_pb_accordion_item title=&#8221; Mahovine (Katalog izlo\u017ebe)&#8221; open=&#8221;on&#8221; _builder_version=&#8221;4.24.2&#8243; _module_preset=&#8221;default&#8221; body_text_align=&#8221;center&#8221; max_height=&#8221;326px&#8221; global_colors_info=&#8221;{}&#8221; toggle_level=&#8221;h1&#8243; toggle_font=&#8221;|700||||on|||&#8221; toggle_text_align=&#8221;left&#8221; toggle_font_size=&#8221;20px&#8221;]<\/p>\n<h3><img loading=\"lazy\" decoding=\"async\" src=\"https:\/\/www.hbod.hr\/wp-content\/uploads\/2024\/01\/Screenshot_2-300x278.jpg\" width=\"258\" height=\"239\" alt=\"\" class=\"wp-image-18895 alignnone size-medium\" \/><\/h3>\n<p>[\/et_pb_accordion_item][et_pb_accordion_item title=&#8221;Read more&#8221; _builder_version=&#8221;4.24.2&#8243; _module_preset=&#8221;default&#8221; global_colors_info=&#8221;{}&#8221; open=&#8221;off&#8221;]<\/p>\n<p><span style=\"font-weight: 400;\"><strong>Authors:<\/strong> Antun Alegro, Snje\u017eana Vuji\u010di\u0107-Karlo<\/span><\/p>\n<p><span style=\"font-weight: 400;\"><strong>Publisher: <\/strong><\/span><span style=\"font-weight: 400;\">Prirodoslovni odjel Narodnog muzeja Zadar<\/span><\/p>\n<p><span style=\"font-weight: 400;\"><strong>Year published<\/strong>: 2022.<\/span><\/p>\n<p><span style=\"font-weight: 400;\"><strong>Pages<\/strong>: 39<\/span><\/p>\n<p>[\/et_pb_accordion_item][\/et_pb_accordion][\/et_pb_column][et_pb_column type=&#8221;1_3&#8243; _builder_version=&#8221;4.23.1&#8243; _module_preset=&#8221;default&#8221; global_colors_info=&#8221;{}&#8221;][et_pb_accordion _builder_version=&#8221;4.24.2&#8243; _module_preset=&#8221;default&#8221; box_shadow_style=&#8221;preset1&#8243; global_colors_info=&#8221;{}&#8221;][et_pb_accordion_item title=&#8221;Croatian forest plants&#8221; open=&#8221;on&#8221; _builder_version=&#8221;4.23.1&#8243; _module_preset=&#8221;default&#8221; body_text_align=&#8221;center&#8221; min_height=&#8221;284px&#8221; height=&#8221;232px&#8221; max_height=&#8221;326px&#8221; global_colors_info=&#8221;{}&#8221; toggle_level=&#8221;h1&#8243; toggle_font=&#8221;|700||||on|||&#8221; toggle_text_align=&#8221;left&#8221; toggle_font_size=&#8221;20px&#8221;]<\/p>\n<h3><img loading=\"lazy\" decoding=\"async\" src=\"https:\/\/www.hbod.hr\/wp-content\/uploads\/2024\/01\/Screenshot_3-211x300.jpg\" width=\"186\" height=\"265\" alt=\"\" class=\"wp-image-18897 alignnone size-medium\" srcset=\"https:\/\/www.hbod.hr\/wp-content\/uploads\/2024\/01\/Screenshot_3-211x300.jpg 211w, https:\/\/www.hbod.hr\/wp-content\/uploads\/2024\/01\/Screenshot_3.jpg 477w\" sizes=\"(max-width: 186px) 100vw, 186px\" \/><\/h3>\n<p>[\/et_pb_accordion_item][et_pb_accordion_item title=&#8221;Read more&#8221; _builder_version=&#8221;4.24.2&#8243; _module_preset=&#8221;default&#8221; global_colors_info=&#8221;{}&#8221; open=&#8221;off&#8221;]<\/p>\n<p><span style=\"font-weight: 400;\"><strong>Authors<\/strong>: Jozo Franji\u0107, \u017deljko \u0160kvorc<\/span><\/p>\n<p><span style=\"font-weight: 400;\"><strong>Publisher:<\/strong> Sveu\u010dili\u0161te u Zagrebu, Fakultet \u0161umarstva i drvne tehnologije<\/span><\/p>\n<p><span style=\"font-weight: 400;\"><strong>Year published:<\/strong> 2021.<\/span><\/p>\n<p><span style=\"font-weight: 400;\"><strong>Pages:<\/strong> 1039<\/span><\/p>\n<p>[\/et_pb_accordion_item][\/et_pb_accordion][\/et_pb_column][\/et_pb_row][et_pb_row column_structure=&#8221;1_3,1_3,1_3&#8243; _builder_version=&#8221;4.23.1&#8243; _module_preset=&#8221;default&#8221; width=&#8221;100%&#8221; locked=&#8221;off&#8221; global_colors_info=&#8221;{}&#8221;][et_pb_column type=&#8221;1_3&#8243; _builder_version=&#8221;4.23.1&#8243; _module_preset=&#8221;default&#8221; global_colors_info=&#8221;{}&#8221;][et_pb_accordion _builder_version=&#8221;4.24.2&#8243; _module_preset=&#8221;default&#8221; box_shadow_style=&#8221;preset1&#8243; global_colors_info=&#8221;{}&#8221;][et_pb_accordion_item title=&#8221;Terenska nastava iz vegetacijske ekologije&#8221; open=&#8221;on&#8221; _builder_version=&#8221;4.23.1&#8243; _module_preset=&#8221;default&#8221; body_text_align=&#8221;center&#8221; min_height=&#8221;100px&#8221; height=&#8221;306px&#8221; max_height=&#8221;326px&#8221; global_colors_info=&#8221;{}&#8221; toggle_level=&#8221;h1&#8243; toggle_font=&#8221;|700||||on|||&#8221; toggle_text_align=&#8221;left&#8221; toggle_font_size=&#8221;20px&#8221;]<\/p>\n<h3><\/h3>\n<h3><\/h3>\n<h3><\/h3>\n<h3><\/h3>\n<h3><img loading=\"lazy\" decoding=\"async\" src=\"https:\/\/www.hbod.hr\/wp-content\/uploads\/2024\/01\/7_Terenska-nastava-iz-vegetacijske-ekologije-300x197.jpg\" width=\"300\" height=\"197\" alt=\"\" class=\"wp-image-18887 alignnone size-medium\" \/><\/h3>\n<p>[\/et_pb_accordion_item][et_pb_accordion_item title=&#8221;Read more&#8221; _builder_version=&#8221;4.24.2&#8243; _module_preset=&#8221;default&#8221; global_colors_info=&#8221;{}&#8221; open=&#8221;off&#8221;]<\/p>\n<p><span style=\"font-weight: 400;\"><strong>Authors:<\/strong> Dragan Prli\u0107<\/span><\/p>\n<p><span style=\"font-weight: 400;\"><strong>Publisher:<\/strong> Sveu\u010dili\u0161te Josipa Jurja Strossmayera u Osijeku. Odjel za biologiju<\/span><\/p>\n<p><span style=\"font-weight: 400;\"><strong>Year published:<\/strong> 2021.<\/span><\/p>\n<p><span style=\"font-weight: 400;\"><strong>Pages:<\/strong>\u00a0421<\/span><\/p>\n<p>[\/et_pb_accordion_item][\/et_pb_accordion][\/et_pb_column][et_pb_column type=&#8221;1_3&#8243; _builder_version=&#8221;4.23.1&#8243; _module_preset=&#8221;default&#8221; global_colors_info=&#8221;{}&#8221;][et_pb_accordion _builder_version=&#8221;4.24.2&#8243; _module_preset=&#8221;default&#8221; box_shadow_style=&#8221;preset1&#8243; global_colors_info=&#8221;{}&#8221;][et_pb_accordion_item title=&#8221;Korisne biljke od Krasa do Kvarnera. Priru\u010dnik za prepoznavanje samoniklih biljaka s naglaskom na njihovu korisnost.&#8221; open=&#8221;on&#8221; _builder_version=&#8221;4.23.1&#8243; _module_preset=&#8221;default&#8221; body_text_align=&#8221;center&#8221; max_height=&#8221;326px&#8221; global_colors_info=&#8221;{}&#8221; toggle_level=&#8221;h1&#8243; toggle_font=&#8221;|700||||on|||&#8221; toggle_text_align=&#8221;left&#8221; toggle_font_size=&#8221;20px&#8221;]<\/p>\n<h3><img loading=\"lazy\" decoding=\"async\" src=\"https:\/\/www.hbod.hr\/wp-content\/uploads\/2024\/01\/8_Korisne-biljke-od-Krasa-do-Kvarnera-210x300.png\" width=\"157\" height=\"224\" alt=\"\" class=\"wp-image-18889 alignnone size-medium\" \/><\/h3>\n<p>[\/et_pb_accordion_item][et_pb_accordion_item title=&#8221;Read more&#8221; _builder_version=&#8221;4.24.2&#8243; _module_preset=&#8221;default&#8221; global_colors_info=&#8221;{}&#8221; open=&#8221;off&#8221;]<\/p>\n<p><span style=\"font-weight: 400;\"><strong>Authors:<\/strong> Ivana Vitasovi\u0107 Kosi\u0107, Branko Bakan, Gregor Fi\u0161travec, Mitja Kaligari\u010d<\/span><\/p>\n<p><span style=\"font-weight: 400;\"><strong>Publisher: <\/strong>University of Maribor, University Press<\/span><\/p>\n<p><span style=\"font-weight: 400;\"><strong>Year published<\/strong>: 2021.<\/span><\/p>\n<p><span style=\"font-weight: 400;\"><strong>Pages<\/strong>: 333<\/span><\/p>\n<p>[\/et_pb_accordion_item][\/et_pb_accordion][\/et_pb_column][et_pb_column type=&#8221;1_3&#8243; _builder_version=&#8221;4.23.1&#8243; _module_preset=&#8221;default&#8221; global_colors_info=&#8221;{}&#8221;][et_pb_accordion _builder_version=&#8221;4.24.2&#8243; _module_preset=&#8221;default&#8221; box_shadow_style=&#8221;preset1&#8243; global_colors_info=&#8221;{}&#8221;][et_pb_accordion_item title=&#8221;Ljekovite papratnja\u010de&#8221; open=&#8221;on&#8221; _builder_version=&#8221;4.23.1&#8243; _module_preset=&#8221;default&#8221; body_text_align=&#8221;center&#8221; min_height=&#8221;284px&#8221; height=&#8221;232px&#8221; max_height=&#8221;326px&#8221; global_colors_info=&#8221;{}&#8221; toggle_level=&#8221;h1&#8243; toggle_font=&#8221;|700||||on|||&#8221; toggle_text_align=&#8221;left&#8221; toggle_font_size=&#8221;20px&#8221;]<\/p>\n<h3><img decoding=\"async\" src=\"https:\/\/www.hbod.hr\/wp-content\/uploads\/2024\/01\/9_Ljekovite-papratnjace.tif\" width=\"undefined\" height=\"undefined\" alt=\"\" class=\"wp-image-18891 alignnone size-full\" \/><img loading=\"lazy\" decoding=\"async\" src=\"https:\/\/www.hbod.hr\/wp-content\/uploads\/2024\/01\/Screenshot_4-204x300.jpg\" width=\"177\" height=\"261\" alt=\"\" class=\"wp-image-18899 alignnone size-medium\" \/><\/h3>\n<p>[\/et_pb_accordion_item][et_pb_accordion_item title=&#8221;Read more&#8221; _builder_version=&#8221;4.24.2&#8243; _module_preset=&#8221;default&#8221; global_colors_info=&#8221;{}&#8221; open=&#8221;off&#8221;]<\/p>\n<p><span style=\"font-weight: 400;\"><strong>Author<\/strong>: Milan Glava\u0161<\/span><\/p>\n<p><span style=\"font-weight: 400;\"><strong>Publisher:<\/strong> Sveu\u010dili\u0161te u Zagrebu, Fakultet \u0161umarstva i drvne tehnologij, <\/span><span style=\"font-weight: 400;\">Komora in\u017eenjera \u0161umarstva i drvne tehnologije<\/span><\/p>\n<p><span style=\"font-weight: 400;\"><strong>Year published:<\/strong> 2021.<\/span><\/p>\n<p><span style=\"font-weight: 400;\"><strong>Pages:<\/strong> 104<\/span><\/p>\n<p>[\/et_pb_accordion_item][\/et_pb_accordion][\/et_pb_column][\/et_pb_row][et_pb_row column_structure=&#8221;1_3,1_3,1_3&#8243; _builder_version=&#8221;4.23.1&#8243; _module_preset=&#8221;default&#8221; width=&#8221;100%&#8221; locked=&#8221;off&#8221; global_colors_info=&#8221;{}&#8221;][et_pb_column type=&#8221;1_3&#8243; _builder_version=&#8221;4.23.1&#8243; _module_preset=&#8221;default&#8221; global_colors_info=&#8221;{}&#8221;][et_pb_accordion _builder_version=&#8221;4.24.2&#8243; _module_preset=&#8221;default&#8221; min_height=&#8221;505.7px&#8221; box_shadow_style=&#8221;preset1&#8243; global_colors_info=&#8221;{}&#8221;][et_pb_accordion_item title=&#8221;Medonosno bilje regije Gacka&#8221; open=&#8221;on&#8221; _builder_version=&#8221;4.23.1&#8243; _module_preset=&#8221;default&#8221; body_text_align=&#8221;center&#8221; min_height=&#8221;100px&#8221; height=&#8221;306px&#8221; max_height=&#8221;326px&#8221; global_colors_info=&#8221;{}&#8221; toggle_level=&#8221;h1&#8243; toggle_font=&#8221;|700||||on|||&#8221; toggle_text_align=&#8221;left&#8221; toggle_font_size=&#8221;20px&#8221;]<\/p>\n<h3><img loading=\"lazy\" decoding=\"async\" src=\"https:\/\/www.hbod.hr\/wp-content\/uploads\/2024\/01\/Screenshot_5-212x300.jpg\" width=\"196\" height=\"277\" alt=\"\" class=\"wp-image-18901 alignnone size-medium\" \/><\/h3>\n<p>[\/et_pb_accordion_item][et_pb_accordion_item title=&#8221;Read more&#8221; _builder_version=&#8221;4.24.2&#8243; _module_preset=&#8221;default&#8221; global_colors_info=&#8221;{}&#8221; open=&#8221;off&#8221;]<\/p>\n<p><span style=\"font-weight: 400;\"><strong>Authors:<\/strong> Dario Kremer, Joso Brajkovi\u0107, Dragan Bubalo<\/span><\/p>\n<p><span style=\"font-weight: 400;\"><strong>Publisher:<\/strong> Hrvatska gospodarska komora<\/span><\/p>\n<p><span style=\"font-weight: 400;\"><strong>Year published:<\/strong> 2021.<\/span><\/p>\n<p><span style=\"font-weight: 400;\"><strong>Pages:<\/strong> 256<\/span><\/p>\n<p>[\/et_pb_accordion_item][\/et_pb_accordion][\/et_pb_column][et_pb_column type=&#8221;1_3&#8243; _builder_version=&#8221;4.23.1&#8243; _module_preset=&#8221;default&#8221; global_colors_info=&#8221;{}&#8221;][et_pb_accordion _builder_version=&#8221;4.24.2&#8243; _module_preset=&#8221;default&#8221; box_shadow_style=&#8221;preset1&#8243; global_colors_info=&#8221;{}&#8221;][et_pb_accordion_item title=&#8221;Florula montis majoris. Fotografski vodi\u010d kroz floru U\u010dke&#8221; open=&#8221;on&#8221; _builder_version=&#8221;4.23.1&#8243; _module_preset=&#8221;default&#8221; body_text_align=&#8221;center&#8221; max_height=&#8221;326px&#8221; global_colors_info=&#8221;{}&#8221; toggle_level=&#8221;h1&#8243; toggle_font=&#8221;|700||||on|||&#8221; toggle_text_align=&#8221;left&#8221; toggle_font_size=&#8221;20px&#8221;]<\/p>\n<h3><img loading=\"lazy\" decoding=\"async\" src=\"https:\/\/www.hbod.hr\/wp-content\/uploads\/2024\/01\/11_Florula_montis_majoris.jpg\" width=\"180\" height=\"251\" alt=\"\" class=\"wp-image-18903 alignnone size-full\" \/><\/h3>\n<p>[\/et_pb_accordion_item][et_pb_accordion_item title=&#8221;Read more&#8221; _builder_version=&#8221;4.24.2&#8243; _module_preset=&#8221;default&#8221; global_colors_info=&#8221;{}&#8221; open=&#8221;off&#8221;]<\/p>\n<p><span style=\"font-weight: 400;\"><strong>Author:<\/strong> Bo\u0161tjan Surina<\/span><\/p>\n<p><span style=\"font-weight: 400;\"><strong>Publisher: <\/strong>Javna ustanova \u201cPark prirode U\u010dka\u201d<\/span><\/p>\n<p><span style=\"font-weight: 400;\"><strong>Year published<\/strong>: 2021.<\/span><\/p>\n<p><span style=\"font-weight: 400;\"><strong>Pages<\/strong>: 191<\/span><\/p>\n<p>[\/et_pb_accordion_item][\/et_pb_accordion][\/et_pb_column][et_pb_column type=&#8221;1_3&#8243; _builder_version=&#8221;4.23.1&#8243; _module_preset=&#8221;default&#8221; global_colors_info=&#8221;{}&#8221;][et_pb_accordion _builder_version=&#8221;4.24.2&#8243; _module_preset=&#8221;default&#8221; box_shadow_style=&#8221;preset1&#8243; global_colors_info=&#8221;{}&#8221;][et_pb_accordion_item title=&#8221;Prigorske ljepotice \u2013 Orhideje Goranca&#8221; open=&#8221;on&#8221; _builder_version=&#8221;4.23.1&#8243; _module_preset=&#8221;default&#8221; body_text_align=&#8221;center&#8221; min_height=&#8221;284px&#8221; height=&#8221;232px&#8221; max_height=&#8221;326px&#8221; global_colors_info=&#8221;{}&#8221; toggle_level=&#8221;h1&#8243; toggle_font=&#8221;|700||||on|||&#8221; toggle_text_align=&#8221;left&#8221; toggle_font_size=&#8221;20px&#8221;]<\/p>\n<h3><img loading=\"lazy\" decoding=\"async\" src=\"https:\/\/www.hbod.hr\/wp-content\/uploads\/2024\/01\/Screenshot_6-187x300.jpg\" width=\"163\" height=\"261\" alt=\"\" class=\"wp-image-18909 alignnone size-medium\" srcset=\"https:\/\/www.hbod.hr\/wp-content\/uploads\/2024\/01\/Screenshot_6-187x300.jpg 187w, https:\/\/www.hbod.hr\/wp-content\/uploads\/2024\/01\/Screenshot_6.jpg 450w\" sizes=\"(max-width: 163px) 100vw, 163px\" \/><\/h3>\n<p>[\/et_pb_accordion_item][et_pb_accordion_item title=&#8221;Read more&#8221; _builder_version=&#8221;4.24.2&#8243; _module_preset=&#8221;default&#8221; global_colors_info=&#8221;{}&#8221; open=&#8221;off&#8221;]<\/p>\n<p><span style=\"font-weight: 400;\"><strong>Authors<\/strong>: <\/span><span style=\"font-weight: 400;\">Lana Jeli\u0107, Biljana Janev Hutinec, Vesna Zadravec<\/span><\/p>\n<p><span style=\"font-weight: 400;\"><strong>Publisher:<\/strong> Javna ustanova Maksimir za upravljanje za\u0161ti\u0107enim podru\u010djima Grada Zagreba<\/span><\/p>\n<p><span style=\"font-weight: 400;\"><strong>Year published:<\/strong> 2021.<\/span><\/p>\n<p><span style=\"font-weight: 400;\"><strong>Pages:<\/strong> 58<\/span><\/p>\n<p>[\/et_pb_accordion_item][\/et_pb_accordion][\/et_pb_column][\/et_pb_row][et_pb_row column_structure=&#8221;1_3,1_3,1_3&#8243; _builder_version=&#8221;4.23.1&#8243; _module_preset=&#8221;default&#8221; width=&#8221;100%&#8221; locked=&#8221;off&#8221; global_colors_info=&#8221;{}&#8221;][et_pb_column type=&#8221;1_3&#8243; _builder_version=&#8221;4.23.1&#8243; _module_preset=&#8221;default&#8221; global_colors_info=&#8221;{}&#8221;][et_pb_accordion _builder_version=&#8221;4.24.2&#8243; _module_preset=&#8221;default&#8221; box_shadow_style=&#8221;preset1&#8243; global_colors_info=&#8221;{}&#8221;][et_pb_accordion_item title=&#8221;Flora zna\u010dajnih krajobraza Grab i Ruda&#8221; open=&#8221;on&#8221; _builder_version=&#8221;4.24.2&#8243; _module_preset=&#8221;default&#8221; body_text_align=&#8221;center&#8221; min_height=&#8221;100px&#8221; height=&#8221;306px&#8221; max_height=&#8221;326px&#8221; global_colors_info=&#8221;{}&#8221; toggle_level=&#8221;h1&#8243; toggle_font=&#8221;|700||||on|||&#8221; toggle_text_align=&#8221;left&#8221; toggle_font_size=&#8221;20px&#8221;]<\/p>\n<p><img loading=\"lazy\" decoding=\"async\" src=\"https:\/\/www.hbod.hr\/wp-content\/uploads\/2024\/03\/3_Flora-znacajnih-krajobraza-Grab-i-Ruda-223x300.jpg\" width=\"208\" height=\"279\" alt=\"\" class=\"wp-image-19657 alignnone size-medium\" \/><\/p>\n<p>[\/et_pb_accordion_item][et_pb_accordion_item title=&#8221;Read more&#8221; _builder_version=&#8221;4.24.2&#8243; _module_preset=&#8221;default&#8221; global_colors_info=&#8221;{}&#8221; open=&#8221;off&#8221;]<\/p>\n<p><span style=\"font-weight: 400;\"><strong>Authors: <\/strong><\/span>Dalibor Vladovi\u0107, Gvido Piasevoli, Stjepan Mekini\u0107, Dario Hru\u0161evar, Nediljko \u017devrnja, Marija Cvitani\u0107, Branimir Juki\u0107, Tino Milat<\/p>\n<p><strong>Publisher: <\/strong>Javna ustanova za upravljanje za\u0161ti\u0107enim dijelovima prirode na podru\u010dju Splitsko-dalmatinske \u017eupanije \u2013 \u201eMore i kr\u0161\u201c, Prirodoslovni muzej i zoolo\u0161ki vrt<\/p>\n<p><span style=\"font-weight: 400;\"><strong>Year published:<\/strong> 2020.<\/span><\/p>\n<p><span style=\"font-weight: 400;\"><strong>Pages:<\/strong> 44<\/span><\/p>\n<p>[\/et_pb_accordion_item][\/et_pb_accordion][\/et_pb_column][et_pb_column type=&#8221;1_3&#8243; _builder_version=&#8221;4.23.1&#8243; _module_preset=&#8221;default&#8221; global_colors_info=&#8221;{}&#8221;][et_pb_accordion _builder_version=&#8221;4.24.2&#8243; _module_preset=&#8221;default&#8221; box_shadow_style=&#8221;preset1&#8243; global_colors_info=&#8221;{}&#8221;][et_pb_accordion_item title=&#8221;Biljke koje kazuju vrijeme&#8221; open=&#8221;on&#8221; _builder_version=&#8221;4.23.1&#8243; _module_preset=&#8221;default&#8221; body_text_align=&#8221;center&#8221; min_height=&#8221;100px&#8221; height=&#8221;306px&#8221; max_height=&#8221;326px&#8221; global_colors_info=&#8221;{}&#8221; toggle_level=&#8221;h1&#8243; toggle_font=&#8221;|700||||on|||&#8221; toggle_text_align=&#8221;left&#8221; toggle_font_size=&#8221;20px&#8221;]<\/p>\n<p><img loading=\"lazy\" decoding=\"async\" src=\"https:\/\/www.hbod.hr\/wp-content\/uploads\/2024\/01\/2056-MX0001.jpg\" width=\"210\" height=\"256\" alt=\"\" class=\"wp-image-19172 alignnone size-full\" \/><\/p>\n<p>[\/et_pb_accordion_item][et_pb_accordion_item title=&#8221;Read more&#8221; _builder_version=&#8221;4.24.2&#8243; _module_preset=&#8221;default&#8221; global_colors_info=&#8221;{}&#8221; open=&#8221;off&#8221;]<\/p>\n<p><span style=\"font-weight: 400;\"><strong>Author:<\/strong> Marko Vu\u010deti\u0107<\/span><\/p>\n<p><strong>Publisher:<\/strong> <span style=\"font-weight: 400;\">Hrvatsko agrometeorolo\u0161ko dru\u0161tvo<\/span><\/p>\n<p><span style=\"font-weight: 400;\"><strong>Year published:<\/strong> 2020.<\/span><\/p>\n<p><span style=\"font-weight: 400;\"><strong>Pages:<\/strong> 203<\/span><\/p>\n<p>[\/et_pb_accordion_item][\/et_pb_accordion][\/et_pb_column][et_pb_column type=&#8221;1_3&#8243; _builder_version=&#8221;4.23.1&#8243; _module_preset=&#8221;default&#8221; global_colors_info=&#8221;{}&#8221;][et_pb_accordion _builder_version=&#8221;4.24.2&#8243; _module_preset=&#8221;default&#8221; box_shadow_style=&#8221;preset1&#8243; global_colors_info=&#8221;{}&#8221;][et_pb_accordion_item title=&#8221;Flora Croatica \u2013 Vaskularna flora Republike Hrvatske 1&#8243; open=&#8221;on&#8221; _builder_version=&#8221;4.23.1&#8243; _module_preset=&#8221;default&#8221; body_text_align=&#8221;center&#8221; min_height=&#8221;100px&#8221; height=&#8221;306px&#8221; max_height=&#8221;326px&#8221; global_colors_info=&#8221;{}&#8221; toggle_level=&#8221;h1&#8243; toggle_font=&#8221;|700||||on|||&#8221; toggle_text_align=&#8221;left&#8221; toggle_font_size=&#8221;20px&#8221;]<\/p>\n<p><img loading=\"lazy\" decoding=\"async\" src=\"https:\/\/www.hbod.hr\/wp-content\/uploads\/2024\/01\/13_Flora-Croatica-\u2013-Vaskularna-flora-Republike-Hrvatske-1-240x300.jpg\" width=\"207\" height=\"259\" alt=\"\" class=\"wp-image-18905 alignnone size-medium\" srcset=\"https:\/\/www.hbod.hr\/wp-content\/uploads\/2024\/01\/13_Flora-Croatica-\u2013-Vaskularna-flora-Republike-Hrvatske-1-240x300.jpg 240w, https:\/\/www.hbod.hr\/wp-content\/uploads\/2024\/01\/13_Flora-Croatica-\u2013-Vaskularna-flora-Republike-Hrvatske-1-818x1024.jpg 818w, https:\/\/www.hbod.hr\/wp-content\/uploads\/2024\/01\/13_Flora-Croatica-\u2013-Vaskularna-flora-Republike-Hrvatske-1-768x962.jpg 768w, https:\/\/www.hbod.hr\/wp-content\/uploads\/2024\/01\/13_Flora-Croatica-\u2013-Vaskularna-flora-Republike-Hrvatske-1-480x601.jpg 480w, https:\/\/www.hbod.hr\/wp-content\/uploads\/2024\/01\/13_Flora-Croatica-\u2013-Vaskularna-flora-Republike-Hrvatske-1.jpg 824w\" sizes=\"(max-width: 207px) 100vw, 207px\" \/><\/p>\n<p>[\/et_pb_accordion_item][et_pb_accordion_item title=&#8221;Read more&#8221; _builder_version=&#8221;4.24.2&#8243; _module_preset=&#8221;default&#8221; global_colors_info=&#8221;{}&#8221; open=&#8221;off&#8221;]<\/p>\n<p><span style=\"font-weight: 400;\"><strong>Author:<\/strong> Toni Nikoli\u0107<\/span><\/p>\n<p><span style=\"font-weight: 400;\"><strong>Publisher:<\/strong> Alfa d.d.<\/span><\/p>\n<p><span style=\"font-weight: 400;\"><strong>Year published:<\/strong> 2020.<\/span><\/p>\n<p><span style=\"font-weight: 400;\"><strong>Pages:<\/strong> 262<\/span><\/p>\n<p>[\/et_pb_accordion_item][\/et_pb_accordion][\/et_pb_column][\/et_pb_row][et_pb_row column_structure=&#8221;1_3,1_3,1_3&#8243; _builder_version=&#8221;4.23.1&#8243; _module_preset=&#8221;default&#8221; width=&#8221;100%&#8221; locked=&#8221;off&#8221; global_colors_info=&#8221;{}&#8221;][et_pb_column type=&#8221;1_3&#8243; _builder_version=&#8221;4.23.1&#8243; _module_preset=&#8221;default&#8221; global_colors_info=&#8221;{}&#8221;][et_pb_accordion _builder_version=&#8221;4.24.2&#8243; _module_preset=&#8221;default&#8221; box_shadow_style=&#8221;preset1&#8243; global_colors_info=&#8221;{}&#8221;][et_pb_accordion_item title=&#8221;Flora Croatica \u2013 Vaskularna flora Republike Hrvatske 2&#8243; open=&#8221;on&#8221; _builder_version=&#8221;4.23.1&#8243; _module_preset=&#8221;default&#8221; body_text_align=&#8221;center&#8221; max_height=&#8221;326px&#8221; global_colors_info=&#8221;{}&#8221; toggle_level=&#8221;h1&#8243; toggle_font=&#8221;|700||||on|||&#8221; toggle_text_align=&#8221;left&#8221; toggle_font_size=&#8221;20px&#8221;]<\/p>\n<h3><img loading=\"lazy\" decoding=\"async\" src=\"https:\/\/www.hbod.hr\/wp-content\/uploads\/2024\/01\/14_Flora-Croatica-\u2013-Vaskularna-flora-Republike-Hrvatske-2.jpg\" width=\"201\" height=\"250\" alt=\"\" class=\"wp-image-18911 alignnone size-full\" \/><\/h3>\n<p>[\/et_pb_accordion_item][et_pb_accordion_item title=&#8221;Read more&#8221; _builder_version=&#8221;4.24.2&#8243; _module_preset=&#8221;default&#8221; global_colors_info=&#8221;{}&#8221; open=&#8221;off&#8221;]<\/p>\n<p><span style=\"font-weight: 400;\"><strong>Author:<\/strong> Toni Nikoli\u0107<\/span><\/p>\n<p><span style=\"font-weight: 400;\"><strong>Publisher:<\/strong> Alfa d.d.<\/span><\/p>\n<p><span style=\"font-weight: 400;\"><strong>Year published<\/strong>: 2020.<\/span><\/p>\n<p><span style=\"font-weight: 400;\"><strong>Pages<\/strong>: 854<\/span><\/p>\n<p>[\/et_pb_accordion_item][\/et_pb_accordion][\/et_pb_column][et_pb_column type=&#8221;1_3&#8243; _builder_version=&#8221;4.23.1&#8243; _module_preset=&#8221;default&#8221; global_colors_info=&#8221;{}&#8221;][et_pb_accordion _builder_version=&#8221;4.24.2&#8243; _module_preset=&#8221;default&#8221; box_shadow_style=&#8221;preset1&#8243; global_colors_info=&#8221;{}&#8221;][et_pb_accordion_item title=&#8221;Flora Croatica \u2013 Vaskularna flora Republike Hrvatske 3&#8243; open=&#8221;on&#8221; _builder_version=&#8221;4.23.1&#8243; _module_preset=&#8221;default&#8221; body_text_align=&#8221;center&#8221; min_height=&#8221;284px&#8221; height=&#8221;232px&#8221; max_height=&#8221;326px&#8221; global_colors_info=&#8221;{}&#8221; toggle_level=&#8221;h1&#8243; toggle_font=&#8221;|700||||on|||&#8221; toggle_text_align=&#8221;left&#8221; toggle_font_size=&#8221;20px&#8221;]<\/p>\n<h3><img loading=\"lazy\" decoding=\"async\" src=\"https:\/\/www.hbod.hr\/wp-content\/uploads\/2024\/01\/15_Flora-Croatica-\u2013-Vaskularna-flora-Republike-Hrvatske-3-240x300.jpg\" width=\"210\" height=\"263\" alt=\"\" class=\"wp-image-18913 alignnone size-medium\" srcset=\"https:\/\/www.hbod.hr\/wp-content\/uploads\/2024\/01\/15_Flora-Croatica-\u2013-Vaskularna-flora-Republike-Hrvatske-3-240x300.jpg 240w, https:\/\/www.hbod.hr\/wp-content\/uploads\/2024\/01\/15_Flora-Croatica-\u2013-Vaskularna-flora-Republike-Hrvatske-3-819x1024.jpg 819w, https:\/\/www.hbod.hr\/wp-content\/uploads\/2024\/01\/15_Flora-Croatica-\u2013-Vaskularna-flora-Republike-Hrvatske-3-768x960.jpg 768w, https:\/\/www.hbod.hr\/wp-content\/uploads\/2024\/01\/15_Flora-Croatica-\u2013-Vaskularna-flora-Republike-Hrvatske-3-480x600.jpg 480w, https:\/\/www.hbod.hr\/wp-content\/uploads\/2024\/01\/15_Flora-Croatica-\u2013-Vaskularna-flora-Republike-Hrvatske-3.jpg 827w\" sizes=\"(max-width: 210px) 100vw, 210px\" \/><\/h3>\n<p>[\/et_pb_accordion_item][et_pb_accordion_item title=&#8221;Read more&#8221; _builder_version=&#8221;4.24.2&#8243; _module_preset=&#8221;default&#8221; global_colors_info=&#8221;{}&#8221; open=&#8221;off&#8221;]<\/p>\n<p><span style=\"font-weight: 400;\"><strong>Author<\/strong>: Toni Nikoli\u0107<\/span><\/p>\n<p><span style=\"font-weight: 400;\"><strong>Publisher:<\/strong> Alfa d.d.<\/span><\/p>\n<p><span style=\"font-weight: 400;\"><strong>Year published:<\/strong> 2020.<\/span><\/p>\n<p><span style=\"font-weight: 400;\"><strong>Pages:<\/strong> \u00a0704<\/span><\/p>\n<p>[\/et_pb_accordion_item][\/et_pb_accordion][\/et_pb_column][et_pb_column type=&#8221;1_3&#8243; _builder_version=&#8221;4.23.1&#8243; _module_preset=&#8221;default&#8221; global_colors_info=&#8221;{}&#8221;][et_pb_accordion _builder_version=&#8221;4.24.2&#8243; _module_preset=&#8221;default&#8221; box_shadow_style=&#8221;preset1&#8243; global_colors_info=&#8221;{}&#8221;][et_pb_accordion_item title=&#8221;Orchidee dell&#8217;Istria, di Cherso e dei Lussini&#8221; open=&#8221;on&#8221; _builder_version=&#8221;4.23.1&#8243; _module_preset=&#8221;default&#8221; body_text_align=&#8221;center&#8221; min_height=&#8221;284px&#8221; height=&#8221;232px&#8221; max_height=&#8221;326px&#8221; global_colors_info=&#8221;{}&#8221; toggle_level=&#8221;h1&#8243; toggle_font=&#8221;|700||||on|||&#8221; toggle_text_align=&#8221;left&#8221; toggle_font_size=&#8221;20px&#8221;]<\/p>\n<h3><img loading=\"lazy\" decoding=\"async\" src=\"https:\/\/www.hbod.hr\/wp-content\/uploads\/2024\/01\/Orchidee-dell-Istria-di-Cherso-e-dei-Lussini-216x300.jpg\" width=\"180\" height=\"250\" alt=\"\" class=\"wp-image-19169 alignnone size-medium\" \/><\/h3>\n<p>[\/et_pb_accordion_item][et_pb_accordion_item title=&#8221;Read more&#8221; _builder_version=&#8221;4.24.2&#8243; _module_preset=&#8221;default&#8221; global_colors_info=&#8221;{}&#8221; open=&#8221;off&#8221;]<\/p>\n<p><span style=\"font-weight: 400;\"><strong>Author:<\/strong> Loris Dilena<\/span><\/p>\n<p><span style=\"font-weight: 400;\"><strong>Publisher:<\/strong> Unione degli istriani<\/span><\/p>\n<p><span style=\"font-weight: 400;\"><strong>Year published:<\/strong> 2019.<\/span><\/p>\n<p><span style=\"font-weight: 400;\"><strong>Pages:<\/strong> 187<\/span><\/p>\n<p>[\/et_pb_accordion_item][\/et_pb_accordion][\/et_pb_column][\/et_pb_row][et_pb_row column_structure=&#8221;1_3,1_3,1_3&#8243; _builder_version=&#8221;4.23.1&#8243; _module_preset=&#8221;default&#8221; width=&#8221;100%&#8221; locked=&#8221;off&#8221; global_colors_info=&#8221;{}&#8221;][et_pb_column type=&#8221;1_3&#8243; _builder_version=&#8221;4.23.1&#8243; _module_preset=&#8221;default&#8221; global_colors_info=&#8221;{}&#8221;][et_pb_accordion _builder_version=&#8221;4.24.2&#8243; _module_preset=&#8221;default&#8221; box_shadow_style=&#8221;preset1&#8243; global_colors_info=&#8221;{}&#8221;][et_pb_accordion_item title=&#8221;Flora Croatica  \u2013 Vaskularna flora Republike Hrvatske 4&#8243; open=&#8221;on&#8221; _builder_version=&#8221;4.23.1&#8243; _module_preset=&#8221;default&#8221; body_text_align=&#8221;center&#8221; min_height=&#8221;100px&#8221; height=&#8221;306px&#8221; max_height=&#8221;326px&#8221; global_colors_info=&#8221;{}&#8221; toggle_level=&#8221;h1&#8243; toggle_font=&#8221;|700||||on|||&#8221; toggle_text_align=&#8221;left&#8221; toggle_font_size=&#8221;20px&#8221;]<\/p>\n<h3><img loading=\"lazy\" decoding=\"async\" src=\"https:\/\/www.hbod.hr\/wp-content\/uploads\/2024\/01\/16_Flora-Croatica-4-\u2013-Vaskularna-flora-Republike-Hrvatske-215x300.jpg\" width=\"198\" height=\"277\" alt=\"\" class=\"wp-image-18915 alignnone size-medium\" srcset=\"https:\/\/www.hbod.hr\/wp-content\/uploads\/2024\/01\/16_Flora-Croatica-4-\u2013-Vaskularna-flora-Republike-Hrvatske-215x300.jpg 215w, https:\/\/www.hbod.hr\/wp-content\/uploads\/2024\/01\/16_Flora-Croatica-4-\u2013-Vaskularna-flora-Republike-Hrvatske-735x1024.jpg 735w, https:\/\/www.hbod.hr\/wp-content\/uploads\/2024\/01\/16_Flora-Croatica-4-\u2013-Vaskularna-flora-Republike-Hrvatske-768x1070.jpg 768w, https:\/\/www.hbod.hr\/wp-content\/uploads\/2024\/01\/16_Flora-Croatica-4-\u2013-Vaskularna-flora-Republike-Hrvatske-1103x1536.jpg 1103w, https:\/\/www.hbod.hr\/wp-content\/uploads\/2024\/01\/16_Flora-Croatica-4-\u2013-Vaskularna-flora-Republike-Hrvatske-1470x2048.jpg 1470w, https:\/\/www.hbod.hr\/wp-content\/uploads\/2024\/01\/16_Flora-Croatica-4-\u2013-Vaskularna-flora-Republike-Hrvatske-1080x1504.jpg 1080w, https:\/\/www.hbod.hr\/wp-content\/uploads\/2024\/01\/16_Flora-Croatica-4-\u2013-Vaskularna-flora-Republike-Hrvatske-1280x1783.jpg 1280w, https:\/\/www.hbod.hr\/wp-content\/uploads\/2024\/01\/16_Flora-Croatica-4-\u2013-Vaskularna-flora-Republike-Hrvatske-980x1365.jpg 980w, https:\/\/www.hbod.hr\/wp-content\/uploads\/2024\/01\/16_Flora-Croatica-4-\u2013-Vaskularna-flora-Republike-Hrvatske-480x669.jpg 480w, https:\/\/www.hbod.hr\/wp-content\/uploads\/2024\/01\/16_Flora-Croatica-4-\u2013-Vaskularna-flora-Republike-Hrvatske-scaled.jpg 1838w\" sizes=\"(max-width: 198px) 100vw, 198px\" \/><\/h3>\n<p>[\/et_pb_accordion_item][et_pb_accordion_item title=&#8221;Read more&#8221; _builder_version=&#8221;4.24.2&#8243; _module_preset=&#8221;default&#8221; global_colors_info=&#8221;{}&#8221; open=&#8221;off&#8221;]<\/p>\n<p><span style=\"font-weight: 400;\"><strong>Author:<\/strong> Toni Nikoli\u0107<\/span><\/p>\n<p><span style=\"font-weight: 400;\"><strong>Publisher:<\/strong> Alfa d.d.<\/span><\/p>\n<p><span style=\"font-weight: 400;\"><strong>Year published:<\/strong> 2019.<\/span><\/p>\n<p><span style=\"font-weight: 400;\"><strong>Pages:<\/strong> 664<\/span><\/p>\n<p>[\/et_pb_accordion_item][\/et_pb_accordion][\/et_pb_column][et_pb_column type=&#8221;1_3&#8243; _builder_version=&#8221;4.23.1&#8243; _module_preset=&#8221;default&#8221; global_colors_info=&#8221;{}&#8221;][et_pb_accordion _builder_version=&#8221;4.24.2&#8243; _module_preset=&#8221;default&#8221; box_shadow_style=&#8221;preset1&#8243; global_colors_info=&#8221;{}&#8221;][et_pb_accordion_item title=&#8221;Drve\u0107e i grmlje Nacionalnog parka \u201ePlitvi\u010dka jezera\u201c&#8221; open=&#8221;on&#8221; _builder_version=&#8221;4.23.1&#8243; _module_preset=&#8221;default&#8221; body_text_align=&#8221;center&#8221; max_height=&#8221;326px&#8221; global_colors_info=&#8221;{}&#8221; toggle_level=&#8221;h1&#8243; toggle_font=&#8221;|700||||on|||&#8221; toggle_text_align=&#8221;left&#8221; toggle_font_size=&#8221;20px&#8221;]<\/p>\n<h3><img loading=\"lazy\" decoding=\"async\" src=\"https:\/\/www.hbod.hr\/wp-content\/uploads\/2024\/01\/Screenshot_7-209x300.jpg\" width=\"191\" height=\"274\" alt=\"\" class=\"wp-image-18963 alignnone size-medium\" \/><\/h3>\n<p>[\/et_pb_accordion_item][et_pb_accordion_item title=&#8221;Read more&#8221; _builder_version=&#8221;4.24.2&#8243; _module_preset=&#8221;default&#8221; global_colors_info=&#8221;{}&#8221; open=&#8221;off&#8221;]<\/p>\n<p><span style=\"font-weight: 400;\"><strong>Authors:<\/strong> Dario Kremer i Kre\u0161imir \u010culinovi\u0107<\/span><\/p>\n<p><span style=\"font-weight: 400;\"><strong>Publisher: <\/strong>Javna ustanova Nacionalni park \u201ePlitvi\u010dka jezera\u201c<\/span><\/p>\n<p><span style=\"font-weight: 400;\"><strong>Year published<\/strong>: 2019.<\/span><\/p>\n<p><span style=\"font-weight: 400;\"><strong>Pages<\/strong>: 464<\/span><\/p>\n<p>[\/et_pb_accordion_item][\/et_pb_accordion][\/et_pb_column][et_pb_column type=&#8221;1_3&#8243; _builder_version=&#8221;4.23.1&#8243; _module_preset=&#8221;default&#8221; global_colors_info=&#8221;{}&#8221;][et_pb_accordion _builder_version=&#8221;4.24.2&#8243; _module_preset=&#8221;default&#8221; box_shadow_style=&#8221;preset1&#8243; global_colors_info=&#8221;{}&#8221;][et_pb_accordion_item title=&#8221;Trees and shrubs of Plitvice Lakes National Park&#8221; open=&#8221;on&#8221; _builder_version=&#8221;4.23.1&#8243; _module_preset=&#8221;default&#8221; body_text_align=&#8221;center&#8221; min_height=&#8221;284px&#8221; height=&#8221;232px&#8221; max_height=&#8221;326px&#8221; global_colors_info=&#8221;{}&#8221; toggle_level=&#8221;h1&#8243; toggle_font=&#8221;|700||||on|||&#8221; toggle_text_align=&#8221;left&#8221; toggle_font_size=&#8221;20px&#8221;]<\/p>\n<h3><img loading=\"lazy\" decoding=\"async\" src=\"https:\/\/www.hbod.hr\/wp-content\/uploads\/2024\/01\/Screenshot_8-209x300.jpg\" width=\"187\" height=\"269\" alt=\"\" class=\"wp-image-18965 alignnone size-medium\" \/><\/h3>\n<p>[\/et_pb_accordion_item][et_pb_accordion_item title=&#8221;Read more&#8221; _builder_version=&#8221;4.24.2&#8243; _module_preset=&#8221;default&#8221; global_colors_info=&#8221;{}&#8221; open=&#8221;off&#8221;]<\/p>\n<p><span style=\"font-weight: 400;\"><strong>Authors<\/strong>: \u00a0Dario Kremer i Kre\u0161imir \u010culinovi\u0107<\/span><\/p>\n<p><span style=\"font-weight: 400;\"><strong>Publisher:<\/strong> Javna ustanova Nacionalni park \u201ePlitvi\u010dka jezera\u201c<\/span><\/p>\n<p><span style=\"font-weight: 400;\"><strong>Year published:<\/strong> 2019.<\/span><\/p>\n<p><span style=\"font-weight: 400;\"><strong>Page number:<\/strong> 464<\/span><\/p>\n<p>[\/et_pb_accordion_item][\/et_pb_accordion][\/et_pb_column][\/et_pb_row][et_pb_row column_structure=&#8221;1_3,1_3,1_3&#8243; _builder_version=&#8221;4.23.1&#8243; _module_preset=&#8221;default&#8221; width=&#8221;100%&#8221; locked=&#8221;off&#8221; global_colors_info=&#8221;{}&#8221;][et_pb_column type=&#8221;1_3&#8243; _builder_version=&#8221;4.23.1&#8243; _module_preset=&#8221;default&#8221; global_colors_info=&#8221;{}&#8221;][et_pb_accordion _builder_version=&#8221;4.24.2&#8243; _module_preset=&#8221;default&#8221; box_shadow_style=&#8221;preset1&#8243; global_colors_info=&#8221;{}&#8221;][et_pb_accordion_item title=&#8221;Prirodno blago Konavala \u2013 Prirodoslovni zapisi jugom Hrvatske&#8221; open=&#8221;on&#8221; _builder_version=&#8221;4.23.1&#8243; _module_preset=&#8221;default&#8221; body_text_align=&#8221;center&#8221; min_height=&#8221;100px&#8221; height=&#8221;306px&#8221; max_height=&#8221;326px&#8221; global_colors_info=&#8221;{}&#8221; toggle_level=&#8221;h1&#8243; toggle_font=&#8221;|700||||on|||&#8221; toggle_text_align=&#8221;left&#8221; toggle_font_size=&#8221;20px&#8221;]<\/p>\n<p><img decoding=\"async\" src=\"https:\/\/www.hbod.hr\/wp-content\/uploads\/2024\/01\/21_Ljekovito-bilje-Farmaceutskog-botanickog-vrta-\u201eFran-Kusan-\u2013-Slikovni-vodic.tif\" width=\"undefined\" height=\"undefined\" alt=\"\" class=\"wp-image-18927 alignnone size-full\" \/> <img loading=\"lazy\" decoding=\"async\" src=\"https:\/\/www.hbod.hr\/wp-content\/uploads\/2024\/01\/Prirodno-blago-Konavala-\u2013-Prirodoslovni-zapisi-jugom-Hrvatske-231x300.jpg\" width=\"211\" height=\"274\" alt=\"\" class=\"wp-image-19166 alignnone size-medium\" srcset=\"https:\/\/www.hbod.hr\/wp-content\/uploads\/2024\/01\/Prirodno-blago-Konavala-\u2013-Prirodoslovni-zapisi-jugom-Hrvatske-231x300.jpg 231w, https:\/\/www.hbod.hr\/wp-content\/uploads\/2024\/01\/Prirodno-blago-Konavala-\u2013-Prirodoslovni-zapisi-jugom-Hrvatske.jpg 400w\" sizes=\"(max-width: 211px) 100vw, 211px\" \/><\/p>\n<p>[\/et_pb_accordion_item][et_pb_accordion_item title=&#8221;Read more&#8221; _builder_version=&#8221;4.24.2&#8243; _module_preset=&#8221;default&#8221; global_colors_info=&#8221;{}&#8221; open=&#8221;off&#8221;]<\/p>\n<p><span style=\"font-weight: 400;\"><strong>Author:<\/strong> Radovan Kranj\u010dev<\/span><\/p>\n<p><strong>Publisher:<\/strong> <span style=\"font-weight: 400;\">Ogranak Matice Hrvatske Konavle<\/span><\/p>\n<p><span style=\"font-weight: 400;\"><strong>Year published:<\/strong> 2019.<\/span><\/p>\n<p><span style=\"font-weight: 400;\"><strong>Pages:<\/strong> 213<\/span><\/p>\n<p>[\/et_pb_accordion_item][\/et_pb_accordion][\/et_pb_column][et_pb_column type=&#8221;1_3&#8243; _builder_version=&#8221;4.23.1&#8243; _module_preset=&#8221;default&#8221; global_colors_info=&#8221;{}&#8221;][et_pb_accordion _builder_version=&#8221;4.24.2&#8243; _module_preset=&#8221;default&#8221; box_shadow_style=&#8221;preset1&#8243; global_colors_info=&#8221;{}&#8221;][et_pb_accordion_item title=&#8221;Biljni svijet Premu\u017ei\u0107eve staze na Velebitu&#8221; open=&#8221;on&#8221; _builder_version=&#8221;4.24.2&#8243; _module_preset=&#8221;default&#8221; body_text_align=&#8221;center&#8221; min_height=&#8221;100px&#8221; height=&#8221;306px&#8221; max_height=&#8221;326px&#8221; global_colors_info=&#8221;{}&#8221; toggle_level=&#8221;h1&#8243; toggle_font=&#8221;|700||||on|||&#8221; toggle_text_align=&#8221;left&#8221; toggle_font_size=&#8221;20px&#8221;]<\/p>\n<p><img decoding=\"async\" src=\"https:\/\/www.hbod.hr\/wp-content\/uploads\/2024\/01\/21_Ljekovito-bilje-Farmaceutskog-botanickog-vrta-\u201eFran-Kusan-\u2013-Slikovni-vodic.tif\" width=\"undefined\" height=\"undefined\" alt=\"\" class=\"wp-image-18927 alignnone size-full\" \/> <img loading=\"lazy\" decoding=\"async\" src=\"https:\/\/www.hbod.hr\/wp-content\/uploads\/2024\/01\/Screenshot_9-208x300.jpg\" width=\"196\" height=\"283\" alt=\"\" class=\"wp-image-18967 alignnone size-medium\" \/><\/p>\n<p>[\/et_pb_accordion_item][et_pb_accordion_item title=&#8221;Read more&#8221; _builder_version=&#8221;4.24.2&#8243; _module_preset=&#8221;default&#8221; global_colors_info=&#8221;{}&#8221; open=&#8221;off&#8221;]<\/p>\n<p><span style=\"font-weight: 400;\"><strong>Authors:<\/strong> Dario Kremer, Ana Brklja\u010di\u0107, Marko Randi\u0107<\/span><\/p>\n<p><span style=\"font-weight: 400;\"><strong>Publisher:<\/strong> Javna ustanova \u201ePark prirode Velebit\u201c i Javna ustanova \u201eNacionalni park Sjeverni Velebit\u201c<\/span><\/p>\n<p><span style=\"font-weight: 400;\"><strong>Year published:<\/strong> 2019.<\/span><\/p>\n<p><span style=\"font-weight: 400;\"><strong>Pages:<\/strong> 743<\/span><\/p>\n<p>[\/et_pb_accordion_item][\/et_pb_accordion][\/et_pb_column][et_pb_column type=&#8221;1_3&#8243; _builder_version=&#8221;4.23.1&#8243; _module_preset=&#8221;default&#8221; global_colors_info=&#8221;{}&#8221;][et_pb_accordion _builder_version=&#8221;4.24.2&#8243; _module_preset=&#8221;default&#8221; box_shadow_style=&#8221;preset1&#8243; global_colors_info=&#8221;{}&#8221;][et_pb_accordion_item title=&#8221;Rijeka Krka: dar prirode. Prirodoslovna monografija Nacionalnog parka %22Krka\u201c&#8221; open=&#8221;on&#8221; _builder_version=&#8221;4.23.1&#8243; _module_preset=&#8221;default&#8221; body_text_align=&#8221;center&#8221; min_height=&#8221;100px&#8221; height=&#8221;306px&#8221; max_height=&#8221;326px&#8221; global_colors_info=&#8221;{}&#8221; toggle_level=&#8221;h1&#8243; toggle_font=&#8221;|700||||on|||&#8221; toggle_text_align=&#8221;left&#8221; toggle_font_size=&#8221;20px&#8221;]<\/p>\n<p><img decoding=\"async\" src=\"https:\/\/www.hbod.hr\/wp-content\/uploads\/2024\/01\/21_Ljekovito-bilje-Farmaceutskog-botanickog-vrta-\u201eFran-Kusan-\u2013-Slikovni-vodic.tif\" width=\"undefined\" height=\"undefined\" alt=\"\" class=\"wp-image-18927 alignnone size-full\" \/> <img loading=\"lazy\" decoding=\"async\" src=\"https:\/\/www.hbod.hr\/wp-content\/uploads\/2024\/01\/Rijeka-Krka-dar-prirode.jpg\" width=\"171\" height=\"244\" alt=\"\" class=\"wp-image-19163 alignnone size-full\" \/><\/p>\n<p>[\/et_pb_accordion_item][et_pb_accordion_item title=&#8221;Read more&#8221; _builder_version=&#8221;4.24.2&#8243; _module_preset=&#8221;default&#8221; global_colors_info=&#8221;{}&#8221; open=&#8221;off&#8221;]<\/p>\n<p><span style=\"font-weight: 400;\"><strong>Author:<\/strong> Drago Margu\u0161<\/span><\/p>\n<p><span style=\"font-weight: 400;\"><strong>Publisher:<\/strong> Nacionalni park Krka<\/span><\/p>\n<p><span style=\"font-weight: 400;\"><strong>Year published:<\/strong> 2019.<\/span><\/p>\n<p><span style=\"font-weight: 400;\"><strong>Pages:<\/strong> 221<\/span><\/p>\n<p>[\/et_pb_accordion_item][\/et_pb_accordion][\/et_pb_column][\/et_pb_row][et_pb_row column_structure=&#8221;1_3,1_3,1_3&#8243; _builder_version=&#8221;4.23.1&#8243; _module_preset=&#8221;default&#8221; width=&#8221;100%&#8221; locked=&#8221;off&#8221; global_colors_info=&#8221;{}&#8221;][et_pb_column type=&#8221;1_3&#8243; _builder_version=&#8221;4.23.1&#8243; _module_preset=&#8221;default&#8221; global_colors_info=&#8221;{}&#8221;][et_pb_accordion _builder_version=&#8221;4.24.2&#8243; _module_preset=&#8221;default&#8221; box_shadow_style=&#8221;preset1&#8243; global_colors_info=&#8221;{}&#8221;][et_pb_accordion_item title=&#8221;Zna\u010dajni krajobraz Sutina&#8221; open=&#8221;on&#8221; _builder_version=&#8221;4.24.2&#8243; _module_preset=&#8221;default&#8221; body_text_align=&#8221;center&#8221; min_height=&#8221;100px&#8221; height=&#8221;306px&#8221; max_height=&#8221;326px&#8221; global_colors_info=&#8221;{}&#8221; toggle_level=&#8221;h1&#8243; toggle_font=&#8221;|700||||on|||&#8221; toggle_text_align=&#8221;left&#8221; toggle_font_size=&#8221;20px&#8221;]<\/p>\n<p><img decoding=\"async\" src=\"https:\/\/www.hbod.hr\/wp-content\/uploads\/2024\/01\/21_Ljekovito-bilje-Farmaceutskog-botanickog-vrta-\u201eFran-Kusan-\u2013-Slikovni-vodic.tif\" width=\"undefined\" height=\"undefined\" alt=\"\" class=\"wp-image-18927 alignnone size-full\" \/> <img loading=\"lazy\" decoding=\"async\" src=\"https:\/\/www.hbod.hr\/wp-content\/uploads\/2024\/03\/4_Znacajni-krajobraz-Sutina-224x300.jpg\" width=\"224\" height=\"300\" alt=\"\" class=\"wp-image-19659 alignnone size-medium\" \/><\/p>\n<p>[\/et_pb_accordion_item][et_pb_accordion_item title=&#8221;Read more&#8221; _builder_version=&#8221;4.24.2&#8243; _module_preset=&#8221;default&#8221; global_colors_info=&#8221;{}&#8221; open=&#8221;off&#8221;]<\/p>\n<p><span style=\"font-weight: 400;\"><strong>Authors:<\/strong> Dalibor Vladovi\u0107, Stjepan Mekini\u0107, Gvido Piasevoli, Dario Hru\u0161evar, Nediljko \u017devrnja, Lucija \u0160imi\u0107, Tija Damjanovi\u0107<\/span><\/p>\n<p><strong>Publisher:<\/strong> Javna ustanova za upravljanje za\u0161ti\u0107enim dijelovima prirode na podru\u010dju Splitsko-dalmatinske \u017eupanije \u2013 \u201eMore i kr\u0161\u201c, Prirodoslovni muzej i zoolo\u0161ki vrt<\/p>\n<p><span style=\"font-weight: 400;\"><strong>Year published:<\/strong> 2019.<\/span><\/p>\n<p><span style=\"font-weight: 400;\"><strong>Pages:<\/strong> 56<\/span><\/p>\n<p>[\/et_pb_accordion_item][\/et_pb_accordion][\/et_pb_column][et_pb_column type=&#8221;1_3&#8243; _builder_version=&#8221;4.23.1&#8243; _module_preset=&#8221;default&#8221; global_colors_info=&#8221;{}&#8221;][et_pb_accordion _builder_version=&#8221;4.24.2&#8243; _module_preset=&#8221;default&#8221; box_shadow_style=&#8221;preset1&#8243; global_colors_info=&#8221;{}&#8221;][et_pb_accordion_item title=&#8221;Invazivne biljne vrste Po\u017ee\u0161ke kotline i Slavonskog gorja&#8221; open=&#8221;on&#8221; _builder_version=&#8221;4.24.2&#8243; _module_preset=&#8221;default&#8221; body_text_align=&#8221;center&#8221; min_height=&#8221;100px&#8221; height=&#8221;306px&#8221; max_height=&#8221;326px&#8221; global_colors_info=&#8221;{}&#8221; toggle_level=&#8221;h1&#8243; toggle_font=&#8221;|700||||on|||&#8221; toggle_text_align=&#8221;left&#8221; toggle_font_size=&#8221;20px&#8221;]<\/p>\n<p><img decoding=\"async\" src=\"https:\/\/www.hbod.hr\/wp-content\/uploads\/2024\/01\/21_Ljekovito-bilje-Farmaceutskog-botanickog-vrta-\u201eFran-Kusan-\u2013-Slikovni-vodic.tif\" width=\"undefined\" height=\"undefined\" alt=\"\" class=\"wp-image-18927 alignnone size-full\" \/> <img loading=\"lazy\" decoding=\"async\" src=\"https:\/\/www.hbod.hr\/wp-content\/uploads\/2024\/03\/5_Invazivne-biljne-vrste-Pozeske-kotline-i-Slavonskog-gorja-210x300.jpg\" width=\"200\" height=\"286\" alt=\"\" class=\"wp-image-19661 alignnone size-medium\" srcset=\"https:\/\/www.hbod.hr\/wp-content\/uploads\/2024\/03\/5_Invazivne-biljne-vrste-Pozeske-kotline-i-Slavonskog-gorja-210x300.jpg 210w, https:\/\/www.hbod.hr\/wp-content\/uploads\/2024\/03\/5_Invazivne-biljne-vrste-Pozeske-kotline-i-Slavonskog-gorja.jpg 300w\" sizes=\"(max-width: 200px) 100vw, 200px\" \/><\/p>\n<p>[\/et_pb_accordion_item][et_pb_accordion_item title=&#8221;Read more&#8221; _builder_version=&#8221;4.24.2&#8243; _module_preset=&#8221;default&#8221; global_colors_info=&#8221;{}&#8221; open=&#8221;off&#8221;]<\/p>\n<p><span style=\"font-weight: 400;\"><strong>Authors:<\/strong> Ivica Samard\u017ei\u0107, Iva Gali\u0107<\/span><\/p>\n<p><span style=\"font-weight: 400;\"><strong>Publisher:<\/strong> Javna ustanova za upravljanje za\u0161ti\u0107enim podru\u010djem Po\u017ee\u0161ko-slavonske \u017eupanije<\/span><\/p>\n<p><span style=\"font-weight: 400;\"><strong>Year published:<\/strong> 2019.<\/span><\/p>\n<p><span style=\"font-weight: 400;\"><strong>Pages: <\/strong><\/span>110<\/p>\n<p>[\/et_pb_accordion_item][\/et_pb_accordion][\/et_pb_column][et_pb_column type=&#8221;1_3&#8243; _builder_version=&#8221;4.23.1&#8243; _module_preset=&#8221;default&#8221; global_colors_info=&#8221;{}&#8221;][et_pb_accordion _builder_version=&#8221;4.24.2&#8243; _module_preset=&#8221;default&#8221; box_shadow_style=&#8221;preset1&#8243; global_colors_info=&#8221;{}&#8221;][et_pb_accordion_item title=&#8221;Orhideje Po\u017ee\u0161ke kotline i gorja&#8221; open=&#8221;on&#8221; _builder_version=&#8221;4.24.2&#8243; _module_preset=&#8221;default&#8221; body_text_align=&#8221;center&#8221; min_height=&#8221;100px&#8221; height=&#8221;306px&#8221; max_height=&#8221;326px&#8221; global_colors_info=&#8221;{}&#8221; toggle_level=&#8221;h1&#8243; toggle_font=&#8221;|700||||on|||&#8221; toggle_text_align=&#8221;left&#8221; toggle_font_size=&#8221;20px&#8221;]<\/p>\n<p><img decoding=\"async\" src=\"https:\/\/www.hbod.hr\/wp-content\/uploads\/2024\/01\/21_Ljekovito-bilje-Farmaceutskog-botanickog-vrta-\u201eFran-Kusan-\u2013-Slikovni-vodic.tif\" width=\"undefined\" height=\"undefined\" alt=\"\" class=\"wp-image-18927 alignnone size-full\" \/> <img loading=\"lazy\" decoding=\"async\" src=\"https:\/\/www.hbod.hr\/wp-content\/uploads\/2024\/03\/6_Orhideje-Pozeske-kotline-i-gorja-210x300.jpg\" width=\"192\" height=\"274\" alt=\"\" class=\"wp-image-19663 alignnone size-medium\" srcset=\"https:\/\/www.hbod.hr\/wp-content\/uploads\/2024\/03\/6_Orhideje-Pozeske-kotline-i-gorja-210x300.jpg 210w, https:\/\/www.hbod.hr\/wp-content\/uploads\/2024\/03\/6_Orhideje-Pozeske-kotline-i-gorja.jpg 300w\" sizes=\"(max-width: 192px) 100vw, 192px\" \/><\/p>\n<p>[\/et_pb_accordion_item][et_pb_accordion_item title=&#8221;Read more&#8221; _builder_version=&#8221;4.24.2&#8243; _module_preset=&#8221;default&#8221; global_colors_info=&#8221;{}&#8221; open=&#8221;off&#8221;]<\/p>\n<p><span style=\"font-weight: 400;\"><strong>Authors: <\/strong><\/span>Ivica Samard\u017ei\u0107, Iva Gali\u0107<\/p>\n<p><span style=\"font-weight: 400;\"><strong>Publisher: <\/strong><\/span>Javna ustanova za upravljanje za\u0161ti\u0107enim podru\u010djima Po\u017ee\u0161ko-slavonske \u017eupanije<\/p>\n<p><span style=\"font-weight: 400;\"><strong>Year published:<\/strong> 2018.<\/span><\/p>\n<p><span style=\"font-weight: 400;\"><strong>Pages:<\/strong> 93<\/span><\/p>\n<p>[\/et_pb_accordion_item][\/et_pb_accordion][\/et_pb_column][\/et_pb_row][et_pb_row column_structure=&#8221;1_3,1_3,1_3&#8243; _builder_version=&#8221;4.23.1&#8243; _module_preset=&#8221;default&#8221; width=&#8221;100%&#8221; locked=&#8221;off&#8221; global_colors_info=&#8221;{}&#8221;][et_pb_column type=&#8221;1_3&#8243; _builder_version=&#8221;4.23.1&#8243; _module_preset=&#8221;default&#8221; global_colors_info=&#8221;{}&#8221;][et_pb_accordion _builder_version=&#8221;4.24.2&#8243; _module_preset=&#8221;default&#8221; box_shadow_style=&#8221;preset1&#8243; global_colors_info=&#8221;{}&#8221;][et_pb_accordion_item title=&#8221;Biljke Tvr\u0111ave Klis&#8221; open=&#8221;on&#8221; _builder_version=&#8221;4.23.1&#8243; _module_preset=&#8221;default&#8221; body_text_align=&#8221;center&#8221; max_height=&#8221;326px&#8221; global_colors_info=&#8221;{}&#8221; toggle_level=&#8221;h1&#8243; toggle_font=&#8221;|700||||on|||&#8221; toggle_text_align=&#8221;left&#8221; toggle_font_size=&#8221;20px&#8221;]<\/p>\n<h3><img loading=\"lazy\" decoding=\"async\" src=\"https:\/\/www.hbod.hr\/wp-content\/uploads\/2024\/01\/20_Biljke-Tvrdave-Klis-176x300.jpg\" width=\"176\" height=\"300\" alt=\"\" class=\"wp-image-18923 alignnone size-medium\" \/><\/h3>\n<p>[\/et_pb_accordion_item][et_pb_accordion_item title=&#8221;Read more&#8221; _builder_version=&#8221;4.24.2&#8243; _module_preset=&#8221;default&#8221; global_colors_info=&#8221;{}&#8221; open=&#8221;off&#8221;]<\/p>\n<p><span style=\"font-weight: 400;\"><strong>Authors:<\/strong> Vedran \u0160egota i Ivan Limi\u0107<\/span><\/p>\n<p><span style=\"font-weight: 400;\"><strong>Publisher: <\/strong>Narodna knji\u017enica i \u010ditaonica u Klisu<\/span><\/p>\n<p><span style=\"font-weight: 400;\"><b>Year published<\/b><\/span><span style=\"font-weight: 400;\">: <\/span><span style=\"font-weight: 400;\">2018.<\/span><\/p>\n<p><span style=\"font-weight: 400;\"><strong>Pages<\/strong>: 186<\/span><\/p>\n<p>[\/et_pb_accordion_item][\/et_pb_accordion][\/et_pb_column][et_pb_column type=&#8221;1_3&#8243; _builder_version=&#8221;4.23.1&#8243; _module_preset=&#8221;default&#8221; global_colors_info=&#8221;{}&#8221;][et_pb_accordion _builder_version=&#8221;4.24.2&#8243; _module_preset=&#8221;default&#8221; box_shadow_style=&#8221;preset1&#8243; global_colors_info=&#8221;{}&#8221;][et_pb_accordion_item title=&#8221;Ljekovito bilje Farmaceutskog botani\u010dkog vrta \u201eFran Ku\u0161an\u201c \u2013 Slikovni vodi\u010d&#8221; open=&#8221;on&#8221; _builder_version=&#8221;4.23.1&#8243; _module_preset=&#8221;default&#8221; body_text_align=&#8221;center&#8221; min_height=&#8221;284px&#8221; height=&#8221;232px&#8221; max_height=&#8221;326px&#8221; global_colors_info=&#8221;{}&#8221; toggle_level=&#8221;h1&#8243; toggle_font=&#8221;|700||||on|||&#8221; toggle_text_align=&#8221;left&#8221; toggle_font_size=&#8221;20px&#8221;]<\/p>\n<h3><img loading=\"lazy\" decoding=\"async\" src=\"https:\/\/www.hbod.hr\/wp-content\/uploads\/2024\/01\/Screenshot_10-206x300.jpg\" width=\"176\" height=\"257\" alt=\"\" class=\"wp-image-18969 alignnone size-medium\" \/><\/h3>\n<p>[\/et_pb_accordion_item][et_pb_accordion_item title=&#8221;Read more&#8221; _builder_version=&#8221;4.24.2&#8243; _module_preset=&#8221;default&#8221; global_colors_info=&#8221;{}&#8221; open=&#8221;off&#8221;]<\/p>\n<p><span style=\"font-weight: 400;\"><strong>Author<\/strong>: \u00a0Dario Kremer\u00a0<\/span><\/p>\n<p><span style=\"font-weight: 400;\"><strong>Publisher:<\/strong> Javna ustanova \u201eMaksimir\u201c<\/span><\/p>\n<p><span style=\"font-weight: 400;\"><strong>Year published:<\/strong> 2018.<\/span><\/p>\n<p><span style=\"font-weight: 400;\"><strong>Pages:<\/strong> 352<\/span><\/p>\n<p>[\/et_pb_accordion_item][\/et_pb_accordion][\/et_pb_column][et_pb_column type=&#8221;1_3&#8243; _builder_version=&#8221;4.23.1&#8243; _module_preset=&#8221;default&#8221; global_colors_info=&#8221;{}&#8221;][et_pb_accordion _builder_version=&#8221;4.24.2&#8243; _module_preset=&#8221;default&#8221; box_shadow_style=&#8221;preset1&#8243; global_colors_info=&#8221;{}&#8221;][et_pb_accordion_item title=&#8221;Die Pflanzen Istriens in ihren nat\u00fcrlichen Lebensr\u00e4umen&#8221; open=&#8221;on&#8221; _builder_version=&#8221;4.23.1&#8243; _module_preset=&#8221;default&#8221; body_text_align=&#8221;center&#8221; min_height=&#8221;100px&#8221; height=&#8221;306px&#8221; max_height=&#8221;326px&#8221; global_colors_info=&#8221;{}&#8221; toggle_level=&#8221;h1&#8243; toggle_font=&#8221;|700||||on|||&#8221; toggle_text_align=&#8221;left&#8221; toggle_font_size=&#8221;20px&#8221;]<\/p>\n<h3><img loading=\"lazy\" decoding=\"async\" src=\"https:\/\/www.hbod.hr\/wp-content\/uploads\/2024\/01\/21_Die-Pflanzen-Istriens-in-ihren-naturlichen-Lebensraumen-196x300.jpg\" width=\"183\" height=\"280\" alt=\"\" class=\"wp-image-18925 alignnone size-medium\" \/><\/h3>\n<p>[\/et_pb_accordion_item][et_pb_accordion_item title=&#8221;Read more&#8221; _builder_version=&#8221;4.24.2&#8243; _module_preset=&#8221;default&#8221; global_colors_info=&#8221;{}&#8221; open=&#8221;off&#8221;]<\/p>\n<p><span style=\"font-weight: 400;\"><strong>Editor:<\/strong> Walter K. Rottensteiner<\/span><\/p>\n<p><span style=\"font-weight: 400;\"><strong>Publisher:<\/strong> Verlag des Naturwissenschaftlichen Vereins f\u00fcr K\u00e4rnten<\/span><\/p>\n<p><span style=\"font-weight: 400;\"><strong>Year published:<\/strong> 2018.<\/span><\/p>\n<p><span style=\"font-weight: 400;\"><strong>Pages:<\/strong> 848<\/span><\/p>\n<p>[\/et_pb_accordion_item][\/et_pb_accordion][\/et_pb_column][\/et_pb_row][et_pb_row column_structure=&#8221;1_3,1_3,1_3&#8243; _builder_version=&#8221;4.23.1&#8243; _module_preset=&#8221;default&#8221; width=&#8221;100%&#8221; locked=&#8221;off&#8221; global_colors_info=&#8221;{}&#8221;][et_pb_column type=&#8221;1_3&#8243; _builder_version=&#8221;4.23.1&#8243; _module_preset=&#8221;default&#8221; global_colors_info=&#8221;{}&#8221;][et_pb_accordion _builder_version=&#8221;4.24.2&#8243; _module_preset=&#8221;default&#8221; box_shadow_style=&#8221;preset1&#8243; global_colors_info=&#8221;{}&#8221;][et_pb_accordion_item title=&#8221;Medonosne biljke primorske i gorske Hrvatske&#8221; open=&#8221;on&#8221; _builder_version=&#8221;4.23.1&#8243; _module_preset=&#8221;default&#8221; body_text_align=&#8221;center&#8221; max_height=&#8221;326px&#8221; global_colors_info=&#8221;{}&#8221; toggle_level=&#8221;h1&#8243; toggle_font=&#8221;|700||||on|||&#8221; toggle_text_align=&#8221;left&#8221; toggle_font_size=&#8221;20px&#8221;]<\/p>\n<h3><img loading=\"lazy\" decoding=\"async\" src=\"https:\/\/www.hbod.hr\/wp-content\/uploads\/2024\/01\/22_MEDONOSNE-BILJKE-PRIMORSKE-I-GORSKE-HRVATSKE-214x300.jpeg\" width=\"194\" height=\"272\" alt=\"\" class=\"wp-image-18929 alignnone size-medium\" \/><\/h3>\n<p>[\/et_pb_accordion_item][et_pb_accordion_item title=&#8221;Read more&#8221; _builder_version=&#8221;4.24.2&#8243; _module_preset=&#8221;default&#8221; global_colors_info=&#8221;{}&#8221; open=&#8221;off&#8221;]<\/p>\n<p><span style=\"font-weight: 400;\"><strong>Author:<\/strong> Matija Bu\u010dar<\/span><\/p>\n<p><span style=\"font-weight: 400;\"><strong>Publisher: <\/strong>Arhitekti Salopek \u2013 Petrinja, Matica hrvatska \u2013 Ogranak u Petrinji, U\u010diteljski fakultet Zagreb \u2013 Odsjek u Petrinji<\/span><\/p>\n<p><span style=\"font-weight: 400;\"><strong>Year published<\/strong>: <\/span><span style=\"font-weight: 400;\">2018.<\/span><\/p>\n<p><span style=\"font-weight: 400;\"><b>Pages<\/b><\/span><span style=\"font-weight: 400;\">: 632<\/span><\/p>\n<p>[\/et_pb_accordion_item][\/et_pb_accordion][\/et_pb_column][et_pb_column type=&#8221;1_3&#8243; _builder_version=&#8221;4.23.1&#8243; _module_preset=&#8221;default&#8221; global_colors_info=&#8221;{}&#8221;][et_pb_accordion _builder_version=&#8221;4.24.2&#8243; _module_preset=&#8221;default&#8221; box_shadow_style=&#8221;preset1&#8243; global_colors_info=&#8221;{}&#8221;][et_pb_accordion_item title=&#8221;Proljetnice u Hrvatskoj&#8221; open=&#8221;on&#8221; _builder_version=&#8221;4.23.1&#8243; _module_preset=&#8221;default&#8221; body_text_align=&#8221;center&#8221; min_height=&#8221;284px&#8221; height=&#8221;232px&#8221; max_height=&#8221;326px&#8221; global_colors_info=&#8221;{}&#8221; toggle_level=&#8221;h1&#8243; toggle_font=&#8221;|700||||on|||&#8221; toggle_text_align=&#8221;left&#8221; toggle_font_size=&#8221;20px&#8221;]<\/p>\n<h3><img loading=\"lazy\" decoding=\"async\" src=\"https:\/\/www.hbod.hr\/wp-content\/uploads\/2024\/01\/23_Proljetnice-u-Hrvatskoj-212x300.jpg\" width=\"188\" height=\"266\" alt=\"\" class=\"wp-image-18931 alignnone size-medium\" srcset=\"https:\/\/www.hbod.hr\/wp-content\/uploads\/2024\/01\/23_Proljetnice-u-Hrvatskoj-212x300.jpg 212w, https:\/\/www.hbod.hr\/wp-content\/uploads\/2024\/01\/23_Proljetnice-u-Hrvatskoj.jpg 400w\" sizes=\"(max-width: 188px) 100vw, 188px\" \/><\/h3>\n<p>[\/et_pb_accordion_item][et_pb_accordion_item title=&#8221;Read more&#8221; _builder_version=&#8221;4.24.2&#8243; _module_preset=&#8221;default&#8221; global_colors_info=&#8221;{}&#8221; open=&#8221;off&#8221;]<\/p>\n<p><span style=\"font-weight: 400;\"><strong>Authors<\/strong>: Igor Bor\u0161i\u0107 i Vida Posavec Vukeli\u0107<\/span><\/p>\n<p><span style=\"font-weight: 400;\"><strong>Publisher:<\/strong> Hrvatska agencija za okoli\u0161 i prirodu<\/span><\/p>\n<p><span style=\"font-weight: 400;\"><strong>Year published:<\/strong> 2018.<\/span><\/p>\n<p><span style=\"font-weight: 400;\"><strong>Pages:<\/strong> 20<\/span><\/p>\n<p>[\/et_pb_accordion_item][\/et_pb_accordion][\/et_pb_column][et_pb_column type=&#8221;1_3&#8243; _builder_version=&#8221;4.23.1&#8243; _module_preset=&#8221;default&#8221; global_colors_info=&#8221;{}&#8221;][et_pb_accordion _builder_version=&#8221;4.24.2&#8243; _module_preset=&#8221;default&#8221; box_shadow_style=&#8221;preset1&#8243; global_colors_info=&#8221;{}&#8221;][et_pb_accordion_item title=&#8221;Bilje hrvatskih gora i planina&#8221; open=&#8221;on&#8221; _builder_version=&#8221;4.23.1&#8243; _module_preset=&#8221;default&#8221; body_text_align=&#8221;center&#8221; min_height=&#8221;284px&#8221; height=&#8221;232px&#8221; max_height=&#8221;326px&#8221; global_colors_info=&#8221;{}&#8221; toggle_level=&#8221;h1&#8243; toggle_font=&#8221;|700||||on|||&#8221; toggle_text_align=&#8221;left&#8221; toggle_font_size=&#8221;20px&#8221;]<\/p>\n<h3><img loading=\"lazy\" decoding=\"async\" src=\"https:\/\/www.hbod.hr\/wp-content\/uploads\/2024\/01\/bilje-hrvatskih-gora-i-planina.jpg\" width=\"165\" height=\"248\" alt=\"\" class=\"wp-image-19160 alignnone size-full\" \/><\/h3>\n<p>[\/et_pb_accordion_item][et_pb_accordion_item title=&#8221;Read more&#8221; _builder_version=&#8221;4.24.2&#8243; _module_preset=&#8221;default&#8221; global_colors_info=&#8221;{}&#8221; open=&#8221;off&#8221;]<\/p>\n<p><span style=\"font-weight: 400;\"><strong>Authors:<\/strong> Hrvoje Zrn\u010di\u0107, Vida Zrn\u010di\u0107<\/span><\/p>\n<p><strong>Publisher:<\/strong> <span style=\"font-weight: 400;\">Nova stvarnost<\/span><\/p>\n<p><span style=\"font-weight: 400;\"><strong>Year published:<\/strong> 2017.<\/span><\/p>\n<p><span style=\"font-weight: 400;\"><strong>Pages:<\/strong> 316<\/span><\/p>\n<p>[\/et_pb_accordion_item][\/et_pb_accordion][\/et_pb_column][\/et_pb_row][et_pb_row column_structure=&#8221;1_3,1_3,1_3&#8243; _builder_version=&#8221;4.23.1&#8243; _module_preset=&#8221;default&#8221; width=&#8221;100%&#8221; locked=&#8221;off&#8221; global_colors_info=&#8221;{}&#8221;][et_pb_column type=&#8221;1_3&#8243; _builder_version=&#8221;4.23.1&#8243; _module_preset=&#8221;default&#8221; global_colors_info=&#8221;{}&#8221;][et_pb_accordion _builder_version=&#8221;4.24.2&#8243; _module_preset=&#8221;default&#8221; box_shadow_style=&#8221;preset1&#8243; global_colors_info=&#8221;{}&#8221;][et_pb_accordion_item title=&#8221;Morfologija biljaka \u2013 Razvoj, gra\u0111a i uloga biljnih tkiva, organa i organskih sustava&#8221; open=&#8221;on&#8221; _builder_version=&#8221;4.23.1&#8243; _module_preset=&#8221;default&#8221; body_text_align=&#8221;center&#8221; min_height=&#8221;100px&#8221; height=&#8221;306px&#8221; max_height=&#8221;326px&#8221; global_colors_info=&#8221;{}&#8221; toggle_level=&#8221;h1&#8243; toggle_font=&#8221;|700||||on|||&#8221; toggle_text_align=&#8221;left&#8221; toggle_font_size=&#8221;20px&#8221;]<\/p>\n<h3><img loading=\"lazy\" decoding=\"async\" src=\"https:\/\/www.hbod.hr\/wp-content\/uploads\/2024\/01\/24_Morfologija-biljaka-236x300.jpg\" width=\"217\" height=\"276\" alt=\"\" class=\"wp-image-18933 alignnone size-medium\" \/><\/h3>\n<p>[\/et_pb_accordion_item][et_pb_accordion_item title=&#8221;Read more&#8221; _builder_version=&#8221;4.24.2&#8243; _module_preset=&#8221;default&#8221; global_colors_info=&#8221;{}&#8221; open=&#8221;off&#8221;]<\/p>\n<p><span style=\"font-weight: 400;\"><strong>Authors:<\/strong> Toni Nikoli\u0107<\/span><\/p>\n<p><span style=\"font-weight: 400;\"><strong>Publisher:<\/strong> Alfa d.d.<\/span><\/p>\n<p><span style=\"font-weight: 400;\"><strong>Year published:<\/strong> 2017.<\/span><\/p>\n<p><span style=\"font-weight: 400;\"><strong>Pages:<\/strong> 569<\/span><\/p>\n<p>[\/et_pb_accordion_item][\/et_pb_accordion][\/et_pb_column][et_pb_column type=&#8221;1_3&#8243; _builder_version=&#8221;4.23.1&#8243; _module_preset=&#8221;default&#8221; global_colors_info=&#8221;{}&#8221;][et_pb_accordion _builder_version=&#8221;4.24.2&#8243; _module_preset=&#8221;default&#8221; box_shadow_style=&#8221;preset1&#8243; global_colors_info=&#8221;{}&#8221;][et_pb_accordion_item title=&#8221;\u0110ur\u0111eva\u010dki peski&#8221; open=&#8221;on&#8221; _builder_version=&#8221;4.23.1&#8243; _module_preset=&#8221;default&#8221; body_text_align=&#8221;center&#8221; max_height=&#8221;326px&#8221; global_colors_info=&#8221;{}&#8221; toggle_level=&#8221;h1&#8243; toggle_font=&#8221;|700||||on|||&#8221; toggle_text_align=&#8221;left&#8221; toggle_font_size=&#8221;20px&#8221;]<\/p>\n<h3><img loading=\"lazy\" decoding=\"async\" src=\"https:\/\/www.hbod.hr\/wp-content\/uploads\/2024\/01\/25_Durdevacki-peski.jpg\" width=\"210\" height=\"300\" alt=\"\" class=\"wp-image-18935 alignnone size-full\" \/><\/h3>\n<p>[\/et_pb_accordion_item][et_pb_accordion_item title=&#8221;Read more&#8221; _builder_version=&#8221;4.24.2&#8243; _module_preset=&#8221;default&#8221; global_colors_info=&#8221;{}&#8221; open=&#8221;off&#8221;]<\/p>\n<p><span style=\"font-weight: 400;\"><strong>Authors:<\/strong> Roman Ozimec, Najla Bakovi\u0107, Lana Bari\u010devi\u0107, Boris Bo\u017ei\u0107, Mihael Drak\u0161i\u0107, Miljenko Ernoi\u0107, Norma Fressel, Mladen Ku\u010dini\u0107, Ivana Ku\u0161an, Damir Lackovi\u0107, Marija Martinko, Neven Mato\u010dec, Miroslav Samard\u017ei\u0107, Josip Skejo, Dubravko \u0160incek<\/span><\/p>\n<p><span style=\"font-weight: 400;\"><strong>Publisher: <\/strong><\/span><span style=\"font-weight: 400;\">ADIPA \u2013 Dru\u0161tvo za istra\u017eivanje i o\u010duvanje prirodoslovne raznolikosti Hrvatske<\/span><\/p>\n<p><span style=\"font-weight: 400;\"><b>Year published<\/b><\/span><span style=\"font-weight: 400;\">: 2016.<\/span><\/p>\n<p><span style=\"font-weight: 400;\"><strong>Pages<\/strong>: 96<\/span><\/p>\n<p>[\/et_pb_accordion_item][\/et_pb_accordion][\/et_pb_column][et_pb_column type=&#8221;1_3&#8243; _builder_version=&#8221;4.23.1&#8243; _module_preset=&#8221;default&#8221; global_colors_info=&#8221;{}&#8221;][et_pb_accordion _builder_version=&#8221;4.24.2&#8243; _module_preset=&#8221;default&#8221; box_shadow_style=&#8221;preset1&#8243; global_colors_info=&#8221;{}&#8221;][et_pb_accordion_item title=&#8221;Flora Po\u017ee\u0161ke kotline i Slavonskog gorja&#8221; open=&#8221;on&#8221; _builder_version=&#8221;4.23.1&#8243; _module_preset=&#8221;default&#8221; body_text_align=&#8221;center&#8221; min_height=&#8221;284px&#8221; height=&#8221;232px&#8221; max_height=&#8221;326px&#8221; global_colors_info=&#8221;{}&#8221; toggle_level=&#8221;h1&#8243; toggle_font=&#8221;|700||||on|||&#8221; toggle_text_align=&#8221;left&#8221; toggle_font_size=&#8221;20px&#8221;]<\/p>\n<h3><img loading=\"lazy\" decoding=\"async\" src=\"https:\/\/www.hbod.hr\/wp-content\/uploads\/2024\/01\/26_Flora-Pozeske-kotline-i-Slavonskog-gorja.jpg\" width=\"187\" height=\"263\" alt=\"\" class=\"wp-image-18937 alignnone size-full\" \/><\/h3>\n<p>[\/et_pb_accordion_item][et_pb_accordion_item title=&#8221;Read more&#8221; _builder_version=&#8221;4.24.2&#8243; _module_preset=&#8221;default&#8221; global_colors_info=&#8221;{}&#8221; open=&#8221;off&#8221;]<\/p>\n<p><span style=\"font-weight: 400;\"><strong>Author<\/strong>: Mirko Toma\u0161evi\u0107<\/span><\/p>\n<p><span style=\"font-weight: 400;\"><strong>Publisher:<\/strong> Hrvatska akademija znanosti i umjetnosti, Zavod za znanstveni i umjetni\u010dki rad u Po\u017eegi, Javna ustanova za upravljanje za\u0161ti\u0107enim podru\u010djem Po\u017ee\u0161ko-Slavonske \u017eupanije<\/span><\/p>\n<p><span style=\"font-weight: 400;\"><strong>Year published:<\/strong> 2016.<\/span><\/p>\n<p><span style=\"font-weight: 400;\"><strong>Pages:<\/strong> 385<\/span><\/p>\n<p>[\/et_pb_accordion_item][\/et_pb_accordion][\/et_pb_column][\/et_pb_row][et_pb_row column_structure=&#8221;1_3,1_3,1_3&#8243; _builder_version=&#8221;4.23.1&#8243; _module_preset=&#8221;default&#8221; width=&#8221;100%&#8221; locked=&#8221;off&#8221; global_colors_info=&#8221;{}&#8221;][et_pb_column type=&#8221;1_3&#8243; _builder_version=&#8221;4.23.1&#8243; _module_preset=&#8221;default&#8221; global_colors_info=&#8221;{}&#8221;][et_pb_accordion _builder_version=&#8221;4.24.2&#8243; _module_preset=&#8221;default&#8221; box_shadow_style=&#8221;preset1&#8243; global_colors_info=&#8221;{}&#8221;][et_pb_accordion_item title=&#8221;Flora zna\u010dajnoga krajobraza Rumin&#8221; open=&#8221;on&#8221; _builder_version=&#8221;4.23.1&#8243; _module_preset=&#8221;default&#8221; body_text_align=&#8221;center&#8221; min_height=&#8221;100px&#8221; height=&#8221;306px&#8221; max_height=&#8221;326px&#8221; global_colors_info=&#8221;{}&#8221; toggle_level=&#8221;h1&#8243; toggle_font=&#8221;|700||||on|||&#8221; toggle_text_align=&#8221;left&#8221; toggle_font_size=&#8221;20px&#8221;]<\/p>\n<h3><img loading=\"lazy\" decoding=\"async\" src=\"https:\/\/www.hbod.hr\/wp-content\/uploads\/2024\/01\/Screenshot_14-227x300.jpg\" width=\"201\" height=\"266\" alt=\"\" class=\"wp-image-19158 alignnone size-medium\" srcset=\"https:\/\/www.hbod.hr\/wp-content\/uploads\/2024\/01\/Screenshot_14-227x300.jpg 227w, https:\/\/www.hbod.hr\/wp-content\/uploads\/2024\/01\/Screenshot_14.jpg 469w\" sizes=\"(max-width: 201px) 100vw, 201px\" \/><\/h3>\n<p>[\/et_pb_accordion_item][et_pb_accordion_item title=&#8221;Read more&#8221; _builder_version=&#8221;4.24.2&#8243; _module_preset=&#8221;default&#8221; global_colors_info=&#8221;{}&#8221; open=&#8221;off&#8221;]<\/p>\n<p><span style=\"font-weight: 400;\"><strong>Authors:<\/strong> Dalibor Vladovi\u0107, Gvido Piasevoli, Stjepan Mekini\u0107, Nediljko \u017devrnja, Dario Hru\u0161evar, Tija Damjanovi\u0107, Josip Boban, Sanja Barbari\u0107, Ratko Cvitani\u0107<\/span><\/p>\n<p><strong>Publisher:<\/strong> <span style=\"font-weight: 400;\">Javna ustanova za upravljanje za\u0161ti\u0107enim dijelovima prirode na podru\u010dju Splitsko-dalmatinske \u017eupanije \u2013 \u201eMore i kr\u0161\u201c te Prirodoslovni muzej i zoolo\u0161ki vrt u Splitu<\/span><\/p>\n<p><span style=\"font-weight: 400;\"><strong>Year published:<\/strong> 2016.<\/span><\/p>\n<p><span style=\"font-weight: 400;\"><strong>Pages:<\/strong> 51<\/span><\/p>\n<p>[\/et_pb_accordion_item][\/et_pb_accordion][\/et_pb_column][et_pb_column type=&#8221;1_3&#8243; _builder_version=&#8221;4.23.1&#8243; _module_preset=&#8221;default&#8221; global_colors_info=&#8221;{}&#8221;][et_pb_accordion _builder_version=&#8221;4.24.2&#8243; _module_preset=&#8221;default&#8221; box_shadow_style=&#8221;preset1&#8243; global_colors_info=&#8221;{}&#8221;][et_pb_accordion_item title=&#8221;Samoborsko lepo cvetje. Putovanje \u010darobnim svijetom bo\u017eice Flore&#8221; open=&#8221;on&#8221; _builder_version=&#8221;4.23.1&#8243; _module_preset=&#8221;default&#8221; body_text_align=&#8221;center&#8221; min_height=&#8221;100px&#8221; height=&#8221;306px&#8221; max_height=&#8221;326px&#8221; global_colors_info=&#8221;{}&#8221; toggle_level=&#8221;h1&#8243; toggle_font=&#8221;|700||||on|||&#8221; toggle_text_align=&#8221;left&#8221; toggle_font_size=&#8221;20px&#8221;]<\/p>\n<h3><img loading=\"lazy\" decoding=\"async\" src=\"https:\/\/www.hbod.hr\/wp-content\/uploads\/2024\/01\/27_Samoborsko-lepo-cvetje.-Putovanje-carobnim-svijetom-bozice-Flore-234x300.webp\" width=\"218\" height=\"279\" alt=\"\" class=\"wp-image-18939 alignnone size-medium\" srcset=\"https:\/\/www.hbod.hr\/wp-content\/uploads\/2024\/01\/27_Samoborsko-lepo-cvetje.-Putovanje-carobnim-svijetom-bozice-Flore-234x300.webp 234w, https:\/\/www.hbod.hr\/wp-content\/uploads\/2024\/01\/27_Samoborsko-lepo-cvetje.-Putovanje-carobnim-svijetom-bozice-Flore.webp 327w\" sizes=\"(max-width: 218px) 100vw, 218px\" \/><\/h3>\n<p>[\/et_pb_accordion_item][et_pb_accordion_item title=&#8221;Read more&#8221; _builder_version=&#8221;4.24.2&#8243; _module_preset=&#8221;default&#8221; global_colors_info=&#8221;{}&#8221; open=&#8221;off&#8221;]<\/p>\n<p><span style=\"font-weight: 400;\"><strong>Author:<\/strong> Milan \u017degarac Peharnik<\/span><\/p>\n<p><span style=\"font-weight: 400;\"><strong>Publisher:<\/strong> Gradska knji\u017enica Samobor, Javna ustanova Zeleni prsten Zagreba\u010dke \u017eupanije<\/span><\/p>\n<p><span style=\"font-weight: 400;\"><strong>Year published:<\/strong> 2016.<\/span><\/p>\n<p><span style=\"font-weight: 400;\"><strong>Pages:<\/strong> 119<\/span><\/p>\n<p>[\/et_pb_accordion_item][\/et_pb_accordion][\/et_pb_column][et_pb_column type=&#8221;1_3&#8243; _builder_version=&#8221;4.23.1&#8243; _module_preset=&#8221;default&#8221; global_colors_info=&#8221;{}&#8221;][et_pb_accordion _builder_version=&#8221;4.24.2&#8243; _module_preset=&#8221;default&#8221; box_shadow_style=&#8221;preset1&#8243; global_colors_info=&#8221;{}&#8221;][et_pb_accordion_item title=&#8221;Priroda Hrvatske \u2013 Flora i fauna prirodnih stani\u0161ta Hrvatske&#8221; open=&#8221;on&#8221; _builder_version=&#8221;4.24.2&#8243; _module_preset=&#8221;default&#8221; body_text_align=&#8221;center&#8221; min_height=&#8221;100px&#8221; height=&#8221;306px&#8221; max_height=&#8221;326px&#8221; global_colors_info=&#8221;{}&#8221; toggle_level=&#8221;h1&#8243; toggle_font=&#8221;|700||||on|||&#8221; toggle_text_align=&#8221;left&#8221; toggle_font_size=&#8221;20px&#8221;]<\/p>\n<h3><img loading=\"lazy\" decoding=\"async\" src=\"https:\/\/www.hbod.hr\/wp-content\/uploads\/2024\/03\/7_Priroda-Hrvatske-235x300.jpg\" width=\"211\" height=\"269\" alt=\"\" class=\"wp-image-19665 alignnone size-medium\" srcset=\"https:\/\/www.hbod.hr\/wp-content\/uploads\/2024\/03\/7_Priroda-Hrvatske-235x300.jpg 235w, https:\/\/www.hbod.hr\/wp-content\/uploads\/2024\/03\/7_Priroda-Hrvatske.jpg 282w\" sizes=\"(max-width: 211px) 100vw, 211px\" \/><\/h3>\n<p>[\/et_pb_accordion_item][et_pb_accordion_item title=&#8221;Read more&#8221; _builder_version=&#8221;4.24.2&#8243; _module_preset=&#8221;default&#8221; global_colors_info=&#8221;{}&#8221; open=&#8221;off&#8221;]<\/p>\n<p><span style=\"font-weight: 400;\"><strong>Author: <\/strong><\/span>Goran \u0160afarek<\/p>\n<p><span style=\"font-weight: 400;\"><strong>Publisher:<\/strong> Mozaik knjiga<\/span><\/p>\n<p><span style=\"font-weight: 400;\"><strong>Year published:<\/strong> 2016.<\/span><\/p>\n<p><span style=\"font-weight: 400;\"><strong>Pages:<\/strong> 320<\/span><\/p>\n<p>[\/et_pb_accordion_item][\/et_pb_accordion][\/et_pb_column][\/et_pb_row][et_pb_row column_structure=&#8221;1_3,1_3,1_3&#8243; _builder_version=&#8221;4.23.1&#8243; _module_preset=&#8221;default&#8221; width=&#8221;100%&#8221; locked=&#8221;off&#8221; global_colors_info=&#8221;{}&#8221;][et_pb_column type=&#8221;1_3&#8243; _builder_version=&#8221;4.23.1&#8243; _module_preset=&#8221;default&#8221; global_colors_info=&#8221;{}&#8221;][et_pb_accordion _builder_version=&#8221;4.24.2&#8243; _module_preset=&#8221;default&#8221; box_shadow_style=&#8221;preset1&#8243; global_colors_info=&#8221;{}&#8221;][et_pb_accordion_item title=&#8221;Rijetke biljke jadranskog priobalja&#8221; open=&#8221;on&#8221; _builder_version=&#8221;4.23.1&#8243; _module_preset=&#8221;default&#8221; body_text_align=&#8221;center&#8221; max_height=&#8221;326px&#8221; global_colors_info=&#8221;{}&#8221; toggle_level=&#8221;h1&#8243; toggle_font=&#8221;|700||||on|||&#8221; toggle_text_align=&#8221;left&#8221; toggle_font_size=&#8221;20px&#8221;]<\/p>\n<h3><img loading=\"lazy\" decoding=\"async\" src=\"https:\/\/www.hbod.hr\/wp-content\/uploads\/2024\/01\/28_Rijetke-biljke-jadranskog-priobalja-200x300.jpg\" width=\"200\" height=\"300\" alt=\"\" class=\"wp-image-18941 alignnone size-medium\" \/><\/h3>\n<p>[\/et_pb_accordion_item][et_pb_accordion_item title=&#8221;Read more&#8221; _builder_version=&#8221;4.24.2&#8243; _module_preset=&#8221;default&#8221; global_colors_info=&#8221;{}&#8221; open=&#8221;off&#8221;]<\/p>\n<p><span style=\"font-weight: 400;\"><strong>Authors: <\/strong><\/span><span style=\"font-weight: 400;\">Mihaela Britvec, Sandro Bogdanovi\u0107, Ivica Ljubi\u010di\u0107, Ivana Vitasovi\u0107 Kosi\u0107<\/span><\/p>\n<p><span style=\"font-weight: 400;\"><strong>Publisher: <\/strong>Agronomski fakultet Sveu\u010dili\u0161ta u Zagrebu<\/span><\/p>\n<p><span style=\"font-weight: 400;\"><strong>Year published<\/strong>: 2015.<\/span><\/p>\n<p><span style=\"font-weight: 400;\"><strong>Pages<\/strong>: 213<\/span><\/p>\n<p>[\/et_pb_accordion_item][\/et_pb_accordion][\/et_pb_column][et_pb_column type=&#8221;1_3&#8243; _builder_version=&#8221;4.23.1&#8243; _module_preset=&#8221;default&#8221; global_colors_info=&#8221;{}&#8221;][et_pb_accordion _builder_version=&#8221;4.24.2&#8243; _module_preset=&#8221;default&#8221; box_shadow_style=&#8221;preset1&#8243; global_colors_info=&#8221;{}&#8221;][et_pb_accordion_item title=&#8221;Od sjemenke do ploda. Vodi\u010d kroz svijet drve\u0107a i grmlja Nacionalnog parka Sjeverni Velebit&#8221; open=&#8221;on&#8221; _builder_version=&#8221;4.23.1&#8243; _module_preset=&#8221;default&#8221; body_text_align=&#8221;center&#8221; min_height=&#8221;284px&#8221; height=&#8221;232px&#8221; max_height=&#8221;326px&#8221; global_colors_info=&#8221;{}&#8221; toggle_level=&#8221;h1&#8243; toggle_font=&#8221;|700||||on|||&#8221; toggle_text_align=&#8221;left&#8221; toggle_font_size=&#8221;20px&#8221;]<\/p>\n<h3><img loading=\"lazy\" decoding=\"async\" src=\"https:\/\/www.hbod.hr\/wp-content\/uploads\/2024\/01\/Screenshot_11-208x300.jpg\" width=\"182\" height=\"262\" alt=\"\" class=\"wp-image-18973 alignnone size-medium\" \/><\/h3>\n<p>[\/et_pb_accordion_item][et_pb_accordion_item title=&#8221;Read more&#8221; _builder_version=&#8221;4.24.2&#8243; _module_preset=&#8221;default&#8221; global_colors_info=&#8221;{}&#8221; open=&#8221;off&#8221;]<\/p>\n<p><span style=\"font-weight: 400;\"><b>Authors<\/b><\/span><span style=\"font-weight: 400;\">: Dario Kremer, Irena Kru\u0161i\u0107 Tomai\u0107<\/span><\/p>\n<p><span style=\"font-weight: 400;\"><strong>Publishers:<\/strong> Javna ustanova \u201eNacionalni park Sjeverni Velebit\u201c<\/span><\/p>\n<p><span style=\"font-weight: 400;\"><strong>Year published:<\/strong> 2015.<\/span><\/p>\n<p><span style=\"font-weight: 400;\"><strong>Pages:<\/strong> 302<\/span><\/p>\n<p>[\/et_pb_accordion_item][\/et_pb_accordion][\/et_pb_column][et_pb_column type=&#8221;1_3&#8243; _builder_version=&#8221;4.23.1&#8243; _module_preset=&#8221;default&#8221; global_colors_info=&#8221;{}&#8221;][et_pb_accordion _builder_version=&#8221;4.24.2&#8243; _module_preset=&#8221;default&#8221; box_shadow_style=&#8221;preset1&#8243; global_colors_info=&#8221;{}&#8221;][et_pb_accordion_item title=&#8221;Tradicijske sorte i pasmine Dalmacije&#8221; open=&#8221;on&#8221; _builder_version=&#8221;4.23.1&#8243; _module_preset=&#8221;default&#8221; body_text_align=&#8221;center&#8221; min_height=&#8221;100px&#8221; height=&#8221;306px&#8221; max_height=&#8221;326px&#8221; global_colors_info=&#8221;{}&#8221; toggle_level=&#8221;h1&#8243; toggle_font=&#8221;|700||||on|||&#8221; toggle_text_align=&#8221;left&#8221; toggle_font_size=&#8221;20px&#8221;]<\/p>\n<h3><img loading=\"lazy\" decoding=\"async\" src=\"https:\/\/www.hbod.hr\/wp-content\/uploads\/2024\/01\/30_Tradicijske-sorte-i-pasmine-Dalmacije-300x248.jpg\" width=\"300\" height=\"248\" alt=\"\" class=\"wp-image-18945 alignnone size-medium\" \/><\/h3>\n<p>[\/et_pb_accordion_item][et_pb_accordion_item title=&#8221;Read more&#8221; _builder_version=&#8221;4.24.2&#8243; _module_preset=&#8221;default&#8221; global_colors_info=&#8221;{}&#8221; open=&#8221;off&#8221;]<\/p>\n<p><span style=\"font-weight: 400;\"><strong>Authors:<\/strong> Roman Ozimec, Jasmina Karoglan Konti\u0107, Edi Maleti\u0107, Zdravko Matotan, Frane Striki\u0107<\/span><\/p>\n<p><span style=\"font-weight: 400;\"><strong>Publisher:<\/strong> Gradska knji\u017enica Samobor, Javna ustanova Zeleni prsten Zagreba\u010dke \u017eupanije<\/span><\/p>\n<p><span style=\"font-weight: 400;\"><strong>Year published:<\/strong> 2015.<\/span><\/p>\n<p><span style=\"font-weight: 400;\"><strong>Pages:<\/strong> 591<\/span><\/p>\n<p>[\/et_pb_accordion_item][\/et_pb_accordion][\/et_pb_column][\/et_pb_row][et_pb_row column_structure=&#8221;1_3,1_3,1_3&#8243; _builder_version=&#8221;4.23.1&#8243; _module_preset=&#8221;default&#8221; width=&#8221;100%&#8221; locked=&#8221;off&#8221; global_colors_info=&#8221;{}&#8221;][et_pb_column type=&#8221;1_3&#8243; _builder_version=&#8221;4.23.1&#8243; _module_preset=&#8221;default&#8221; global_colors_info=&#8221;{}&#8221;][et_pb_accordion _builder_version=&#8221;4.24.2&#8243; _module_preset=&#8221;default&#8221; box_shadow_style=&#8221;preset1&#8243; global_colors_info=&#8221;{}&#8221;][et_pb_accordion_item title=&#8221;\u010cudesno lijepa \u2013 Prirodna ba\u0161tina Primorsko-goranske \u017eupanije&#8221; open=&#8221;on&#8221; _builder_version=&#8221;4.23.1&#8243; _module_preset=&#8221;default&#8221; body_text_align=&#8221;center&#8221; max_height=&#8221;326px&#8221; global_colors_info=&#8221;{}&#8221; toggle_level=&#8221;h1&#8243; toggle_font=&#8221;|700||||on|||&#8221; toggle_text_align=&#8221;left&#8221; toggle_font_size=&#8221;20px&#8221;]<\/p>\n<h3><img loading=\"lazy\" decoding=\"async\" src=\"https:\/\/www.hbod.hr\/wp-content\/uploads\/2024\/01\/31_Cudesno-lijepa-\u2013-Prirodna-bastina-Primorsko-goranske-zupanije-294x300.jpg\" width=\"242\" height=\"247\" alt=\"\" class=\"wp-image-18947 alignnone size-medium\" srcset=\"https:\/\/www.hbod.hr\/wp-content\/uploads\/2024\/01\/31_Cudesno-lijepa-\u2013-Prirodna-bastina-Primorsko-goranske-zupanije-294x300.jpg 294w, https:\/\/www.hbod.hr\/wp-content\/uploads\/2024\/01\/31_Cudesno-lijepa-\u2013-Prirodna-bastina-Primorsko-goranske-zupanije-1005x1024.jpg 1005w, https:\/\/www.hbod.hr\/wp-content\/uploads\/2024\/01\/31_Cudesno-lijepa-\u2013-Prirodna-bastina-Primorsko-goranske-zupanije-768x783.jpg 768w, https:\/\/www.hbod.hr\/wp-content\/uploads\/2024\/01\/31_Cudesno-lijepa-\u2013-Prirodna-bastina-Primorsko-goranske-zupanije-1507x1536.jpg 1507w, https:\/\/www.hbod.hr\/wp-content\/uploads\/2024\/01\/31_Cudesno-lijepa-\u2013-Prirodna-bastina-Primorsko-goranske-zupanije-2009x2048.jpg 2009w, https:\/\/www.hbod.hr\/wp-content\/uploads\/2024\/01\/31_Cudesno-lijepa-\u2013-Prirodna-bastina-Primorsko-goranske-zupanije-1080x1101.jpg 1080w, https:\/\/www.hbod.hr\/wp-content\/uploads\/2024\/01\/31_Cudesno-lijepa-\u2013-Prirodna-bastina-Primorsko-goranske-zupanije-1280x1305.jpg 1280w, https:\/\/www.hbod.hr\/wp-content\/uploads\/2024\/01\/31_Cudesno-lijepa-\u2013-Prirodna-bastina-Primorsko-goranske-zupanije-980x999.jpg 980w, https:\/\/www.hbod.hr\/wp-content\/uploads\/2024\/01\/31_Cudesno-lijepa-\u2013-Prirodna-bastina-Primorsko-goranske-zupanije-480x489.jpg 480w\" sizes=\"(max-width: 242px) 100vw, 242px\" \/><\/h3>\n<p>[\/et_pb_accordion_item][et_pb_accordion_item title=&#8221;Read more&#8221; _builder_version=&#8221;4.24.2&#8243; _module_preset=&#8221;default&#8221; global_colors_info=&#8221;{}&#8221; open=&#8221;off&#8221;]<\/p>\n<p><span style=\"font-weight: 400;\"><strong>Editor:<\/strong> Sonja \u0160i\u0161i\u0107<\/span><\/p>\n<p><span style=\"font-weight: 400;\"><strong>Publisher: <\/strong><\/span><span style=\"font-weight: 400;\">Primorsko-goranska \u017eupanija, Javna ustanova Priroda<\/span><\/p>\n<p><span style=\"font-weight: 400;\"><b>Year published<\/b><\/span><span style=\"font-weight: 400;\">: 2015.<\/span><\/p>\n<p><span style=\"font-weight: 400;\"><strong>Pages<\/strong>: \u00a0591<\/span><\/p>\n<p>[\/et_pb_accordion_item][\/et_pb_accordion][\/et_pb_column][et_pb_column type=&#8221;1_3&#8243; _builder_version=&#8221;4.23.1&#8243; _module_preset=&#8221;default&#8221; global_colors_info=&#8221;{}&#8221;][et_pb_accordion _builder_version=&#8221;4.24.2&#8243; _module_preset=&#8221;default&#8221; box_shadow_style=&#8221;preset1&#8243; global_colors_info=&#8221;{}&#8221;][et_pb_accordion_item title=&#8221;Endemi u hrvatskoj flori&#8221; open=&#8221;on&#8221; _builder_version=&#8221;4.23.1&#8243; _module_preset=&#8221;default&#8221; body_text_align=&#8221;center&#8221; min_height=&#8221;284px&#8221; height=&#8221;232px&#8221; max_height=&#8221;326px&#8221; global_colors_info=&#8221;{}&#8221; toggle_level=&#8221;h1&#8243; toggle_font=&#8221;|700||||on|||&#8221; toggle_text_align=&#8221;left&#8221; toggle_font_size=&#8221;20px&#8221;]<\/p>\n<h3><img loading=\"lazy\" decoding=\"async\" src=\"https:\/\/www.hbod.hr\/wp-content\/uploads\/2024\/01\/32_Endemi-u-hrvatskoj-flori-238x300.jpg\" width=\"210\" height=\"265\" alt=\"\" class=\"wp-image-18949 alignnone size-medium\" \/><\/h3>\n<p>[\/et_pb_accordion_item][et_pb_accordion_item title=&#8221;Read more&#8221; _builder_version=&#8221;4.24.2&#8243; _module_preset=&#8221;default&#8221; global_colors_info=&#8221;{}&#8221; open=&#8221;off&#8221;]<\/p>\n<p><span style=\"font-weight: 400;\"><strong>Authors<\/strong>: Toni Nikoli\u0107, Milenko Milovi\u0107, Sandro Bogdanovi\u0107, Nenad Jasprica<\/span><\/p>\n<p><span style=\"font-weight: 400;\"><strong>Publisher: <\/strong><\/span><span style=\"font-weight: 400;\">Alfa d.d.<\/span><\/p>\n<p><span style=\"font-weight: 400;\"><strong>Year published:<\/strong> 2015.<\/span><\/p>\n<p><span style=\"font-weight: 400;\"><strong>Pages:<\/strong> 492<\/span><\/p>\n<p>[\/et_pb_accordion_item][\/et_pb_accordion][\/et_pb_column][et_pb_column type=&#8221;1_3&#8243; _builder_version=&#8221;4.23.1&#8243; _module_preset=&#8221;default&#8221; global_colors_info=&#8221;{}&#8221;][et_pb_accordion _builder_version=&#8221;4.24.2&#8243; _module_preset=&#8221;default&#8221; box_shadow_style=&#8221;preset1&#8243; global_colors_info=&#8221;{}&#8221;][et_pb_accordion_item title=&#8221;Zelena knjiga: Hrvatske izvorne sorte vinove loze&#8221; open=&#8221;on&#8221; _builder_version=&#8221;4.24.2&#8243; _module_preset=&#8221;default&#8221; body_text_align=&#8221;center&#8221; min_height=&#8221;100px&#8221; height=&#8221;306px&#8221; max_height=&#8221;326px&#8221; global_colors_info=&#8221;{}&#8221; toggle_level=&#8221;h1&#8243; toggle_font=&#8221;|700||||on|||&#8221; toggle_text_align=&#8221;left&#8221; toggle_font_size=&#8221;20px&#8221;]<\/p>\n<h3><\/h3>\n<h3><\/h3>\n<h3><\/h3>\n<h3><img loading=\"lazy\" decoding=\"async\" src=\"https:\/\/www.hbod.hr\/wp-content\/uploads\/2024\/01\/33_Zelena-knjiga-Hrvatske-izvorne-sorte-vinove-loze-300x205.jpg\" width=\"300\" height=\"205\" alt=\"\" class=\"wp-image-18951 alignnone size-medium\" srcset=\"https:\/\/www.hbod.hr\/wp-content\/uploads\/2024\/01\/33_Zelena-knjiga-Hrvatske-izvorne-sorte-vinove-loze-300x205.jpg 300w, https:\/\/www.hbod.hr\/wp-content\/uploads\/2024\/01\/33_Zelena-knjiga-Hrvatske-izvorne-sorte-vinove-loze.jpg 360w\" sizes=\"(max-width: 300px) 100vw, 300px\" \/><\/h3>\n<p>[\/et_pb_accordion_item][et_pb_accordion_item title=&#8221;Read more&#8221; _builder_version=&#8221;4.24.2&#8243; _module_preset=&#8221;default&#8221; global_colors_info=&#8221;{}&#8221; open=&#8221;off&#8221;]<\/p>\n<p><span style=\"font-weight: 400;\"><strong>Authors:<\/strong> Edi Maletic, Jasminka Karoglan Kontic, Ivan Pejic, Darko Preiner, Goran Zdunic, Marijan Bubola, Domagoj Stupic, \u017deljko Andabaka, Zvjezdana Markovic, Silvio \u0160imon, Maja \u017dulj Mihaljevic, Ivana Ilija\u0161, Davorin Markovic<\/span><\/p>\n<p><span style=\"font-weight: 400;\"><strong>Publisher:<\/strong> Hrvatska agencija za okoli\u0161 i prirodu<\/span><\/p>\n<p><span style=\"font-weight: 400;\"><strong>Year published:<\/strong> 2015.<\/span><\/p>\n<p><span style=\"font-weight: 400;\"><strong>Pages:<\/strong> 373<\/span><\/p>\n<p>[\/et_pb_accordion_item][\/et_pb_accordion][\/et_pb_column][\/et_pb_row][et_pb_row column_structure=&#8221;1_3,1_3,1_3&#8243; _builder_version=&#8221;4.23.1&#8243; _module_preset=&#8221;default&#8221; width=&#8221;100%&#8221; locked=&#8221;off&#8221; global_colors_info=&#8221;{}&#8221;][et_pb_column type=&#8221;1_3&#8243; _builder_version=&#8221;4.23.1&#8243; _module_preset=&#8221;default&#8221; global_colors_info=&#8221;{}&#8221;][et_pb_accordion _builder_version=&#8221;4.24.2&#8243; _module_preset=&#8221;default&#8221; box_shadow_style=&#8221;preset1&#8243; global_colors_info=&#8221;{}&#8221;][et_pb_accordion_item title=&#8221;Flora Hrvatske \u2013 Invazivne biljke&#8221; open=&#8221;on&#8221; _builder_version=&#8221;4.23.1&#8243; _module_preset=&#8221;default&#8221; body_text_align=&#8221;center&#8221; max_height=&#8221;326px&#8221; global_colors_info=&#8221;{}&#8221; toggle_level=&#8221;h1&#8243; toggle_font=&#8221;|700||||on|||&#8221; toggle_text_align=&#8221;left&#8221; toggle_font_size=&#8221;20px&#8221;]<\/p>\n<h3><img loading=\"lazy\" decoding=\"async\" src=\"https:\/\/www.hbod.hr\/wp-content\/uploads\/2024\/01\/34_Flora-Hrvatske.-Invazivne-biljke-218x300.jpg\" width=\"210\" height=\"289\" alt=\"\" class=\"wp-image-18953 alignnone size-medium\" \/><\/h3>\n<p>[\/et_pb_accordion_item][et_pb_accordion_item title=&#8221;Read more&#8221; _builder_version=&#8221;4.24.2&#8243; _module_preset=&#8221;default&#8221; global_colors_info=&#8221;{}&#8221; open=&#8221;off&#8221;]<\/p>\n<p><span style=\"font-weight: 400;\"><strong>Authors:<\/strong> Toni Nikoli\u0107, Bo\u017eena Miti\u0107, Igor Bor\u0161i\u0107 <\/span><\/p>\n<p><span style=\"font-weight: 400;\"><strong>Publisher: <\/strong>Alfa d.d.<\/span><\/p>\n<p><span style=\"font-weight: 400;\"><b>Year published<\/b><\/span><span style=\"font-weight: 400;\">: 2014.<\/span><\/p>\n<p><span style=\"font-weight: 400;\"><b>Pages<\/b><\/span><span style=\"font-weight: 400;\">: 295<\/span><\/p>\n<p>[\/et_pb_accordion_item][\/et_pb_accordion][\/et_pb_column][et_pb_column type=&#8221;1_3&#8243; _builder_version=&#8221;4.23.1&#8243; _module_preset=&#8221;default&#8221; global_colors_info=&#8221;{}&#8221;][et_pb_accordion _builder_version=&#8221;4.24.2&#8243; _module_preset=&#8221;default&#8221; box_shadow_style=&#8221;preset1&#8243; global_colors_info=&#8221;{}&#8221;][et_pb_accordion_item title=&#8221;Samonikle biljke dalmatinskih otoka i priobalja : upoznajmo, zavolimo, \u010duvajmo : vodi\u010d za \u0161etnju prirodom&#8221; open=&#8221;on&#8221; _builder_version=&#8221;4.24.2&#8243; _module_preset=&#8221;default&#8221; body_text_align=&#8221;center&#8221; max_height=&#8221;326px&#8221; global_colors_info=&#8221;{}&#8221; toggle_level=&#8221;h1&#8243; toggle_font=&#8221;|700||||on|||&#8221; toggle_text_align=&#8221;left&#8221; toggle_font_size=&#8221;20px&#8221;]<\/p>\n<h3><img loading=\"lazy\" decoding=\"async\" src=\"https:\/\/www.hbod.hr\/wp-content\/uploads\/2024\/03\/8_Samonikle-biljke-dalmatinskih-otoka-i-priobalja-238x300.png\" width=\"198\" height=\"250\" alt=\"\" class=\"wp-image-19667 alignnone size-medium\" \/><\/h3>\n<p>[\/et_pb_accordion_item][et_pb_accordion_item title=&#8221;Read more&#8221; _builder_version=&#8221;4.24.2&#8243; _module_preset=&#8221;default&#8221; global_colors_info=&#8221;{}&#8221; open=&#8221;off&#8221;]<\/p>\n<p><span style=\"font-weight: 400;\"><strong>Author:<\/strong> Tija Mlinac<\/span><\/p>\n<p><span style=\"font-weight: 400;\"><strong>Publisher: <\/strong><\/span>Hrvatska narodna knji\u017enica Antonio Rendi\u0107, Sutivan<\/p>\n<p><span style=\"font-weight: 400;\"><b>Year published<\/b><\/span><span style=\"font-weight: 400;\">: 2014.<\/span><\/p>\n<p><span style=\"font-weight: 400;\"><b>Pages<\/b><\/span><span style=\"font-weight: 400;\">: 126<\/span><\/p>\n<p>[\/et_pb_accordion_item][\/et_pb_accordion][\/et_pb_column][et_pb_column type=&#8221;1_3&#8243; _builder_version=&#8221;4.23.1&#8243; _module_preset=&#8221;default&#8221; global_colors_info=&#8221;{}&#8221;][et_pb_accordion _builder_version=&#8221;4.24.2&#8243; _module_preset=&#8221;default&#8221; box_shadow_style=&#8221;preset1&#8243; global_colors_info=&#8221;{}&#8221;][et_pb_accordion_item title=&#8221;Pedeset znamenitosti Botani\u010dkog vrta \u2013 Obilazak za prolaznika, \u0161eta\u010da i ljubitelja. Vodi\u010d kroz Botani\u010dki vrt Prirodoslovno-matemati\u010dkog fakulteta Sveu\u010dili\u0161ta u Zagrebu&#8221; open=&#8221;on&#8221; _builder_version=&#8221;4.23.1&#8243; _module_preset=&#8221;default&#8221; body_text_align=&#8221;center&#8221; min_height=&#8221;243px&#8221; height=&#8221;232px&#8221; max_height=&#8221;326px&#8221; global_colors_info=&#8221;{}&#8221; toggle_level=&#8221;h1&#8243; toggle_font=&#8221;|700||||on|||&#8221; toggle_text_align=&#8221;left&#8221; toggle_font_size=&#8221;20px&#8221;]<\/p>\n<h3><img loading=\"lazy\" decoding=\"async\" src=\"https:\/\/www.hbod.hr\/wp-content\/uploads\/2024\/01\/36_Pedeset-znamenitosti-Botanickog-vrta-300x225.png\" width=\"300\" height=\"225\" alt=\"\" class=\"wp-image-18957 alignnone size-medium\" \/><\/h3>\n<p>[\/et_pb_accordion_item][et_pb_accordion_item title=&#8221;Read more&#8221; _builder_version=&#8221;4.24.2&#8243; _module_preset=&#8221;default&#8221; global_colors_info=&#8221;{}&#8221; open=&#8221;off&#8221;]<\/p>\n<p><span style=\"font-weight: 400;\"><strong>Authors<\/strong>: Biserka Jureti\u0107, Sanja Kova\u010di\u0107, Darko Mihelj, Dubravka Sandev, Vanja Stamenkovi\u0107<\/span><\/p>\n<p><span style=\"font-weight: 400;\"><strong>Publisher: <\/strong>Sveu\u010dili\u0161te u Zagrebu, Prirodoslovno-matemati\u010dki fakultet<\/span><\/p>\n<p><span style=\"font-weight: 400;\"><strong>Year published:<\/strong> 2014.<\/span><\/p>\n<p><span style=\"font-weight: 400;\"><strong>Pages:<\/strong> 110<\/span><\/p>\n<p>[\/et_pb_accordion_item][\/et_pb_accordion][\/et_pb_column][\/et_pb_row][et_pb_row column_structure=&#8221;1_3,1_3,1_3&#8243; _builder_version=&#8221;4.23.1&#8243; _module_preset=&#8221;default&#8221; width=&#8221;100%&#8221; locked=&#8221;off&#8221; global_colors_info=&#8221;{}&#8221;][et_pb_column type=&#8221;1_3&#8243; _builder_version=&#8221;4.23.1&#8243; _module_preset=&#8221;default&#8221; global_colors_info=&#8221;{}&#8221;][et_pb_accordion _builder_version=&#8221;4.24.2&#8243; _module_preset=&#8221;default&#8221; box_shadow_style=&#8221;preset1&#8243; global_colors_info=&#8221;{}&#8221;][et_pb_accordion_item title=&#8221;Exkursionsflora f\u00fcr Istrien&#8221; open=&#8221;on&#8221; _builder_version=&#8221;4.23.1&#8243; _module_preset=&#8221;default&#8221; body_text_align=&#8221;center&#8221; min_height=&#8221;100px&#8221; height=&#8221;306px&#8221; max_height=&#8221;326px&#8221; global_colors_info=&#8221;{}&#8221; toggle_level=&#8221;h1&#8243; toggle_font=&#8221;|700||||on|||&#8221; toggle_text_align=&#8221;left&#8221; toggle_font_size=&#8221;20px&#8221;]<\/p>\n<h3><img loading=\"lazy\" decoding=\"async\" src=\"https:\/\/www.hbod.hr\/wp-content\/uploads\/2024\/01\/35_Exkursionsflora-fur-Istrien-191x300.jpg\" width=\"181\" height=\"284\" alt=\"\" class=\"wp-image-18955 alignnone size-medium\" srcset=\"https:\/\/www.hbod.hr\/wp-content\/uploads\/2024\/01\/35_Exkursionsflora-fur-Istrien-191x300.jpg 191w, https:\/\/www.hbod.hr\/wp-content\/uploads\/2024\/01\/35_Exkursionsflora-fur-Istrien.jpg 381w\" sizes=\"(max-width: 181px) 100vw, 181px\" \/><\/h3>\n<p>[\/et_pb_accordion_item][et_pb_accordion_item title=&#8221;Read more&#8221; _builder_version=&#8221;4.24.2&#8243; _module_preset=&#8221;default&#8221; global_colors_info=&#8221;{}&#8221; open=&#8221;off&#8221;]<\/p>\n<p><span style=\"font-weight: 400;\"><strong>Author:<\/strong> Walter K. Rottensteiner<\/span><\/p>\n<p><span style=\"font-weight: 400;\"><strong>Publisher:<\/strong> Natur wissenschaftlicher Verein f\u00fcr K\u00e4rnten<\/span><\/p>\n<p><span style=\"font-weight: 400;\"><strong>Year published:<\/strong> 2014.<\/span><\/p>\n<p><span style=\"font-weight: 400;\"><strong>Pages:<\/strong> 1014<\/span><\/p>\n<p>[\/et_pb_accordion_item][\/et_pb_accordion][\/et_pb_column][et_pb_column type=&#8221;1_3&#8243; _builder_version=&#8221;4.23.1&#8243; _module_preset=&#8221;default&#8221; global_colors_info=&#8221;{}&#8221;][et_pb_accordion _builder_version=&#8221;4.24.2&#8243; _module_preset=&#8221;default&#8221; box_shadow_style=&#8221;preset1&#8243; global_colors_info=&#8221;{}&#8221;][et_pb_accordion_item title=&#8221;\u0160umsko zeljasto bilje Hrvatske&#8221; open=&#8221;on&#8221; _builder_version=&#8221;4.23.1&#8243; _module_preset=&#8221;default&#8221; body_text_align=&#8221;center&#8221; max_height=&#8221;326px&#8221; global_colors_info=&#8221;{}&#8221; toggle_level=&#8221;h1&#8243; toggle_font=&#8221;|700||||on|||&#8221; toggle_text_align=&#8221;left&#8221; toggle_font_size=&#8221;20px&#8221;]<\/p>\n<h3><img loading=\"lazy\" decoding=\"async\" src=\"https:\/\/www.hbod.hr\/wp-content\/uploads\/2024\/01\/37_Sumsko-zeljasto-bilje-211x300.jpg\" width=\"198\" height=\"282\" alt=\"\" class=\"wp-image-18980 alignnone size-medium\" srcset=\"https:\/\/www.hbod.hr\/wp-content\/uploads\/2024\/01\/37_Sumsko-zeljasto-bilje-211x300.jpg 211w, https:\/\/www.hbod.hr\/wp-content\/uploads\/2024\/01\/37_Sumsko-zeljasto-bilje.jpg 300w\" sizes=\"(max-width: 198px) 100vw, 198px\" \/><\/h3>\n<p>[\/et_pb_accordion_item][et_pb_accordion_item title=&#8221;Read more&#8221; _builder_version=&#8221;4.24.2&#8243; _module_preset=&#8221;default&#8221; global_colors_info=&#8221;{}&#8221; open=&#8221;off&#8221;]<\/p>\n<p><span style=\"font-weight: 400;\"><strong>Authors:<\/strong> Jozo Franji\u0107 i \u017deljko \u0160kvorc<\/span><\/p>\n<p><span style=\"font-weight: 400;\"><strong>Publisher: <\/strong>\u0160umarski fakultet Sveu\u010dili\u0161ta u Zagrebu<\/span><\/p>\n<p><span style=\"font-weight: 400;\"><strong>Year published<\/strong>: 2014.<\/span><\/p>\n<p><span style=\"font-weight: 400;\"><strong>Broj stranica<\/strong>: 626<\/span><\/p>\n<p>[\/et_pb_accordion_item][\/et_pb_accordion][\/et_pb_column][et_pb_column type=&#8221;1_3&#8243; _builder_version=&#8221;4.23.1&#8243; _module_preset=&#8221;default&#8221; global_colors_info=&#8221;{}&#8221;][et_pb_accordion _builder_version=&#8221;4.24.2&#8243; _module_preset=&#8221;default&#8221; box_shadow_style=&#8221;preset1&#8243; global_colors_info=&#8221;{}&#8221;][et_pb_accordion_item title=&#8221;Dendrologija \u2013 Cvijet, \u010de\u0161er, plod, sjeme&#8221; open=&#8221;on&#8221; _builder_version=&#8221;4.23.1&#8243; _module_preset=&#8221;default&#8221; body_text_align=&#8221;center&#8221; min_height=&#8221;284px&#8221; height=&#8221;232px&#8221; max_height=&#8221;326px&#8221; global_colors_info=&#8221;{}&#8221; toggle_level=&#8221;h1&#8243; toggle_font=&#8221;|700||||on|||&#8221; toggle_text_align=&#8221;left&#8221; toggle_font_size=&#8221;20px&#8221;]<\/p>\n<h3><img loading=\"lazy\" decoding=\"async\" src=\"https:\/\/www.hbod.hr\/wp-content\/uploads\/2024\/01\/38_Dendrologija-\u2013-Cvijet-ceser-plod-sjeme-1-223x300.jpg\" width=\"196\" height=\"263\" alt=\"\" class=\"wp-image-18977 alignnone size-medium\" srcset=\"https:\/\/www.hbod.hr\/wp-content\/uploads\/2024\/01\/38_Dendrologija-\u2013-Cvijet-ceser-plod-sjeme-1-223x300.jpg 223w, https:\/\/www.hbod.hr\/wp-content\/uploads\/2024\/01\/38_Dendrologija-\u2013-Cvijet-ceser-plod-sjeme-1-480x646.jpg 480w, https:\/\/www.hbod.hr\/wp-content\/uploads\/2024\/01\/38_Dendrologija-\u2013-Cvijet-ceser-plod-sjeme-1.jpg 617w\" sizes=\"(max-width: 196px) 100vw, 196px\" \/><\/h3>\n<p>[\/et_pb_accordion_item][et_pb_accordion_item title=&#8221;Read more&#8221; _builder_version=&#8221;4.24.2&#8243; _module_preset=&#8221;default&#8221; global_colors_info=&#8221;{}&#8221; open=&#8221;off&#8221;]<\/p>\n<p><span style=\"font-weight: 400;\"><strong>Authors<\/strong>: Marilena Id\u017eojti\u0107<\/span><\/p>\n<p><span style=\"font-weight: 400;\"><strong>Publisher: <\/strong>\u0160umarski fakultet Sveu\u010dili\u0161ta u Zagrebu<\/span><\/p>\n<p><span style=\"font-weight: 400;\"><strong>Year published:<\/strong> 2013.<\/span><\/p>\n<p><span style=\"font-weight: 400;\"><strong>Pages:<\/strong> 672<\/span><\/p>\n<p>[\/et_pb_accordion_item][\/et_pb_accordion][\/et_pb_column][\/et_pb_row][et_pb_row column_structure=&#8221;1_3,1_3,1_3&#8243; _builder_version=&#8221;4.23.1&#8243; _module_preset=&#8221;default&#8221; width=&#8221;100%&#8221; locked=&#8221;off&#8221; global_colors_info=&#8221;{}&#8221;][et_pb_column type=&#8221;1_3&#8243; _builder_version=&#8221;4.23.1&#8243; _module_preset=&#8221;default&#8221; global_colors_info=&#8221;{}&#8221;][et_pb_accordion _builder_version=&#8221;4.24.2&#8243; _module_preset=&#8221;default&#8221; box_shadow_style=&#8221;preset1&#8243; global_colors_info=&#8221;{}&#8221;][et_pb_accordion_item title=&#8221;Leska &#8211; priru\u010dnik o flori Biblioteka Risnjak, knjiga 3&#8243; open=&#8221;on&#8221; content_tablet=&#8221;<\/p>\n<h3><img src=%22https:\/\/www.hbod.hr\/wp-content\/uploads\/2024\/01\/39_Leska-prirucnik-o-flori-167x300.jpg%22 width=%22148%22 height=%22265%22 alt=%22%22 class=%22wp-image-18985 alignnone size-medium%22 \/><\/h3>\n<p>&#8221; content_phone=&#8221;<\/p>\n<h3><img src=%22https:\/\/www.hbod.hr\/wp-content\/uploads\/2024\/01\/39_Leska-prirucnik-o-flori-167x300.jpg%22 width=%22148%22 height=%22265%22 alt=%22%22 class=%22wp-image-18985 alignnone size-medium%22 \/><\/h3>\n<p>&#8221; content_last_edited=&#8221;on|desktop&#8221; _builder_version=&#8221;4.23.1&#8243; _module_preset=&#8221;default&#8221; body_text_align=&#8221;center&#8221; min_height=&#8221;100px&#8221; height=&#8221;306px&#8221; max_height=&#8221;326px&#8221; global_colors_info=&#8221;{}&#8221; toggle_level=&#8221;h1&#8243; toggle_font=&#8221;|700||||on|||&#8221; toggle_text_align=&#8221;left&#8221; toggle_font_size=&#8221;20px&#8221;]<\/p>\n<h3><img loading=\"lazy\" decoding=\"async\" src=\"https:\/\/www.hbod.hr\/wp-content\/uploads\/2024\/01\/39_Leska-prirucnik-o-flori-167x300.jpg\" width=\"148\" height=\"265\" alt=\"\" class=\"wp-image-18985 alignnone size-medium\" \/><\/h3>\n<p>[\/et_pb_accordion_item][et_pb_accordion_item title=&#8221;Read more&#8221; _builder_version=&#8221;4.24.2&#8243; _module_preset=&#8221;default&#8221; global_colors_info=&#8221;{}&#8221; open=&#8221;off&#8221;]<\/p>\n<p><span style=\"font-weight: 400;\"><strong>Authors:<\/strong> Mirjana Vrbek, Suzana Buzjak<\/span><\/p>\n<p><span style=\"font-weight: 400;\"><strong>Publisher:<\/strong> Javna ustanova Nacionalni park Risnjak<\/span><\/p>\n<p><span style=\"font-weight: 400;\"><strong>Year published:<\/strong> 2013.<\/span><\/p>\n<p><span style=\"font-weight: 400;\"><strong>Pages:<\/strong> 114<\/span><\/p>\n<p>[\/et_pb_accordion_item][\/et_pb_accordion][\/et_pb_column][et_pb_column type=&#8221;1_3&#8243; _builder_version=&#8221;4.23.1&#8243; _module_preset=&#8221;default&#8221; global_colors_info=&#8221;{}&#8221;][et_pb_accordion _builder_version=&#8221;4.24.2&#8243; _module_preset=&#8221;default&#8221; box_shadow_style=&#8221;preset1&#8243; global_colors_info=&#8221;{}&#8221;][et_pb_accordion_item title=&#8221;Praktikum Sistemastke botanike &#8211; Raznolikost i evolucija biljnog svijeta&#8221; open=&#8221;on&#8221; _builder_version=&#8221;4.23.1&#8243; _module_preset=&#8221;default&#8221; body_text_align=&#8221;center&#8221; max_height=&#8221;326px&#8221; global_colors_info=&#8221;{}&#8221; toggle_level=&#8221;h1&#8243; toggle_font=&#8221;|700||||on|||&#8221; toggle_text_align=&#8221;left&#8221; toggle_font_size=&#8221;20px&#8221;]<\/p>\n<h3><img loading=\"lazy\" decoding=\"async\" src=\"https:\/\/www.hbod.hr\/wp-content\/uploads\/2024\/01\/40_Praktikum-Sistemastke-botanike-Raznolikost-i-evolucija-biljnog-svijeta-243x300.jpg\" width=\"210\" height=\"260\" alt=\"\" class=\"wp-image-18988 alignnone size-medium\" \/><\/h3>\n<p>[\/et_pb_accordion_item][et_pb_accordion_item title=&#8221;Read more&#8221; _builder_version=&#8221;4.24.2&#8243; _module_preset=&#8221;default&#8221; global_colors_info=&#8221;{}&#8221; open=&#8221;off&#8221;]<\/p>\n<p><span style=\"font-weight: 400;\"><strong>Author:<\/strong> Toni Nikoli\u0107<\/span><\/p>\n<p><span style=\"font-weight: 400;\"><strong>Publisher:<\/strong> Alfa d.d.<\/span><\/p>\n<p><span style=\"font-weight: 400;\"><strong>Year published:<\/strong> 2013.<\/span><\/p>\n<p><span style=\"font-weight: 400;\"><strong>Pages:<\/strong> 252<\/span><\/p>\n<p>[\/et_pb_accordion_item][\/et_pb_accordion][\/et_pb_column][et_pb_column type=&#8221;1_3&#8243; _builder_version=&#8221;4.23.1&#8243; _module_preset=&#8221;default&#8221; global_colors_info=&#8221;{}&#8221;][et_pb_accordion _builder_version=&#8221;4.24.2&#8243; _module_preset=&#8221;default&#8221; box_shadow_style=&#8221;preset1&#8243; global_colors_info=&#8221;{}&#8221;][et_pb_accordion_item title=&#8221;Sistematska botanika &#8211; Raznolikost i evolucija biljnog svijeta&#8221; open=&#8221;on&#8221; _builder_version=&#8221;4.23.1&#8243; _module_preset=&#8221;default&#8221; body_text_align=&#8221;center&#8221; min_height=&#8221;284px&#8221; height=&#8221;232px&#8221; max_height=&#8221;326px&#8221; global_colors_info=&#8221;{}&#8221; toggle_level=&#8221;h1&#8243; toggle_font=&#8221;|700||||on|||&#8221; toggle_text_align=&#8221;left&#8221; toggle_font_size=&#8221;20px&#8221;]<\/p>\n<h3><img loading=\"lazy\" decoding=\"async\" src=\"https:\/\/www.hbod.hr\/wp-content\/uploads\/2024\/01\/41_Sistematska-botanika-Raznolikost-i-evolucija-biljnog-svijeta-244x300.jpg\" width=\"208\" height=\"256\" alt=\"\" class=\"wp-image-18990 alignnone size-medium\" \/><\/h3>\n<p>[\/et_pb_accordion_item][et_pb_accordion_item title=&#8221;Read more&#8221; _builder_version=&#8221;4.24.2&#8243; _module_preset=&#8221;default&#8221; global_colors_info=&#8221;{}&#8221; open=&#8221;off&#8221;]<\/p>\n<p><span style=\"font-weight: 400;\"><strong>Author<\/strong>: Toni Nikoli\u0107<\/span><\/p>\n<p><span style=\"font-weight: 400;\"><strong>Publisher: <\/strong>Alfa d.d.<\/span><\/p>\n<p><span style=\"font-weight: 400;\"><strong>Year published:<\/strong> 2013.<\/span><\/p>\n<p><span style=\"font-weight: 400;\"><strong>Pages:<\/strong> 882<\/span><\/p>\n<p>[\/et_pb_accordion_item][\/et_pb_accordion][\/et_pb_column][\/et_pb_row][et_pb_row column_structure=&#8221;1_3,1_3,1_3&#8243; _builder_version=&#8221;4.23.1&#8243; _module_preset=&#8221;default&#8221; width=&#8221;100%&#8221; locked=&#8221;off&#8221; global_colors_info=&#8221;{}&#8221;][et_pb_column type=&#8221;1_3&#8243; _builder_version=&#8221;4.23.1&#8243; _module_preset=&#8221;default&#8221; global_colors_info=&#8221;{}&#8221;][et_pb_accordion _builder_version=&#8221;4.24.2&#8243; _module_preset=&#8221;default&#8221; box_shadow_style=&#8221;preset1&#8243; locked=&#8221;off&#8221; global_colors_info=&#8221;{}&#8221;][et_pb_accordion_item title=&#8221;Biljni svijet livada i pa\u0161njaka \u0106i\u0107arije&#8221; open=&#8221;on&#8221; content_tablet=&#8221;<\/p>\n<h3><\/h3>\n<h3><\/h3>\n<h3><\/h3>\n<h3><img src=%22https:\/\/www.hbod.hr\/wp-content\/uploads\/2024\/01\/42_Biljni-svijet-livada-i-pasnjaka-Cicarije-300x220.jpg%22 width=%22300%22 height=%22220%22 alt=%22%22 class=%22wp-image-18992 alignnone size-medium%22 \/><\/h3>\n<p>&#8221; content_phone=&#8221;<\/p>\n<h3><\/h3>\n<h3><\/h3>\n<h3><\/h3>\n<h3><img src=%22https:\/\/www.hbod.hr\/wp-content\/uploads\/2024\/01\/42_Biljni-svijet-livada-i-pasnjaka-Cicarije-300x220.jpg%22 width=%22300%22 height=%22220%22 alt=%22%22 class=%22wp-image-18992 alignnone size-medium%22 \/><\/h3>\n<p>&#8221; content_last_edited=&#8221;on|desktop&#8221; _builder_version=&#8221;4.23.1&#8243; _module_preset=&#8221;default&#8221; body_text_align=&#8221;center&#8221; min_height=&#8221;100px&#8221; height=&#8221;306px&#8221; max_height=&#8221;326px&#8221; global_colors_info=&#8221;{}&#8221; toggle_level=&#8221;h1&#8243; toggle_font=&#8221;|700||||on|||&#8221; toggle_text_align=&#8221;left&#8221; toggle_font_size=&#8221;20px&#8221;]<\/p>\n<h3><\/h3>\n<h3><\/h3>\n<h3><\/h3>\n<h3><img loading=\"lazy\" decoding=\"async\" src=\"https:\/\/www.hbod.hr\/wp-content\/uploads\/2024\/01\/42_Biljni-svijet-livada-i-pasnjaka-Cicarije-300x220.jpg\" width=\"300\" height=\"220\" alt=\"\" class=\"wp-image-18992 alignnone size-medium\" \/><\/h3>\n<p>[\/et_pb_accordion_item][et_pb_accordion_item title=&#8221;Read more&#8221; _builder_version=&#8221;4.24.2&#8243; _module_preset=&#8221;default&#8221; global_colors_info=&#8221;{}&#8221; open=&#8221;off&#8221;]<\/p>\n<p><span style=\"font-weight: 400;\"><strong>Authors:<\/strong> Mihaela Britvec, Sandro Bogdanovi\u0107, Ivica Ljubi\u010di\u0107, Ivana Vitasovi\u0107 Kosi\u0107<\/span><\/p>\n<p><span style=\"font-weight: 400;\"><strong>Publisher:<\/strong> Agronomski fakultet Sveu\u010dili\u0161ta u Zagrebu<\/span><\/p>\n<p><span style=\"font-weight: 400;\"><strong>Year published:<\/strong> 2013.<\/span><\/p>\n<p><span style=\"font-weight: 400;\"><strong>Pages:<\/strong> 234<\/span><\/p>\n<p>[\/et_pb_accordion_item][\/et_pb_accordion][\/et_pb_column][et_pb_column type=&#8221;1_3&#8243; _builder_version=&#8221;4.23.1&#8243; _module_preset=&#8221;default&#8221; global_colors_info=&#8221;{}&#8221;][et_pb_accordion _builder_version=&#8221;4.24.2&#8243; _module_preset=&#8221;default&#8221; box_shadow_style=&#8221;preset1&#8243; locked=&#8221;off&#8221; global_colors_info=&#8221;{}&#8221;][et_pb_accordion_item title=&#8221;103 samonikle biljke otoka Bra\u010da: vodi\u010d za \u0161etnju prirodom&#8221; open=&#8221;on&#8221; content_tablet=&#8221;<\/p>\n<h3><\/h3>\n<h3><\/h3>\n<h3><\/h3>\n<h3><img src=%22https:\/\/www.hbod.hr\/wp-content\/uploads\/2024\/01\/42_Biljni-svijet-livada-i-pasnjaka-Cicarije-300x220.jpg%22 width=%22300%22 height=%22220%22 alt=%22%22 class=%22wp-image-18992 alignnone size-medium%22 \/><\/h3>\n<p>&#8221; content_phone=&#8221;<\/p>\n<h3><\/h3>\n<h3><\/h3>\n<h3><\/h3>\n<h3><img src=%22https:\/\/www.hbod.hr\/wp-content\/uploads\/2024\/01\/42_Biljni-svijet-livada-i-pasnjaka-Cicarije-300x220.jpg%22 width=%22300%22 height=%22220%22 alt=%22%22 class=%22wp-image-18992 alignnone size-medium%22 \/><\/h3>\n<p>&#8221; content_last_edited=&#8221;on|desktop&#8221; _builder_version=&#8221;4.24.2&#8243; _module_preset=&#8221;default&#8221; body_text_align=&#8221;center&#8221; min_height=&#8221;100px&#8221; height=&#8221;306px&#8221; max_height=&#8221;326px&#8221; global_colors_info=&#8221;{}&#8221; toggle_level=&#8221;h1&#8243; toggle_font=&#8221;|700||||on|||&#8221; toggle_text_align=&#8221;left&#8221; toggle_font_size=&#8221;20px&#8221;]<\/p>\n<p><img loading=\"lazy\" decoding=\"async\" src=\"https:\/\/www.hbod.hr\/wp-content\/uploads\/2024\/03\/9_103-samonikle-biljke-otoka-Braca-1-200x300.jpg\" width=\"179\" height=\"269\" alt=\"\" class=\"wp-image-19732 alignnone size-medium\" \/><\/p>\n<p>[\/et_pb_accordion_item][et_pb_accordion_item title=&#8221;Read more&#8221; _builder_version=&#8221;4.24.2&#8243; _module_preset=&#8221;default&#8221; global_colors_info=&#8221;{}&#8221; open=&#8221;off&#8221;]<\/p>\n<p><span style=\"font-weight: 400;\"><strong>Authors: <\/strong><\/span>Tija Mlinac, Marisa \u0160kaljac<\/p>\n<p><span style=\"font-weight: 400;\"><strong>Publisher:<\/strong> Hrvatska narodna knji\u017enica Antonio Rendi\u0107, Sutivan<\/span><\/p>\n<p><span style=\"font-weight: 400;\"><strong>Year published:<\/strong> 2012.<\/span><\/p>\n<p><span style=\"font-weight: 400;\"><strong>Pages:<\/strong> 115<\/span><\/p>\n<p>[\/et_pb_accordion_item][\/et_pb_accordion][\/et_pb_column][et_pb_column type=&#8221;1_3&#8243; _builder_version=&#8221;4.23.1&#8243; _module_preset=&#8221;default&#8221; global_colors_info=&#8221;{}&#8221;][et_pb_accordion _builder_version=&#8221;4.24.2&#8243; _module_preset=&#8221;default&#8221; box_shadow_style=&#8221;preset1&#8243; global_colors_info=&#8221;{}&#8221;][et_pb_accordion_item title=&#8221;Zelenilo u Karlovcu : povijesni pregled i parkovna flora&#8221; open=&#8221;on&#8221; content_tablet=&#8221;<\/p>\n<h3><\/h3>\n<h3><\/h3>\n<h3><\/h3>\n<h3><img src=%22https:\/\/www.hbod.hr\/wp-content\/uploads\/2024\/01\/42_Biljni-svijet-livada-i-pasnjaka-Cicarije-300x220.jpg%22 width=%22300%22 height=%22220%22 alt=%22%22 class=%22wp-image-18992 alignnone size-medium%22 \/><\/h3>\n<p>&#8221; content_phone=&#8221;<\/p>\n<h3><img src=%22https:\/\/www.hbod.hr\/wp-content\/uploads\/2024\/01\/Zelenilo-u-Karlovcu-245x300.jpg%22 width=%22223%22 height=%22273%22 alt=%22%22 class=%22wp-image-19156 alignnone size-medium%22 \/><\/h3>\n<h3><\/h3>\n<p>&#8221; content_last_edited=&#8221;on|desktop&#8221; _builder_version=&#8221;4.24.0&#8243; _module_preset=&#8221;default&#8221; body_text_align=&#8221;center&#8221; min_height=&#8221;100px&#8221; height=&#8221;306px&#8221; max_height=&#8221;326px&#8221; global_colors_info=&#8221;{}&#8221; toggle_level=&#8221;h1&#8243; toggle_font=&#8221;|700||||on|||&#8221; toggle_text_align=&#8221;left&#8221; toggle_font_size=&#8221;20px&#8221;]<\/p>\n<p><img loading=\"lazy\" decoding=\"async\" src=\"https:\/\/www.hbod.hr\/wp-content\/uploads\/2024\/01\/Zelenilo-u-Karlovcu-245x300.jpg\" width=\"195\" height=\"239\" alt=\"\" class=\"wp-image-19156 alignnone size-medium\" \/><\/p>\n<p>[\/et_pb_accordion_item][et_pb_accordion_item title=&#8221;Read more&#8221; _builder_version=&#8221;4.24.2&#8243; _module_preset=&#8221;default&#8221; global_colors_info=&#8221;{}&#8221; open=&#8221;off&#8221;]<\/p>\n<p><span style=\"font-weight: 400;\"><strong>Authors:<\/strong> Antun Alegro, Radovan Radovinovi\u0107<\/span><\/p>\n<p><strong>Publisher:<\/strong> <span style=\"font-weight: 400;\">Zelenilo Karlovac<\/span><\/p>\n<p><span style=\"font-weight: 400;\"><strong>Year published:<\/strong> 2012.<\/span><\/p>\n<p><span style=\"font-weight: 400;\"><strong>Pages:<\/strong> 223<\/span><\/p>\n<p>[\/et_pb_accordion_item][\/et_pb_accordion][\/et_pb_column][\/et_pb_row][et_pb_row column_structure=&#8221;1_3,1_3,1_3&#8243; _builder_version=&#8221;4.23.1&#8243; _module_preset=&#8221;default&#8221; width=&#8221;100%&#8221; locked=&#8221;off&#8221; global_colors_info=&#8221;{}&#8221;][et_pb_column type=&#8221;1_3&#8243; _builder_version=&#8221;4.23.1&#8243; _module_preset=&#8221;default&#8221; global_colors_info=&#8221;{}&#8221;][et_pb_accordion _builder_version=&#8221;4.24.2&#8243; _module_preset=&#8221;default&#8221; box_shadow_style=&#8221;preset1&#8243; global_colors_info=&#8221;{}&#8221;][et_pb_accordion_item title=&#8221;\u0160umska vegetacija Hrvatske&#8221; open=&#8221;on&#8221; _builder_version=&#8221;4.23.1&#8243; _module_preset=&#8221;default&#8221; body_text_align=&#8221;center&#8221; max_height=&#8221;326px&#8221; global_colors_info=&#8221;{}&#8221; toggle_level=&#8221;h1&#8243; toggle_font=&#8221;|700||||on|||&#8221; toggle_text_align=&#8221;left&#8221; toggle_font_size=&#8221;20px&#8221;]<\/p>\n<h3><img loading=\"lazy\" decoding=\"async\" src=\"https:\/\/www.hbod.hr\/wp-content\/uploads\/2024\/01\/43_Sumska-vegetacija-Hrvatske.jpg\" width=\"201\" height=\"291\" alt=\"\" class=\"wp-image-18994 alignnone size-full\" \/><\/h3>\n<p>[\/et_pb_accordion_item][et_pb_accordion_item title=&#8221;Read more&#8221; _builder_version=&#8221;4.24.2&#8243; _module_preset=&#8221;default&#8221; global_colors_info=&#8221;{}&#8221; open=&#8221;off&#8221;]<\/p>\n<p><span style=\"font-weight: 400;\"><strong>Author:<\/strong> Joso Vukeli\u0107<\/span><\/p>\n<p><span style=\"font-weight: 400;\"><strong>Publisher:<\/strong> \u0160umarski fakultet Sveu\u010dili\u0161ta u Zagrebu i Dr\u017eavni zavod za za\u0161titu prirode<\/span><\/p>\n<p><span style=\"font-weight: 400;\"><strong>Year published:<\/strong> 2012.<\/span><\/p>\n<p><span style=\"font-weight: 400;\"><strong>Pages:<\/strong> 403<\/span><\/p>\n<p>[\/et_pb_accordion_item][\/et_pb_accordion][\/et_pb_column][et_pb_column type=&#8221;1_3&#8243; _builder_version=&#8221;4.23.1&#8243; _module_preset=&#8221;default&#8221; global_colors_info=&#8221;{}&#8221;][et_pb_accordion _builder_version=&#8221;4.24.2&#8243; _module_preset=&#8221;default&#8221; box_shadow_style=&#8221;preset1&#8243; global_colors_info=&#8221;{}&#8221;][et_pb_accordion_item title=&#8221;\u0160ume hrvatskog Sredozemlja&#8221; open=&#8221;on&#8221; _builder_version=&#8221;4.23.1&#8243; _module_preset=&#8221;default&#8221; body_text_align=&#8221;center&#8221; min_height=&#8221;284px&#8221; height=&#8221;232px&#8221; max_height=&#8221;326px&#8221; global_colors_info=&#8221;{}&#8221; toggle_level=&#8221;h1&#8243; toggle_font=&#8221;|700||||on|||&#8221; toggle_text_align=&#8221;left&#8221; toggle_font_size=&#8221;20px&#8221;]<\/p>\n<h3><img loading=\"lazy\" decoding=\"async\" src=\"https:\/\/www.hbod.hr\/wp-content\/uploads\/2024\/01\/44_Sume-hrvatskog-Sredozemlja-221x300.jpg\" width=\"191\" height=\"260\" alt=\"\" class=\"wp-image-18996 alignnone size-medium\" \/><\/h3>\n<p>[\/et_pb_accordion_item][et_pb_accordion_item title=&#8221;Read more&#8221; _builder_version=&#8221;4.24.2&#8243; _module_preset=&#8221;default&#8221; global_colors_info=&#8221;{}&#8221; open=&#8221;off&#8221;]<\/p>\n<p><span style=\"font-weight: 400;\"><strong>Editor:<\/strong> Slavko Mati\u0107<\/span><\/p>\n<p><span style=\"font-weight: 400;\"><strong>Publisher:<\/strong> Akademija \u0161umarskih znanosti<\/span><\/p>\n<p><span style=\"font-weight: 400;\"><strong>Year published:<\/strong> 2011.<\/span><\/p>\n<p><span style=\"font-weight: 400;\"><strong>Pages:<\/strong> 740<\/span><\/p>\n<p>[\/et_pb_accordion_item][\/et_pb_accordion][\/et_pb_column][et_pb_column type=&#8221;1_3&#8243; _builder_version=&#8221;4.23.1&#8243; _module_preset=&#8221;default&#8221; global_colors_info=&#8221;{}&#8221;][et_pb_accordion _builder_version=&#8221;4.24.2&#8243; _module_preset=&#8221;default&#8221; box_shadow_style=&#8221;preset1&#8243; global_colors_info=&#8221;{}&#8221;][et_pb_accordion_item title=&#8221;Vi\u0161e biljke stabla\u0161ice. Sistematika i gospodarsko zna\u010denje&#8221; open=&#8221;on&#8221; content_tablet=&#8221;<\/p>\n<h3><img src=%22https:\/\/www.hbod.hr\/wp-content\/uploads\/2024\/01\/45_vise-biljke-stablasice-227x300.jpg%22 width=%22213%22 height=%22281%22 alt=%22%22 class=%22wp-image-18998 alignnone size-medium%22 \/><\/h3>\n<p>&#8221; content_phone=&#8221;<\/p>\n<h3><img src=%22https:\/\/www.hbod.hr\/wp-content\/uploads\/2024\/01\/45_vise-biljke-stablasice-227x300.jpg%22 width=%22213%22 height=%22281%22 alt=%22%22 class=%22wp-image-18998 alignnone size-medium%22 \/><\/h3>\n<p>&#8221; content_last_edited=&#8221;on|desktop&#8221; _builder_version=&#8221;4.23.1&#8243; _module_preset=&#8221;default&#8221; body_text_align=&#8221;center&#8221; min_height=&#8221;100px&#8221; height=&#8221;306px&#8221; max_height=&#8221;326px&#8221; global_colors_info=&#8221;{}&#8221; toggle_level=&#8221;h1&#8243; toggle_font=&#8221;|700||||on|||&#8221; toggle_text_align=&#8221;left&#8221; toggle_font_size=&#8221;20px&#8221;]<\/p>\n<h3><img loading=\"lazy\" decoding=\"async\" src=\"https:\/\/www.hbod.hr\/wp-content\/uploads\/2024\/01\/45_vise-biljke-stablasice-227x300.jpg\" width=\"213\" height=\"281\" alt=\"\" class=\"wp-image-18998 alignnone size-medium\" \/><\/h3>\n<p>[\/et_pb_accordion_item][et_pb_accordion_item title=&#8221;Read more&#8221; _builder_version=&#8221;4.24.2&#8243; _module_preset=&#8221;default&#8221; global_colors_info=&#8221;{}&#8221; open=&#8221;off&#8221;]<\/p>\n<p><span style=\"font-weight: 400;\"><strong>Author:<\/strong> Nada Hulina<\/span><\/p>\n<p><span style=\"font-weight: 400;\"><strong>Publisher:<\/strong> Golden marketing \u2013 Tehni\u010dka knjiga<\/span><\/p>\n<p><span style=\"font-weight: 400;\"><strong>Year published:<\/strong> 2011.<\/span><\/p>\n<p><span style=\"font-weight: 400;\"><strong>Pages:<\/strong> 343<\/span><\/p>\n<p>[\/et_pb_accordion_item][\/et_pb_accordion][\/et_pb_column][\/et_pb_row][et_pb_row column_structure=&#8221;1_3,1_3,1_3&#8243; _builder_version=&#8221;4.23.1&#8243; _module_preset=&#8221;default&#8221; width=&#8221;100%&#8221; locked=&#8221;off&#8221; global_colors_info=&#8221;{}&#8221;][et_pb_column type=&#8221;1_3&#8243; _builder_version=&#8221;4.23.1&#8243; _module_preset=&#8221;default&#8221; global_colors_info=&#8221;{}&#8221;][et_pb_accordion _builder_version=&#8221;4.24.2&#8243; _module_preset=&#8221;default&#8221; box_shadow_style=&#8221;preset1&#8243; global_colors_info=&#8221;{}&#8221;][et_pb_accordion_item title=&#8221;\u0160umsko drve\u0107e i grmlje Hrvatske&#8221; open=&#8221;on&#8221; _builder_version=&#8221;4.23.1&#8243; _module_preset=&#8221;default&#8221; body_text_align=&#8221;center&#8221; max_height=&#8221;326px&#8221; global_colors_info=&#8221;{}&#8221; toggle_level=&#8221;h1&#8243; toggle_font=&#8221;|700||||on|||&#8221; toggle_text_align=&#8221;left&#8221; toggle_font_size=&#8221;20px&#8221;]<\/p>\n<h3><img loading=\"lazy\" decoding=\"async\" src=\"https:\/\/www.hbod.hr\/wp-content\/uploads\/2024\/01\/46_Sumsko-drvece-i-grmlje-Hrvatske-210x300.jpg\" width=\"171\" height=\"245\" alt=\"\" class=\"wp-image-19000 alignnone size-medium\" srcset=\"https:\/\/www.hbod.hr\/wp-content\/uploads\/2024\/01\/46_Sumsko-drvece-i-grmlje-Hrvatske-210x300.jpg 210w, https:\/\/www.hbod.hr\/wp-content\/uploads\/2024\/01\/46_Sumsko-drvece-i-grmlje-Hrvatske.jpg 382w\" sizes=\"(max-width: 171px) 100vw, 171px\" \/><\/h3>\n<p>[\/et_pb_accordion_item][et_pb_accordion_item title=&#8221;Read more&#8221; _builder_version=&#8221;4.24.2&#8243; _module_preset=&#8221;default&#8221; global_colors_info=&#8221;{}&#8221; open=&#8221;off&#8221;]<\/p>\n<p><span style=\"font-weight: 400;\"><strong>Authors:<\/strong> Jozo Franji\u0107 i \u017deljko \u0160kvorc<\/span><\/p>\n<p><span style=\"font-weight: 400;\"><strong>Publisher:<\/strong> \u0160umarski fakultet Sveu\u010dili\u0161ta u Zagrebu<\/span><\/p>\n<p><span style=\"font-weight: 400;\"><strong>Year published:<\/strong> 2010.<\/span><\/p>\n<p><span style=\"font-weight: 400;\"><strong>Pages:<\/strong> 432<\/span><\/p>\n<p>[\/et_pb_accordion_item][\/et_pb_accordion][\/et_pb_column][et_pb_column type=&#8221;1_3&#8243; _builder_version=&#8221;4.23.1&#8243; _module_preset=&#8221;default&#8221; global_colors_info=&#8221;{}&#8221;][et_pb_accordion _builder_version=&#8221;4.24.2&#8243; _module_preset=&#8221;default&#8221; box_shadow_style=&#8221;preset1&#8243; global_colors_info=&#8221;{}&#8221;][et_pb_accordion_item title=&#8221;Botani\u010dki va\u017ena podru\u010dja Hrvatske&#8221; open=&#8221;on&#8221; _builder_version=&#8221;4.23.1&#8243; _module_preset=&#8221;default&#8221; body_text_align=&#8221;center&#8221; min_height=&#8221;284px&#8221; height=&#8221;232px&#8221; max_height=&#8221;326px&#8221; global_colors_info=&#8221;{}&#8221; toggle_level=&#8221;h1&#8243; toggle_font=&#8221;|700||||on|||&#8221; toggle_text_align=&#8221;left&#8221; toggle_font_size=&#8221;20px&#8221;]<\/p>\n<h3><img loading=\"lazy\" decoding=\"async\" src=\"https:\/\/www.hbod.hr\/wp-content\/uploads\/2024\/01\/47_Botanicki-vazna-podrucja-Hrvatske-254x300.jpg\" width=\"209\" height=\"247\" alt=\"\" class=\"wp-image-19002 alignnone size-medium\" \/><\/h3>\n<p>[\/et_pb_accordion_item][et_pb_accordion_item title=&#8221;Read more&#8221; _builder_version=&#8221;4.24.2&#8243; _module_preset=&#8221;default&#8221; global_colors_info=&#8221;{}&#8221; open=&#8221;off&#8221;]<\/p>\n<p><span style=\"font-weight: 400;\"><strong>Editors:<\/strong> Toni Nikoli\u0107, Jasenka Topi\u0107, Nina Vukovi\u0107<\/span><\/p>\n<p><span style=\"font-weight: 400;\"><strong>Publisher:<\/strong> \u0160kolska knjiga<\/span><\/p>\n<p><span style=\"font-weight: 400;\"><strong>Year published:<\/strong> 2010.<\/span><\/p>\n<p><span style=\"font-weight: 400;\"><strong>Pages:<\/strong> 529<\/span><\/p>\n<p>[\/et_pb_accordion_item][\/et_pb_accordion][\/et_pb_column][et_pb_column type=&#8221;1_3&#8243; _builder_version=&#8221;4.23.1&#8243; _module_preset=&#8221;default&#8221; global_colors_info=&#8221;{}&#8221;][et_pb_accordion _builder_version=&#8221;4.24.2&#8243; _module_preset=&#8221;default&#8221; box_shadow_style=&#8221;preset1&#8243; global_colors_info=&#8221;{}&#8221;][et_pb_accordion_item title=&#8221;Orhideje na Strahinj\u0161\u010dici i susjednim podru\u010djima&#8221; open=&#8221;on&#8221; content_tablet=&#8221;<\/p>\n<h3><img src=%22https:\/\/www.hbod.hr\/wp-content\/uploads\/2024\/01\/48_Orhideje-na-Strahinjscici-i-susjednim-podrucjima-241x300.jpg%22 width=%22217%22 height=%22270%22 alt=%22%22 class=%22wp-image-19004 alignnone size-medium%22 \/><\/h3>\n<p>&#8221; content_phone=&#8221;<\/p>\n<h3><img src=%22https:\/\/www.hbod.hr\/wp-content\/uploads\/2024\/01\/48_Orhideje-na-Strahinjscici-i-susjednim-podrucjima-241x300.jpg%22 width=%22217%22 height=%22270%22 alt=%22%22 class=%22wp-image-19004 alignnone size-medium%22 \/><\/h3>\n<p>&#8221; content_last_edited=&#8221;on|desktop&#8221; _builder_version=&#8221;4.23.1&#8243; _module_preset=&#8221;default&#8221; body_text_align=&#8221;center&#8221; min_height=&#8221;100px&#8221; height=&#8221;306px&#8221; max_height=&#8221;326px&#8221; global_colors_info=&#8221;{}&#8221; toggle_level=&#8221;h1&#8243; toggle_font=&#8221;|700||||on|||&#8221; toggle_text_align=&#8221;left&#8221; toggle_font_size=&#8221;20px&#8221;]<\/p>\n<h3><img loading=\"lazy\" decoding=\"async\" src=\"https:\/\/www.hbod.hr\/wp-content\/uploads\/2024\/01\/48_Orhideje-na-Strahinjscici-i-susjednim-podrucjima-241x300.jpg\" width=\"217\" height=\"270\" alt=\"\" class=\"wp-image-19004 alignnone size-medium\" \/><\/h3>\n<p>[\/et_pb_accordion_item][et_pb_accordion_item title=&#8221;Read more&#8221; _builder_version=&#8221;4.24.2&#8243; _module_preset=&#8221;default&#8221; global_colors_info=&#8221;{}&#8221; open=&#8221;off&#8221;]<\/p>\n<p><span style=\"font-weight: 400;\"><strong>Author:<\/strong> Ljiljana Borove\u010dki-Voska<\/span><\/p>\n<p><span style=\"font-weight: 400;\"><strong>Publisher:<\/strong> Alfa d.d.<\/span><\/p>\n<p><span style=\"font-weight: 400;\"><strong>Year published:<\/strong> 2010.<\/span><\/p>\n<p><span style=\"font-weight: 400;\"><strong>Pages:<\/strong> 117<\/span><\/p>\n<p>[\/et_pb_accordion_item][\/et_pb_accordion][\/et_pb_column][\/et_pb_row][et_pb_row column_structure=&#8221;1_3,1_3,1_3&#8243; _builder_version=&#8221;4.23.1&#8243; _module_preset=&#8221;default&#8221; width=&#8221;100%&#8221; locked=&#8221;off&#8221; global_colors_info=&#8221;{}&#8221;][et_pb_column type=&#8221;1_3&#8243; _builder_version=&#8221;4.23.1&#8243; _module_preset=&#8221;default&#8221; global_colors_info=&#8221;{}&#8221;][et_pb_accordion _builder_version=&#8221;4.24.2&#8243; _module_preset=&#8221;default&#8221; box_shadow_style=&#8221;preset1&#8243; global_colors_info=&#8221;{}&#8221;][et_pb_accordion_item title=&#8221;Jadranski pu\u010dinski otoci&#8221; open=&#8221;on&#8221; _builder_version=&#8221;4.24.2&#8243; _module_preset=&#8221;default&#8221; body_text_align=&#8221;center&#8221; max_height=&#8221;326px&#8221; global_colors_info=&#8221;{}&#8221; toggle_level=&#8221;h1&#8243; toggle_font=&#8221;|700||||on|||&#8221; toggle_text_align=&#8221;left&#8221; toggle_font_size=&#8221;20px&#8221;]<\/p>\n<h3><img loading=\"lazy\" decoding=\"async\" src=\"https:\/\/www.hbod.hr\/wp-content\/uploads\/2024\/03\/10_Jadranski-pucinski-otoci.jpg\" width=\"192\" height=\"267\" alt=\"\" class=\"wp-image-19673 alignnone size-full\" \/><\/h3>\n<p>[\/et_pb_accordion_item][et_pb_accordion_item title=&#8221;Read more&#8221; _builder_version=&#8221;4.24.2&#8243; _module_preset=&#8221;default&#8221; global_colors_info=&#8221;{}&#8221; open=&#8221;off&#8221;]<\/p>\n<p><span style=\"font-weight: 400;\"><strong>Author:<\/strong> Radovan Kranj\u010dev<\/span><\/p>\n<p><span style=\"font-weight: 400;\"><strong>Publisher:<\/strong> TONIMIR<\/span><\/p>\n<p><span style=\"font-weight: 400;\"><strong>Year published:<\/strong> 2010.<\/span><\/p>\n<p><span style=\"font-weight: 400;\"><strong>Pages:<\/strong> 80<\/span><\/p>\n<p>[\/et_pb_accordion_item][\/et_pb_accordion][\/et_pb_column][et_pb_column type=&#8221;1_3&#8243; _builder_version=&#8221;4.23.1&#8243; _module_preset=&#8221;default&#8221; global_colors_info=&#8221;{}&#8221;][et_pb_accordion _builder_version=&#8221;4.24.2&#8243; _module_preset=&#8221;default&#8221; box_shadow_style=&#8221;preset1&#8243; global_colors_info=&#8221;{}&#8221;][et_pb_accordion_item title=&#8221;\u010carolija \u0161ume &#8211; u igri s prirodom&#8221; open=&#8221;on&#8221; _builder_version=&#8221;4.24.2&#8243; _module_preset=&#8221;default&#8221; body_text_align=&#8221;center&#8221; min_height=&#8221;284px&#8221; height=&#8221;232px&#8221; max_height=&#8221;326px&#8221; global_colors_info=&#8221;{}&#8221; toggle_level=&#8221;h1&#8243; toggle_font=&#8221;|700||||on|||&#8221; toggle_text_align=&#8221;left&#8221; toggle_font_size=&#8221;20px&#8221;]<\/p>\n<h3><img loading=\"lazy\" decoding=\"async\" src=\"https:\/\/www.hbod.hr\/wp-content\/uploads\/2024\/03\/11_Carolija-sume-u-igri-s-prirodom-242x300.jpg\" width=\"200\" height=\"248\" alt=\"\" class=\"wp-image-19675 alignnone size-medium\" \/><\/h3>\n<p>[\/et_pb_accordion_item][et_pb_accordion_item title=&#8221;Read more&#8221; _builder_version=&#8221;4.24.2&#8243; _module_preset=&#8221;default&#8221; global_colors_info=&#8221;{}&#8221; open=&#8221;off&#8221;]<\/p>\n<p><span style=\"font-weight: 400;\"><strong>Authors:<\/strong> Goran Su\u0161i\u0107, Vesna Radek<\/span><\/p>\n<p><span style=\"font-weight: 400;\"><strong>Pages:<\/strong> \u0160kolska knjiga<\/span><\/p>\n<p><span style=\"font-weight: 400;\"><strong>Year published:<\/strong> 2009.<\/span><\/p>\n<p><span style=\"font-weight: 400;\"><strong>Pages:<\/strong> 72<\/span><\/p>\n<p>[\/et_pb_accordion_item][\/et_pb_accordion][\/et_pb_column][et_pb_column type=&#8221;1_3&#8243; _builder_version=&#8221;4.23.1&#8243; _module_preset=&#8221;default&#8221; global_colors_info=&#8221;{}&#8221;][et_pb_accordion _builder_version=&#8221;4.24.2&#8243; _module_preset=&#8221;default&#8221; box_shadow_style=&#8221;preset1&#8243; global_colors_info=&#8221;{}&#8221;][et_pb_accordion_item title=&#8221;Najljep\u0161e cvije\u0107e hrvatskih planina i livada : rijetke, endemske, ugro\u017eene i za\u0161ti\u0107ene biljne vrste hrvatske flore&#8221; open=&#8221;on&#8221; content_tablet=&#8221;<\/p>\n<h3><img src=%22https:\/\/www.hbod.hr\/wp-content\/uploads\/2024\/01\/48_Orhideje-na-Strahinjscici-i-susjednim-podrucjima-241x300.jpg%22 width=%22217%22 height=%22270%22 alt=%22%22 class=%22wp-image-19004 alignnone size-medium%22 \/><\/h3>\n<p>&#8221; content_phone=&#8221;<\/p>\n<h3><img src=%22https:\/\/www.hbod.hr\/wp-content\/uploads\/2024\/01\/48_Orhideje-na-Strahinjscici-i-susjednim-podrucjima-241x300.jpg%22 width=%22217%22 height=%22270%22 alt=%22%22 class=%22wp-image-19004 alignnone size-medium%22 \/><\/h3>\n<p>&#8221; content_last_edited=&#8221;on|desktop&#8221; _builder_version=&#8221;4.24.2&#8243; _module_preset=&#8221;default&#8221; body_text_align=&#8221;center&#8221; min_height=&#8221;100px&#8221; height=&#8221;246px&#8221; max_height=&#8221;326px&#8221; global_colors_info=&#8221;{}&#8221; toggle_level=&#8221;h1&#8243; toggle_font=&#8221;|700||||on|||&#8221; toggle_text_align=&#8221;left&#8221; toggle_font_size=&#8221;20px&#8221;]<\/p>\n<h3><img loading=\"lazy\" decoding=\"async\" src=\"https:\/\/www.hbod.hr\/wp-content\/uploads\/2024\/03\/12_NAJLJEPSE-CVIJECE-HRVATSKIH-PLANINA-I-LIVADA-1-214x300.jpg\" width=\"154\" height=\"216\" alt=\"\" class=\"wp-image-19734 alignnone size-medium\" \/><\/h3>\n<p>[\/et_pb_accordion_item][et_pb_accordion_item title=&#8221;Read more&#8221; _builder_version=&#8221;4.24.2&#8243; _module_preset=&#8221;default&#8221; global_colors_info=&#8221;{}&#8221; open=&#8221;off&#8221;]<\/p>\n<p><span style=\"font-weight: 400;\"><strong>Authors:<\/strong> \u0110enka \u0160pralja, Karmen \u010ci\u010dko<\/span><\/p>\n<p><span style=\"font-weight: 400;\"><strong>Publisher:<\/strong> Klub Zapre\u0161i\u0107ana \u201eZapre\u0161i\u0107an\u201c<\/span><\/p>\n<p><span style=\"font-weight: 400;\"><strong>Year published:<\/strong> 2009.<\/span><\/p>\n<p><span style=\"font-weight: 400;\"><strong>Pages:<\/strong> 111<\/span><\/p>\n<p>[\/et_pb_accordion_item][\/et_pb_accordion][\/et_pb_column][\/et_pb_row][et_pb_row column_structure=&#8221;1_3,1_3,1_3&#8243; _builder_version=&#8221;4.23.1&#8243; _module_preset=&#8221;default&#8221; width=&#8221;100%&#8221; locked=&#8221;off&#8221; global_colors_info=&#8221;{}&#8221;][et_pb_column type=&#8221;1_3&#8243; _builder_version=&#8221;4.23.1&#8243; _module_preset=&#8221;default&#8221; global_colors_info=&#8221;{}&#8221;][et_pb_accordion _builder_version=&#8221;4.24.2&#8243; _module_preset=&#8221;default&#8221; box_shadow_style=&#8221;preset1&#8243; global_colors_info=&#8221;{}&#8221;][et_pb_accordion_item title=&#8221;Dendrologija: List&#8221; open=&#8221;on&#8221; _builder_version=&#8221;4.23.1&#8243; _module_preset=&#8221;default&#8221; body_text_align=&#8221;center&#8221; max_height=&#8221;326px&#8221; global_colors_info=&#8221;{}&#8221; toggle_level=&#8221;h1&#8243; toggle_font=&#8221;|700||||on|||&#8221; toggle_text_align=&#8221;left&#8221; toggle_font_size=&#8221;20px&#8221;]<\/p>\n<h3><img loading=\"lazy\" decoding=\"async\" src=\"https:\/\/www.hbod.hr\/wp-content\/uploads\/2024\/01\/49_Dendrologija-List-206x300.jpg\" width=\"170\" height=\"248\" alt=\"\" class=\"wp-image-19006 alignnone size-medium\" \/><\/h3>\n<p>[\/et_pb_accordion_item][et_pb_accordion_item title=&#8221;Read more&#8221; _builder_version=&#8221;4.24.2&#8243; _module_preset=&#8221;default&#8221; global_colors_info=&#8221;{}&#8221; open=&#8221;off&#8221;]<\/p>\n<p><span style=\"font-weight: 400;\"><strong>Author:<\/strong> Marilena Id\u017eojti\u0107<\/span><\/p>\n<p><span style=\"font-weight: 400;\"><strong>Publisher:<\/strong> \u0160umarski fakultet<\/span><\/p>\n<p><span style=\"font-weight: 400;\"><strong>Year published:<\/strong> 2009.<\/span><\/p>\n<p><span style=\"font-weight: 400;\"><strong>Pages:<\/strong> 903<\/span><\/p>\n<p>[\/et_pb_accordion_item][\/et_pb_accordion][\/et_pb_column][et_pb_column type=&#8221;1_3&#8243; _builder_version=&#8221;4.23.1&#8243; _module_preset=&#8221;default&#8221; global_colors_info=&#8221;{}&#8221;][et_pb_accordion _builder_version=&#8221;4.24.2&#8243; _module_preset=&#8221;default&#8221; box_shadow_style=&#8221;preset1&#8243; global_colors_info=&#8221;{}&#8221;][et_pb_accordion_item title=&#8221;Priru\u010dnik za odre\u0111ivanje kopnenih stani\u0161ta u Hrvatskoj prema Direktivi o stani\u0161tima EU&#8221; open=&#8221;on&#8221; _builder_version=&#8221;4.23.1&#8243; _module_preset=&#8221;default&#8221; body_text_align=&#8221;center&#8221; min_height=&#8221;284px&#8221; height=&#8221;232px&#8221; max_height=&#8221;326px&#8221; global_colors_info=&#8221;{}&#8221; toggle_level=&#8221;h1&#8243; toggle_font=&#8221;|700||||on|||&#8221; toggle_text_align=&#8221;left&#8221; toggle_font_size=&#8221;20px&#8221;]<\/p>\n<p><img loading=\"lazy\" decoding=\"async\" src=\"https:\/\/www.hbod.hr\/wp-content\/uploads\/2024\/01\/PRIRUCNIK-ZA-ODREDIVANJE-KOPNENIH-STANISTA-U-HRVATSKOJ-PREMA-DIREKTIVI-O-STANISTIMA-EU-212x300.jpg\" width=\"184\" height=\"261\" alt=\"\" class=\"wp-image-19072 alignnone size-medium\" \/><\/p>\n<p>[\/et_pb_accordion_item][et_pb_accordion_item title=&#8221;Read more&#8221; _builder_version=&#8221;4.24.2&#8243; _module_preset=&#8221;default&#8221; global_colors_info=&#8221;{}&#8221; open=&#8221;off&#8221;]<\/p>\n<p><span style=\"font-weight: 400;\"><strong>Authors:<\/strong> Jasenka Topi\u0107 , Joso Vukeli\u0107<\/span><\/p>\n<p><span style=\"font-weight: 400;\"><strong>Publisher:<\/strong> Dr\u017eavni zavod za za\u0161titu prirode<\/span><\/p>\n<p><span style=\"font-weight: 400;\"><strong>Year published:<\/strong> 2009.<\/span><\/p>\n<p><span style=\"font-weight: 400;\"><strong>Pages:<\/strong> 376<\/span><\/p>\n<p>[\/et_pb_accordion_item][\/et_pb_accordion][\/et_pb_column][et_pb_column type=&#8221;1_3&#8243; _builder_version=&#8221;4.23.1&#8243; _module_preset=&#8221;default&#8221; global_colors_info=&#8221;{}&#8221;][et_pb_accordion _builder_version=&#8221;4.24.2&#8243; _module_preset=&#8221;default&#8221; box_shadow_style=&#8221;preset1&#8243; global_colors_info=&#8221;{}&#8221;][et_pb_accordion_item title=&#8221;Ljekovito bilje i ljekovite droge&#8221; open=&#8221;on&#8221; content_tablet=&#8221;<\/p>\n<h3><a href=%22https:\/\/www.hbod.hr\/wp-content\/uploads\/2024\/01\/51_Ljekovito-bilje-i-ljekovite-droge.tif%22><img src=%22https:\/\/www.hbod.hr\/wp-content\/uploads\/2024\/01\/51_Ljekovito-bilje-i-ljekovite-droge.tif%22 width=%22undefined%22 height=%22undefined%22 alt=%22%22 class=%22wp-image-19008 alignnone size-full%22 \/><\/a><img src=%22https:\/\/www.hbod.hr\/wp-content\/uploads\/2024\/01\/Screenshot_12-208x300.jpg%22 width=%22191%22 height=%22275%22 alt=%22%22 class=%22wp-image-19026 alignnone size-medium%22 \/><\/h3>\n<p>&#8221; content_phone=&#8221;<\/p>\n<h3><a href=%22https:\/\/www.hbod.hr\/wp-content\/uploads\/2024\/01\/51_Ljekovito-bilje-i-ljekovite-droge.tif%22><img src=%22https:\/\/www.hbod.hr\/wp-content\/uploads\/2024\/01\/51_Ljekovito-bilje-i-ljekovite-droge.tif%22 width=%22undefined%22 height=%22undefined%22 alt=%22%22 class=%22wp-image-19008 alignnone size-full%22 \/><\/a><img src=%22https:\/\/www.hbod.hr\/wp-content\/uploads\/2024\/01\/Screenshot_12-208x300.jpg%22 width=%22191%22 height=%22275%22 alt=%22%22 class=%22wp-image-19026 alignnone size-medium%22 \/><\/h3>\n<p>&#8221; content_last_edited=&#8221;on|desktop&#8221; _builder_version=&#8221;4.23.1&#8243; _module_preset=&#8221;default&#8221; body_text_align=&#8221;center&#8221; min_height=&#8221;100px&#8221; height=&#8221;306px&#8221; max_height=&#8221;326px&#8221; global_colors_info=&#8221;{}&#8221; toggle_level=&#8221;h1&#8243; toggle_font=&#8221;|700||||on|||&#8221; toggle_text_align=&#8221;left&#8221; toggle_font_size=&#8221;20px&#8221;]<\/p>\n<h3><a href=\"https:\/\/www.hbod.hr\/wp-content\/uploads\/2024\/01\/51_Ljekovito-bilje-i-ljekovite-droge.tif\"><img decoding=\"async\" src=\"https:\/\/www.hbod.hr\/wp-content\/uploads\/2024\/01\/51_Ljekovito-bilje-i-ljekovite-droge.tif\" width=\"undefined\" height=\"undefined\" alt=\"\" class=\"wp-image-19008 alignnone size-full\" \/><\/a><img loading=\"lazy\" decoding=\"async\" src=\"https:\/\/www.hbod.hr\/wp-content\/uploads\/2024\/01\/Screenshot_12-208x300.jpg\" width=\"191\" height=\"275\" alt=\"\" class=\"wp-image-19026 alignnone size-medium\" \/><\/h3>\n<p>[\/et_pb_accordion_item][et_pb_accordion_item title=&#8221;Read more&#8221; _builder_version=&#8221;4.24.2&#8243; _module_preset=&#8221;default&#8221; global_colors_info=&#8221;{}&#8221; open=&#8221;off&#8221;]<\/p>\n<p><span style=\"font-weight: 400;\"><strong>Authors:<\/strong> Vladimir Grdini\u0107, Dario Kremer<\/span><\/p>\n<p><span style=\"font-weight: 400;\"><strong>Publisher:<\/strong> Hrvatska ljekarni\u010dka komora<\/span><\/p>\n<p><span style=\"font-weight: 400;\"><strong>Year published:<\/strong> 2009.<\/span><\/p>\n<p><span style=\"font-weight: 400;\"><strong>Pages:<\/strong> 680<\/span><\/p>\n<p>[\/et_pb_accordion_item][\/et_pb_accordion][\/et_pb_column][\/et_pb_row][et_pb_row column_structure=&#8221;1_3,1_3,1_3&#8243; _builder_version=&#8221;4.23.1&#8243; _module_preset=&#8221;default&#8221; width=&#8221;100%&#8221; locked=&#8221;off&#8221; global_colors_info=&#8221;{}&#8221;][et_pb_column type=&#8221;1_3&#8243; _builder_version=&#8221;4.23.1&#8243; _module_preset=&#8221;default&#8221; global_colors_info=&#8221;{}&#8221;][et_pb_accordion _builder_version=&#8221;4.24.2&#8243; _module_preset=&#8221;default&#8221; box_shadow_style=&#8221;preset1&#8243; global_colors_info=&#8221;{}&#8221;][et_pb_accordion_item title=&#8221;Hrvatski vrt perunika i pou\u010dna botani\u010dka staza u Donjoj Stubici&#8221; open=&#8221;on&#8221; _builder_version=&#8221;4.23.1&#8243; _module_preset=&#8221;default&#8221; body_text_align=&#8221;center&#8221; max_height=&#8221;326px&#8221; global_colors_info=&#8221;{}&#8221; toggle_level=&#8221;h1&#8243; toggle_font=&#8221;|700||||on|||&#8221; toggle_text_align=&#8221;left&#8221; toggle_font_size=&#8221;20px&#8221;]<\/p>\n<h3><img loading=\"lazy\" decoding=\"async\" src=\"https:\/\/www.hbod.hr\/wp-content\/uploads\/2024\/01\/52_Hrvatski-vrt-perunika-237x300.webp\" width=\"196\" height=\"248\" alt=\"\" class=\"wp-image-19010 alignnone size-medium\" srcset=\"https:\/\/www.hbod.hr\/wp-content\/uploads\/2024\/01\/52_Hrvatski-vrt-perunika-237x300.webp 237w, https:\/\/www.hbod.hr\/wp-content\/uploads\/2024\/01\/52_Hrvatski-vrt-perunika.webp 408w\" sizes=\"(max-width: 196px) 100vw, 196px\" \/><\/h3>\n<p>[\/et_pb_accordion_item][et_pb_accordion_item title=&#8221;Read more&#8221; _builder_version=&#8221;4.24.2&#8243; _module_preset=&#8221;default&#8221; global_colors_info=&#8221;{}&#8221; open=&#8221;off&#8221;]<\/p>\n<p><span style=\"font-weight: 400;\"><strong>Authors:<\/strong> Bo\u017eena Miti\u0107, Petra Cigi\u0107<\/span><\/p>\n<p><span style=\"font-weight: 400;\"><strong>Publisher:<\/strong> Hrvatsko botani\u010dko dru\u0161tvo<\/span><\/p>\n<p><span style=\"font-weight: 400;\"><strong>Year published:<\/strong> 2009.<\/span><\/p>\n<p><span style=\"font-weight: 400;\"><strong>Pages:<\/strong> 71<\/span><\/p>\n<p>[\/et_pb_accordion_item][\/et_pb_accordion][\/et_pb_column][et_pb_column type=&#8221;1_3&#8243; _builder_version=&#8221;4.23.1&#8243; _module_preset=&#8221;default&#8221; global_colors_info=&#8221;{}&#8221;][et_pb_accordion _builder_version=&#8221;4.24.2&#8243; _module_preset=&#8221;default&#8221; box_shadow_style=&#8221;preset1&#8243; global_colors_info=&#8221;{}&#8221;][et_pb_accordion_item title=&#8221;Za\u0161ti\u0107ene biljke samoborskog podru\u010dja i Parka prirode \u017dumberak-Samoborsko gorje&#8221; open=&#8221;on&#8221; _builder_version=&#8221;4.23.1&#8243; _module_preset=&#8221;default&#8221; body_text_align=&#8221;center&#8221; min_height=&#8221;284px&#8221; height=&#8221;232px&#8221; max_height=&#8221;326px&#8221; global_colors_info=&#8221;{}&#8221; toggle_level=&#8221;h1&#8243; toggle_font=&#8221;|700||||on|||&#8221; toggle_text_align=&#8221;left&#8221; toggle_font_size=&#8221;20px&#8221;]<\/p>\n<p><img loading=\"lazy\" decoding=\"async\" src=\"https:\/\/www.hbod.hr\/wp-content\/uploads\/2024\/01\/53_Zasticene-biljke-samoborskog-podrucja-i-Parka-prirode-Zumberak-Samoborsko-gorje-226x300.jpg\" width=\"198\" height=\"263\" alt=\"\" class=\"wp-image-19012 alignnone size-medium\" \/><\/p>\n<p>[\/et_pb_accordion_item][et_pb_accordion_item title=&#8221;Read more&#8221; _builder_version=&#8221;4.24.2&#8243; _module_preset=&#8221;default&#8221; global_colors_info=&#8221;{}&#8221; open=&#8221;off&#8221;]<\/p>\n<p><span style=\"font-weight: 400;\"><strong>Authors:<\/strong> Barbara \u017ditkovi\u0107<\/span><\/p>\n<p><span style=\"font-weight: 400;\"><strong>Publisher:<\/strong> Javna ustanova Park prirode &#8220;\u017dumberak &#8211; Samoborsko gorje&#8221;<\/span><span style=\"font-weight: 400;\"> : <\/span><span style=\"font-weight: 400;\">Javna ustanova Zeleni prsten Zagreba\u010dke \u017eupanije<\/span><\/p>\n<p><span style=\"font-weight: 400;\"><strong>Year published:<\/strong> 2009.<\/span><\/p>\n<p><span style=\"font-weight: 400;\"><strong>Pages:<\/strong> 397<\/span><\/p>\n<p>[\/et_pb_accordion_item][\/et_pb_accordion][\/et_pb_column][et_pb_column type=&#8221;1_3&#8243; _builder_version=&#8221;4.23.1&#8243; _module_preset=&#8221;default&#8221; global_colors_info=&#8221;{}&#8221;][et_pb_accordion _builder_version=&#8221;4.24.2&#8243; _module_preset=&#8221;default&#8221; box_shadow_style=&#8221;preset1&#8243; global_colors_info=&#8221;{}&#8221;][et_pb_accordion_item title=&#8221;Trideset zakonom za\u0161ti\u0107enih vrsta hrvatske flore u uzgoju Botani\u010dkog vrta PMF-a&#8221; open=&#8221;on&#8221; content_tablet=&#8221;<\/p>\n<h3><a href=%22https:\/\/www.hbod.hr\/wp-content\/uploads\/2024\/01\/51_Ljekovito-bilje-i-ljekovite-droge.tif%22><img src=%22https:\/\/www.hbod.hr\/wp-content\/uploads\/2024\/01\/51_Ljekovito-bilje-i-ljekovite-droge.tif%22 width=%22undefined%22 height=%22undefined%22 alt=%22%22 class=%22wp-image-19008 alignnone size-full%22 \/><img src=%22https:\/\/www.hbod.hr\/wp-content\/uploads\/2024\/01\/54_Trideset-zakonom-zasticenih-vrsta-hrvatske-flore-u-uzgoju-Botanickog-vrta-PMF-a-226x300.jpg%22 width=%22199%22 height=%22264%22 alt=%22%22 class=%22wp-image-19014 alignnone size-medium%22 \/><\/a><\/h3>\n<p>&#8221; content_phone=&#8221;<\/p>\n<h3><a href=%22https:\/\/www.hbod.hr\/wp-content\/uploads\/2024\/01\/51_Ljekovito-bilje-i-ljekovite-droge.tif%22><img src=%22https:\/\/www.hbod.hr\/wp-content\/uploads\/2024\/01\/51_Ljekovito-bilje-i-ljekovite-droge.tif%22 width=%22undefined%22 height=%22undefined%22 alt=%22%22 class=%22wp-image-19008 alignnone size-full%22 \/><img src=%22https:\/\/www.hbod.hr\/wp-content\/uploads\/2024\/01\/54_Trideset-zakonom-zasticenih-vrsta-hrvatske-flore-u-uzgoju-Botanickog-vrta-PMF-a-226x300.jpg%22 width=%22199%22 height=%22264%22 alt=%22%22 class=%22wp-image-19014 alignnone size-medium%22 \/><\/a><\/h3>\n<p>&#8221; content_last_edited=&#8221;on|desktop&#8221; _builder_version=&#8221;4.23.1&#8243; _module_preset=&#8221;default&#8221; body_text_align=&#8221;center&#8221; min_height=&#8221;100px&#8221; height=&#8221;306px&#8221; max_height=&#8221;326px&#8221; global_colors_info=&#8221;{}&#8221; toggle_level=&#8221;h1&#8243; toggle_font=&#8221;|700||||on|||&#8221; toggle_text_align=&#8221;left&#8221; toggle_font_size=&#8221;20px&#8221;]<\/p>\n<h3><a href=\"https:\/\/www.hbod.hr\/wp-content\/uploads\/2024\/01\/51_Ljekovito-bilje-i-ljekovite-droge.tif\"><img decoding=\"async\" src=\"https:\/\/www.hbod.hr\/wp-content\/uploads\/2024\/01\/51_Ljekovito-bilje-i-ljekovite-droge.tif\" width=\"undefined\" height=\"undefined\" alt=\"\" class=\"wp-image-19008 alignnone size-full\" \/><img loading=\"lazy\" decoding=\"async\" src=\"https:\/\/www.hbod.hr\/wp-content\/uploads\/2024\/01\/54_Trideset-zakonom-zasticenih-vrsta-hrvatske-flore-u-uzgoju-Botanickog-vrta-PMF-a-226x300.jpg\" width=\"199\" height=\"264\" alt=\"\" class=\"wp-image-19014 alignnone size-medium\" \/><\/a><\/h3>\n<p>[\/et_pb_accordion_item][et_pb_accordion_item title=&#8221;Read more&#8221; _builder_version=&#8221;4.24.2&#8243; _module_preset=&#8221;default&#8221; global_colors_info=&#8221;{}&#8221; open=&#8221;off&#8221;]<\/p>\n<p><span style=\"font-weight: 400;\"><strong>Author:<\/strong> Sanja Kova\u010di\u0107<\/span><\/p>\n<p><span style=\"font-weight: 400;\"><strong>Publisher:<\/strong> Prirodoslovno-matemati\u010dki fakultet Sveu\u010dili\u0161ta u Zagrebu<\/span><\/p>\n<p><span style=\"font-weight: 400;\"><strong>Year published:<\/strong> 2009.<\/span><\/p>\n<p><span style=\"font-weight: 400;\"><strong>Pages:<\/strong> 68<\/span><\/p>\n<p>[\/et_pb_accordion_item][\/et_pb_accordion][\/et_pb_column][\/et_pb_row][et_pb_row column_structure=&#8221;1_3,1_3,1_3&#8243; _builder_version=&#8221;4.23.1&#8243; _module_preset=&#8221;default&#8221; width=&#8221;100%&#8221; locked=&#8221;off&#8221; global_colors_info=&#8221;{}&#8221;][et_pb_column type=&#8221;1_3&#8243; _builder_version=&#8221;4.23.1&#8243; _module_preset=&#8221;default&#8221; global_colors_info=&#8221;{}&#8221;][et_pb_accordion _builder_version=&#8221;4.24.2&#8243; _module_preset=&#8221;default&#8221; box_shadow_style=&#8221;preset1&#8243; global_colors_info=&#8221;{}&#8221;][et_pb_accordion_item title=&#8221;Miomirisni otok \u2013 otok vitalnosti&#8221; open=&#8221;on&#8221; _builder_version=&#8221;4.23.1&#8243; _module_preset=&#8221;default&#8221; body_text_align=&#8221;center&#8221; max_height=&#8221;326px&#8221; global_colors_info=&#8221;{}&#8221; toggle_level=&#8221;h1&#8243; toggle_font=&#8221;|700||||on|||&#8221; toggle_text_align=&#8221;left&#8221; toggle_font_size=&#8221;20px&#8221;]<\/p>\n<h3><img loading=\"lazy\" decoding=\"async\" src=\"https:\/\/www.hbod.hr\/wp-content\/uploads\/2024\/01\/55_Miomirisni-otok-\u2013-otok-vitalnosti-278x300.jpg\" width=\"259\" height=\"279\" alt=\"\" class=\"wp-image-19016 alignnone size-medium\" srcset=\"https:\/\/www.hbod.hr\/wp-content\/uploads\/2024\/01\/55_Miomirisni-otok-\u2013-otok-vitalnosti-278x300.jpg 278w, https:\/\/www.hbod.hr\/wp-content\/uploads\/2024\/01\/55_Miomirisni-otok-\u2013-otok-vitalnosti-480x518.jpg 480w, https:\/\/www.hbod.hr\/wp-content\/uploads\/2024\/01\/55_Miomirisni-otok-\u2013-otok-vitalnosti.jpg 600w\" sizes=\"(max-width: 259px) 100vw, 259px\" \/><\/h3>\n<p>[\/et_pb_accordion_item][et_pb_accordion_item title=&#8221;Read more&#8221; _builder_version=&#8221;4.24.2&#8243; _module_preset=&#8221;default&#8221; global_colors_info=&#8221;{}&#8221; open=&#8221;off&#8221;]<\/p>\n<p><span style=\"font-weight: 400;\"><strong>Authors:<\/strong> Sandra Nicolich i Nikolina Ribari\u0107<\/span><\/p>\n<p><span style=\"font-weight: 400;\"><strong>Publisher:<\/strong> Alfa d.d.<\/span><\/p>\n<p><span style=\"font-weight: 400;\"><strong>Year published:<\/strong> 2009.<\/span><\/p>\n<p><span style=\"font-weight: 400;\"><strong>Pages:<\/strong> 152<\/span><\/p>\n<p>[\/et_pb_accordion_item][\/et_pb_accordion][\/et_pb_column][et_pb_column type=&#8221;1_3&#8243; _builder_version=&#8221;4.23.1&#8243; _module_preset=&#8221;default&#8221; global_colors_info=&#8221;{}&#8221;][et_pb_accordion _builder_version=&#8221;4.24.2&#8243; _module_preset=&#8221;default&#8221; box_shadow_style=&#8221;preset1&#8243; global_colors_info=&#8221;{}&#8221;][et_pb_accordion_item title=&#8221;Kartiranje flore Dalmacije.  Prioritetna podru\u010dja: otok Pag, estuarij Krke, otok Vis i pu\u010dinski otoci, Pelje\u0161ac i Mljet, tok Cetine.&#8221; open=&#8221;on&#8221; _builder_version=&#8221;4.24.2&#8243; _module_preset=&#8221;default&#8221; body_text_align=&#8221;center&#8221; max_height=&#8221;326px&#8221; global_colors_info=&#8221;{}&#8221; toggle_level=&#8221;h1&#8243; toggle_font=&#8221;|700||||on|||&#8221; toggle_text_align=&#8221;left&#8221; toggle_font_size=&#8221;20px&#8221;]<\/p>\n<h3><img loading=\"lazy\" decoding=\"async\" src=\"https:\/\/www.hbod.hr\/wp-content\/uploads\/2024\/03\/13_Kartiranje-flore-Dalmacije-212x300.png\" width=\"174\" height=\"246\" alt=\"\" class=\"wp-image-19679 alignnone size-medium\" \/><\/h3>\n<p>[\/et_pb_accordion_item][et_pb_accordion_item title=&#8221;Read more&#8221; _builder_version=&#8221;4.24.2&#8243; _module_preset=&#8221;default&#8221; global_colors_info=&#8221;{}&#8221; open=&#8221;off&#8221;]<\/p>\n<p><span style=\"font-weight: 400;\"><strong>Authors: <\/strong><\/span>Bo\u017eena Miti\u0107, Jasenka Topi\u0107, Ljudevit Ilijani\u0107, Nenad Jasprica, Milenko Milovi\u0107, Mirko Ru\u0161\u010di\u0107, Marija Pand\u017ea, Sandro Bogdanovi\u0107, Katija Dolina<\/p>\n<p><span style=\"font-weight: 400;\"><strong>Publisher: <\/strong><\/span>Sveu\u010dili\u0161te u Zagrebu, Priridoslovno-matemati\u010dki fakultet<\/p>\n<p><span style=\"font-weight: 400;\"><strong>Year published:<\/strong> 2009.<\/span><\/p>\n<p><span style=\"font-weight: 400;\"><strong>Pages:<\/strong> 266<\/span><\/p>\n<p>[\/et_pb_accordion_item][\/et_pb_accordion][\/et_pb_column][et_pb_column type=&#8221;1_3&#8243; _builder_version=&#8221;4.23.1&#8243; _module_preset=&#8221;default&#8221; global_colors_info=&#8221;{}&#8221;][et_pb_accordion _builder_version=&#8221;4.24.2&#8243; _module_preset=&#8221;default&#8221; box_shadow_style=&#8221;preset1&#8243; global_colors_info=&#8221;{}&#8221;][et_pb_accordion_item title=&#8221;Zanimljivosti prirodne ba\u0161tine otoka Mljeta&#8221; open=&#8221;on&#8221; _builder_version=&#8221;4.24.2&#8243; _module_preset=&#8221;default&#8221; body_text_align=&#8221;center&#8221; max_height=&#8221;326px&#8221; global_colors_info=&#8221;{}&#8221; toggle_level=&#8221;h1&#8243; toggle_font=&#8221;|700||||on|||&#8221; toggle_text_align=&#8221;left&#8221; toggle_font_size=&#8221;20px&#8221;]<\/p>\n<h3><img loading=\"lazy\" decoding=\"async\" src=\"https:\/\/www.hbod.hr\/wp-content\/uploads\/2024\/03\/14_Zanimljivosti-prirodne-bastine-otoka-Mljeta-218x300.jpg\" width=\"187\" height=\"257\" alt=\"\" class=\"wp-image-19681 alignnone size-medium\" srcset=\"https:\/\/www.hbod.hr\/wp-content\/uploads\/2024\/03\/14_Zanimljivosti-prirodne-bastine-otoka-Mljeta-218x300.jpg 218w, https:\/\/www.hbod.hr\/wp-content\/uploads\/2024\/03\/14_Zanimljivosti-prirodne-bastine-otoka-Mljeta.jpg 395w\" sizes=\"(max-width: 187px) 100vw, 187px\" \/><\/h3>\n<p>[\/et_pb_accordion_item][et_pb_accordion_item title=&#8221;Read more&#8221; _builder_version=&#8221;4.24.2&#8243; _module_preset=&#8221;default&#8221; global_colors_info=&#8221;{}&#8221; open=&#8221;off&#8221;]<\/p>\n<p><span style=\"font-weight: 400;\"><strong>Author:<\/strong> Marija Nodilo<\/span><\/p>\n<p><span style=\"font-weight: 400;\"><strong>Publisher:<\/strong> vlastita naklada<\/span><\/p>\n<p><span style=\"font-weight: 400;\"><strong>Year published:<\/strong> 2008.<\/span><\/p>\n<p><span style=\"font-weight: 400;\"><strong>Pages:<\/strong> 115<\/span><\/p>\n<p>[\/et_pb_accordion_item][\/et_pb_accordion][\/et_pb_column][\/et_pb_row][et_pb_row column_structure=&#8221;1_3,1_3,1_3&#8243; _builder_version=&#8221;4.23.1&#8243; _module_preset=&#8221;default&#8221; width=&#8221;100%&#8221; locked=&#8221;off&#8221; global_colors_info=&#8221;{}&#8221;][et_pb_column type=&#8221;1_3&#8243; _builder_version=&#8221;4.23.1&#8243; _module_preset=&#8221;default&#8221; global_colors_info=&#8221;{}&#8221;][et_pb_accordion _builder_version=&#8221;4.24.2&#8243; _module_preset=&#8221;default&#8221; box_shadow_style=&#8221;preset1&#8243; global_colors_info=&#8221;{}&#8221;][et_pb_accordion_item title=&#8221;Flora Medvednice. 250 naj\u010de\u0161\u0107ih vrsta Zagreba\u010dke gore&#8221; open=&#8221;on&#8221; _builder_version=&#8221;4.23.1&#8243; _module_preset=&#8221;default&#8221; body_text_align=&#8221;center&#8221; min_height=&#8221;284px&#8221; height=&#8221;232px&#8221; max_height=&#8221;326px&#8221; global_colors_info=&#8221;{}&#8221; toggle_level=&#8221;h1&#8243; toggle_font=&#8221;|700||||on|||&#8221; toggle_text_align=&#8221;left&#8221; toggle_font_size=&#8221;20px&#8221;]<\/p>\n<p><img loading=\"lazy\" decoding=\"async\" src=\"https:\/\/www.hbod.hr\/wp-content\/uploads\/2024\/01\/56_Flora-Medvednice-212x300.jpg\" width=\"185\" height=\"262\" alt=\"\" class=\"wp-image-19018 alignnone size-medium\" \/><\/p>\n<p>[\/et_pb_accordion_item][et_pb_accordion_item title=&#8221;Read more&#8221; _builder_version=&#8221;4.24.2&#8243; _module_preset=&#8221;default&#8221; global_colors_info=&#8221;{}&#8221; open=&#8221;off&#8221;]<\/p>\n<p><span style=\"font-weight: 400;\"><strong>Authors:<\/strong> Toni Nikoli\u0107, Sanja Kova\u010di\u0107\u00a0<\/span><\/p>\n<p><span style=\"font-weight: 400;\"><strong>Publisher:<\/strong> \u0160kolska knjiga<\/span><\/p>\n<p><span style=\"font-weight: 400;\"><strong>Year published:<\/strong> 2008.<\/span><\/p>\n<p><span style=\"font-weight: 400;\"><strong>Pages:<\/strong> 543<\/span><\/p>\n<p>[\/et_pb_accordion_item][\/et_pb_accordion][\/et_pb_column][et_pb_column type=&#8221;1_3&#8243; _builder_version=&#8221;4.23.1&#8243; _module_preset=&#8221;default&#8221; global_colors_info=&#8221;{}&#8221;][et_pb_accordion _builder_version=&#8221;4.24.2&#8243; _module_preset=&#8221;default&#8221; box_shadow_style=&#8221;preset1&#8243; global_colors_info=&#8221;{}&#8221;][et_pb_accordion_item title=&#8221;Flora jadranske obale i otoka \u2013 250 naj\u010de\u0161\u0107ih vrsta&#8221; open=&#8221;on&#8221; content_tablet=&#8221;<\/p>\n<h3><a href=%22https:\/\/www.hbod.hr\/wp-content\/uploads\/2024\/01\/51_Ljekovito-bilje-i-ljekovite-droge.tif%22><img src=%22https:\/\/www.hbod.hr\/wp-content\/uploads\/2024\/01\/51_Ljekovito-bilje-i-ljekovite-droge.tif%22 width=%22undefined%22 height=%22undefined%22 alt=%22%22 class=%22wp-image-19008 alignnone size-full%22 \/><img src=%22https:\/\/www.hbod.hr\/wp-content\/uploads\/2024\/01\/57_Flora-jadranske-obale-i-otoka-213x300.jpg%22 width=%22191%22 height=%22269%22 alt=%22%22 class=%22wp-image-19020 alignnone size-medium%22 \/><\/a><\/h3>\n<p>&#8221; content_phone=&#8221;<\/p>\n<h3><a href=%22https:\/\/www.hbod.hr\/wp-content\/uploads\/2024\/01\/51_Ljekovito-bilje-i-ljekovite-droge.tif%22><img src=%22https:\/\/www.hbod.hr\/wp-content\/uploads\/2024\/01\/51_Ljekovito-bilje-i-ljekovite-droge.tif%22 width=%22undefined%22 height=%22undefined%22 alt=%22%22 class=%22wp-image-19008 alignnone size-full%22 \/><img src=%22https:\/\/www.hbod.hr\/wp-content\/uploads\/2024\/01\/57_Flora-jadranske-obale-i-otoka-213x300.jpg%22 width=%22191%22 height=%22269%22 alt=%22%22 class=%22wp-image-19020 alignnone size-medium%22 \/><\/a><\/h3>\n<p>&#8221; content_last_edited=&#8221;on|desktop&#8221; _builder_version=&#8221;4.23.1&#8243; _module_preset=&#8221;default&#8221; body_text_align=&#8221;center&#8221; min_height=&#8221;100px&#8221; height=&#8221;306px&#8221; max_height=&#8221;326px&#8221; global_colors_info=&#8221;{}&#8221; toggle_level=&#8221;h1&#8243; toggle_font=&#8221;|700||||on|||&#8221; toggle_text_align=&#8221;left&#8221; toggle_font_size=&#8221;20px&#8221;]<\/p>\n<h3><a href=\"https:\/\/www.hbod.hr\/wp-content\/uploads\/2024\/01\/51_Ljekovito-bilje-i-ljekovite-droge.tif\"><img decoding=\"async\" src=\"https:\/\/www.hbod.hr\/wp-content\/uploads\/2024\/01\/51_Ljekovito-bilje-i-ljekovite-droge.tif\" width=\"undefined\" height=\"undefined\" alt=\"\" class=\"wp-image-19008 alignnone size-full\" \/><img loading=\"lazy\" decoding=\"async\" src=\"https:\/\/www.hbod.hr\/wp-content\/uploads\/2024\/01\/57_Flora-jadranske-obale-i-otoka-213x300.jpg\" width=\"191\" height=\"269\" alt=\"\" class=\"wp-image-19020 alignnone size-medium\" \/><\/a><\/h3>\n<p>[\/et_pb_accordion_item][et_pb_accordion_item title=&#8221;Read more&#8221; _builder_version=&#8221;4.24.2&#8243; _module_preset=&#8221;default&#8221; global_colors_info=&#8221;{}&#8221; open=&#8221;off&#8221;]<\/p>\n<p><span style=\"font-weight: 400;\"><strong>Authors:<\/strong> Sanja Kova\u010di\u0107, Toni Nikoli\u0107, Mirko Ru\u0161\u010di\u0107, Milenko Milovi\u0107, Vanja Stamenkovi\u0107, Darko Mihelj, Nenad Jasprica, Sandro Bogdanovi\u0107, Jasenka Topi\u0107\u00a0<\/span><\/p>\n<p><span style=\"font-weight: 400;\"><strong>Publisher:<\/strong> \u0160kolska knjiga<\/span><\/p>\n<p><span style=\"font-weight: 400;\"><strong>Year published:<\/strong> 2008.<\/span><\/p>\n<p><span style=\"font-weight: 400;\"><strong>Pages:<\/strong> 558<\/span><\/p>\n<p>[\/et_pb_accordion_item][\/et_pb_accordion][\/et_pb_column][et_pb_column type=&#8221;1_3&#8243; _builder_version=&#8221;4.23.1&#8243; _module_preset=&#8221;default&#8221; global_colors_info=&#8221;{}&#8221;][et_pb_accordion _builder_version=&#8221;4.24.2&#8243; _module_preset=&#8221;default&#8221; box_shadow_style=&#8221;preset1&#8243; global_colors_info=&#8221;{}&#8221;][et_pb_accordion_item title=&#8221;Velebitski botani\u010dki vrt \u2013 oaza na 1500 m&#8221; open=&#8221;on&#8221; _builder_version=&#8221;4.23.1&#8243; _module_preset=&#8221;default&#8221; body_text_align=&#8221;center&#8221; max_height=&#8221;326px&#8221; global_colors_info=&#8221;{}&#8221; toggle_level=&#8221;h1&#8243; toggle_font=&#8221;|700||||on|||&#8221; toggle_text_align=&#8221;left&#8221; toggle_font_size=&#8221;20px&#8221;]<\/p>\n<h3><img loading=\"lazy\" decoding=\"async\" src=\"https:\/\/www.hbod.hr\/wp-content\/uploads\/2024\/01\/Screenshot_13-172x300.jpg\" width=\"172\" height=\"300\" alt=\"\" class=\"wp-image-19028 alignnone size-medium\" srcset=\"https:\/\/www.hbod.hr\/wp-content\/uploads\/2024\/01\/Screenshot_13-172x300.jpg 172w, https:\/\/www.hbod.hr\/wp-content\/uploads\/2024\/01\/Screenshot_13.jpg 446w\" sizes=\"(max-width: 172px) 100vw, 172px\" \/><\/h3>\n<p>[\/et_pb_accordion_item][et_pb_accordion_item title=&#8221;Read more&#8221; _builder_version=&#8221;4.24.2&#8243; _module_preset=&#8221;default&#8221; global_colors_info=&#8221;{}&#8221; open=&#8221;off&#8221;]<\/p>\n<p><span style=\"font-weight: 400;\"><strong>Authors:<\/strong> Vlatko Skorup, Sanja Kova\u010di\u0107, Dario Kremer, Darko Mihelj<\/span><\/p>\n<p><span style=\"font-weight: 400;\"><strong>Publisher:<\/strong> Javna ustanova Nacionalni park \u201eSjeverni Velebit\u201c<\/span><\/p>\n<p><span style=\"font-weight: 400;\"><strong>Year published:<\/strong> 2008.<\/span><\/p>\n<p><span style=\"font-weight: 400;\"><strong>Pages:<\/strong> 364<\/span><\/p>\n<p>[\/et_pb_accordion_item][\/et_pb_accordion][\/et_pb_column][\/et_pb_row][et_pb_row column_structure=&#8221;1_3,1_3,1_3&#8243; _builder_version=&#8221;4.23.1&#8243; _module_preset=&#8221;default&#8221; width=&#8221;100%&#8221; locked=&#8221;off&#8221; global_colors_info=&#8221;{}&#8221;][et_pb_column type=&#8221;1_3&#8243; _builder_version=&#8221;4.23.1&#8243; _module_preset=&#8221;default&#8221; global_colors_info=&#8221;{}&#8221;][et_pb_accordion _builder_version=&#8221;4.24.2&#8243; _module_preset=&#8221;default&#8221; box_shadow_style=&#8221;preset1&#8243; global_colors_info=&#8221;{}&#8221;][et_pb_accordion_item title=&#8221;Biljne zajednice Republike Hrvatske&#8221; open=&#8221;on&#8221; _builder_version=&#8221;4.23.1&#8243; _module_preset=&#8221;default&#8221; body_text_align=&#8221;center&#8221; min_height=&#8221;284px&#8221; height=&#8221;232px&#8221; max_height=&#8221;326px&#8221; global_colors_info=&#8221;{}&#8221; toggle_level=&#8221;h1&#8243; toggle_font=&#8221;|700||||on|||&#8221; toggle_text_align=&#8221;left&#8221; toggle_font_size=&#8221;20px&#8221;]<\/p>\n<p><img loading=\"lazy\" decoding=\"async\" src=\"https:\/\/www.hbod.hr\/wp-content\/uploads\/2024\/01\/59_Biljne-zajednice-Republike-Hrvatske-225x300.webp\" width=\"199\" height=\"265\" alt=\"\" class=\"wp-image-19024 alignnone size-medium\" \/><\/p>\n<p>[\/et_pb_accordion_item][et_pb_accordion_item title=&#8221;Read more&#8221; _builder_version=&#8221;4.24.2&#8243; _module_preset=&#8221;default&#8221; global_colors_info=&#8221;{}&#8221; open=&#8221;off&#8221;]<\/p>\n<p><span style=\"font-weight: 400;\"><strong>Author:<\/strong> Ivo Trinajsti\u0107\u00a0<\/span><\/p>\n<p><span style=\"font-weight: 400;\"><strong>Publisher:<\/strong> Akademija \u0161umarskih znanosti<\/span><\/p>\n<p><span style=\"font-weight: 400;\"><strong>Year published:<\/strong> 2008.<\/span><\/p>\n<p><span style=\"font-weight: 400;\"><strong>Pages:<\/strong> 179<\/span><\/p>\n<p>[\/et_pb_accordion_item][\/et_pb_accordion][\/et_pb_column][et_pb_column type=&#8221;1_3&#8243; _builder_version=&#8221;4.23.1&#8243; _module_preset=&#8221;default&#8221; global_colors_info=&#8221;{}&#8221;][et_pb_accordion _builder_version=&#8221;4.24.2&#8243; _module_preset=&#8221;default&#8221; box_shadow_style=&#8221;preset1&#8243; global_colors_info=&#8221;{}&#8221;][et_pb_accordion_item title=&#8221;Hrvatski biljni imenoslov&#8221; open=&#8221;on&#8221; content_tablet=&#8221;<\/p>\n<h3><a href=%22https:\/\/www.hbod.hr\/wp-content\/uploads\/2024\/01\/51_Ljekovito-bilje-i-ljekovite-droge.tif%22><img src=%22https:\/\/www.hbod.hr\/wp-content\/uploads\/2024\/01\/51_Ljekovito-bilje-i-ljekovite-droge.tif%22 width=%22undefined%22 height=%22undefined%22 alt=%22%22 class=%22wp-image-19008 alignnone size-full%22 \/><img src=%22https:\/\/www.hbod.hr\/wp-content\/uploads\/2024\/01\/60_Hrvatski-biljni-imenoslov-210x300.jpg%22 width=%22192%22 height=%22274%22 alt=%22%22 class=%22wp-image-19030 alignnone size-medium%22 \/><\/a><\/h3>\n<p>&#8221; content_phone=&#8221;<\/p>\n<h3><a href=%22https:\/\/www.hbod.hr\/wp-content\/uploads\/2024\/01\/51_Ljekovito-bilje-i-ljekovite-droge.tif%22><img src=%22https:\/\/www.hbod.hr\/wp-content\/uploads\/2024\/01\/51_Ljekovito-bilje-i-ljekovite-droge.tif%22 width=%22undefined%22 height=%22undefined%22 alt=%22%22 class=%22wp-image-19008 alignnone size-full%22 \/><img src=%22https:\/\/www.hbod.hr\/wp-content\/uploads\/2024\/01\/60_Hrvatski-biljni-imenoslov-210x300.jpg%22 width=%22192%22 height=%22274%22 alt=%22%22 class=%22wp-image-19030 alignnone size-medium%22 \/><\/a><\/h3>\n<p>&#8221; content_last_edited=&#8221;on|desktop&#8221; _builder_version=&#8221;4.23.1&#8243; _module_preset=&#8221;default&#8221; body_text_align=&#8221;center&#8221; min_height=&#8221;100px&#8221; height=&#8221;306px&#8221; max_height=&#8221;326px&#8221; global_colors_info=&#8221;{}&#8221; toggle_level=&#8221;h1&#8243; toggle_font=&#8221;|700||||on|||&#8221; toggle_text_align=&#8221;left&#8221; toggle_font_size=&#8221;20px&#8221;]<\/p>\n<h3><a href=\"https:\/\/www.hbod.hr\/wp-content\/uploads\/2024\/01\/51_Ljekovito-bilje-i-ljekovite-droge.tif\"><img decoding=\"async\" src=\"https:\/\/www.hbod.hr\/wp-content\/uploads\/2024\/01\/51_Ljekovito-bilje-i-ljekovite-droge.tif\" width=\"undefined\" height=\"undefined\" alt=\"\" class=\"wp-image-19008 alignnone size-full\" \/><img loading=\"lazy\" decoding=\"async\" src=\"https:\/\/www.hbod.hr\/wp-content\/uploads\/2024\/01\/60_Hrvatski-biljni-imenoslov-210x300.jpg\" width=\"192\" height=\"274\" alt=\"\" class=\"wp-image-19030 alignnone size-medium\" \/><\/a><\/h3>\n<p>[\/et_pb_accordion_item][et_pb_accordion_item title=&#8221;Read more&#8221; _builder_version=&#8221;4.24.2&#8243; _module_preset=&#8221;default&#8221; global_colors_info=&#8221;{}&#8221; open=&#8221;off&#8221;]<\/p>\n<p><span style=\"font-weight: 400;\"><strong>Author:<\/strong> Ivan \u0160ugar<\/span><\/p>\n<p><span style=\"font-weight: 400;\"><strong>Publisher:<\/strong> Matica Hrvatska\u00a0<\/span><\/p>\n<p><span style=\"font-weight: 400;\"><strong>Year published:<\/strong> 2008.<\/span><\/p>\n<p><span style=\"font-weight: 400;\"><strong>Pages:<\/strong> 977<\/span><\/p>\n<p>[\/et_pb_accordion_item][\/et_pb_accordion][\/et_pb_column][et_pb_column type=&#8221;1_3&#8243; _builder_version=&#8221;4.23.1&#8243; _module_preset=&#8221;default&#8221; global_colors_info=&#8221;{}&#8221;][et_pb_accordion _builder_version=&#8221;4.24.2&#8243; _module_preset=&#8221;default&#8221; box_shadow_style=&#8221;preset1&#8243; global_colors_info=&#8221;{}&#8221;][et_pb_accordion_item title=&#8221;Rijetke i ugro\u017eene vrste Parka prirode Papuk \u2013 Priru\u010dnik za prepoznavanje&#8221; open=&#8221;on&#8221; _builder_version=&#8221;4.23.1&#8243; _module_preset=&#8221;default&#8221; body_text_align=&#8221;center&#8221; max_height=&#8221;326px&#8221; global_colors_info=&#8221;{}&#8221; toggle_level=&#8221;h1&#8243; toggle_font=&#8221;|700||||on|||&#8221; toggle_text_align=&#8221;left&#8221; toggle_font_size=&#8221;20px&#8221;]<\/p>\n<h3><img loading=\"lazy\" decoding=\"async\" src=\"https:\/\/www.hbod.hr\/wp-content\/uploads\/2024\/01\/61_Rijetke-i-ugrozene-vrste-Parka-prirode-Papuk-\u2013-Prirucnik-za-prepoznavanje-225x300.webp\" width=\"209\" height=\"279\" alt=\"\" class=\"wp-image-19032 alignnone size-medium\" srcset=\"https:\/\/www.hbod.hr\/wp-content\/uploads\/2024\/01\/61_Rijetke-i-ugrozene-vrste-Parka-prirode-Papuk-\u2013-Prirucnik-za-prepoznavanje-225x300.webp 225w, https:\/\/www.hbod.hr\/wp-content\/uploads\/2024\/01\/61_Rijetke-i-ugrozene-vrste-Parka-prirode-Papuk-\u2013-Prirucnik-za-prepoznavanje-480x640.webp 480w, https:\/\/www.hbod.hr\/wp-content\/uploads\/2024\/01\/61_Rijetke-i-ugrozene-vrste-Parka-prirode-Papuk-\u2013-Prirucnik-za-prepoznavanje.webp 768w\" sizes=\"(max-width: 209px) 100vw, 209px\" \/><\/h3>\n<p>[\/et_pb_accordion_item][et_pb_accordion_item title=&#8221;Read more&#8221; _builder_version=&#8221;4.24.2&#8243; _module_preset=&#8221;default&#8221; global_colors_info=&#8221;{}&#8221; open=&#8221;off&#8221;]<\/p>\n<p><span style=\"font-weight: 400;\"><strong>Author:<\/strong> Vlatka Dumbovi\u0107<\/span><\/p>\n<p><span style=\"font-weight: 400;\"><strong>Publisher:<\/strong> Javna ustanova Park prirode Papuk\u00a0<\/span><\/p>\n<p><span style=\"font-weight: 400;\"><strong>Year published:<\/strong> 2008.<\/span><\/p>\n<p><span style=\"font-weight: 400;\"><strong>Pages:<\/strong> 61<\/span><\/p>\n<p>[\/et_pb_accordion_item][\/et_pb_accordion][\/et_pb_column][\/et_pb_row][et_pb_row column_structure=&#8221;1_3,1_3,1_3&#8243; _builder_version=&#8221;4.23.1&#8243; _module_preset=&#8221;default&#8221; width=&#8221;100%&#8221; locked=&#8221;off&#8221; global_colors_info=&#8221;{}&#8221;][et_pb_column type=&#8221;1_3&#8243; _builder_version=&#8221;4.23.1&#8243; _module_preset=&#8221;default&#8221; global_colors_info=&#8221;{}&#8221;][et_pb_accordion _builder_version=&#8221;4.24.2&#8243; _module_preset=&#8221;default&#8221; box_shadow_style=&#8221;preset1&#8243; global_colors_info=&#8221;{}&#8221;][et_pb_accordion_item title=&#8221;\u0160umska stani\u0161ta i \u0161umske zajednice u Hrvatskoj. Nacionalna ekolo\u0161ka mre\u017ea&#8221; open=&#8221;on&#8221; _builder_version=&#8221;4.23.1&#8243; _module_preset=&#8221;default&#8221; body_text_align=&#8221;center&#8221; min_height=&#8221;284px&#8221; height=&#8221;232px&#8221; max_height=&#8221;326px&#8221; global_colors_info=&#8221;{}&#8221; toggle_level=&#8221;h1&#8243; toggle_font=&#8221;|700||||on|||&#8221; toggle_text_align=&#8221;left&#8221; toggle_font_size=&#8221;20px&#8221;]<\/p>\n<p><img loading=\"lazy\" decoding=\"async\" src=\"https:\/\/www.hbod.hr\/wp-content\/uploads\/2024\/01\/62_Sumska-stanista-i-sumske-zajednice-u-Hrvatskoj.-Nacionalna-ekoloska-mreza.jpg\" width=\"192\" height=\"258\" alt=\"\" class=\"wp-image-19034 alignnone size-full\" \/><\/p>\n<p>[\/et_pb_accordion_item][et_pb_accordion_item title=&#8221;Read more&#8221; _builder_version=&#8221;4.24.2&#8243; _module_preset=&#8221;default&#8221; global_colors_info=&#8221;{}&#8221; open=&#8221;off&#8221;]<\/p>\n<p><span style=\"font-weight: 400;\"><strong>Authors:<\/strong> Joso Vukeli\u0107, Stjepan Mikac, Dario Bari\u010devi\u0107, Darko Bak\u0161i\u0107, Roman Posavec<\/span><\/p>\n<p><span style=\"font-weight: 400;\"><strong>Publisher:<\/strong> Dr\u017eavni zavod za za\u0161titu prirode<\/span><\/p>\n<p><span style=\"font-weight: 400;\"><strong>Year published:<\/strong> 2008.<\/span><\/p>\n<p><span style=\"font-weight: 400;\"><strong>Pages:<\/strong> 263<\/span><\/p>\n<p>[\/et_pb_accordion_item][\/et_pb_accordion][\/et_pb_column][et_pb_column type=&#8221;1_3&#8243; _builder_version=&#8221;4.23.1&#8243; _module_preset=&#8221;default&#8221; global_colors_info=&#8221;{}&#8221;][et_pb_accordion _builder_version=&#8221;4.24.2&#8243; _module_preset=&#8221;default&#8221; box_shadow_style=&#8221;preset1&#8243; global_colors_info=&#8221;{}&#8221;][et_pb_accordion_item title=&#8221;Kalnik \u2013 Iz prirodne ba\u0161tine kalni\u010dkog gorja i prigorja&#8221; open=&#8221;on&#8221; content_tablet=&#8221;<\/p>\n<h3><a href=%22https:\/\/www.hbod.hr\/wp-content\/uploads\/2024\/01\/51_Ljekovito-bilje-i-ljekovite-droge.tif%22><img src=%22https:\/\/www.hbod.hr\/wp-content\/uploads\/2024\/01\/51_Ljekovito-bilje-i-ljekovite-droge.tif%22 width=%22undefined%22 height=%22undefined%22 alt=%22%22 class=%22wp-image-19008 alignnone size-full%22 \/><img src=%22https:\/\/www.hbod.hr\/wp-content\/uploads\/2024\/01\/63_Kalnik-\u2013-Iz-prirodne-bastine-kalnickog-gorja-i-prigorja.jpg%22 width=%22186%22 height=%22267%22 alt=%22%22 class=%22wp-image-19036 alignnone size-full%22 \/><\/a><\/h3>\n<p>&#8221; content_phone=&#8221;<\/p>\n<h3><a href=%22https:\/\/www.hbod.hr\/wp-content\/uploads\/2024\/01\/51_Ljekovito-bilje-i-ljekovite-droge.tif%22><img src=%22https:\/\/www.hbod.hr\/wp-content\/uploads\/2024\/01\/51_Ljekovito-bilje-i-ljekovite-droge.tif%22 width=%22undefined%22 height=%22undefined%22 alt=%22%22 class=%22wp-image-19008 alignnone size-full%22 \/><img src=%22https:\/\/www.hbod.hr\/wp-content\/uploads\/2024\/01\/63_Kalnik-\u2013-Iz-prirodne-bastine-kalnickog-gorja-i-prigorja.jpg%22 width=%22186%22 height=%22267%22 alt=%22%22 class=%22wp-image-19036 alignnone size-full%22 \/><\/a><\/h3>\n<p>&#8221; content_last_edited=&#8221;on|desktop&#8221; _builder_version=&#8221;4.23.1&#8243; _module_preset=&#8221;default&#8221; body_text_align=&#8221;center&#8221; min_height=&#8221;100px&#8221; height=&#8221;306px&#8221; max_height=&#8221;326px&#8221; global_colors_info=&#8221;{}&#8221; toggle_level=&#8221;h1&#8243; toggle_font=&#8221;|700||||on|||&#8221; toggle_text_align=&#8221;left&#8221; toggle_font_size=&#8221;20px&#8221;]<\/p>\n<h3><a href=\"https:\/\/www.hbod.hr\/wp-content\/uploads\/2024\/01\/51_Ljekovito-bilje-i-ljekovite-droge.tif\"><img decoding=\"async\" src=\"https:\/\/www.hbod.hr\/wp-content\/uploads\/2024\/01\/51_Ljekovito-bilje-i-ljekovite-droge.tif\" width=\"undefined\" height=\"undefined\" alt=\"\" class=\"wp-image-19008 alignnone size-full\" \/><img loading=\"lazy\" decoding=\"async\" src=\"https:\/\/www.hbod.hr\/wp-content\/uploads\/2024\/01\/63_Kalnik-\u2013-Iz-prirodne-bastine-kalnickog-gorja-i-prigorja.jpg\" width=\"186\" height=\"267\" alt=\"\" class=\"wp-image-19036 alignnone size-full\" \/><\/a><\/h3>\n<p>[\/et_pb_accordion_item][et_pb_accordion_item title=&#8221;Read more&#8221; _builder_version=&#8221;4.24.2&#8243; _module_preset=&#8221;default&#8221; global_colors_info=&#8221;{}&#8221; open=&#8221;off&#8221;]<\/p>\n<p><span style=\"font-weight: 400;\"><strong>Editor:<\/strong> Radovan Kranj\u010dev<\/span><\/p>\n<p><span style=\"font-weight: 400;\"><strong>Publisher:<\/strong> Ogranak Matice Hrvatske Koprivnica<\/span><\/p>\n<p><span style=\"font-weight: 400;\"><strong>Year published:<\/strong> 2008.<\/span><\/p>\n<p><span style=\"font-weight: 400;\"><strong>Pages:<\/strong> 112<\/span><\/p>\n<p>[\/et_pb_accordion_item][\/et_pb_accordion][\/et_pb_column][et_pb_column type=&#8221;1_3&#8243; _builder_version=&#8221;4.23.1&#8243; _module_preset=&#8221;default&#8221; global_colors_info=&#8221;{}&#8221;][et_pb_accordion _builder_version=&#8221;4.24.2&#8243; _module_preset=&#8221;default&#8221; box_shadow_style=&#8221;preset1&#8243; global_colors_info=&#8221;{}&#8221;][et_pb_accordion_item title=&#8221;Biokovo&#8221; open=&#8221;on&#8221; _builder_version=&#8221;4.23.1&#8243; _module_preset=&#8221;default&#8221; body_text_align=&#8221;center&#8221; max_height=&#8221;326px&#8221; global_colors_info=&#8221;{}&#8221; toggle_level=&#8221;h1&#8243; toggle_font=&#8221;|700||||on|||&#8221; toggle_text_align=&#8221;left&#8221; toggle_font_size=&#8221;20px&#8221;]<\/p>\n<h3><img loading=\"lazy\" decoding=\"async\" src=\"https:\/\/www.hbod.hr\/wp-content\/uploads\/2024\/01\/64_Biokovo-221x300.jpg\" width=\"198\" height=\"269\" alt=\"\" class=\"wp-image-19038 alignnone size-medium\" \/><\/h3>\n<p>[\/et_pb_accordion_item][et_pb_accordion_item title=&#8221;Read more&#8221; _builder_version=&#8221;4.24.2&#8243; _module_preset=&#8221;default&#8221; global_colors_info=&#8221;{}&#8221; open=&#8221;off&#8221;]<\/p>\n<p><span style=\"font-weight: 400;\"><strong>Editor:<\/strong> Roman Ozimec<\/span><\/p>\n<p><span style=\"font-weight: 400;\"><strong>Publisher:<\/strong> Graphis d.o.o. i Javna ustanova \u201epark prirode Papuk\u201c<\/span><\/p>\n<p><span style=\"font-weight: 400;\"><strong>Year published:<\/strong> 2008.<\/span><\/p>\n<p><span style=\"font-weight: 400;\"><strong>Pages:<\/strong> 282<\/span><\/p>\n<p>[\/et_pb_accordion_item][\/et_pb_accordion][\/et_pb_column][\/et_pb_row][et_pb_row column_structure=&#8221;1_3,1_3,1_3&#8243; _builder_version=&#8221;4.23.1&#8243; _module_preset=&#8221;default&#8221; width=&#8221;100%&#8221; locked=&#8221;off&#8221; global_colors_info=&#8221;{}&#8221;][et_pb_column type=&#8221;1_3&#8243; _builder_version=&#8221;4.23.1&#8243; _module_preset=&#8221;default&#8221; global_colors_info=&#8221;{}&#8221;][et_pb_accordion _builder_version=&#8221;4.24.2&#8243; _module_preset=&#8221;default&#8221; box_shadow_style=&#8221;preset1&#8243; global_colors_info=&#8221;{}&#8221;][et_pb_accordion_item title=&#8221;Medonosne biljke kontinentalne Hrvatske&#8221; open=&#8221;on&#8221; _builder_version=&#8221;4.23.1&#8243; _module_preset=&#8221;default&#8221; body_text_align=&#8221;center&#8221; min_height=&#8221;284px&#8221; height=&#8221;232px&#8221; max_height=&#8221;326px&#8221; global_colors_info=&#8221;{}&#8221; toggle_level=&#8221;h1&#8243; toggle_font=&#8221;|700||||on|||&#8221; toggle_text_align=&#8221;left&#8221; toggle_font_size=&#8221;20px&#8221;]<\/p>\n<p><img loading=\"lazy\" decoding=\"async\" src=\"https:\/\/www.hbod.hr\/wp-content\/uploads\/2024\/01\/65_Medonosne-biljke-kontinentalne-Hrvatske.jpg\" width=\"186\" height=\"266\" alt=\"\" class=\"wp-image-19040 alignnone size-full\" \/><\/p>\n<p>[\/et_pb_accordion_item][et_pb_accordion_item title=&#8221;Read more&#8221; _builder_version=&#8221;4.24.2&#8243; _module_preset=&#8221;default&#8221; global_colors_info=&#8221;{}&#8221; open=&#8221;off&#8221;]<\/p>\n<p><span style=\"font-weight: 400;\"><strong>Author:<\/strong> Matija Bu\u010dar<\/span><\/p>\n<p><span style=\"font-weight: 400;\"><strong>Publisher:<\/strong> Matica hrvatska &#8211; Petrinja, U\u010diteljski fakultet \u2013 podru\u017enica Petrinja<\/span><\/p>\n<p><span style=\"font-weight: 400;\"><strong>Year published:<\/strong> 2008.<\/span><\/p>\n<p><span style=\"font-weight: 400;\"><strong>Pages:<\/strong> 616<\/span><\/p>\n<p>[\/et_pb_accordion_item][\/et_pb_accordion][\/et_pb_column][et_pb_column type=&#8221;1_3&#8243; _builder_version=&#8221;4.23.1&#8243; _module_preset=&#8221;default&#8221; global_colors_info=&#8221;{}&#8221;][et_pb_accordion _builder_version=&#8221;4.24.2&#8243; _module_preset=&#8221;default&#8221; box_shadow_style=&#8221;preset1&#8243; global_colors_info=&#8221;{}&#8221;][et_pb_accordion_item title=&#8221;Biodiversity studies along the Drava river&#8221; open=&#8221;on&#8221; content_tablet=&#8221;<\/p>\n<h3><a href=%22https:\/\/www.hbod.hr\/wp-content\/uploads\/2024\/01\/51_Ljekovito-bilje-i-ljekovite-droge.tif%22><img src=%22https:\/\/www.hbod.hr\/wp-content\/uploads\/2024\/01\/51_Ljekovito-bilje-i-ljekovite-droge.tif%22 width=%22undefined%22 height=%22undefined%22 alt=%22%22 class=%22wp-image-19008 alignnone size-full%22 \/><img src=%22https:\/\/www.hbod.hr\/wp-content\/uploads\/2024\/01\/66_Biodiversity-studies-along-the-drava-river-212x300.jpg%22 width=%22190%22 height=%22269%22 alt=%22%22 class=%22wp-image-19042 alignnone size-medium%22 \/><\/a><\/h3>\n<p>&#8221; content_phone=&#8221;<\/p>\n<h3><a href=%22https:\/\/www.hbod.hr\/wp-content\/uploads\/2024\/01\/51_Ljekovito-bilje-i-ljekovite-droge.tif%22><img src=%22https:\/\/www.hbod.hr\/wp-content\/uploads\/2024\/01\/51_Ljekovito-bilje-i-ljekovite-droge.tif%22 width=%22undefined%22 height=%22undefined%22 alt=%22%22 class=%22wp-image-19008 alignnone size-full%22 \/><img src=%22https:\/\/www.hbod.hr\/wp-content\/uploads\/2024\/01\/66_Biodiversity-studies-along-the-drava-river-212x300.jpg%22 width=%22190%22 height=%22269%22 alt=%22%22 class=%22wp-image-19042 alignnone size-medium%22 \/><\/a><\/h3>\n<p>&#8221; content_last_edited=&#8221;on|desktop&#8221; _builder_version=&#8221;4.23.1&#8243; _module_preset=&#8221;default&#8221; body_text_align=&#8221;center&#8221; min_height=&#8221;100px&#8221; height=&#8221;306px&#8221; max_height=&#8221;326px&#8221; global_colors_info=&#8221;{}&#8221; toggle_level=&#8221;h1&#8243; toggle_font=&#8221;|700||||on|||&#8221; toggle_text_align=&#8221;left&#8221; toggle_font_size=&#8221;20px&#8221;]<\/p>\n<h3><a href=\"https:\/\/www.hbod.hr\/wp-content\/uploads\/2024\/01\/51_Ljekovito-bilje-i-ljekovite-droge.tif\"><img decoding=\"async\" src=\"https:\/\/www.hbod.hr\/wp-content\/uploads\/2024\/01\/51_Ljekovito-bilje-i-ljekovite-droge.tif\" width=\"undefined\" height=\"undefined\" alt=\"\" class=\"wp-image-19008 alignnone size-full\" \/><img loading=\"lazy\" decoding=\"async\" src=\"https:\/\/www.hbod.hr\/wp-content\/uploads\/2024\/01\/66_Biodiversity-studies-along-the-drava-river-212x300.jpg\" width=\"190\" height=\"269\" alt=\"\" class=\"wp-image-19042 alignnone size-medium\" \/><\/a><\/h3>\n<p>[\/et_pb_accordion_item][et_pb_accordion_item title=&#8221;Read more&#8221; _builder_version=&#8221;4.24.2&#8243; _module_preset=&#8221;default&#8221; global_colors_info=&#8221;{}&#8221; open=&#8221;off&#8221;]<\/p>\n<p><span style=\"font-weight: 400;\"><strong>Editor:<\/strong> Jen\u00f6 Purger<\/span><\/p>\n<p><span style=\"font-weight: 400;\"><strong>Published:<\/strong> Sveu\u010dili\u0161te u Pe\u010duhu<\/span><\/p>\n<p><span style=\"font-weight: 400;\"><strong>Year published:<\/strong> 2008.<\/span><\/p>\n<p><span style=\"font-weight: 400;\"><strong>Pages:<\/strong> 328<\/span><\/p>\n<p>[\/et_pb_accordion_item][\/et_pb_accordion][\/et_pb_column][et_pb_column type=&#8221;1_3&#8243; _builder_version=&#8221;4.23.1&#8243; _module_preset=&#8221;default&#8221; global_colors_info=&#8221;{}&#8221;][et_pb_accordion _builder_version=&#8221;4.24.2&#8243; _module_preset=&#8221;default&#8221; box_shadow_style=&#8221;preset1&#8243; global_colors_info=&#8221;{}&#8221;][et_pb_accordion_item title=&#8221;Otrov i lijek skriven u biljci  (Katalog Izlo\u017ebe)&#8221; open=&#8221;on&#8221; _builder_version=&#8221;4.23.1&#8243; _module_preset=&#8221;default&#8221; body_text_align=&#8221;center&#8221; max_height=&#8221;326px&#8221; global_colors_info=&#8221;{}&#8221; toggle_level=&#8221;h1&#8243; toggle_font=&#8221;|700||||on|||&#8221; toggle_text_align=&#8221;left&#8221; toggle_font_size=&#8221;20px&#8221;]<\/p>\n<h3><img loading=\"lazy\" decoding=\"async\" src=\"https:\/\/www.hbod.hr\/wp-content\/uploads\/2024\/01\/67_Otrov-i-lijek-300x209.jpg\" width=\"300\" height=\"209\" alt=\"\" class=\"wp-image-19044 alignnone size-medium\" \/><\/h3>\n<p>[\/et_pb_accordion_item][et_pb_accordion_item title=&#8221;Read more&#8221; _builder_version=&#8221;4.24.2&#8243; _module_preset=&#8221;default&#8221; global_colors_info=&#8221;{}&#8221; open=&#8221;off&#8221;]<\/p>\n<p><span style=\"font-weight: 400;\"><strong>Author:<\/strong> Mirjana Vrbek, Suzana Buzjak, Dario Kremer<\/span><\/p>\n<p><span style=\"font-weight: 400;\"><strong>Publisher:<\/strong> Hrvatski prirodoslovni muzej<\/span><\/p>\n<p><span style=\"font-weight: 400;\"><strong>Year published:<\/strong> 2008.<\/span><\/p>\n<p><span style=\"font-weight: 400;\"><strong>Pages:<\/strong> 61<\/span><\/p>\n<p>[\/et_pb_accordion_item][\/et_pb_accordion][\/et_pb_column][\/et_pb_row][et_pb_row column_structure=&#8221;1_3,1_3,1_3&#8243; _builder_version=&#8221;4.23.1&#8243; _module_preset=&#8221;default&#8221; width=&#8221;100%&#8221; locked=&#8221;off&#8221; global_colors_info=&#8221;{}&#8221;][et_pb_column type=&#8221;1_3&#8243; _builder_version=&#8221;4.23.1&#8243; _module_preset=&#8221;default&#8221; global_colors_info=&#8221;{}&#8221;][et_pb_accordion _builder_version=&#8221;4.24.2&#8243; _module_preset=&#8221;default&#8221; box_shadow_style=&#8221;preset1&#8243; global_colors_info=&#8221;{}&#8221;][et_pb_accordion_item title=&#8221;Biljke Banskog brda&#8221; open=&#8221;on&#8221; _builder_version=&#8221;4.23.1&#8243; _module_preset=&#8221;default&#8221; body_text_align=&#8221;center&#8221; min_height=&#8221;284px&#8221; height=&#8221;232px&#8221; max_height=&#8221;326px&#8221; global_colors_info=&#8221;{}&#8221; toggle_level=&#8221;h1&#8243; toggle_font=&#8221;|700||||on|||&#8221; toggle_text_align=&#8221;left&#8221; toggle_font_size=&#8221;20px&#8221;]<\/p>\n<p><img loading=\"lazy\" decoding=\"async\" src=\"https:\/\/www.hbod.hr\/wp-content\/uploads\/2024\/01\/68_Biljke-Banskog-brda-218x300.jpg\" width=\"190\" height=\"262\" alt=\"\" class=\"wp-image-19046 alignnone size-medium\" srcset=\"https:\/\/www.hbod.hr\/wp-content\/uploads\/2024\/01\/68_Biljke-Banskog-brda-218x300.jpg 218w, https:\/\/www.hbod.hr\/wp-content\/uploads\/2024\/01\/68_Biljke-Banskog-brda.jpg 300w\" sizes=\"(max-width: 190px) 100vw, 190px\" \/><\/p>\n<p>[\/et_pb_accordion_item][et_pb_accordion_item title=&#8221;Read more&#8221; _builder_version=&#8221;4.24.2&#8243; _module_preset=&#8221;default&#8221; global_colors_info=&#8221;{}&#8221; open=&#8221;off&#8221;]<\/p>\n<p><span style=\"font-weight: 400;\"><strong>Authors:<\/strong> Dragica Purger, Janos Csiky<\/span><\/p>\n<p><span style=\"font-weight: 400;\"><strong>Publisher:<\/strong> University of P\u00e9cs<\/span><\/p>\n<p><span style=\"font-weight: 400;\"><strong>Year published:<\/strong> 2008.<\/span><\/p>\n<p><span style=\"font-weight: 400;\"><strong>Pages:<\/strong> 58<\/span><\/p>\n<p>[\/et_pb_accordion_item][\/et_pb_accordion][\/et_pb_column][et_pb_column type=&#8221;1_3&#8243; _builder_version=&#8221;4.23.1&#8243; _module_preset=&#8221;default&#8221; global_colors_info=&#8221;{}&#8221;][et_pb_accordion _builder_version=&#8221;4.24.2&#8243; _module_preset=&#8221;default&#8221; box_shadow_style=&#8221;preset1&#8243; global_colors_info=&#8221;{}&#8221;][et_pb_accordion_item title=&#8221;Bioraznolikost kroz lokve otoka Cresa&#8221; open=&#8221;on&#8221; _builder_version=&#8221;4.24.2&#8243; _module_preset=&#8221;default&#8221; body_text_align=&#8221;center&#8221; min_height=&#8221;284px&#8221; height=&#8221;232px&#8221; max_height=&#8221;326px&#8221; global_colors_info=&#8221;{}&#8221; toggle_level=&#8221;h1&#8243; toggle_font=&#8221;|700||||on|||&#8221; toggle_text_align=&#8221;left&#8221; toggle_font_size=&#8221;20px&#8221;]<\/p>\n<p><img loading=\"lazy\" decoding=\"async\" src=\"https:\/\/www.hbod.hr\/wp-content\/uploads\/2024\/03\/15_Bioraznolikost-kroz-lokve-otoka-Cresa-218x300.jpg\" width=\"184\" height=\"253\" alt=\"\" class=\"wp-image-19683 alignnone size-medium\" \/><\/p>\n<p>[\/et_pb_accordion_item][et_pb_accordion_item title=&#8221;Read more&#8221; _builder_version=&#8221;4.24.2&#8243; _module_preset=&#8221;default&#8221; global_colors_info=&#8221;{}&#8221; open=&#8221;off&#8221;]<\/p>\n<p><span style=\"font-weight: 400;\"><strong>Authors:<\/strong> Goran Su\u0161i\u0107, Vesna Radek<\/span><\/p>\n<p><span style=\"font-weight: 400;\"><strong>Publisher:<\/strong> : Istra\u017eiva\u010dko edukacijski centar za za\u0161titu prirode Eko-centar Caput insulae Beli<\/span><\/p>\n<p><span style=\"font-weight: 400;\"><strong>Year published:<\/strong> 2007.<\/span><\/p>\n<p><span style=\"font-weight: 400;\"><strong>Pages:<\/strong> 133<\/span><\/p>\n<p>[\/et_pb_accordion_item][\/et_pb_accordion][\/et_pb_column][et_pb_column type=&#8221;1_3&#8243; _builder_version=&#8221;4.23.1&#8243; _module_preset=&#8221;default&#8221; global_colors_info=&#8221;{}&#8221;][et_pb_accordion _builder_version=&#8221;4.24.2&#8243; _module_preset=&#8221;default&#8221; box_shadow_style=&#8221;preset1&#8243; global_colors_info=&#8221;{}&#8221;][et_pb_accordion_item title=&#8221;Priru\u010dnik za istra\u017eivanje bioraznolikosti du\u017e rijeke  Drave&#8221; open=&#8221;on&#8221; content_tablet=&#8221;<\/p>\n<h3><a href=%22https:\/\/www.hbod.hr\/wp-content\/uploads\/2024\/01\/51_Ljekovito-bilje-i-ljekovite-droge.tif%22><img src=%22https:\/\/www.hbod.hr\/wp-content\/uploads\/2024\/01\/51_Ljekovito-bilje-i-ljekovite-droge.tif%22 width=%22undefined%22 height=%22undefined%22 alt=%22%22 class=%22wp-image-19008 alignnone size-full%22 \/><img src=%22https:\/\/www.hbod.hr\/wp-content\/uploads\/2024\/01\/69_Prirucnik-za-istrazivanje-bioraznolikosti-duz-rijeke-Drave-211x300.png%22 width=%22189%22 height=%22269%22 alt=%22%22 class=%22wp-image-19048 alignnone size-medium%22 \/><\/a><\/h3>\n<p>&#8221; content_phone=&#8221;<\/p>\n<h3><a href=%22https:\/\/www.hbod.hr\/wp-content\/uploads\/2024\/01\/51_Ljekovito-bilje-i-ljekovite-droge.tif%22><img src=%22https:\/\/www.hbod.hr\/wp-content\/uploads\/2024\/01\/51_Ljekovito-bilje-i-ljekovite-droge.tif%22 width=%22undefined%22 height=%22undefined%22 alt=%22%22 class=%22wp-image-19008 alignnone size-full%22 \/><img src=%22https:\/\/www.hbod.hr\/wp-content\/uploads\/2024\/01\/69_Prirucnik-za-istrazivanje-bioraznolikosti-duz-rijeke-Drave-211x300.png%22 width=%22189%22 height=%22269%22 alt=%22%22 class=%22wp-image-19048 alignnone size-medium%22 \/><\/a><\/h3>\n<p>&#8221; content_last_edited=&#8221;on|desktop&#8221; _builder_version=&#8221;4.23.1&#8243; _module_preset=&#8221;default&#8221; body_text_align=&#8221;center&#8221; min_height=&#8221;100px&#8221; height=&#8221;306px&#8221; max_height=&#8221;326px&#8221; global_colors_info=&#8221;{}&#8221; toggle_level=&#8221;h1&#8243; toggle_font=&#8221;|700||||on|||&#8221; toggle_text_align=&#8221;left&#8221; toggle_font_size=&#8221;20px&#8221;]<\/p>\n<h3><a href=\"https:\/\/www.hbod.hr\/wp-content\/uploads\/2024\/01\/51_Ljekovito-bilje-i-ljekovite-droge.tif\"><img decoding=\"async\" src=\"https:\/\/www.hbod.hr\/wp-content\/uploads\/2024\/01\/51_Ljekovito-bilje-i-ljekovite-droge.tif\" width=\"undefined\" height=\"undefined\" alt=\"\" class=\"wp-image-19008 alignnone size-full\" \/><img loading=\"lazy\" decoding=\"async\" src=\"https:\/\/www.hbod.hr\/wp-content\/uploads\/2024\/01\/69_Prirucnik-za-istrazivanje-bioraznolikosti-duz-rijeke-Drave-211x300.png\" width=\"189\" height=\"269\" alt=\"\" class=\"wp-image-19048 alignnone size-medium\" \/><\/a><\/h3>\n<p>[\/et_pb_accordion_item][et_pb_accordion_item title=&#8221;Read more&#8221; _builder_version=&#8221;4.24.2&#8243; _module_preset=&#8221;default&#8221; global_colors_info=&#8221;{}&#8221; open=&#8221;off&#8221;]<\/p>\n<p><span style=\"font-weight: 400;\"><strong>Editor:<\/strong> Jen\u00f6 Purger<\/span><\/p>\n<p><span style=\"font-weight: 400;\"><strong>Publisher:<\/strong> Sveu\u010dili\u0161te u Pe\u010duhu<\/span><\/p>\n<p><span style=\"font-weight: 400;\"><strong>Year published:<\/strong> 2007.<\/span><\/p>\n<p><span style=\"font-weight: 400;\"><strong>Pages:<\/strong> 248<\/span><\/p>\n<p>[\/et_pb_accordion_item][\/et_pb_accordion][\/et_pb_column][\/et_pb_row][et_pb_row column_structure=&#8221;1_3,1_3,1_3&#8243; _builder_version=&#8221;4.23.1&#8243; _module_preset=&#8221;default&#8221; width=&#8221;100%&#8221; locked=&#8221;off&#8221; global_colors_info=&#8221;{}&#8221;][et_pb_column type=&#8221;1_3&#8243; _builder_version=&#8221;4.23.1&#8243; _module_preset=&#8221;default&#8221; global_colors_info=&#8221;{}&#8221;][et_pb_accordion _builder_version=&#8221;4.24.2&#8243; _module_preset=&#8221;default&#8221; box_shadow_style=&#8221;preset1&#8243; global_colors_info=&#8221;{}&#8221;][et_pb_accordion_item title=&#8221;Vodi\u010d kroz prirodnu i kulturnu ba\u0161tinu Nacionalnog parka Paklenica&#8221; open=&#8221;on&#8221; _builder_version=&#8221;4.23.1&#8243; _module_preset=&#8221;default&#8221; body_text_align=&#8221;center&#8221; max_height=&#8221;326px&#8221; global_colors_info=&#8221;{}&#8221; toggle_level=&#8221;h1&#8243; toggle_font=&#8221;|700||||on|||&#8221; toggle_text_align=&#8221;left&#8221; toggle_font_size=&#8221;20px&#8221;]<\/p>\n<h3><img loading=\"lazy\" decoding=\"async\" src=\"https:\/\/www.hbod.hr\/wp-content\/uploads\/2024\/01\/Vodic-kroz-prirodnu-i-kulturnu-bastinu-Nacionalnog-parka-Paklenica-1-183x300.jpg\" width=\"130\" height=\"213\" alt=\"\" class=\"wp-image-19154 alignnone size-medium\" \/><\/h3>\n<p>[\/et_pb_accordion_item][et_pb_accordion_item title=&#8221;Read more&#8221; _builder_version=&#8221;4.24.2&#8243; _module_preset=&#8221;default&#8221; global_colors_info=&#8221;{}&#8221; open=&#8221;off&#8221;]<\/p>\n<p><span style=\"font-weight: 400;\"><strong>Authors:<\/strong> Gordan Luka\u010d, Snje\u017eana Vuj\u010di\u0107-Karlo, Sre\u0107ko Bo\u017ei\u010devi\u0107, Zlatko Marasovi\u0107<\/span><\/p>\n<p><strong>Publisher:<\/strong> <span style=\"font-weight: 400;\">Javna ustanova Nacionalni park Paklenica<\/span><\/p>\n<p><span style=\"font-weight: 400;\"><strong>Year published:<\/strong> 2007.<\/span><\/p>\n<p><span style=\"font-weight: 400;\"><strong>Pages:<\/strong> 320<\/span><\/p>\n<p>[\/et_pb_accordion_item][\/et_pb_accordion][\/et_pb_column][et_pb_column type=&#8221;1_3&#8243; _builder_version=&#8221;4.23.1&#8243; _module_preset=&#8221;default&#8221; global_colors_info=&#8221;{}&#8221;][et_pb_accordion _builder_version=&#8221;4.24.2&#8243; _module_preset=&#8221;default&#8221; box_shadow_style=&#8221;preset1&#8243; global_colors_info=&#8221;{}&#8221;][et_pb_accordion_item title=&#8221;Maksimirske proljetnice: priru\u010dnik za odre\u0111ivanje vrsta &#8221; open=&#8221;on&#8221; _builder_version=&#8221;4.23.1&#8243; _module_preset=&#8221;default&#8221; body_text_align=&#8221;center&#8221; max_height=&#8221;326px&#8221; global_colors_info=&#8221;{}&#8221; toggle_level=&#8221;h1&#8243; toggle_font=&#8221;|700||||on|||&#8221; toggle_text_align=&#8221;left&#8221; toggle_font_size=&#8221;20px&#8221;]<\/p>\n<h3><img loading=\"lazy\" decoding=\"async\" src=\"https:\/\/www.hbod.hr\/wp-content\/uploads\/2024\/01\/70_Maksimirske-proljetnice-prirucnik-za-odredivanje-vrsta-185x300.jpg\" width=\"140\" height=\"227\" alt=\"\" class=\"wp-image-19050 alignnone size-medium\" srcset=\"https:\/\/www.hbod.hr\/wp-content\/uploads\/2024\/01\/70_Maksimirske-proljetnice-prirucnik-za-odredivanje-vrsta-185x300.jpg 185w, https:\/\/www.hbod.hr\/wp-content\/uploads\/2024\/01\/70_Maksimirske-proljetnice-prirucnik-za-odredivanje-vrsta.jpg 395w\" sizes=\"(max-width: 140px) 100vw, 140px\" \/><\/h3>\n<p>[\/et_pb_accordion_item][et_pb_accordion_item title=&#8221;Read more&#8221; _builder_version=&#8221;4.24.2&#8243; _module_preset=&#8221;default&#8221; global_colors_info=&#8221;{}&#8221; open=&#8221;off&#8221;]<\/p>\n<p><span style=\"font-weight: 400;\"><strong>Autor:<\/strong> Mirjana Vrbek, Suzanan Buzjak, Biljana Janev Hutinec<\/span><\/p>\n<p><span style=\"font-weight: 400;\"><strong>Publisher:<\/strong> Javna ustanova Makimir<\/span><\/p>\n<p><span style=\"font-weight: 400;\"><strong>Year published:<\/strong> 2007.<\/span><\/p>\n<p><span style=\"font-weight: 400;\"><strong>Pages:<\/strong> 52<\/span><\/p>\n<p>[\/et_pb_accordion_item][\/et_pb_accordion][\/et_pb_column][et_pb_column type=&#8221;1_3&#8243; _builder_version=&#8221;4.23.1&#8243; _module_preset=&#8221;default&#8221; global_colors_info=&#8221;{}&#8221;][et_pb_accordion _builder_version=&#8221;4.24.2&#8243; _module_preset=&#8221;default&#8221; box_shadow_style=&#8221;preset1&#8243; global_colors_info=&#8221;{}&#8221;][et_pb_accordion_item title=&#8221;Flora. Priru\u010dnik za inventarizaciju i pra\u0107enje stanja&#8221; open=&#8221;on&#8221; _builder_version=&#8221;4.23.1&#8243; _module_preset=&#8221;default&#8221; body_text_align=&#8221;center&#8221; min_height=&#8221;284px&#8221; height=&#8221;232px&#8221; max_height=&#8221;326px&#8221; global_colors_info=&#8221;{}&#8221; toggle_level=&#8221;h1&#8243; toggle_font=&#8221;|700||||on|||&#8221; toggle_text_align=&#8221;left&#8221; toggle_font_size=&#8221;20px&#8221;]<\/p>\n<p><img loading=\"lazy\" decoding=\"async\" src=\"https:\/\/www.hbod.hr\/wp-content\/uploads\/2024\/01\/71_Flora.-Prirucnik-za-inventarizaciju-i-pracenje-stanja-198x300.jpg\" width=\"174\" height=\"264\" alt=\"\" class=\"wp-image-19052 alignnone size-medium\" srcset=\"https:\/\/www.hbod.hr\/wp-content\/uploads\/2024\/01\/71_Flora.-Prirucnik-za-inventarizaciju-i-pracenje-stanja-198x300.jpg 198w, https:\/\/www.hbod.hr\/wp-content\/uploads\/2024\/01\/71_Flora.-Prirucnik-za-inventarizaciju-i-pracenje-stanja.jpg 422w\" sizes=\"(max-width: 174px) 100vw, 174px\" \/><\/p>\n<p>[\/et_pb_accordion_item][et_pb_accordion_item title=&#8221;Read more&#8221; _builder_version=&#8221;4.24.2&#8243; _module_preset=&#8221;default&#8221; global_colors_info=&#8221;{}&#8221; open=&#8221;off&#8221;]<\/p>\n<p><span style=\"font-weight: 400;\"><strong>Author:<\/strong> Toni Nikoli\u0107<\/span><\/p>\n<p><span style=\"font-weight: 400;\"><strong>Publisher:<\/strong> Dr\u017eavni zavod za za\u0161titu prirode<\/span><\/p>\n<p><span style=\"font-weight: 400;\"><strong>Year published:<\/strong> 2006.<\/span><\/p>\n<p><span style=\"font-weight: 400;\"><strong>Pages:<\/strong> 64<\/span><\/p>\n<p>[\/et_pb_accordion_item][\/et_pb_accordion][\/et_pb_column][\/et_pb_row][et_pb_row column_structure=&#8221;1_3,1_3,1_3&#8243; _builder_version=&#8221;4.23.1&#8243; _module_preset=&#8221;default&#8221; width=&#8221;100%&#8221; locked=&#8221;off&#8221; global_colors_info=&#8221;{}&#8221;][et_pb_column type=&#8221;1_3&#8243; _builder_version=&#8221;4.23.1&#8243; _module_preset=&#8221;default&#8221; global_colors_info=&#8221;{}&#8221;][et_pb_accordion _builder_version=&#8221;4.24.2&#8243; _module_preset=&#8221;default&#8221; box_shadow_style=&#8221;preset1&#8243; global_colors_info=&#8221;{}&#8221;][et_pb_accordion_item title=&#8221;Za\u0161ti\u0107ena prirodna ba\u0161tina Primorsko-goranske \u017eupanije&#8221; open=&#8221;on&#8221; content_tablet=&#8221;<\/p>\n<h3><a href=%22https:\/\/www.hbod.hr\/wp-content\/uploads\/2024\/01\/51_Ljekovito-bilje-i-ljekovite-droge.tif%22><img src=%22https:\/\/www.hbod.hr\/wp-content\/uploads\/2024\/01\/51_Ljekovito-bilje-i-ljekovite-droge.tif%22 width=%22undefined%22 height=%22undefined%22 alt=%22%22 class=%22wp-image-19008 alignnone size-full%22 \/><img src=%22https:\/\/www.hbod.hr\/wp-content\/uploads\/2024\/01\/69_Prirucnik-za-istrazivanje-bioraznolikosti-duz-rijeke-Drave-211x300.png%22 width=%22189%22 height=%22269%22 alt=%22%22 class=%22wp-image-19048 alignnone size-medium%22 \/><\/a><\/h3>\n<p>&#8221; content_phone=&#8221;<\/p>\n<h3><a href=%22https:\/\/www.hbod.hr\/wp-content\/uploads\/2024\/01\/51_Ljekovito-bilje-i-ljekovite-droge.tif%22><img src=%22https:\/\/www.hbod.hr\/wp-content\/uploads\/2024\/01\/51_Ljekovito-bilje-i-ljekovite-droge.tif%22 width=%22undefined%22 height=%22undefined%22 alt=%22%22 class=%22wp-image-19008 alignnone size-full%22 \/><img src=%22https:\/\/www.hbod.hr\/wp-content\/uploads\/2024\/01\/72_Zasticena-prirodna-bastina-Primorsko-goranske-zupanije-150x300.jpg%22 width=%22137%22 height=%22274%22 alt=%22%22 class=%22wp-image-19054 alignnone size-medium%22 \/><\/a><\/h3>\n<p>&#8221; content_last_edited=&#8221;on|desktop&#8221; _builder_version=&#8221;4.24.0&#8243; _module_preset=&#8221;default&#8221; body_text_align=&#8221;center&#8221; min_height=&#8221;100px&#8221; height=&#8221;306px&#8221; max_height=&#8221;326px&#8221; global_colors_info=&#8221;{}&#8221; toggle_level=&#8221;h1&#8243; toggle_font=&#8221;|700||||on|||&#8221; toggle_text_align=&#8221;left&#8221; toggle_font_size=&#8221;20px&#8221;]<\/p>\n<h3><a href=\"https:\/\/www.hbod.hr\/wp-content\/uploads\/2024\/01\/51_Ljekovito-bilje-i-ljekovite-droge.tif\"><img decoding=\"async\" src=\"https:\/\/www.hbod.hr\/wp-content\/uploads\/2024\/01\/51_Ljekovito-bilje-i-ljekovite-droge.tif\" width=\"undefined\" height=\"undefined\" alt=\"\" class=\"wp-image-19008 alignnone size-full\" \/><img loading=\"lazy\" decoding=\"async\" src=\"https:\/\/www.hbod.hr\/wp-content\/uploads\/2024\/01\/72_Zasticena-prirodna-bastina-Primorsko-goranske-zupanije-150x300.jpg\" width=\"139\" height=\"278\" alt=\"\" class=\"wp-image-19054 alignnone size-medium\" srcset=\"https:\/\/www.hbod.hr\/wp-content\/uploads\/2024\/01\/72_Zasticena-prirodna-bastina-Primorsko-goranske-zupanije-150x300.jpg 150w, https:\/\/www.hbod.hr\/wp-content\/uploads\/2024\/01\/72_Zasticena-prirodna-bastina-Primorsko-goranske-zupanije.jpg 159w\" sizes=\"(max-width: 139px) 100vw, 139px\" \/><\/a><\/h3>\n<p>[\/et_pb_accordion_item][et_pb_accordion_item title=&#8221;Read more&#8221; _builder_version=&#8221;4.24.2&#8243; _module_preset=&#8221;default&#8221; global_colors_info=&#8221;{}&#8221; open=&#8221;off&#8221;]<\/p>\n<p><span style=\"font-weight: 400;\"><strong>Editor:<\/strong> Mladen \u010crnjar<\/span><\/p>\n<p><span style=\"font-weight: 400;\"><strong>Publisher:<\/strong> Primorsko-goranska \u017eupanija<\/span><\/p>\n<p><span style=\"font-weight: 400;\"><strong>Year published:<\/strong> 2006.<\/span><\/p>\n<p><span style=\"font-weight: 400;\"><strong>Pages:<\/strong> 155<\/span><\/p>\n<p>[\/et_pb_accordion_item][\/et_pb_accordion][\/et_pb_column][et_pb_column type=&#8221;1_3&#8243; _builder_version=&#8221;4.23.1&#8243; _module_preset=&#8221;default&#8221; global_colors_info=&#8221;{}&#8221;][et_pb_accordion _builder_version=&#8221;4.24.2&#8243; _module_preset=&#8221;default&#8221; box_shadow_style=&#8221;preset1&#8243; global_colors_info=&#8221;{}&#8221;][et_pb_accordion_item title=&#8221;Stani\u0161ta: Priru\u010dnik za inventarizaciju, kartiranje i pra\u0107enje stanja&#8221; open=&#8221;on&#8221; _builder_version=&#8221;4.23.1&#8243; _module_preset=&#8221;default&#8221; body_text_align=&#8221;center&#8221; max_height=&#8221;326px&#8221; global_colors_info=&#8221;{}&#8221; toggle_level=&#8221;h1&#8243; toggle_font=&#8221;|700||||on|||&#8221; toggle_text_align=&#8221;left&#8221; toggle_font_size=&#8221;20px&#8221;]<\/p>\n<h3><img loading=\"lazy\" decoding=\"async\" src=\"https:\/\/www.hbod.hr\/wp-content\/uploads\/2024\/01\/73_Stanista-Prirucnik-za-inventarizaciju-kartiranje-i-pracenje-stanja-225x300.webp\" width=\"203\" height=\"271\" alt=\"\" class=\"wp-image-19056 alignnone size-medium\" \/><\/h3>\n<p>[\/et_pb_accordion_item][et_pb_accordion_item title=&#8221;Read more&#8221; _builder_version=&#8221;4.24.2&#8243; _module_preset=&#8221;default&#8221; global_colors_info=&#8221;{}&#8221; open=&#8221;off&#8221;]<\/p>\n<p><span style=\"font-weight: 400;\"><strong>Authors:<\/strong>\u00a0 Jasenka Topi\u0107, Ljudevit Ilijani\u0107, Nikola Tvrtkovi\u0107, Toni Nikoli\u0107<\/span><\/p>\n<p><span style=\"font-weight: 400;\"><strong>Publisher:<\/strong> Dr\u017eavni zavod za za\u0161titu prirode<\/span><\/p>\n<p><span style=\"font-weight: 400;\"><strong>Year published:<\/strong> 2006.<\/span><\/p>\n<p><span style=\"font-weight: 400;\"><strong>Pages:<\/strong> 64<\/span><\/p>\n<p>[\/et_pb_accordion_item][\/et_pb_accordion][\/et_pb_column][et_pb_column type=&#8221;1_3&#8243; _builder_version=&#8221;4.23.1&#8243; _module_preset=&#8221;default&#8221; global_colors_info=&#8221;{}&#8221;][et_pb_accordion _builder_version=&#8221;4.24.2&#8243; _module_preset=&#8221;default&#8221; box_shadow_style=&#8221;preset1&#8243; global_colors_info=&#8221;{}&#8221;][et_pb_accordion_item title=&#8221;Tramuntana: \u2026drevnom \u0161umom do iskona\u2026&#8221; open=&#8221;on&#8221; _builder_version=&#8221;4.24.2&#8243; _module_preset=&#8221;default&#8221; body_text_align=&#8221;center&#8221; min_height=&#8221;284px&#8221; height=&#8221;232px&#8221; max_height=&#8221;326px&#8221; global_colors_info=&#8221;{}&#8221; toggle_level=&#8221;h1&#8243; toggle_font=&#8221;|700||||on|||&#8221; toggle_text_align=&#8221;left&#8221; toggle_font_size=&#8221;20px&#8221;]<\/p>\n<p><img loading=\"lazy\" decoding=\"async\" src=\"https:\/\/www.hbod.hr\/wp-content\/uploads\/2024\/03\/16_Tramuntana-\u2026drevnom-sumom-do-iskona\u2026-207x300.jpg\" width=\"174\" height=\"252\" alt=\"\" class=\"wp-image-19685 alignnone size-medium\" srcset=\"https:\/\/www.hbod.hr\/wp-content\/uploads\/2024\/03\/16_Tramuntana-\u2026drevnom-sumom-do-iskona\u2026-207x300.jpg 207w, https:\/\/www.hbod.hr\/wp-content\/uploads\/2024\/03\/16_Tramuntana-\u2026drevnom-sumom-do-iskona\u2026.jpg 442w\" sizes=\"(max-width: 174px) 100vw, 174px\" \/><\/p>\n<p>[\/et_pb_accordion_item][et_pb_accordion_item title=&#8221;Read more&#8221; _builder_version=&#8221;4.24.2&#8243; _module_preset=&#8221;default&#8221; global_colors_info=&#8221;{}&#8221; open=&#8221;off&#8221;]<\/p>\n<p><span style=\"font-weight: 400;\"><strong>Author:<\/strong> Goran Su\u0161i\u0107<\/span><\/p>\n<p><span style=\"font-weight: 400;\"><strong>Publisher:<\/strong> Beli \u2013 Eko centar Caput Insulae<\/span><\/p>\n<p><span style=\"font-weight: 400;\"><strong>Year published:<\/strong> 2006.<\/span><\/p>\n<p><span style=\"font-weight: 400;\"><strong>Pages:<\/strong> 56<\/span><\/p>\n<p>[\/et_pb_accordion_item][\/et_pb_accordion][\/et_pb_column][\/et_pb_row][et_pb_row column_structure=&#8221;1_3,1_3,1_3&#8243; _builder_version=&#8221;4.23.1&#8243; _module_preset=&#8221;default&#8221; width=&#8221;100%&#8221; locked=&#8221;off&#8221; global_colors_info=&#8221;{}&#8221;][et_pb_column type=&#8221;1_3&#8243; _builder_version=&#8221;4.23.1&#8243; _module_preset=&#8221;default&#8221; global_colors_info=&#8221;{}&#8221;][et_pb_accordion _builder_version=&#8221;4.24.2&#8243; _module_preset=&#8221;default&#8221; box_shadow_style=&#8221;preset1&#8243; global_colors_info=&#8221;{}&#8221;][et_pb_accordion_item title=&#8221;Samoniklo cvije\u0107e grada Zagreba&#8221; open=&#8221;on&#8221; content_tablet=&#8221;<\/p>\n<h3><a href=%22https:\/\/www.hbod.hr\/wp-content\/uploads\/2024\/01\/51_Ljekovito-bilje-i-ljekovite-droge.tif%22><img src=%22https:\/\/www.hbod.hr\/wp-content\/uploads\/2024\/01\/51_Ljekovito-bilje-i-ljekovite-droge.tif%22 width=%22undefined%22 height=%22undefined%22 alt=%22%22 class=%22wp-image-19008 alignnone size-full%22 \/><img src=%22https:\/\/www.hbod.hr\/wp-content\/uploads\/2024\/01\/69_Prirucnik-za-istrazivanje-bioraznolikosti-duz-rijeke-Drave-211x300.png%22 width=%22189%22 height=%22269%22 alt=%22%22 class=%22wp-image-19048 alignnone size-medium%22 \/><\/a><\/h3>\n<p>&#8221; content_phone=&#8221;<\/p>\n<h3><a href=%22https:\/\/www.hbod.hr\/wp-content\/uploads\/2024\/01\/51_Ljekovito-bilje-i-ljekovite-droge.tif%22><img src=%22https:\/\/www.hbod.hr\/wp-content\/uploads\/2024\/01\/51_Ljekovito-bilje-i-ljekovite-droge.tif%22 width=%22undefined%22 height=%22undefined%22 alt=%22%22 class=%22wp-image-19008 alignnone size-full%22 \/><img src=%22https:\/\/www.hbod.hr\/wp-content\/uploads\/2024\/01\/72_Zasticena-prirodna-bastina-Primorsko-goranske-zupanije-150x300.jpg%22 width=%22137%22 height=%22274%22 alt=%22%22 class=%22wp-image-19054 alignnone size-medium%22 \/><\/a><\/h3>\n<p>&#8221; content_last_edited=&#8221;on|desktop&#8221; _builder_version=&#8221;4.24.2&#8243; _module_preset=&#8221;default&#8221; body_text_align=&#8221;center&#8221; min_height=&#8221;100px&#8221; height=&#8221;306px&#8221; max_height=&#8221;326px&#8221; global_colors_info=&#8221;{}&#8221; toggle_level=&#8221;h1&#8243; toggle_font=&#8221;|700||||on|||&#8221; toggle_text_align=&#8221;left&#8221; toggle_font_size=&#8221;20px&#8221;]<\/p>\n<h3><a href=\"https:\/\/www.hbod.hr\/wp-content\/uploads\/2024\/01\/51_Ljekovito-bilje-i-ljekovite-droge.tif\"><img decoding=\"async\" src=\"https:\/\/www.hbod.hr\/wp-content\/uploads\/2024\/01\/51_Ljekovito-bilje-i-ljekovite-droge.tif\" width=\"undefined\" height=\"undefined\" alt=\"\" class=\"wp-image-19008 alignnone size-full\" \/><img loading=\"lazy\" decoding=\"async\" src=\"https:\/\/www.hbod.hr\/wp-content\/uploads\/2024\/03\/17_Samoniklo-cvijece-Grada-Zagreba-1-214x300.jpg\" width=\"195\" height=\"273\" alt=\"\" class=\"wp-image-19736 alignnone size-medium\" \/><\/a><\/h3>\n<p>[\/et_pb_accordion_item][et_pb_accordion_item title=&#8221;Read more&#8221; _builder_version=&#8221;4.24.2&#8243; _module_preset=&#8221;default&#8221; global_colors_info=&#8221;{}&#8221; open=&#8221;off&#8221;]<\/p>\n<p><strong>Author:<\/strong> Lara \u010cernicki<\/p>\n<p><span style=\"font-weight: 400;\"><strong>Publisher:<\/strong> \u0160kolska knjiga<\/span><\/p>\n<p><span style=\"font-weight: 400;\"><strong>Year published:<\/strong> 2006.<\/span><\/p>\n<p><span style=\"font-weight: 400;\"><strong>Pages:<\/strong> 224<\/span><\/p>\n<p>[\/et_pb_accordion_item][\/et_pb_accordion][\/et_pb_column][et_pb_column type=&#8221;1_3&#8243; _builder_version=&#8221;4.23.1&#8243; _module_preset=&#8221;default&#8221; global_colors_info=&#8221;{}&#8221;][et_pb_accordion _builder_version=&#8221;4.24.2&#8243; _module_preset=&#8221;default&#8221; box_shadow_style=&#8221;preset1&#8243; global_colors_info=&#8221;{}&#8221;][et_pb_accordion_item title=&#8221;Drve\u0107e Maksimira: priru\u010dnik za odre\u0111ivanje vrsta&#8221; open=&#8221;on&#8221; _builder_version=&#8221;4.24.2&#8243; _module_preset=&#8221;default&#8221; body_text_align=&#8221;center&#8221; max_height=&#8221;326px&#8221; global_colors_info=&#8221;{}&#8221; toggle_level=&#8221;h1&#8243; toggle_font=&#8221;|700||||on|||&#8221; toggle_text_align=&#8221;left&#8221; toggle_font_size=&#8221;20px&#8221;]<\/p>\n<h3><img loading=\"lazy\" decoding=\"async\" src=\"https:\/\/www.hbod.hr\/wp-content\/uploads\/2024\/03\/18_Drvece-Makimira-186x300.jpg\" width=\"167\" height=\"269\" alt=\"\" class=\"wp-image-19689 alignnone size-medium\" srcset=\"https:\/\/www.hbod.hr\/wp-content\/uploads\/2024\/03\/18_Drvece-Makimira-186x300.jpg 186w, https:\/\/www.hbod.hr\/wp-content\/uploads\/2024\/03\/18_Drvece-Makimira.jpg 360w\" sizes=\"(max-width: 167px) 100vw, 167px\" \/><\/h3>\n<p>[\/et_pb_accordion_item][et_pb_accordion_item title=&#8221;Read more&#8221; _builder_version=&#8221;4.24.2&#8243; _module_preset=&#8221;default&#8221; global_colors_info=&#8221;{}&#8221; open=&#8221;off&#8221;]<\/p>\n<p><span style=\"font-weight: 400;\"><strong>Authors:<\/strong> Sa\u0161a Bani\u0107, Biljana Janev Hutinec<\/span><\/p>\n<p><span style=\"font-weight: 400;\"><strong>Publisher:<\/strong> Javna ustanova \u201eMaksimir\u201c<\/span><\/p>\n<p><span style=\"font-weight: 400;\"><strong>Year published:<\/strong> 2006.<\/span><\/p>\n<p><span style=\"font-weight: 400;\"><strong>Pages:<\/strong> 46<\/span><\/p>\n<p>[\/et_pb_accordion_item][\/et_pb_accordion][\/et_pb_column][et_pb_column type=&#8221;1_3&#8243; _builder_version=&#8221;4.23.1&#8243; _module_preset=&#8221;default&#8221; global_colors_info=&#8221;{}&#8221;][et_pb_accordion _builder_version=&#8221;4.24.2&#8243; _module_preset=&#8221;default&#8221; box_shadow_style=&#8221;preset1&#8243; global_colors_info=&#8221;{}&#8221;][et_pb_accordion_item title=&#8221;Pijesci u Podravini: \u0110ur\u0111eva\u010dki pijesci&#8221; open=&#8221;on&#8221; _builder_version=&#8221;4.24.2&#8243; _module_preset=&#8221;default&#8221; body_text_align=&#8221;center&#8221; min_height=&#8221;284px&#8221; height=&#8221;232px&#8221; max_height=&#8221;326px&#8221; global_colors_info=&#8221;{}&#8221; toggle_level=&#8221;h1&#8243; toggle_font=&#8221;|700||||on|||&#8221; toggle_text_align=&#8221;left&#8221; toggle_font_size=&#8221;20px&#8221;]<\/p>\n<p><img loading=\"lazy\" decoding=\"async\" src=\"https:\/\/www.hbod.hr\/wp-content\/uploads\/2024\/03\/19_Pijesci-u-Podravini-Durdevacki-pijesci.jpg\" width=\"186\" height=\"266\" alt=\"\" class=\"wp-image-19691 alignnone size-full\" \/><\/p>\n<p>[\/et_pb_accordion_item][et_pb_accordion_item title=&#8221;Read more&#8221; _builder_version=&#8221;4.24.2&#8243; _module_preset=&#8221;default&#8221; global_colors_info=&#8221;{}&#8221; open=&#8221;off&#8221;]<\/p>\n<p><strong>Author:<\/strong> Radovan Kranj\u010dev<\/p>\n<p><strong>Publisher:<\/strong> Gradska knji\u017enica \u0110ur\u0111evac<\/p>\n<p><strong>Year published:<\/strong> 2006.<\/p>\n<p><strong>Pages:<\/strong> 103<\/p>\n<p>[\/et_pb_accordion_item][\/et_pb_accordion][\/et_pb_column][\/et_pb_row][et_pb_row column_structure=&#8221;1_3,1_3,1_3&#8243; _builder_version=&#8221;4.23.1&#8243; _module_preset=&#8221;default&#8221; width=&#8221;100%&#8221; locked=&#8221;off&#8221; global_colors_info=&#8221;{}&#8221;][et_pb_column type=&#8221;1_3&#8243; _builder_version=&#8221;4.23.1&#8243; _module_preset=&#8221;default&#8221; global_colors_info=&#8221;{}&#8221;][et_pb_accordion _builder_version=&#8221;4.24.2&#8243; _module_preset=&#8221;default&#8221; box_shadow_style=&#8221;preset1&#8243; global_colors_info=&#8221;{}&#8221;][et_pb_accordion_item title=&#8221;Prirodna ba\u0161tina Primorsko-goranske \u017eupanije&#8221; open=&#8221;on&#8221; _builder_version=&#8221;4.23.1&#8243; _module_preset=&#8221;default&#8221; body_text_align=&#8221;center&#8221; min_height=&#8221;284px&#8221; height=&#8221;232px&#8221; max_height=&#8221;326px&#8221; global_colors_info=&#8221;{}&#8221; toggle_level=&#8221;h1&#8243; toggle_font=&#8221;|700||||on|||&#8221; toggle_text_align=&#8221;left&#8221; toggle_font_size=&#8221;20px&#8221;]<\/p>\n<p><img loading=\"lazy\" decoding=\"async\" src=\"https:\/\/www.hbod.hr\/wp-content\/uploads\/2024\/01\/74_Prirodna-bastina-Primorsko-goranske-zupanije-210x300.jpg\" width=\"183\" height=\"261\" alt=\"\" class=\"wp-image-19058 alignnone size-medium\" \/><\/p>\n<p>[\/et_pb_accordion_item][et_pb_accordion_item title=&#8221;Read more&#8221; _builder_version=&#8221;4.24.2&#8243; _module_preset=&#8221;default&#8221; global_colors_info=&#8221;{}&#8221; open=&#8221;off&#8221;]<\/p>\n<p><span style=\"font-weight: 400;\"><strong>Editor:<\/strong> Mladen \u010crnjar<\/span><\/p>\n<p><span style=\"font-weight: 400;\"><strong>Publisher:<\/strong> Primorsko-goranska \u017eupanija<\/span><\/p>\n<p><span style=\"font-weight: 400;\"><strong>Year published:<\/strong> 2005.<\/span><\/p>\n<p><span style=\"font-weight: 400;\"><strong>Pages:<\/strong> 310<\/span><\/p>\n<p>[\/et_pb_accordion_item][\/et_pb_accordion][\/et_pb_column][et_pb_column type=&#8221;1_3&#8243; _builder_version=&#8221;4.23.1&#8243; _module_preset=&#8221;default&#8221; global_colors_info=&#8221;{}&#8221;][et_pb_accordion _builder_version=&#8221;4.24.2&#8243; _module_preset=&#8221;default&#8221; box_shadow_style=&#8221;preset1&#8243; global_colors_info=&#8221;{}&#8221;][et_pb_accordion_item title=&#8221;Hrvatske orhideje&#8221; open=&#8221;on&#8221; content_tablet=&#8221;<\/p>\n<h3><a href=%22https:\/\/www.hbod.hr\/wp-content\/uploads\/2024\/01\/51_Ljekovito-bilje-i-ljekovite-droge.tif%22><img src=%22https:\/\/www.hbod.hr\/wp-content\/uploads\/2024\/01\/51_Ljekovito-bilje-i-ljekovite-droge.tif%22 width=%22undefined%22 height=%22undefined%22 alt=%22%22 class=%22wp-image-19008 alignnone size-full%22 \/><img src=%22https:\/\/www.hbod.hr\/wp-content\/uploads\/2024\/01\/69_Prirucnik-za-istrazivanje-bioraznolikosti-duz-rijeke-Drave-211x300.png%22 width=%22189%22 height=%22269%22 alt=%22%22 class=%22wp-image-19048 alignnone size-medium%22 \/><\/a><\/h3>\n<p>&#8221; content_phone=&#8221;<\/p>\n<h3><a href=%22https:\/\/www.hbod.hr\/wp-content\/uploads\/2024\/01\/51_Ljekovito-bilje-i-ljekovite-droge.tif%22><img src=%22https:\/\/www.hbod.hr\/wp-content\/uploads\/2024\/01\/51_Ljekovito-bilje-i-ljekovite-droge.tif%22 width=%22undefined%22 height=%22undefined%22 alt=%22%22 class=%22wp-image-19008 alignnone size-full%22 \/><img src=%22https:\/\/www.hbod.hr\/wp-content\/uploads\/2024\/01\/75_Hrvatske-orhideje-265x300.webp%22 width=%22241%22 height=%22273%22 alt=%22%22 class=%22wp-image-19060 alignnone size-medium%22 \/><\/a><\/h3>\n<p>&#8221; content_last_edited=&#8221;on|desktop&#8221; _builder_version=&#8221;4.24.0&#8243; _module_preset=&#8221;default&#8221; body_text_align=&#8221;center&#8221; min_height=&#8221;100px&#8221; height=&#8221;306px&#8221; max_height=&#8221;326px&#8221; global_colors_info=&#8221;{}&#8221; toggle_level=&#8221;h1&#8243; toggle_font=&#8221;|700||||on|||&#8221; toggle_text_align=&#8221;left&#8221; toggle_font_size=&#8221;20px&#8221;]<\/p>\n<h3><a href=\"https:\/\/www.hbod.hr\/wp-content\/uploads\/2024\/01\/51_Ljekovito-bilje-i-ljekovite-droge.tif\"><img decoding=\"async\" src=\"https:\/\/www.hbod.hr\/wp-content\/uploads\/2024\/01\/51_Ljekovito-bilje-i-ljekovite-droge.tif\" width=\"undefined\" height=\"undefined\" alt=\"\" class=\"wp-image-19008 alignnone size-full\" \/><\/a><\/h3>\n<h3><\/h3>\n<h3><a href=\"https:\/\/www.hbod.hr\/wp-content\/uploads\/2024\/01\/51_Ljekovito-bilje-i-ljekovite-droge.tif\"><img loading=\"lazy\" decoding=\"async\" src=\"https:\/\/www.hbod.hr\/wp-content\/uploads\/2024\/01\/75_Hrvatske-orhideje-265x300.webp\" width=\"214\" height=\"243\" alt=\"\" class=\"wp-image-19060 alignnone size-medium\" \/><\/a><\/h3>\n<p>[\/et_pb_accordion_item][et_pb_accordion_item title=&#8221;Read more&#8221; _builder_version=&#8221;4.24.2&#8243; _module_preset=&#8221;default&#8221; global_colors_info=&#8221;{}&#8221; open=&#8221;off&#8221;]<\/p>\n<p><span style=\"font-weight: 400;\"><strong>Editor:<\/strong> Radovan Kranj\u010dev<\/span><\/p>\n<p><span style=\"font-weight: 400;\"><b>Publisher:<\/b><\/span><span style=\"font-weight: 400;\"> Agencija za komercijalnu djelatnost d.o.o.<\/span><\/p>\n<p><span style=\"font-weight: 400;\"><strong>Year published:<\/strong> 2005.<\/span><\/p>\n<p><span style=\"font-weight: 400;\"><strong>Pages:<\/strong> 517<\/span><\/p>\n<p>[\/et_pb_accordion_item][\/et_pb_accordion][\/et_pb_column][et_pb_column type=&#8221;1_3&#8243; _builder_version=&#8221;4.23.1&#8243; _module_preset=&#8221;default&#8221; global_colors_info=&#8221;{}&#8221;][et_pb_accordion _builder_version=&#8221;4.24.2&#8243; _module_preset=&#8221;default&#8221; box_shadow_style=&#8221;preset1&#8243; global_colors_info=&#8221;{}&#8221;][et_pb_accordion_item title=&#8221;Korovi obradivih povr\u0161ina Istre&#8221; open=&#8221;on&#8221; _builder_version=&#8221;4.23.1&#8243; _module_preset=&#8221;default&#8221; body_text_align=&#8221;center&#8221; max_height=&#8221;326px&#8221; global_colors_info=&#8221;{}&#8221; toggle_level=&#8221;h1&#8243; toggle_font=&#8221;|700||||on|||&#8221; toggle_text_align=&#8221;left&#8221; toggle_font_size=&#8221;20px&#8221;]<\/p>\n<h3><img loading=\"lazy\" decoding=\"async\" src=\"https:\/\/www.hbod.hr\/wp-content\/uploads\/2024\/01\/76_Korovi-obradivih-povrsina-Istre-219x300.jpg\" width=\"187\" height=\"257\" alt=\"\" class=\"wp-image-19062 alignnone size-medium\" srcset=\"https:\/\/www.hbod.hr\/wp-content\/uploads\/2024\/01\/76_Korovi-obradivih-povrsina-Istre-219x300.jpg 219w, https:\/\/www.hbod.hr\/wp-content\/uploads\/2024\/01\/76_Korovi-obradivih-povrsina-Istre.jpg 323w\" sizes=\"(max-width: 187px) 100vw, 187px\" \/><\/h3>\n<p>[\/et_pb_accordion_item][et_pb_accordion_item title=&#8221;Read more&#8221; _builder_version=&#8221;4.24.2&#8243; _module_preset=&#8221;default&#8221; global_colors_info=&#8221;{}&#8221; open=&#8221;off&#8221;]<\/p>\n<p><span style=\"font-weight: 400;\"><strong>Author:<\/strong> Katarina Daniela Dubravec, Nedeljka \u0160egulja<\/span><\/p>\n<p><span style=\"font-weight: 400;\"><strong>Publisher:<\/strong> Veleu\u010dili\u0161te u Rijeci<\/span><\/p>\n<p><span style=\"font-weight: 400;\"><strong>Year published:<\/strong> 2005.<\/span><\/p>\n<p><span style=\"font-weight: 400;\"><strong>Pages:<\/strong> 134<\/span><\/p>\n<p>[\/et_pb_accordion_item][\/et_pb_accordion][\/et_pb_column][\/et_pb_row][et_pb_row column_structure=&#8221;1_3,1_3,1_3&#8243; _builder_version=&#8221;4.23.1&#8243; _module_preset=&#8221;default&#8221; width=&#8221;100%&#8221; locked=&#8221;off&#8221; global_colors_info=&#8221;{}&#8221;][et_pb_column type=&#8221;1_3&#8243; _builder_version=&#8221;4.23.1&#8243; _module_preset=&#8221;default&#8221; global_colors_info=&#8221;{}&#8221;][et_pb_accordion _builder_version=&#8221;4.24.2&#8243; _module_preset=&#8221;default&#8221; box_shadow_style=&#8221;preset1&#8243; global_colors_info=&#8221;{}&#8221;][et_pb_accordion_item title=&#8221;Atlas dendroflore (drve\u0107e i grmlje) Bosne i Hercegovine&#8221; open=&#8221;on&#8221; _builder_version=&#8221;4.23.1&#8243; _module_preset=&#8221;default&#8221; body_text_align=&#8221;center&#8221; min_height=&#8221;284px&#8221; height=&#8221;232px&#8221; max_height=&#8221;326px&#8221; global_colors_info=&#8221;{}&#8221; toggle_level=&#8221;h1&#8243; toggle_font=&#8221;|700||||on|||&#8221; toggle_text_align=&#8221;left&#8221; toggle_font_size=&#8221;20px&#8221;]<\/p>\n<p><img loading=\"lazy\" decoding=\"async\" src=\"https:\/\/www.hbod.hr\/wp-content\/uploads\/2024\/01\/77_Atlas-dendroflore-drvece-i-grmlje-Bosne-i-Hercegovine-213x300.jpeg\" width=\"175\" height=\"246\" alt=\"\" class=\"wp-image-19064 alignnone size-medium\" \/><\/p>\n<p>[\/et_pb_accordion_item][et_pb_accordion_item title=&#8221;Read more&#8221; _builder_version=&#8221;4.24.2&#8243; _module_preset=&#8221;default&#8221; global_colors_info=&#8221;{}&#8221; open=&#8221;off&#8221;]<\/p>\n<p><span style=\"font-weight: 400;\"><strong>Author:<\/strong> \u010cedomir \u0160ili\u0107<\/span><\/p>\n<p><span style=\"font-weight: 400;\"><strong>Publisher:<\/strong> Matica Hrvatska \u010citluk, Franjeva\u010dka ku\u0107a Masna Luka<\/span><\/p>\n<p><span style=\"font-weight: 400;\"><strong>Year published:<\/strong> 2005.<\/span><\/p>\n<p><span style=\"font-weight: 400;\"><strong>Pages:<\/strong> 575<\/span><\/p>\n<p>[\/et_pb_accordion_item][\/et_pb_accordion][\/et_pb_column][et_pb_column type=&#8221;1_3&#8243; _builder_version=&#8221;4.23.1&#8243; _module_preset=&#8221;default&#8221; global_colors_info=&#8221;{}&#8221;][et_pb_accordion _builder_version=&#8221;4.24.2&#8243; _module_preset=&#8221;default&#8221; box_shadow_style=&#8221;preset1&#8243; global_colors_info=&#8221;{}&#8221;][et_pb_accordion_item title=&#8221;\u0160ume i \u0161umarstvo sjevernoga Velebita&#8221; open=&#8221;on&#8221; content_tablet=&#8221;<\/p>\n<h3><a href=%22https:\/\/www.hbod.hr\/wp-content\/uploads\/2024\/01\/51_Ljekovito-bilje-i-ljekovite-droge.tif%22><img src=%22https:\/\/www.hbod.hr\/wp-content\/uploads\/2024\/01\/51_Ljekovito-bilje-i-ljekovite-droge.tif%22 width=%22undefined%22 height=%22undefined%22 alt=%22%22 class=%22wp-image-19008 alignnone size-full%22 \/><img src=%22https:\/\/www.hbod.hr\/wp-content\/uploads\/2024\/01\/69_Prirucnik-za-istrazivanje-bioraznolikosti-duz-rijeke-Drave-211x300.png%22 width=%22189%22 height=%22269%22 alt=%22%22 class=%22wp-image-19048 alignnone size-medium%22 \/><\/a><\/h3>\n<p>&#8221; content_phone=&#8221;<\/p>\n<h3><a href=%22https:\/\/www.hbod.hr\/wp-content\/uploads\/2024\/01\/51_Ljekovito-bilje-i-ljekovite-droge.tif%22><img src=%22https:\/\/www.hbod.hr\/wp-content\/uploads\/2024\/01\/51_Ljekovito-bilje-i-ljekovite-droge.tif%22 width=%22undefined%22 height=%22undefined%22 alt=%22%22 class=%22wp-image-19008 alignnone size-full%22 \/><img src=%22https:\/\/www.hbod.hr\/wp-content\/uploads\/2024\/01\/78_Sume-i-sumarstvo-sjevernoga-Velebita-215x300.jpg%22 width=%22194%22 height=%22271%22 alt=%22%22 class=%22wp-image-19066 alignnone size-medium%22 \/><\/a><\/h3>\n<p>&#8221; content_last_edited=&#8221;on|desktop&#8221; _builder_version=&#8221;4.24.0&#8243; _module_preset=&#8221;default&#8221; body_text_align=&#8221;center&#8221; min_height=&#8221;100px&#8221; height=&#8221;306px&#8221; max_height=&#8221;326px&#8221; global_colors_info=&#8221;{}&#8221; toggle_level=&#8221;h1&#8243; toggle_font=&#8221;|700||||on|||&#8221; toggle_text_align=&#8221;left&#8221; toggle_font_size=&#8221;20px&#8221;]<\/p>\n<h3><a href=\"https:\/\/www.hbod.hr\/wp-content\/uploads\/2024\/01\/51_Ljekovito-bilje-i-ljekovite-droge.tif\"><img decoding=\"async\" src=\"https:\/\/www.hbod.hr\/wp-content\/uploads\/2024\/01\/51_Ljekovito-bilje-i-ljekovite-droge.tif\" width=\"undefined\" height=\"undefined\" alt=\"\" class=\"wp-image-19008 alignnone size-full\" \/><img loading=\"lazy\" decoding=\"async\" src=\"https:\/\/www.hbod.hr\/wp-content\/uploads\/2024\/01\/78_Sume-i-sumarstvo-sjevernoga-Velebita-215x300.jpg\" width=\"200\" height=\"279\" alt=\"\" class=\"wp-image-19066 alignnone size-medium\" \/><\/a><\/h3>\n<p>[\/et_pb_accordion_item][et_pb_accordion_item title=&#8221;Read more&#8221; _builder_version=&#8221;4.24.2&#8243; _module_preset=&#8221;default&#8221; global_colors_info=&#8221;{}&#8221; open=&#8221;off&#8221;]<\/p>\n<p><span style=\"font-weight: 400;\"><strong>Editor:<\/strong> Joso Vukeli\u0107<\/span><\/p>\n<p><span style=\"font-weight: 400;\"><strong>Publisher:<\/strong> Hrvatske \u0161ume d.o.o., Uprava \u0161uma Podru\u017enica Senj<\/span><\/p>\n<p><span style=\"font-weight: 400;\"><strong>Year published:<\/strong> 2005.<\/span><\/p>\n<p><span style=\"font-weight: 400;\"><strong>Pages:<\/strong> 219<\/span><\/p>\n<p>[\/et_pb_accordion_item][\/et_pb_accordion][\/et_pb_column][et_pb_column type=&#8221;1_3&#8243; _builder_version=&#8221;4.23.1&#8243; _module_preset=&#8221;default&#8221; global_colors_info=&#8221;{}&#8221;][et_pb_accordion _builder_version=&#8221;4.24.2&#8243; _module_preset=&#8221;default&#8221; box_shadow_style=&#8221;preset1&#8243; global_colors_info=&#8221;{}&#8221;][et_pb_accordion_item title=&#8221;Poplavne \u0161ume u Hrvatskoj \/ Floodplain Forests in Croatia&#8221; open=&#8221;on&#8221; _builder_version=&#8221;4.23.1&#8243; _module_preset=&#8221;default&#8221; body_text_align=&#8221;center&#8221; max_height=&#8221;326px&#8221; global_colors_info=&#8221;{}&#8221; toggle_level=&#8221;h1&#8243; toggle_font=&#8221;|700||||on|||&#8221; toggle_text_align=&#8221;left&#8221; toggle_font_size=&#8221;20px&#8221;]<\/p>\n<h3><img loading=\"lazy\" decoding=\"async\" src=\"https:\/\/www.hbod.hr\/wp-content\/uploads\/2024\/01\/79_Poplavne-sume-u-Hrvatskoj-230x300.jpg\" width=\"202\" height=\"263\" alt=\"\" class=\"wp-image-19068 alignnone size-medium\" srcset=\"https:\/\/www.hbod.hr\/wp-content\/uploads\/2024\/01\/79_Poplavne-sume-u-Hrvatskoj-230x300.jpg 230w, https:\/\/www.hbod.hr\/wp-content\/uploads\/2024\/01\/79_Poplavne-sume-u-Hrvatskoj.jpg 242w\" sizes=\"(max-width: 202px) 100vw, 202px\" \/><\/h3>\n<p>[\/et_pb_accordion_item][et_pb_accordion_item title=&#8221;Read more&#8221; _builder_version=&#8221;4.24.2&#8243; _module_preset=&#8221;default&#8221; global_colors_info=&#8221;{}&#8221; open=&#8221;off&#8221;]<\/p>\n<p><span style=\"font-weight: 400;\"><strong>Urednik:<\/strong> Joso Vukeli\u0107<\/span><\/p>\n<p><span style=\"font-weight: 400;\"><strong>Publisher:<\/strong> Akademija \u0161umarskih znanosti, Hrvatske \u0161ume<\/span><\/p>\n<p><span style=\"font-weight: 400;\"><strong>Year published:<\/strong> 2005.<\/span><\/p>\n<p><span style=\"font-weight: 400;\"><strong>Page number:<\/strong> 455<\/span><\/p>\n<p>[\/et_pb_accordion_item][\/et_pb_accordion][\/et_pb_column][\/et_pb_row][et_pb_row column_structure=&#8221;1_3,1_3,1_3&#8243; _builder_version=&#8221;4.23.1&#8243; _module_preset=&#8221;default&#8221; width=&#8221;100%&#8221; locked=&#8221;off&#8221; global_colors_info=&#8221;{}&#8221;][et_pb_column type=&#8221;1_3&#8243; _builder_version=&#8221;4.23.1&#8243; _module_preset=&#8221;default&#8221; global_colors_info=&#8221;{}&#8221;][et_pb_accordion _builder_version=&#8221;4.24.2&#8243; _module_preset=&#8221;default&#8221; box_shadow_style=&#8221;preset1&#8243; global_colors_info=&#8221;{}&#8221;][et_pb_accordion_item title=&#8221;Crvena knjiga vaskularne flore Hrvatske&#8221; open=&#8221;on&#8221; _builder_version=&#8221;4.23.1&#8243; _module_preset=&#8221;default&#8221; body_text_align=&#8221;center&#8221; min_height=&#8221;284px&#8221; height=&#8221;232px&#8221; max_height=&#8221;326px&#8221; global_colors_info=&#8221;{}&#8221; toggle_level=&#8221;h1&#8243; toggle_font=&#8221;|700||||on|||&#8221; toggle_text_align=&#8221;left&#8221; toggle_font_size=&#8221;20px&#8221;]<\/p>\n<p><img loading=\"lazy\" decoding=\"async\" src=\"https:\/\/www.hbod.hr\/wp-content\/uploads\/2024\/01\/80_Crvena-knjiga-vaskularne-flore-Hrvatske-300x277.webp\" width=\"235\" height=\"217\" alt=\"\" class=\"wp-image-19075 alignnone size-medium\" \/><\/p>\n<p>[\/et_pb_accordion_item][et_pb_accordion_item title=&#8221;Read more&#8221; _builder_version=&#8221;4.24.2&#8243; _module_preset=&#8221;default&#8221; global_colors_info=&#8221;{}&#8221; open=&#8221;off&#8221;]<\/p>\n<p><span style=\"font-weight: 400;\"><strong>Editors:<\/strong> Toni Nikoli\u0107 i Jasenka Topi\u0107<\/span><\/p>\n<p><span style=\"font-weight: 400;\"><strong>Publisher:<\/strong> Ministarstvo kulture, Dr\u017eavni zavod za za\u0161titu prirode<\/span><\/p>\n<p><span style=\"font-weight: 400;\"><strong>Year published:<\/strong> 2005.<\/span><\/p>\n<p><span style=\"font-weight: 400;\"><strong>Pages:<\/strong> 693<\/span><\/p>\n<p>[\/et_pb_accordion_item][\/et_pb_accordion][\/et_pb_column][et_pb_column type=&#8221;1_3&#8243; _builder_version=&#8221;4.23.1&#8243; _module_preset=&#8221;default&#8221; global_colors_info=&#8221;{}&#8221;][et_pb_accordion _builder_version=&#8221;4.24.2&#8243; _module_preset=&#8221;default&#8221; box_shadow_style=&#8221;preset1&#8243; global_colors_info=&#8221;{}&#8221;][et_pb_accordion_item title=&#8221;Listopadno drve\u0107e i grmlje u zimskom razdoblju&#8221; open=&#8221;on&#8221; content_tablet=&#8221;<\/p>\n<h3><a href=%22https:\/\/www.hbod.hr\/wp-content\/uploads\/2024\/01\/51_Ljekovito-bilje-i-ljekovite-droge.tif%22><img src=%22https:\/\/www.hbod.hr\/wp-content\/uploads\/2024\/01\/51_Ljekovito-bilje-i-ljekovite-droge.tif%22 width=%22undefined%22 height=%22undefined%22 alt=%22%22 class=%22wp-image-19008 alignnone size-full%22 \/><img src=%22https:\/\/www.hbod.hr\/wp-content\/uploads\/2024\/01\/69_Prirucnik-za-istrazivanje-bioraznolikosti-duz-rijeke-Drave-211x300.png%22 width=%22189%22 height=%22269%22 alt=%22%22 class=%22wp-image-19048 alignnone size-medium%22 \/><\/a><\/h3>\n<p>&#8221; content_phone=&#8221;<\/p>\n<h3><a href=%22https:\/\/www.hbod.hr\/wp-content\/uploads\/2024\/01\/51_Ljekovito-bilje-i-ljekovite-droge.tif%22><img src=%22https:\/\/www.hbod.hr\/wp-content\/uploads\/2024\/01\/51_Ljekovito-bilje-i-ljekovite-droge.tif%22 width=%22undefined%22 height=%22undefined%22 alt=%22%22 class=%22wp-image-19008 alignnone size-full%22 \/><img src=%22https:\/\/www.hbod.hr\/wp-content\/uploads\/2024\/01\/81_Listopadno-drvece-i-grmlje-u-zimskom-razdoblju-209x300.jpg%22 width=%22189%22 height=%22271%22 alt=%22%22 class=%22wp-image-19077 alignnone size-medium%22 \/><\/a><\/h3>\n<p>&#8221; content_last_edited=&#8221;on|desktop&#8221; _builder_version=&#8221;4.24.0&#8243; _module_preset=&#8221;default&#8221; body_text_align=&#8221;center&#8221; min_height=&#8221;100px&#8221; height=&#8221;306px&#8221; max_height=&#8221;326px&#8221; global_colors_info=&#8221;{}&#8221; toggle_level=&#8221;h1&#8243; toggle_font=&#8221;|700||||on|||&#8221; toggle_text_align=&#8221;left&#8221; toggle_font_size=&#8221;20px&#8221;]<\/p>\n<h3><a href=\"https:\/\/www.hbod.hr\/wp-content\/uploads\/2024\/01\/51_Ljekovito-bilje-i-ljekovite-droge.tif\"><img decoding=\"async\" src=\"https:\/\/www.hbod.hr\/wp-content\/uploads\/2024\/01\/51_Ljekovito-bilje-i-ljekovite-droge.tif\" width=\"undefined\" height=\"undefined\" alt=\"\" class=\"wp-image-19008 alignnone size-full\" \/><img loading=\"lazy\" decoding=\"async\" src=\"https:\/\/www.hbod.hr\/wp-content\/uploads\/2024\/01\/81_Listopadno-drvece-i-grmlje-u-zimskom-razdoblju-209x300.jpg\" width=\"187\" height=\"269\" alt=\"\" class=\"wp-image-19077 alignnone size-medium\" srcset=\"https:\/\/www.hbod.hr\/wp-content\/uploads\/2024\/01\/81_Listopadno-drvece-i-grmlje-u-zimskom-razdoblju-209x300.jpg 209w, https:\/\/www.hbod.hr\/wp-content\/uploads\/2024\/01\/81_Listopadno-drvece-i-grmlje-u-zimskom-razdoblju.jpg 476w\" sizes=\"(max-width: 187px) 100vw, 187px\" \/><\/a><\/h3>\n<p>[\/et_pb_accordion_item][et_pb_accordion_item title=&#8221;Read more&#8221; _builder_version=&#8221;4.24.2&#8243; _module_preset=&#8221;default&#8221; global_colors_info=&#8221;{}&#8221; open=&#8221;off&#8221;]<\/p>\n<p><span style=\"font-weight: 400;\"><strong>Author:<\/strong> Marilena Id\u017eojti\u0107<\/span><\/p>\n<p><span style=\"font-weight: 400;\"><strong>Publisher:<\/strong> \u0160umarski fakultet<\/span><\/p>\n<p><span style=\"font-weight: 400;\"><strong>Year published:<\/strong> 2005.<\/span><\/p>\n<p><span style=\"font-weight: 400;\"><strong>Pages:<\/strong> 256<\/span><\/p>\n<p>[\/et_pb_accordion_item][\/et_pb_accordion][\/et_pb_column][et_pb_column type=&#8221;1_3&#8243; _builder_version=&#8221;4.23.1&#8243; _module_preset=&#8221;default&#8221; global_colors_info=&#8221;{}&#8221;][et_pb_accordion _builder_version=&#8221;4.24.2&#8243; _module_preset=&#8221;default&#8221; box_shadow_style=&#8221;preset1&#8243; global_colors_info=&#8221;{}&#8221;][et_pb_accordion_item title=&#8221;Orhideje Nacionalnog parka Plitvi\u010dka jezera&#8221; open=&#8221;on&#8221; _builder_version=&#8221;4.23.1&#8243; _module_preset=&#8221;default&#8221; body_text_align=&#8221;center&#8221; max_height=&#8221;326px&#8221; global_colors_info=&#8221;{}&#8221; toggle_level=&#8221;h1&#8243; toggle_font=&#8221;|700||||on|||&#8221; toggle_text_align=&#8221;left&#8221; toggle_font_size=&#8221;20px&#8221;]<\/p>\n<h3><img loading=\"lazy\" decoding=\"async\" src=\"https:\/\/www.hbod.hr\/wp-content\/uploads\/2024\/01\/82_Orhideje-Nacionalnog-parka-Plitvicka-jezera-209x300.webp\" width=\"178\" height=\"256\" alt=\"\" class=\"wp-image-19079 alignnone size-medium\" srcset=\"https:\/\/www.hbod.hr\/wp-content\/uploads\/2024\/01\/82_Orhideje-Nacionalnog-parka-Plitvicka-jezera-209x300.webp 209w, https:\/\/www.hbod.hr\/wp-content\/uploads\/2024\/01\/82_Orhideje-Nacionalnog-parka-Plitvicka-jezera.webp 326w\" sizes=\"(max-width: 178px) 100vw, 178px\" \/><\/h3>\n<p>[\/et_pb_accordion_item][et_pb_accordion_item title=&#8221;Read more&#8221; _builder_version=&#8221;4.24.2&#8243; _module_preset=&#8221;default&#8221; global_colors_info=&#8221;{}&#8221; open=&#8221;off&#8221;]<\/p>\n<p><span style=\"font-weight: 400;\"><strong>Editor:<\/strong> Natalija Pavlus<\/span><\/p>\n<p><span style=\"font-weight: 400;\"><strong>Publisher:<\/strong> Javna ustanova Nacionalni park Plitvi\u010dka jezera<\/span><\/p>\n<p><span style=\"font-weight: 400;\"><strong>Year published:<\/strong> 2004.<\/span><\/p>\n<p><span style=\"font-weight: 400;\"><strong>Pages:<\/strong> 56<\/span><\/p>\n<p>[\/et_pb_accordion_item][\/et_pb_accordion][\/et_pb_column][\/et_pb_row][et_pb_row column_structure=&#8221;1_3,1_3,1_3&#8243; _builder_version=&#8221;4.23.1&#8243; _module_preset=&#8221;default&#8221; width=&#8221;100%&#8221; locked=&#8221;off&#8221; global_colors_info=&#8221;{}&#8221;][et_pb_column type=&#8221;1_3&#8243; _builder_version=&#8221;4.23.1&#8243; _module_preset=&#8221;default&#8221; global_colors_info=&#8221;{}&#8221;][et_pb_accordion _builder_version=&#8221;4.24.2&#8243; _module_preset=&#8221;default&#8221; box_shadow_style=&#8221;preset1&#8243; global_colors_info=&#8221;{}&#8221;][et_pb_accordion_item title=&#8221;Golosjemenja\u010de&#8221; open=&#8221;on&#8221; _builder_version=&#8221;4.23.1&#8243; _module_preset=&#8221;default&#8221; body_text_align=&#8221;center&#8221; min_height=&#8221;284px&#8221; height=&#8221;232px&#8221; max_height=&#8221;326px&#8221; global_colors_info=&#8221;{}&#8221; toggle_level=&#8221;h1&#8243; toggle_font=&#8221;|700||||on|||&#8221; toggle_text_align=&#8221;left&#8221; toggle_font_size=&#8221;20px&#8221;]<\/p>\n<p><img loading=\"lazy\" decoding=\"async\" src=\"https:\/\/www.hbod.hr\/wp-content\/uploads\/2024\/01\/83_Golosjemenjace-225x300.jpg\" width=\"182\" height=\"242\" alt=\"\" class=\"wp-image-19081 alignnone size-medium\" \/><\/p>\n<p>[\/et_pb_accordion_item][et_pb_accordion_item title=&#8221;Read more&#8221; _builder_version=&#8221;4.24.2&#8243; _module_preset=&#8221;default&#8221; global_colors_info=&#8221;{}&#8221; open=&#8221;off&#8221;]<\/p>\n<p><span style=\"font-weight: 400;\"><strong>Authors:<\/strong> Mirko Vidakovi\u0107, Josip Franji\u0107<\/span><\/p>\n<p><span style=\"font-weight: 400;\"><strong>Publisher:<\/strong> \u0160umarski fakultet Sveu\u010dili\u0161ta u Zagrebu<\/span><\/p>\n<p><span style=\"font-weight: 400;\"><strong>Year published:<\/strong> 2004.<\/span><\/p>\n<p><span style=\"font-weight: 400;\"><strong>Pages:<\/strong> 821<\/span><\/p>\n<p>[\/et_pb_accordion_item][\/et_pb_accordion][\/et_pb_column][et_pb_column type=&#8221;1_3&#8243; _builder_version=&#8221;4.23.1&#8243; _module_preset=&#8221;default&#8221; global_colors_info=&#8221;{}&#8221;][et_pb_accordion _builder_version=&#8221;4.24.2&#8243; _module_preset=&#8221;default&#8221; box_shadow_style=&#8221;preset1&#8243; global_colors_info=&#8221;{}&#8221;][et_pb_accordion_item title=&#8221;Rje\u010dnik bilja&#8221; open=&#8221;on&#8221; content_tablet=&#8221;<\/p>\n<h3><a href=%22https:\/\/www.hbod.hr\/wp-content\/uploads\/2024\/01\/51_Ljekovito-bilje-i-ljekovite-droge.tif%22><img src=%22https:\/\/www.hbod.hr\/wp-content\/uploads\/2024\/01\/51_Ljekovito-bilje-i-ljekovite-droge.tif%22 width=%22undefined%22 height=%22undefined%22 alt=%22%22 class=%22wp-image-19008 alignnone size-full%22 \/><img src=%22https:\/\/www.hbod.hr\/wp-content\/uploads\/2024\/01\/69_Prirucnik-za-istrazivanje-bioraznolikosti-duz-rijeke-Drave-211x300.png%22 width=%22189%22 height=%22269%22 alt=%22%22 class=%22wp-image-19048 alignnone size-medium%22 \/><\/a><\/h3>\n<p>&#8221; content_phone=&#8221;<\/p>\n<h3><a href=%22https:\/\/www.hbod.hr\/wp-content\/uploads\/2024\/01\/51_Ljekovito-bilje-i-ljekovite-droge.tif%22><img src=%22https:\/\/www.hbod.hr\/wp-content\/uploads\/2024\/01\/51_Ljekovito-bilje-i-ljekovite-droge.tif%22 width=%22undefined%22 height=%22undefined%22 alt=%22%22 class=%22wp-image-19008 alignnone size-full%22 \/><img src=%22https:\/\/www.hbod.hr\/wp-content\/uploads\/2024\/02\/Rjecnik-bilja-1-215x300.jpg%22 width=%22192%22 height=%22268%22 alt=%22%22 class=%22wp-image-19599 alignnone size-medium%22 \/><\/a><\/h3>\n<p>&#8221; content_last_edited=&#8221;on|desktop&#8221; _builder_version=&#8221;4.24.0&#8243; _module_preset=&#8221;default&#8221; body_text_align=&#8221;center&#8221; min_height=&#8221;100px&#8221; height=&#8221;306px&#8221; max_height=&#8221;326px&#8221; global_colors_info=&#8221;{}&#8221; toggle_level=&#8221;h1&#8243; toggle_font=&#8221;|700||||on|||&#8221; toggle_text_align=&#8221;left&#8221; toggle_font_size=&#8221;20px&#8221;]<\/p>\n<h3><a href=\"https:\/\/www.hbod.hr\/wp-content\/uploads\/2024\/01\/51_Ljekovito-bilje-i-ljekovite-droge.tif\"><img decoding=\"async\" src=\"https:\/\/www.hbod.hr\/wp-content\/uploads\/2024\/01\/51_Ljekovito-bilje-i-ljekovite-droge.tif\" width=\"undefined\" height=\"undefined\" alt=\"\" class=\"wp-image-19008 alignnone size-full\" \/><img loading=\"lazy\" decoding=\"async\" src=\"https:\/\/www.hbod.hr\/wp-content\/uploads\/2024\/01\/Rjecnik-bilja-1-215x300.jpg\" width=\"192\" height=\"268\" alt=\"\" class=\"wp-image-19152 alignnone size-medium\" srcset=\"https:\/\/www.hbod.hr\/wp-content\/uploads\/2024\/01\/Rjecnik-bilja-1-215x300.jpg 215w, https:\/\/www.hbod.hr\/wp-content\/uploads\/2024\/01\/Rjecnik-bilja-1.jpg 335w\" sizes=\"(max-width: 192px) 100vw, 192px\" \/><\/a><\/h3>\n<p>[\/et_pb_accordion_item][et_pb_accordion_item title=&#8221;Read more&#8221; _builder_version=&#8221;4.24.2&#8243; _module_preset=&#8221;default&#8221; global_colors_info=&#8221;{}&#8221; open=&#8221;off&#8221;]<\/p>\n<p><span style=\"font-weight: 400;\"><strong>Author:<\/strong> Stanislav Gili\u0107<\/span><\/p>\n<p><strong>Publisher: <\/strong><span style=\"font-weight: 400;\">vlastita naklada<\/span><\/p>\n<p><span style=\"font-weight: 400;\"><strong>Year published:<\/strong> 2004.<\/span><\/p>\n<p><span style=\"font-weight: 400;\"><strong>Pages:<\/strong> 657<\/span><\/p>\n<p>[\/et_pb_accordion_item][\/et_pb_accordion][\/et_pb_column][et_pb_column type=&#8221;1_3&#8243; _builder_version=&#8221;4.23.1&#8243; _module_preset=&#8221;default&#8221; global_colors_info=&#8221;{}&#8221;][et_pb_accordion _builder_version=&#8221;4.24.2&#8243; _module_preset=&#8221;default&#8221; box_shadow_style=&#8221;preset1&#8243; global_colors_info=&#8221;{}&#8221;][et_pb_accordion_item title=&#8221;Mirisi, boje i orisi otoka \u0160ipana&#8221; open=&#8221;on&#8221; content_tablet=&#8221;<\/p>\n<h3><a href=%22https:\/\/www.hbod.hr\/wp-content\/uploads\/2024\/01\/51_Ljekovito-bilje-i-ljekovite-droge.tif%22><img src=%22https:\/\/www.hbod.hr\/wp-content\/uploads\/2024\/01\/51_Ljekovito-bilje-i-ljekovite-droge.tif%22 width=%22undefined%22 height=%22undefined%22 alt=%22%22 class=%22wp-image-19008 alignnone size-full%22 \/><img src=%22https:\/\/www.hbod.hr\/wp-content\/uploads\/2024\/01\/69_Prirucnik-za-istrazivanje-bioraznolikosti-duz-rijeke-Drave-211x300.png%22 width=%22189%22 height=%22269%22 alt=%22%22 class=%22wp-image-19048 alignnone size-medium%22 \/><\/a><\/h3>\n<p>&#8221; content_phone=&#8221;<\/p>\n<h3><a href=%22https:\/\/www.hbod.hr\/wp-content\/uploads\/2024\/01\/51_Ljekovito-bilje-i-ljekovite-droge.tif%22><img src=%22https:\/\/www.hbod.hr\/wp-content\/uploads\/2024\/01\/51_Ljekovito-bilje-i-ljekovite-droge.tif%22 width=%22undefined%22 height=%22undefined%22 alt=%22%22 class=%22wp-image-19008 alignnone size-full%22 \/><img src=%22https:\/\/www.hbod.hr\/wp-content\/uploads\/2024\/02\/Mirisi-boje-i-orisi-otoka-Sipana-220x300.jpg%22 width=%22197%22 height=%22268%22 alt=%22%22 class=%22wp-image-19601 alignnone size-medium%22 \/><\/a><\/h3>\n<p>&#8221; content_last_edited=&#8221;on|desktop&#8221; _builder_version=&#8221;4.24.0&#8243; _module_preset=&#8221;default&#8221; body_text_align=&#8221;center&#8221; min_height=&#8221;100px&#8221; height=&#8221;306px&#8221; max_height=&#8221;326px&#8221; global_colors_info=&#8221;{}&#8221; toggle_level=&#8221;h1&#8243; toggle_font=&#8221;|700||||on|||&#8221; toggle_text_align=&#8221;left&#8221; toggle_font_size=&#8221;20px&#8221;]<\/p>\n<h3><a href=\"https:\/\/www.hbod.hr\/wp-content\/uploads\/2024\/01\/51_Ljekovito-bilje-i-ljekovite-droge.tif\"><img decoding=\"async\" src=\"https:\/\/www.hbod.hr\/wp-content\/uploads\/2024\/01\/51_Ljekovito-bilje-i-ljekovite-droge.tif\" width=\"undefined\" height=\"undefined\" alt=\"\" class=\"wp-image-19008 alignnone size-full\" \/><img loading=\"lazy\" decoding=\"async\" src=\"https:\/\/www.hbod.hr\/wp-content\/uploads\/2024\/01\/Mirisi-boje-i-orisi-otoka-Sipana-220x300.jpg\" width=\"195\" height=\"265\" alt=\"\" class=\"wp-image-19150 alignnone size-medium\" \/><\/a><\/h3>\n<p>[\/et_pb_accordion_item][et_pb_accordion_item title=&#8221;Read more&#8221; _builder_version=&#8221;4.24.2&#8243; _module_preset=&#8221;default&#8221; global_colors_info=&#8221;{}&#8221; open=&#8221;off&#8221;]<\/p>\n<p><span style=\"font-weight: 400;\"><strong>Author:<\/strong> Aida Cvjetkovi\u0107<\/span><\/p>\n<p><strong>Publisher:<\/strong> <span style=\"font-weight: 400;\">vlastita naklada<\/span><\/p>\n<p><span style=\"font-weight: 400;\"><strong>Year published:<\/strong> 2003.<\/span><\/p>\n<p><span style=\"font-weight: 400;\"><strong>Pages:<\/strong> 167<\/span><\/p>\n<p>[\/et_pb_accordion_item][\/et_pb_accordion][\/et_pb_column][\/et_pb_row][et_pb_row column_structure=&#8221;1_3,1_3,1_3&#8243; _builder_version=&#8221;4.23.1&#8243; _module_preset=&#8221;default&#8221; width=&#8221;100%&#8221; locked=&#8221;off&#8221; global_colors_info=&#8221;{}&#8221;][et_pb_column type=&#8221;1_3&#8243; _builder_version=&#8221;4.23.1&#8243; _module_preset=&#8221;default&#8221; global_colors_info=&#8221;{}&#8221;][et_pb_accordion _builder_version=&#8221;4.24.2&#8243; _module_preset=&#8221;default&#8221; box_shadow_style=&#8221;preset1&#8243; global_colors_info=&#8221;{}&#8221;][et_pb_accordion_item title=&#8221;Biljne vrste uzro\u010dnice peludnih alergija&#8221; open=&#8221;on&#8221; content_tablet=&#8221;<\/p>\n<h3><a href=%22https:\/\/www.hbod.hr\/wp-content\/uploads\/2024\/01\/51_Ljekovito-bilje-i-ljekovite-droge.tif%22><img src=%22https:\/\/www.hbod.hr\/wp-content\/uploads\/2024\/01\/51_Ljekovito-bilje-i-ljekovite-droge.tif%22 width=%22undefined%22 height=%22undefined%22 alt=%22%22 class=%22wp-image-19008 alignnone size-full%22 \/><img src=%22https:\/\/www.hbod.hr\/wp-content\/uploads\/2024\/01\/69_Prirucnik-za-istrazivanje-bioraznolikosti-duz-rijeke-Drave-211x300.png%22 width=%22189%22 height=%22269%22 alt=%22%22 class=%22wp-image-19048 alignnone size-medium%22 \/><\/a><\/h3>\n<p>&#8221; content_phone=&#8221;<\/p>\n<p><img src=%22https:\/\/www.hbod.hr\/wp-content\/uploads\/2024\/02\/84_Biljne-vrste-uzrocnice-peludnih-alergija-210x300.jpg%22 width=%22201%22 height=%22287%22 alt=%22%22 class=%22wp-image-19603 alignnone size-medium%22 \/><\/p>\n<p>&#8221; content_last_edited=&#8221;on|desktop&#8221; _builder_version=&#8221;4.24.0&#8243; _module_preset=&#8221;default&#8221; body_text_align=&#8221;center&#8221; min_height=&#8221;100px&#8221; height=&#8221;306px&#8221; max_height=&#8221;326px&#8221; global_colors_info=&#8221;{}&#8221; toggle_level=&#8221;h1&#8243; toggle_font=&#8221;|700||||on|||&#8221; toggle_text_align=&#8221;left&#8221; toggle_font_size=&#8221;20px&#8221;]<\/p>\n<h3><a href=\"https:\/\/www.hbod.hr\/wp-content\/uploads\/2024\/01\/51_Ljekovito-bilje-i-ljekovite-droge.tif\"><img decoding=\"async\" src=\"https:\/\/www.hbod.hr\/wp-content\/uploads\/2024\/01\/51_Ljekovito-bilje-i-ljekovite-droge.tif\" width=\"undefined\" height=\"undefined\" alt=\"\" class=\"wp-image-19008 alignnone size-full\" \/><img loading=\"lazy\" decoding=\"async\" src=\"https:\/\/www.hbod.hr\/wp-content\/uploads\/2024\/01\/84_Biljne-vrste-uzrocnice-peludnih-alergija-210x300.jpg\" width=\"184\" height=\"263\" alt=\"\" class=\"wp-image-19083 alignnone size-medium\" \/><\/a><\/h3>\n<p>[\/et_pb_accordion_item][et_pb_accordion_item title=&#8221;Read more&#8221; _builder_version=&#8221;4.24.2&#8243; _module_preset=&#8221;default&#8221; global_colors_info=&#8221;{}&#8221; open=&#8221;off&#8221;]<\/p>\n<p><span style=\"font-weight: 400;\"><strong>Authors:<\/strong> Petar Petri\u0107, Mirko Toma\u0161evi\u0107<\/span><\/p>\n<p><span style=\"font-weight: 400;\"><strong>Publisher:<\/strong> SPIN VALIS d.d. za proizvodnju namje\u0161taja<\/span><\/p>\n<p><span style=\"font-weight: 400;\"><strong>Year published:<\/strong> 2003.<\/span><\/p>\n<p><span style=\"font-weight: 400;\"><strong>Pages:<\/strong> 260<\/span><\/p>\n<p>[\/et_pb_accordion_item][\/et_pb_accordion][\/et_pb_column][et_pb_column type=&#8221;1_3&#8243; _builder_version=&#8221;4.23.1&#8243; _module_preset=&#8221;default&#8221; global_colors_info=&#8221;{}&#8221;][et_pb_accordion _builder_version=&#8221;4.24.2&#8243; _module_preset=&#8221;default&#8221; box_shadow_style=&#8221;preset1&#8243; global_colors_info=&#8221;{}&#8221;][et_pb_accordion_item title=&#8221;Biljni svijet Ivan\u010dice i Ravne gore&#8221; open=&#8221;on&#8221; _builder_version=&#8221;4.23.1&#8243; _module_preset=&#8221;default&#8221; body_text_align=&#8221;center&#8221; max_height=&#8221;326px&#8221; global_colors_info=&#8221;{}&#8221; toggle_level=&#8221;h1&#8243; toggle_font=&#8221;|700||||on|||&#8221; toggle_text_align=&#8221;left&#8221; toggle_font_size=&#8221;20px&#8221;]<\/p>\n<h3><img loading=\"lazy\" decoding=\"async\" src=\"https:\/\/www.hbod.hr\/wp-content\/uploads\/2024\/01\/85_Biljni-svijet-Ivancice-i-Ravne-gore.jpg\" width=\"165\" height=\"233\" alt=\"\" class=\"wp-image-19085 alignnone size-full\" \/><\/h3>\n<p>[\/et_pb_accordion_item][et_pb_accordion_item title=&#8221;Read more&#8221; _builder_version=&#8221;4.24.2&#8243; _module_preset=&#8221;default&#8221; global_colors_info=&#8221;{}&#8221; open=&#8221;off&#8221;]<\/p>\n<p><span style=\"font-weight: 400;\"><strong>Author:<\/strong> Dubravko \u0160incek<\/span><\/p>\n<p><span style=\"font-weight: 400;\"><strong>Publisher:<\/strong> Vall 042, Planinarsko dru\u0161tvo \u201eRavna gora\u201c, Vara\u017edin<\/span><\/p>\n<p><span style=\"font-weight: 400;\"><strong>Year published:<\/strong> 2003.<\/span><\/p>\n<p><span style=\"font-weight: 400;\"><strong>Pages:<\/strong> 152<\/span><\/p>\n<p>[\/et_pb_accordion_item][\/et_pb_accordion][\/et_pb_column][et_pb_column type=&#8221;1_3&#8243; _builder_version=&#8221;4.23.1&#8243; _module_preset=&#8221;default&#8221; global_colors_info=&#8221;{}&#8221;][et_pb_accordion _builder_version=&#8221;4.24.2&#8243; _module_preset=&#8221;default&#8221; box_shadow_style=&#8221;preset1&#8243; global_colors_info=&#8221;{}&#8221;][et_pb_accordion_item title=&#8221;Hrvatsko biljno nazivlje.  Analiza hrvatskog biljnog nazivlja u djelu Liber de simplicibus Benedicti Rinij&#8221; open=&#8221;on&#8221; _builder_version=&#8221;4.24.2&#8243; _module_preset=&#8221;default&#8221; body_text_align=&#8221;center&#8221; max_height=&#8221;326px&#8221; global_colors_info=&#8221;{}&#8221; toggle_level=&#8221;h1&#8243; toggle_font=&#8221;|700||||on|||&#8221; toggle_text_align=&#8221;left&#8221; toggle_font_size=&#8221;20px&#8221;]<\/p>\n<h3><img loading=\"lazy\" decoding=\"async\" src=\"https:\/\/www.hbod.hr\/wp-content\/uploads\/2024\/03\/20_Hrvatsko_biljno-nazivlje-211x300.jpg\" width=\"162\" height=\"230\" alt=\"\" class=\"wp-image-19693 alignnone size-medium\" \/><\/h3>\n<p>[\/et_pb_accordion_item][et_pb_accordion_item title=&#8221;Read more&#8221; _builder_version=&#8221;4.24.2&#8243; _module_preset=&#8221;default&#8221; global_colors_info=&#8221;{}&#8221; open=&#8221;off&#8221;]<\/p>\n<p><strong>Authors:<\/strong> Ivan \u0160ugar, Igor Gostl, Kroata Hazler Pilepi\u0107<\/p>\n<p><strong>Publisher:<\/strong> Hrvatska sveu\u010dili\u0161na naklada<\/p>\n<p><strong>Year published:<\/strong> 2002.<\/p>\n<p><strong>Pages:<\/strong> 155<\/p>\n<p>[\/et_pb_accordion_item][\/et_pb_accordion][\/et_pb_column][\/et_pb_row][et_pb_row column_structure=&#8221;1_3,1_3,1_3&#8243; _builder_version=&#8221;4.23.1&#8243; _module_preset=&#8221;default&#8221; width=&#8221;100%&#8221; locked=&#8221;off&#8221; global_colors_info=&#8221;{}&#8221;][et_pb_column type=&#8221;1_3&#8243; _builder_version=&#8221;4.23.1&#8243; _module_preset=&#8221;default&#8221; global_colors_info=&#8221;{}&#8221;][et_pb_accordion _builder_version=&#8221;4.24.2&#8243; _module_preset=&#8221;default&#8221; box_shadow_style=&#8221;preset1&#8243; global_colors_info=&#8221;{}&#8221;][et_pb_accordion_item title=&#8221;Mali vodi\u010d kroz Botani\u010dki vrt Prirodoslovno-matemati\u010dkog fakulteta Sveu\u010dili\u0161ta u Zagrebu&#8221; open=&#8221;on&#8221; _builder_version=&#8221;4.23.1&#8243; _module_preset=&#8221;default&#8221; body_text_align=&#8221;center&#8221; min_height=&#8221;284px&#8221; height=&#8221;232px&#8221; max_height=&#8221;326px&#8221; global_colors_info=&#8221;{}&#8221; toggle_level=&#8221;h1&#8243; toggle_font=&#8221;|700||||on|||&#8221; toggle_text_align=&#8221;left&#8221; toggle_font_size=&#8221;20px&#8221;]<\/p>\n<p><img loading=\"lazy\" decoding=\"async\" src=\"https:\/\/www.hbod.hr\/wp-content\/uploads\/2024\/01\/86_Mali-vodic-kroz-Botanicki-vrt-Prirodoslovno-matematickog-fakulteta-Sveucilista-u-Zagrebu-209x300.jpg\" width=\"185\" height=\"266\" alt=\"\" class=\"wp-image-19087 alignnone size-medium\" srcset=\"https:\/\/www.hbod.hr\/wp-content\/uploads\/2024\/01\/86_Mali-vodic-kroz-Botanicki-vrt-Prirodoslovno-matematickog-fakulteta-Sveucilista-u-Zagrebu-209x300.jpg 209w, https:\/\/www.hbod.hr\/wp-content\/uploads\/2024\/01\/86_Mali-vodic-kroz-Botanicki-vrt-Prirodoslovno-matematickog-fakulteta-Sveucilista-u-Zagrebu.jpg 400w\" sizes=\"(max-width: 185px) 100vw, 185px\" \/><\/p>\n<p>[\/et_pb_accordion_item][et_pb_accordion_item title=&#8221;Read more&#8221; _builder_version=&#8221;4.24.2&#8243; _module_preset=&#8221;default&#8221; global_colors_info=&#8221;{}&#8221; open=&#8221;off&#8221;]<\/p>\n<p><span style=\"font-weight: 400;\"><strong>Authors:<\/strong> Biserka Jureti\u0107, Sanja Kova\u010di\u0107, Darko Mihelj<\/span><\/p>\n<p><span style=\"font-weight: 400;\"><strong>Publisher:<\/strong> Botani\u010dki zavod s Botani\u010dkim vrtom, Biolo\u0161ki odsjek, PMF Sveu\u010dili\u0161ta u Zagrebu<\/span><\/p>\n<p><span style=\"font-weight: 400;\"><strong>Year published:<\/strong> 2002.\u00a0<\/span><\/p>\n<p><span style=\"font-weight: 400;\"><strong>Pages:<\/strong> 32<\/span><\/p>\n<p>[\/et_pb_accordion_item][\/et_pb_accordion][\/et_pb_column][et_pb_column type=&#8221;1_3&#8243; _builder_version=&#8221;4.23.1&#8243; _module_preset=&#8221;default&#8221; global_colors_info=&#8221;{}&#8221;][et_pb_accordion _builder_version=&#8221;4.24.2&#8243; _module_preset=&#8221;default&#8221; box_shadow_style=&#8221;preset1&#8243; global_colors_info=&#8221;{}&#8221;][et_pb_accordion_item title=&#8221;Fiori e piante dell&#8217;Istria: distribuiti per ambiente&#8221; open=&#8221;on&#8221; _builder_version=&#8221;4.23.1&#8243; _module_preset=&#8221;default&#8221; body_text_align=&#8221;center&#8221; min_height=&#8221;284px&#8221; height=&#8221;232px&#8221; max_height=&#8221;326px&#8221; global_colors_info=&#8221;{}&#8221; toggle_level=&#8221;h1&#8243; toggle_font=&#8221;|700||||on|||&#8221; toggle_text_align=&#8221;left&#8221; toggle_font_size=&#8221;20px&#8221;]<\/p>\n<p><img loading=\"lazy\" decoding=\"async\" src=\"https:\/\/www.hbod.hr\/wp-content\/uploads\/2024\/01\/Fiori-e-piante-dellIstria-distribuiti-per-ambiente-213x300.jpg\" width=\"182\" height=\"257\" alt=\"\" class=\"wp-image-19147 alignnone size-medium\" srcset=\"https:\/\/www.hbod.hr\/wp-content\/uploads\/2024\/01\/Fiori-e-piante-dellIstria-distribuiti-per-ambiente-213x300.jpg 213w, https:\/\/www.hbod.hr\/wp-content\/uploads\/2024\/01\/Fiori-e-piante-dellIstria-distribuiti-per-ambiente.jpg 391w\" sizes=\"(max-width: 182px) 100vw, 182px\" \/><\/p>\n<p>[\/et_pb_accordion_item][et_pb_accordion_item title=&#8221;Read more&#8221; _builder_version=&#8221;4.24.2&#8243; _module_preset=&#8221;default&#8221; global_colors_info=&#8221;{}&#8221; open=&#8221;off&#8221;]<\/p>\n<p><span style=\"font-weight: 400;\"><strong>Author:<\/strong> Claudio Pericin<\/span><\/p>\n<p><span style=\"font-weight: 400;\"><strong>Publisher:<\/strong> Unione Italiana \u2013 Fiume, Universit\u00e0 Popolare di Trieste<\/span><\/p>\n<p><span style=\"font-weight: 400;\"><strong>Year published:<\/strong> 2001.<\/span><\/p>\n<p><span style=\"font-weight: 400;\"><strong>Pages:<\/strong> 464<\/span><\/p>\n<p>[\/et_pb_accordion_item][\/et_pb_accordion][\/et_pb_column][et_pb_column type=&#8221;1_3&#8243; _builder_version=&#8221;4.23.1&#8243; _module_preset=&#8221;default&#8221; global_colors_info=&#8221;{}&#8221;][et_pb_accordion _builder_version=&#8221;4.24.2&#8243; _module_preset=&#8221;default&#8221; box_shadow_style=&#8221;preset1&#8243; global_colors_info=&#8221;{}&#8221;][et_pb_accordion_item title=&#8221;Velebit i njegov biljni svijet&#8221; open=&#8221;on&#8221; content_tablet=&#8221;<\/p>\n<h3><a href=%22https:\/\/www.hbod.hr\/wp-content\/uploads\/2024\/01\/51_Ljekovito-bilje-i-ljekovite-droge.tif%22><img src=%22https:\/\/www.hbod.hr\/wp-content\/uploads\/2024\/01\/51_Ljekovito-bilje-i-ljekovite-droge.tif%22 width=%22undefined%22 height=%22undefined%22 alt=%22%22 class=%22wp-image-19008 alignnone size-full%22 \/><img src=%22https:\/\/www.hbod.hr\/wp-content\/uploads\/2024\/01\/69_Prirucnik-za-istrazivanje-bioraznolikosti-duz-rijeke-Drave-211x300.png%22 width=%22189%22 height=%22269%22 alt=%22%22 class=%22wp-image-19048 alignnone size-medium%22 \/><\/a><\/h3>\n<p>&#8221; content_phone=&#8221;<\/p>\n<h3><a href=%22https:\/\/www.hbod.hr\/wp-content\/uploads\/2024\/01\/51_Ljekovito-bilje-i-ljekovite-droge.tif%22><img src=%22https:\/\/www.hbod.hr\/wp-content\/uploads\/2024\/01\/51_Ljekovito-bilje-i-ljekovite-droge.tif%22 width=%22undefined%22 height=%22undefined%22 alt=%22%22 class=%22wp-image-19008 alignnone size-full%22 \/><img src=%22https:\/\/www.hbod.hr\/wp-content\/uploads\/2024\/02\/87_Velebit-i-njegov-biljni-svijet.jpg%22 width=%22188%22 height=%22269%22 alt=%22%22 class=%22wp-image-19605 alignnone size-full%22 \/><\/a><\/h3>\n<p>&#8221; content_last_edited=&#8221;on|desktop&#8221; _builder_version=&#8221;4.24.0&#8243; _module_preset=&#8221;default&#8221; body_text_align=&#8221;center&#8221; min_height=&#8221;100px&#8221; height=&#8221;306px&#8221; max_height=&#8221;326px&#8221; global_colors_info=&#8221;{}&#8221; toggle_level=&#8221;h1&#8243; toggle_font=&#8221;|700||||on|||&#8221; toggle_text_align=&#8221;left&#8221; toggle_font_size=&#8221;20px&#8221;]<\/p>\n<h3><a href=\"https:\/\/www.hbod.hr\/wp-content\/uploads\/2024\/01\/51_Ljekovito-bilje-i-ljekovite-droge.tif\"><img decoding=\"async\" src=\"https:\/\/www.hbod.hr\/wp-content\/uploads\/2024\/01\/51_Ljekovito-bilje-i-ljekovite-droge.tif\" width=\"undefined\" height=\"undefined\" alt=\"\" class=\"wp-image-19008 alignnone size-full\" \/><img loading=\"lazy\" decoding=\"async\" src=\"https:\/\/www.hbod.hr\/wp-content\/uploads\/2024\/01\/87_Velebit-i-njegov-biljni-svijet.jpg\" width=\"196\" height=\"281\" alt=\"\" class=\"wp-image-19089 alignnone size-full\" \/><\/a><\/h3>\n<p>[\/et_pb_accordion_item][et_pb_accordion_item title=&#8221;Read more&#8221; _builder_version=&#8221;4.24.2&#8243; _module_preset=&#8221;default&#8221; global_colors_info=&#8221;{}&#8221; open=&#8221;off&#8221;]<\/p>\n<p><span style=\"font-weight: 400;\"><strong>Author:<\/strong> Sergej Forenbacher<\/span><\/p>\n<p><span style=\"font-weight: 400;\"><strong>Publisher:<\/strong> \u0160kolska knjiga, Zagreb<\/span><\/p>\n<p><span style=\"font-weight: 400;\"><strong>Year published:<\/strong> 2001.<\/span><\/p>\n<p><span style=\"font-weight: 400;\"><strong>Pages:<\/strong> 800<\/span><\/p>\n<p>[\/et_pb_accordion_item][\/et_pb_accordion][\/et_pb_column][\/et_pb_row][et_pb_row column_structure=&#8221;1_3,1_3,1_3&#8243; _builder_version=&#8221;4.23.1&#8243; _module_preset=&#8221;default&#8221; width=&#8221;100%&#8221; locked=&#8221;off&#8221; global_colors_info=&#8221;{}&#8221;][et_pb_column type=&#8221;1_3&#8243; _builder_version=&#8221;4.23.1&#8243; _module_preset=&#8221;default&#8221; global_colors_info=&#8221;{}&#8221;][et_pb_accordion _builder_version=&#8221;4.24.2&#8243; _module_preset=&#8221;default&#8221; box_shadow_style=&#8221;preset1&#8243; global_colors_info=&#8221;{}&#8221;][et_pb_accordion_item title=&#8221;Drve\u0107e i grmlje: cvjetovi, listovi, pupovi i kora &#8211; Godetov vodi\u010d&#8221; open=&#8221;on&#8221; _builder_version=&#8221;4.24.2&#8243; _module_preset=&#8221;default&#8221; body_text_align=&#8221;center&#8221; max_height=&#8221;326px&#8221; global_colors_info=&#8221;{}&#8221; toggle_level=&#8221;h1&#8243; toggle_font=&#8221;|700||||on|||&#8221; toggle_text_align=&#8221;left&#8221; toggle_font_size=&#8221;20px&#8221;]<\/p>\n<h3><img loading=\"lazy\" decoding=\"async\" src=\"https:\/\/www.hbod.hr\/wp-content\/uploads\/2024\/03\/21_Drvece-i-grmlje-cvjetovi-listovi-pupovi-i-kora-Godetov-vodic-188x300.webp\" width=\"141\" height=\"225\" alt=\"\" class=\"wp-image-19695 alignnone size-medium\" srcset=\"https:\/\/www.hbod.hr\/wp-content\/uploads\/2024\/03\/21_Drvece-i-grmlje-cvjetovi-listovi-pupovi-i-kora-Godetov-vodic-188x300.webp 188w, https:\/\/www.hbod.hr\/wp-content\/uploads\/2024\/03\/21_Drvece-i-grmlje-cvjetovi-listovi-pupovi-i-kora-Godetov-vodic.webp 376w\" sizes=\"(max-width: 141px) 100vw, 141px\" \/><\/h3>\n<p>[\/et_pb_accordion_item][et_pb_accordion_item title=&#8221;Read more&#8221; _builder_version=&#8221;4.24.2&#8243; _module_preset=&#8221;default&#8221; global_colors_info=&#8221;{}&#8221; open=&#8221;off&#8221;]<\/p>\n<p><strong>Author:<\/strong> Jean-Denis Godet<\/p>\n<p><strong>Translator:<\/strong> Zinka Pavleti\u0107<\/p>\n<p><strong>Publisher:<\/strong> Naklada C<\/p>\n<p><strong>Year published:<\/strong> 2000.<\/p>\n<p><strong>Pages:<\/strong> 254<\/p>\n<p>[\/et_pb_accordion_item][\/et_pb_accordion][\/et_pb_column][et_pb_column type=&#8221;1_3&#8243; _builder_version=&#8221;4.23.1&#8243; _module_preset=&#8221;default&#8221; global_colors_info=&#8221;{}&#8221;][et_pb_accordion _builder_version=&#8221;4.24.2&#8243; _module_preset=&#8221;default&#8221; box_shadow_style=&#8221;preset1&#8243; global_colors_info=&#8221;{}&#8221;][et_pb_accordion_item title=&#8221;Za\u0161ti\u0107ene, rijetke i ugro\u017eene biljne vrste Slavonskoga gorja&#8221; open=&#8221;on&#8221; _builder_version=&#8221;4.23.1&#8243; _module_preset=&#8221;default&#8221; body_text_align=&#8221;center&#8221; max_height=&#8221;326px&#8221; global_colors_info=&#8221;{}&#8221; toggle_level=&#8221;h1&#8243; toggle_font=&#8221;|700||||on|||&#8221; toggle_text_align=&#8221;left&#8221; toggle_font_size=&#8221;20px&#8221;]<\/p>\n<h3><img loading=\"lazy\" decoding=\"async\" src=\"https:\/\/www.hbod.hr\/wp-content\/uploads\/2024\/01\/88_Zasticene-rijetke-i-ugrozene-biljne-vrste-Slavonskoga-gorja-206x300.webp\" width=\"182\" height=\"265\" alt=\"\" class=\"wp-image-19091 alignnone size-medium\" srcset=\"https:\/\/www.hbod.hr\/wp-content\/uploads\/2024\/01\/88_Zasticene-rijetke-i-ugrozene-biljne-vrste-Slavonskoga-gorja-206x300.webp 206w, https:\/\/www.hbod.hr\/wp-content\/uploads\/2024\/01\/88_Zasticene-rijetke-i-ugrozene-biljne-vrste-Slavonskoga-gorja.webp 428w\" sizes=\"(max-width: 182px) 100vw, 182px\" \/><\/h3>\n<p>[\/et_pb_accordion_item][et_pb_accordion_item title=&#8221;Read more&#8221; _builder_version=&#8221;4.24.2&#8243; _module_preset=&#8221;default&#8221; global_colors_info=&#8221;{}&#8221; open=&#8221;off&#8221;]<\/p>\n<p><span style=\"font-weight: 400;\"><strong>Authors:<\/strong>\u00a0 Mirko Toma\u0161evi\u0107, Ivica Samard\u017ei\u0107<\/span><\/p>\n<p><span style=\"font-weight: 400;\"><strong>Publisher:<\/strong> SPIN VALIS d.d. za proizvodnju namje\u0161taja<\/span><\/p>\n<p><span style=\"font-weight: 400;\"><strong>Year published:<\/strong> 2000.<\/span><\/p>\n<p><span style=\"font-weight: 400;\"><strong>Pages:<\/strong> 126<\/span><\/p>\n<p>[\/et_pb_accordion_item][\/et_pb_accordion][\/et_pb_column][et_pb_column type=&#8221;1_3&#8243; _builder_version=&#8221;4.23.1&#8243; _module_preset=&#8221;default&#8221; global_colors_info=&#8221;{}&#8221;][et_pb_accordion _builder_version=&#8221;4.24.2&#8243; _module_preset=&#8221;default&#8221; box_shadow_style=&#8221;preset1&#8243; global_colors_info=&#8221;{}&#8221;][et_pb_accordion_item title=&#8221;Hrvatske orhideje: Slikovnica izabranih ka\u0107una&#8221; open=&#8221;on&#8221; _builder_version=&#8221;4.24.2&#8243; _module_preset=&#8221;default&#8221; body_text_align=&#8221;center&#8221; min_height=&#8221;284px&#8221; height=&#8221;232px&#8221; max_height=&#8221;326px&#8221; global_colors_info=&#8221;{}&#8221; toggle_level=&#8221;h1&#8243; toggle_font=&#8221;|700||||on|||&#8221; toggle_text_align=&#8221;left&#8221; toggle_font_size=&#8221;20px&#8221;]<\/p>\n<p><img loading=\"lazy\" decoding=\"async\" src=\"https:\/\/www.hbod.hr\/wp-content\/uploads\/2024\/03\/22_Hrvatske-orhideje-Slikovnica-odabranih-kacuna-216x300.jpg\" width=\"182\" height=\"253\" alt=\"\" class=\"wp-image-19697 alignnone size-medium\" \/><\/p>\n<p>[\/et_pb_accordion_item][et_pb_accordion_item title=&#8221;Read more&#8221; _builder_version=&#8221;4.24.2&#8243; _module_preset=&#8221;default&#8221; global_colors_info=&#8221;{}&#8221; open=&#8221;off&#8221;]<\/p>\n<p><strong>Author:<\/strong> Mario Crvenka<\/p>\n<p><strong>Publisher:<\/strong> Inmedia<\/p>\n<p><strong>Year published:<\/strong> 1999.<\/p>\n<p><strong>Pages:<\/strong> 159<\/p>\n<p>[\/et_pb_accordion_item][\/et_pb_accordion][\/et_pb_column][\/et_pb_row][et_pb_row column_structure=&#8221;1_3,1_3,1_3&#8243; _builder_version=&#8221;4.23.1&#8243; _module_preset=&#8221;default&#8221; width=&#8221;100%&#8221; locked=&#8221;off&#8221; global_colors_info=&#8221;{}&#8221;][et_pb_column type=&#8221;1_3&#8243; _builder_version=&#8221;4.23.1&#8243; _module_preset=&#8221;default&#8221; global_colors_info=&#8221;{}&#8221;][et_pb_accordion _builder_version=&#8221;4.24.2&#8243; _module_preset=&#8221;default&#8221; box_shadow_style=&#8221;preset1&#8243; global_colors_info=&#8221;{}&#8221;][et_pb_accordion_item title=&#8221;\u0160umarska fitocenologija i \u0161umske zajednice u Hrvatskoj&#8221; open=&#8221;on&#8221; _builder_version=&#8221;4.23.1&#8243; _module_preset=&#8221;default&#8221; body_text_align=&#8221;center&#8221; min_height=&#8221;284px&#8221; height=&#8221;232px&#8221; max_height=&#8221;326px&#8221; global_colors_info=&#8221;{}&#8221; toggle_level=&#8221;h1&#8243; toggle_font=&#8221;|700||||on|||&#8221; toggle_text_align=&#8221;left&#8221; toggle_font_size=&#8221;20px&#8221;]<\/p>\n<p><img loading=\"lazy\" decoding=\"async\" src=\"https:\/\/www.hbod.hr\/wp-content\/uploads\/2024\/01\/89_Sumarska-fitocenologija-i-sumske-zajednice-u-Hrvatskoj-205x300.jpg\" width=\"177\" height=\"259\" alt=\"\" class=\"wp-image-19093 alignnone size-medium\" srcset=\"https:\/\/www.hbod.hr\/wp-content\/uploads\/2024\/01\/89_Sumarska-fitocenologija-i-sumske-zajednice-u-Hrvatskoj-205x300.jpg 205w, https:\/\/www.hbod.hr\/wp-content\/uploads\/2024\/01\/89_Sumarska-fitocenologija-i-sumske-zajednice-u-Hrvatskoj.jpg 410w\" sizes=\"(max-width: 177px) 100vw, 177px\" \/><\/p>\n<p>[\/et_pb_accordion_item][et_pb_accordion_item title=&#8221;Read more&#8221; _builder_version=&#8221;4.24.2&#8243; _module_preset=&#8221;default&#8221; global_colors_info=&#8221;{}&#8221; open=&#8221;off&#8221;]<\/p>\n<p><span style=\"font-weight: 400;\"><strong>Author:<\/strong> Joso Vukeli\u0107, \u0110uro Raos<\/span><\/p>\n<p><span style=\"font-weight: 400;\"><strong>Publisher:<\/strong> \u0160umarski fakultet Sveu\u010dili\u0161ta u Zagrebu\u00a0<\/span><\/p>\n<p><span style=\"font-weight: 400;\"><strong>Year published:<\/strong> 1998.<\/span><\/p>\n<p><span style=\"font-weight: 400;\"><strong>Pages:<\/strong> 310<\/span><\/p>\n<p>[\/et_pb_accordion_item][\/et_pb_accordion][\/et_pb_column][et_pb_column type=&#8221;1_3&#8243; _builder_version=&#8221;4.23.1&#8243; _module_preset=&#8221;default&#8221; global_colors_info=&#8221;{}&#8221;][et_pb_accordion _builder_version=&#8221;4.24.2&#8243; _module_preset=&#8221;default&#8221; box_shadow_style=&#8221;preset1&#8243; global_colors_info=&#8221;{}&#8221;][et_pb_accordion_item title=&#8221;Otrovne biljke i biljna otrovanja \u017eivotinja&#8221; open=&#8221;on&#8221; content_tablet=&#8221;<\/p>\n<h3><a href=%22https:\/\/www.hbod.hr\/wp-content\/uploads\/2024\/01\/51_Ljekovito-bilje-i-ljekovite-droge.tif%22><img src=%22https:\/\/www.hbod.hr\/wp-content\/uploads\/2024\/01\/51_Ljekovito-bilje-i-ljekovite-droge.tif%22 width=%22undefined%22 height=%22undefined%22 alt=%22%22 class=%22wp-image-19008 alignnone size-full%22 \/><img src=%22https:\/\/www.hbod.hr\/wp-content\/uploads\/2024\/01\/69_Prirucnik-za-istrazivanje-bioraznolikosti-duz-rijeke-Drave-211x300.png%22 width=%22189%22 height=%22269%22 alt=%22%22 class=%22wp-image-19048 alignnone size-medium%22 \/><\/a><\/h3>\n<p>&#8221; content_phone=&#8221;<\/p>\n<h3><a href=%22https:\/\/www.hbod.hr\/wp-content\/uploads\/2024\/01\/51_Ljekovito-bilje-i-ljekovite-droge.tif%22><img src=%22https:\/\/www.hbod.hr\/wp-content\/uploads\/2024\/01\/51_Ljekovito-bilje-i-ljekovite-droge.tif%22 width=%22undefined%22 height=%22undefined%22 alt=%22%22 class=%22wp-image-19008 alignnone size-full%22 \/><img src=%22https:\/\/www.hbod.hr\/wp-content\/uploads\/2024\/01\/90_Otrovne-biljke-i-biljna-otrovanja-zivotinja-213x300.webp%22 width=%22195%22 height=%22275%22 alt=%22%22 class=%22wp-image-19095 alignnone size-medium%22 \/><\/a><\/h3>\n<p>&#8221; content_last_edited=&#8221;on|desktop&#8221; _builder_version=&#8221;4.24.0&#8243; _module_preset=&#8221;default&#8221; body_text_align=&#8221;center&#8221; min_height=&#8221;100px&#8221; height=&#8221;306px&#8221; max_height=&#8221;326px&#8221; global_colors_info=&#8221;{}&#8221; toggle_level=&#8221;h1&#8243; toggle_font=&#8221;|700||||on|||&#8221; toggle_text_align=&#8221;left&#8221; toggle_font_size=&#8221;20px&#8221;]<\/p>\n<p><img loading=\"lazy\" decoding=\"async\" src=\"https:\/\/www.hbod.hr\/wp-content\/uploads\/2024\/01\/90_Otrovne-biljke-i-biljna-otrovanja-zivotinja-213x300.webp\" width=\"198\" height=\"279\" alt=\"\" class=\"wp-image-19095 alignnone size-medium\" \/><\/p>\n<p>[\/et_pb_accordion_item][et_pb_accordion_item title=&#8221;Read more&#8221; _builder_version=&#8221;4.24.2&#8243; _module_preset=&#8221;default&#8221; global_colors_info=&#8221;{}&#8221; open=&#8221;off&#8221;]<\/p>\n<p><span style=\"font-weight: 400;\"><strong>Author:<\/strong> Sergej Forenbacher<\/span><\/p>\n<p><span style=\"font-weight: 400;\"><strong>Publisher:<\/strong> \u0160kolska knjiga Zagreb\u00a0<\/span><\/p>\n<p><span style=\"font-weight: 400;\"><strong>Year published:<\/strong> 1998.<\/span><\/p>\n<p><span style=\"font-weight: 400;\"><strong>Pages:<\/strong> 435<\/span><\/p>\n<p>[\/et_pb_accordion_item][\/et_pb_accordion][\/et_pb_column][et_pb_column type=&#8221;1_3&#8243; _builder_version=&#8221;4.23.1&#8243; _module_preset=&#8221;default&#8221; global_colors_info=&#8221;{}&#8221;][et_pb_accordion _builder_version=&#8221;4.24.2&#8243; _module_preset=&#8221;default&#8221; box_shadow_style=&#8221;preset1&#8243; global_colors_info=&#8221;{}&#8221;][et_pb_accordion_item title=&#8221;Za\u0161ti\u0107ene i za\u0161tite vrijedne biljke samoborskog podru\u010dja&#8221; open=&#8221;on&#8221; _builder_version=&#8221;4.23.1&#8243; _module_preset=&#8221;default&#8221; body_text_align=&#8221;center&#8221; max_height=&#8221;326px&#8221; global_colors_info=&#8221;{}&#8221; toggle_level=&#8221;h1&#8243; toggle_font=&#8221;|700||||on|||&#8221; toggle_text_align=&#8221;left&#8221; toggle_font_size=&#8221;20px&#8221;]<\/p>\n<h3><img loading=\"lazy\" decoding=\"async\" src=\"https:\/\/www.hbod.hr\/wp-content\/uploads\/2024\/01\/91_Zasticene-i-zastite-vrijedne-biljke-samoborskog-podrucja-213x300.jpg\" width=\"183\" height=\"257\" alt=\"\" class=\"wp-image-19097 alignnone size-medium\" \/><\/h3>\n<p>[\/et_pb_accordion_item][et_pb_accordion_item title=&#8221;Read more&#8221; _builder_version=&#8221;4.24.2&#8243; _module_preset=&#8221;default&#8221; global_colors_info=&#8221;{}&#8221; open=&#8221;off&#8221;]<\/p>\n<p><span style=\"font-weight: 400;\"><strong>Author:<\/strong> Barbara \u017ditkovi\u0107<\/span><\/p>\n<p><span style=\"font-weight: 400;\"><strong>Publisher:<\/strong> Dr\u017eavna uprava za za\u0161titu prirode i okoli\u0161a\u00a0<\/span><\/p>\n<p><span style=\"font-weight: 400;\"><strong>Year published:<\/strong> 1998.<\/span><\/p>\n<p><span style=\"font-weight: 400;\"><strong>Pages:<\/strong> 142<\/span><\/p>\n<p>[\/et_pb_accordion_item][\/et_pb_accordion][\/et_pb_column][\/et_pb_row][et_pb_row column_structure=&#8221;1_3,1_3,1_3&#8243; _builder_version=&#8221;4.23.1&#8243; _module_preset=&#8221;default&#8221; width=&#8221;100%&#8221; locked=&#8221;off&#8221; global_colors_info=&#8221;{}&#8221;][et_pb_column type=&#8221;1_3&#8243; _builder_version=&#8221;4.23.1&#8243; _module_preset=&#8221;default&#8221; global_colors_info=&#8221;{}&#8221;][et_pb_accordion _builder_version=&#8221;4.24.2&#8243; _module_preset=&#8221;default&#8221; box_shadow_style=&#8221;preset1&#8243; locked=&#8221;off&#8221; global_colors_info=&#8221;{}&#8221;][et_pb_accordion_item title=&#8221;Fiori dell&#8217; Istria&#8221; open=&#8221;on&#8221; _builder_version=&#8221;4.23.1&#8243; _module_preset=&#8221;default&#8221; body_text_align=&#8221;center&#8221; max_height=&#8221;326px&#8221; global_colors_info=&#8221;{}&#8221; toggle_level=&#8221;h1&#8243; toggle_font=&#8221;|700||||on|||&#8221; toggle_text_align=&#8221;left&#8221; toggle_font_size=&#8221;20px&#8221;]<\/p>\n<h3><img loading=\"lazy\" decoding=\"async\" src=\"https:\/\/www.hbod.hr\/wp-content\/uploads\/2024\/01\/Fiori-dell-Istria-225x300.webp\" width=\"193\" height=\"258\" alt=\"\" class=\"wp-image-19145 alignnone size-medium\" srcset=\"https:\/\/www.hbod.hr\/wp-content\/uploads\/2024\/01\/Fiori-dell-Istria-225x300.webp 225w, https:\/\/www.hbod.hr\/wp-content\/uploads\/2024\/01\/Fiori-dell-Istria.webp 480w\" sizes=\"(max-width: 193px) 100vw, 193px\" \/><\/h3>\n<p>[\/et_pb_accordion_item][et_pb_accordion_item title=&#8221;Read more&#8221; _builder_version=&#8221;4.24.2&#8243; _module_preset=&#8221;default&#8221; global_colors_info=&#8221;{}&#8221; open=&#8221;off&#8221;]<\/p>\n<p><span style=\"font-weight: 400;\"><strong>Authors:<\/strong> Loris Dilena, Giuseppe Turzi<\/span><\/p>\n<p><span style=\"font-weight: 400;\"><strong>Publisher:<\/strong> MGS Press<\/span><\/p>\n<p><span style=\"font-weight: 400;\"><strong>Year published:<\/strong> 1998.<\/span><\/p>\n<p><span style=\"font-weight: 400;\"><strong>Pages:<\/strong> 216<\/span><\/p>\n<p>[\/et_pb_accordion_item][\/et_pb_accordion][\/et_pb_column][et_pb_column type=&#8221;1_3&#8243; _builder_version=&#8221;4.23.1&#8243; _module_preset=&#8221;default&#8221; global_colors_info=&#8221;{}&#8221;][et_pb_accordion _builder_version=&#8221;4.24.2&#8243; _module_preset=&#8221;default&#8221; box_shadow_style=&#8221;preset1&#8243; global_colors_info=&#8221;{}&#8221;][et_pb_accordion_item title=&#8221;Herbarijski priru\u010dnik&#8221; open=&#8221;on&#8221; _builder_version=&#8221;4.23.1&#8243; _module_preset=&#8221;default&#8221; body_text_align=&#8221;center&#8221; min_height=&#8221;284px&#8221; height=&#8221;232px&#8221; max_height=&#8221;326px&#8221; global_colors_info=&#8221;{}&#8221; toggle_level=&#8221;h1&#8243; toggle_font=&#8221;|700||||on|||&#8221; toggle_text_align=&#8221;left&#8221; toggle_font_size=&#8221;20px&#8221;]<\/p>\n<p><img loading=\"lazy\" decoding=\"async\" src=\"https:\/\/www.hbod.hr\/wp-content\/uploads\/2024\/01\/92_Herbarijski-prirucnik-209x300.jpg\" width=\"175\" height=\"251\" alt=\"\" class=\"wp-image-19099 alignnone size-medium\" \/><\/p>\n<p>[\/et_pb_accordion_item][et_pb_accordion_item title=&#8221;Read more&#8221; _builder_version=&#8221;4.24.2&#8243; _module_preset=&#8221;default&#8221; global_colors_info=&#8221;{}&#8221; open=&#8221;off&#8221;]<\/p>\n<p><span style=\"font-weight: 400;\"><strong>Author:<\/strong> Toni Nikoli\u0107<\/span><\/p>\n<p><span style=\"font-weight: 400;\"><strong>Publisher:<\/strong> \u0160kolska knjiga Zagreb\u00a0<\/span><\/p>\n<p><span style=\"font-weight: 400;\"><strong>Year published:<\/strong> 1996.<\/span><\/p>\n<p><span style=\"font-weight: 400;\"><strong>Pages:<\/strong> 167<\/span><\/p>\n<p>[\/et_pb_accordion_item][\/et_pb_accordion][\/et_pb_column][et_pb_column type=&#8221;1_3&#8243; _builder_version=&#8221;4.23.1&#8243; _module_preset=&#8221;default&#8221; global_colors_info=&#8221;{}&#8221;][et_pb_accordion _builder_version=&#8221;4.24.2&#8243; _module_preset=&#8221;default&#8221; box_shadow_style=&#8221;preset1&#8243; global_colors_info=&#8221;{}&#8221;][et_pb_accordion_item title=&#8221;\u017dumberak \u2013 Kalendar flore \u017dumbera\u010dke gore&#8221; open=&#8221;on&#8221; content_tablet=&#8221;<\/p>\n<h3><a href=%22https:\/\/www.hbod.hr\/wp-content\/uploads\/2024\/01\/51_Ljekovito-bilje-i-ljekovite-droge.tif%22><img src=%22https:\/\/www.hbod.hr\/wp-content\/uploads\/2024\/01\/51_Ljekovito-bilje-i-ljekovite-droge.tif%22 width=%22undefined%22 height=%22undefined%22 alt=%22%22 class=%22wp-image-19008 alignnone size-full%22 \/><img src=%22https:\/\/www.hbod.hr\/wp-content\/uploads\/2024\/01\/69_Prirucnik-za-istrazivanje-bioraznolikosti-duz-rijeke-Drave-211x300.png%22 width=%22189%22 height=%22269%22 alt=%22%22 class=%22wp-image-19048 alignnone size-medium%22 \/><\/a><\/h3>\n<p>&#8221; content_phone=&#8221;<\/p>\n<h3><a href=%22https:\/\/www.hbod.hr\/wp-content\/uploads\/2024\/01\/51_Ljekovito-bilje-i-ljekovite-droge.tif%22><img src=%22https:\/\/www.hbod.hr\/wp-content\/uploads\/2024\/01\/51_Ljekovito-bilje-i-ljekovite-droge.tif%22 width=%22undefined%22 height=%22undefined%22 alt=%22%22 class=%22wp-image-19008 alignnone size-full%22 \/><img src=%22https:\/\/www.hbod.hr\/wp-content\/uploads\/2024\/01\/93_Zumberak-\u2013-Kalendar-flore-Zumberacke-gore.jpg%22 width=%22172%22 height=%22251%22 alt=%22%22 class=%22wp-image-19101 alignnone size-full%22 \/><\/a><\/h3>\n<p>&#8221; content_last_edited=&#8221;on|desktop&#8221; _builder_version=&#8221;4.24.0&#8243; _module_preset=&#8221;default&#8221; body_text_align=&#8221;center&#8221; min_height=&#8221;100px&#8221; height=&#8221;306px&#8221; max_height=&#8221;326px&#8221; global_colors_info=&#8221;{}&#8221; toggle_level=&#8221;h1&#8243; toggle_font=&#8221;|700||||on|||&#8221; toggle_text_align=&#8221;left&#8221; toggle_font_size=&#8221;20px&#8221;]<\/p>\n<p><img loading=\"lazy\" decoding=\"async\" src=\"https:\/\/www.hbod.hr\/wp-content\/uploads\/2024\/01\/93_Zumberak-\u2013-Kalendar-flore-Zumberacke-gore.jpg\" width=\"186\" height=\"271\" alt=\"\" class=\"wp-image-19101 alignnone size-full\" \/><\/p>\n<p>[\/et_pb_accordion_item][et_pb_accordion_item title=&#8221;Read more&#8221; _builder_version=&#8221;4.24.2&#8243; _module_preset=&#8221;default&#8221; global_colors_info=&#8221;{}&#8221; open=&#8221;off&#8221;]<\/p>\n<p><span style=\"font-weight: 400;\"><strong>Author:<\/strong> Sergej Forenbacher<\/span><\/p>\n<p><span style=\"font-weight: 400;\"><strong>Publisher:<\/strong> \u0160kolska knjiga\u00a0<\/span><\/p>\n<p><span style=\"font-weight: 400;\"><strong>Year publisher:<\/strong> 1995.<\/span><\/p>\n<p><span style=\"font-weight: 400;\"><strong>Pages:<\/strong> 653<\/span><\/p>\n<p>[\/et_pb_accordion_item][\/et_pb_accordion][\/et_pb_column][\/et_pb_row][et_pb_row column_structure=&#8221;1_3,1_3,1_3&#8243; _builder_version=&#8221;4.23.1&#8243; _module_preset=&#8221;default&#8221; width=&#8221;100%&#8221; locked=&#8221;off&#8221; global_colors_info=&#8221;{}&#8221;][et_pb_column type=&#8221;1_3&#8243; _builder_version=&#8221;4.23.1&#8243; _module_preset=&#8221;default&#8221; global_colors_info=&#8221;{}&#8221;][et_pb_accordion _builder_version=&#8221;4.24.2&#8243; _module_preset=&#8221;default&#8221; box_shadow_style=&#8221;preset1&#8243; global_colors_info=&#8221;{}&#8221;][et_pb_accordion_item title=&#8221;Flora Hrvatske&#8221; open=&#8221;on&#8221; _builder_version=&#8221;4.23.1&#8243; _module_preset=&#8221;default&#8221; body_text_align=&#8221;center&#8221; max_height=&#8221;326px&#8221; global_colors_info=&#8221;{}&#8221; toggle_level=&#8221;h1&#8243; toggle_font=&#8221;|700||||on|||&#8221; toggle_text_align=&#8221;left&#8221; toggle_font_size=&#8221;20px&#8221;]<\/p>\n<h3><img loading=\"lazy\" decoding=\"async\" src=\"https:\/\/www.hbod.hr\/wp-content\/uploads\/2024\/01\/94_domac-flora-hrvatske-210x300.jpg\" width=\"176\" height=\"251\" alt=\"\" class=\"wp-image-19103 alignnone size-medium\" \/><\/h3>\n<p>[\/et_pb_accordion_item][et_pb_accordion_item title=&#8221;Read more&#8221; _builder_version=&#8221;4.24.2&#8243; _module_preset=&#8221;default&#8221; global_colors_info=&#8221;{}&#8221; open=&#8221;off&#8221;]<\/p>\n<p><span style=\"font-weight: 400;\"><strong>Author:<\/strong> Radovan Domac<\/span><\/p>\n<p><span style=\"font-weight: 400;\"><strong>Publisher:<\/strong> \u0160kolska knjiga Zagreb<\/span><\/p>\n<p><span style=\"font-weight: 400;\"><strong>Year published:<\/strong> 1994.<\/span><\/p>\n<p><span style=\"font-weight: 400;\"><strong>Pages:<\/strong> 504<\/span><\/p>\n<p>[\/et_pb_accordion_item][\/et_pb_accordion][\/et_pb_column][et_pb_column type=&#8221;1_3&#8243; _builder_version=&#8221;4.23.1&#8243; _module_preset=&#8221;default&#8221; global_colors_info=&#8221;{}&#8221;][et_pb_accordion _builder_version=&#8221;4.24.2&#8243; _module_preset=&#8221;default&#8221; box_shadow_style=&#8221;preset1&#8243; global_colors_info=&#8221;{}&#8221;][et_pb_accordion_item title=&#8221;Crvena knjiga biljnih vrsta Republike Hrvatske &#8221; open=&#8221;on&#8221; _builder_version=&#8221;4.24.2&#8243; _module_preset=&#8221;default&#8221; body_text_align=&#8221;center&#8221; max_height=&#8221;326px&#8221; global_colors_info=&#8221;{}&#8221; toggle_level=&#8221;h1&#8243; toggle_font=&#8221;|700||||on|||&#8221; toggle_text_align=&#8221;left&#8221; toggle_font_size=&#8221;20px&#8221;]<\/p>\n<h3><img loading=\"lazy\" decoding=\"async\" src=\"https:\/\/www.hbod.hr\/wp-content\/uploads\/2024\/03\/23_Crvena-knjiga-1994-198x300.jpg\" width=\"156\" height=\"237\" alt=\"\" class=\"wp-image-19699 alignnone size-medium\" \/><\/h3>\n<p>[\/et_pb_accordion_item][et_pb_accordion_item title=&#8221;Read more&#8221; _builder_version=&#8221;4.24.2&#8243; _module_preset=&#8221;default&#8221; global_colors_info=&#8221;{}&#8221; open=&#8221;off&#8221;]<\/p>\n<p><strong>Author:<\/strong> Ivan \u0160ugar<\/p>\n<p><strong>Publisher:<\/strong> Ministarstvo graditeljstva i za\u0161tite okoli\u0161a, Zavod za za\u0161titu prirode<\/p>\n<p><strong>Year published:<\/strong> 1994.<\/p>\n<p><strong>Pages:<\/strong> 522<\/p>\n<p>[\/et_pb_accordion_item][\/et_pb_accordion][\/et_pb_column][et_pb_column type=&#8221;1_3&#8243; _builder_version=&#8221;4.23.1&#8243; _module_preset=&#8221;default&#8221; global_colors_info=&#8221;{}&#8221;][et_pb_accordion _builder_version=&#8221;4.24.2&#8243; _module_preset=&#8221;default&#8221; box_shadow_style=&#8221;preset1&#8243; locked=&#8221;off&#8221; global_colors_info=&#8221;{}&#8221;][et_pb_accordion_item title=&#8221;\u010cetinja\u010de \u2013 morfologija i varijabilnost&#8221; open=&#8221;on&#8221; _builder_version=&#8221;4.23.1&#8243; _module_preset=&#8221;default&#8221; body_text_align=&#8221;center&#8221; min_height=&#8221;100px&#8221; height=&#8221;306px&#8221; max_height=&#8221;326px&#8221; global_colors_info=&#8221;{}&#8221; toggle_level=&#8221;h1&#8243; toggle_font=&#8221;|700||||on|||&#8221; toggle_text_align=&#8221;left&#8221; toggle_font_size=&#8221;20px&#8221;]<\/p>\n<h3><img loading=\"lazy\" decoding=\"async\" src=\"https:\/\/www.hbod.hr\/wp-content\/uploads\/2024\/01\/Cetinjace-\u2013-morfologija-i-varijabilnost-211x300.jpg\" width=\"191\" height=\"272\" alt=\"\" class=\"wp-image-19143 alignnone size-medium\" srcset=\"https:\/\/www.hbod.hr\/wp-content\/uploads\/2024\/01\/Cetinjace-\u2013-morfologija-i-varijabilnost-211x300.jpg 211w, https:\/\/www.hbod.hr\/wp-content\/uploads\/2024\/01\/Cetinjace-\u2013-morfologija-i-varijabilnost-719x1024.jpg 719w, https:\/\/www.hbod.hr\/wp-content\/uploads\/2024\/01\/Cetinjace-\u2013-morfologija-i-varijabilnost-768x1095.jpg 768w, https:\/\/www.hbod.hr\/wp-content\/uploads\/2024\/01\/Cetinjace-\u2013-morfologija-i-varijabilnost-480x684.jpg 480w, https:\/\/www.hbod.hr\/wp-content\/uploads\/2024\/01\/Cetinjace-\u2013-morfologija-i-varijabilnost.jpg 842w\" sizes=\"(max-width: 191px) 100vw, 191px\" \/><\/h3>\n<p>[\/et_pb_accordion_item][et_pb_accordion_item title=&#8221;Read more&#8221; _builder_version=&#8221;4.24.2&#8243; _module_preset=&#8221;default&#8221; global_colors_info=&#8221;{}&#8221; open=&#8221;off&#8221;]<\/p>\n<p><span style=\"font-weight: 400;\"><strong>Author:<\/strong> Mirko Vidakovi\u0107<\/span><\/p>\n<p><span style=\"font-weight: 400;\"><strong>Publisher:<\/strong> Hrvatske \u0161ume<\/span><\/p>\n<p><span style=\"font-weight: 400;\"><strong>Year published:<\/strong> 1993.<\/span><\/p>\n<p><span style=\"font-weight: 400;\"><strong>Pages:<\/strong> 741<\/span><\/p>\n<p>[\/et_pb_accordion_item][\/et_pb_accordion][\/et_pb_column][\/et_pb_row][et_pb_row column_structure=&#8221;1_3,1_3,1_3&#8243; _builder_version=&#8221;4.23.1&#8243; _module_preset=&#8221;default&#8221; width=&#8221;100%&#8221; locked=&#8221;off&#8221; global_colors_info=&#8221;{}&#8221;][et_pb_column type=&#8221;1_3&#8243; _builder_version=&#8221;4.23.1&#8243; _module_preset=&#8221;default&#8221; global_colors_info=&#8221;{}&#8221;][et_pb_accordion _builder_version=&#8221;4.24.2&#8243; _module_preset=&#8221;default&#8221; box_shadow_style=&#8221;preset1&#8243; global_colors_info=&#8221;{}&#8221;][et_pb_accordion_item title=&#8221;\u0160ume u Hrvatskoj&#8221; open=&#8221;on&#8221; _builder_version=&#8221;4.23.1&#8243; _module_preset=&#8221;default&#8221; body_text_align=&#8221;center&#8221; min_height=&#8221;284px&#8221; height=&#8221;232px&#8221; max_height=&#8221;326px&#8221; global_colors_info=&#8221;{}&#8221; toggle_level=&#8221;h1&#8243; toggle_font=&#8221;|700||||on|||&#8221; toggle_text_align=&#8221;left&#8221; toggle_font_size=&#8221;20px&#8221;]<\/p>\n<p><img loading=\"lazy\" decoding=\"async\" src=\"https:\/\/www.hbod.hr\/wp-content\/uploads\/2024\/01\/95_Sume-u-Hrvatskoj-235x300.jpg\" width=\"201\" height=\"257\" alt=\"\" class=\"wp-image-19105 alignnone size-medium\" \/><\/p>\n<p>[\/et_pb_accordion_item][et_pb_accordion_item title=&#8221;Read more&#8221; _builder_version=&#8221;4.24.2&#8243; _module_preset=&#8221;default&#8221; global_colors_info=&#8221;{}&#8221; open=&#8221;off&#8221;]<\/p>\n<p><span style=\"font-weight: 400;\"><strong>Editor:<\/strong> \u0110uro Rau\u0161<\/span><\/p>\n<p><span style=\"font-weight: 400;\"><strong>Publisher:<\/strong> \u0160umarski fakultet Sveu\u010dili\u0161ta u zagrebu, \u201eHrvatske \u0161ume\u201c\u00a0<\/span><\/p>\n<p><span style=\"font-weight: 400;\"><strong>Year published:<\/strong> 1992.<\/span><\/p>\n<p><span style=\"font-weight: 400;\"><strong>Pages:<\/strong> 340<\/span><\/p>\n<p>[\/et_pb_accordion_item][\/et_pb_accordion][\/et_pb_column][et_pb_column type=&#8221;1_3&#8243; _builder_version=&#8221;4.23.1&#8243; _module_preset=&#8221;default&#8221; global_colors_info=&#8221;{}&#8221;][et_pb_accordion _builder_version=&#8221;4.24.2&#8243; _module_preset=&#8221;default&#8221; box_shadow_style=&#8221;preset1&#8243; global_colors_info=&#8221;{}&#8221;][et_pb_accordion_item title=&#8221;Atlas korova&#8221; open=&#8221;on&#8221; content_tablet=&#8221;<\/p>\n<h3><a href=%22https:\/\/www.hbod.hr\/wp-content\/uploads\/2024\/01\/51_Ljekovito-bilje-i-ljekovite-droge.tif%22><img src=%22https:\/\/www.hbod.hr\/wp-content\/uploads\/2024\/01\/51_Ljekovito-bilje-i-ljekovite-droge.tif%22 width=%22undefined%22 height=%22undefined%22 alt=%22%22 class=%22wp-image-19008 alignnone size-full%22 \/><img src=%22https:\/\/www.hbod.hr\/wp-content\/uploads\/2024\/01\/69_Prirucnik-za-istrazivanje-bioraznolikosti-duz-rijeke-Drave-211x300.png%22 width=%22189%22 height=%22269%22 alt=%22%22 class=%22wp-image-19048 alignnone size-medium%22 \/><\/a><\/h3>\n<p>&#8221; content_phone=&#8221;<\/p>\n<h3><a href=%22https:\/\/www.hbod.hr\/wp-content\/uploads\/2024\/01\/51_Ljekovito-bilje-i-ljekovite-droge.tif%22><img src=%22https:\/\/www.hbod.hr\/wp-content\/uploads\/2024\/01\/51_Ljekovito-bilje-i-ljekovite-droge.tif%22 width=%22undefined%22 height=%22undefined%22 alt=%22%22 class=%22wp-image-19008 alignnone size-full%22 \/><img src=%22https:\/\/www.hbod.hr\/wp-content\/uploads\/2024\/01\/96_Atlas-korova-214x300.jpg%22 width=%22198%22 height=%22277%22 alt=%22%22 class=%22wp-image-19107 alignnone size-medium%22 \/><\/a><\/h3>\n<p>&#8221; content_last_edited=&#8221;on|desktop&#8221; _builder_version=&#8221;4.24.0&#8243; _module_preset=&#8221;default&#8221; body_text_align=&#8221;center&#8221; min_height=&#8221;100px&#8221; height=&#8221;306px&#8221; max_height=&#8221;326px&#8221; global_colors_info=&#8221;{}&#8221; toggle_level=&#8221;h1&#8243; toggle_font=&#8221;|700||||on|||&#8221; toggle_text_align=&#8221;left&#8221; toggle_font_size=&#8221;20px&#8221;]<\/p>\n<p><img loading=\"lazy\" decoding=\"async\" src=\"https:\/\/www.hbod.hr\/wp-content\/uploads\/2024\/01\/96_Atlas-korova-214x300.jpg\" width=\"200\" height=\"281\" alt=\"\" class=\"wp-image-19107 alignnone size-medium\" srcset=\"https:\/\/www.hbod.hr\/wp-content\/uploads\/2024\/01\/96_Atlas-korova-214x300.jpg 214w, https:\/\/www.hbod.hr\/wp-content\/uploads\/2024\/01\/96_Atlas-korova.jpg 428w\" sizes=\"(max-width: 200px) 100vw, 200px\" \/><\/p>\n<p>[\/et_pb_accordion_item][et_pb_accordion_item title=&#8221;Read more&#8221; _builder_version=&#8221;4.24.2&#8243; _module_preset=&#8221;default&#8221; global_colors_info=&#8221;{}&#8221; open=&#8221;off&#8221;]<\/p>\n<p><span style=\"font-weight: 400;\"><strong>Author:<\/strong> Taib \u0160ari\u0107<\/span><\/p>\n<p><span style=\"font-weight: 400;\"><strong>Publisher:<\/strong> \u201eSvjetlost\u201c zavod za ud\u017ebenike i nastavna sredstva sarajevo<\/span><\/p>\n<p><span style=\"font-weight: 400;\"><strong>Year published:<\/strong> 1991.<\/span><\/p>\n<p><span style=\"font-weight: 400;\"><strong>Pages:<\/strong> 221<\/span><\/p>\n<p>[\/et_pb_accordion_item][\/et_pb_accordion][\/et_pb_column][et_pb_column type=&#8221;1_3&#8243; _builder_version=&#8221;4.23.1&#8243; _module_preset=&#8221;default&#8221; global_colors_info=&#8221;{}&#8221;][et_pb_accordion _builder_version=&#8221;4.24.2&#8243; _module_preset=&#8221;default&#8221; box_shadow_style=&#8221;preset1&#8243; global_colors_info=&#8221;{}&#8221;][et_pb_accordion_item title=&#8221;Livadno cvije\u0107e \u2013 Prepoznavanje cvije\u0107a livada i pa\u0161njaka&#8221; open=&#8221;on&#8221; content_tablet=&#8221;<\/p>\n<h3><a href=%22https:\/\/www.hbod.hr\/wp-content\/uploads\/2024\/01\/51_Ljekovito-bilje-i-ljekovite-droge.tif%22><img src=%22https:\/\/www.hbod.hr\/wp-content\/uploads\/2024\/01\/51_Ljekovito-bilje-i-ljekovite-droge.tif%22 width=%22undefined%22 height=%22undefined%22 alt=%22%22 class=%22wp-image-19008 alignnone size-full%22 \/><img src=%22https:\/\/www.hbod.hr\/wp-content\/uploads\/2024\/01\/69_Prirucnik-za-istrazivanje-bioraznolikosti-duz-rijeke-Drave-211x300.png%22 width=%22189%22 height=%22269%22 alt=%22%22 class=%22wp-image-19048 alignnone size-medium%22 \/><\/a><\/h3>\n<p>&#8221; content_phone=&#8221;<\/p>\n<h3><a href=%22https:\/\/www.hbod.hr\/wp-content\/uploads\/2024\/01\/51_Ljekovito-bilje-i-ljekovite-droge.tif%22><img src=%22https:\/\/www.hbod.hr\/wp-content\/uploads\/2024\/01\/51_Ljekovito-bilje-i-ljekovite-droge.tif%22 width=%22undefined%22 height=%22undefined%22 alt=%22%22 class=%22wp-image-19008 alignnone size-full%22 \/><img src=%22https:\/\/www.hbod.hr\/wp-content\/uploads\/2024\/01\/96_Atlas-korova-214x300.jpg%22 width=%22198%22 height=%22277%22 alt=%22%22 class=%22wp-image-19107 alignnone size-medium%22 \/><\/a><\/h3>\n<p>&#8221; content_last_edited=&#8221;on|desktop&#8221; _builder_version=&#8221;4.24.2&#8243; _module_preset=&#8221;default&#8221; body_text_align=&#8221;center&#8221; min_height=&#8221;100px&#8221; height=&#8221;306px&#8221; max_height=&#8221;326px&#8221; global_colors_info=&#8221;{}&#8221; toggle_level=&#8221;h1&#8243; toggle_font=&#8221;|700||||on|||&#8221; toggle_text_align=&#8221;left&#8221; toggle_font_size=&#8221;20px&#8221;]<\/p>\n<p><img loading=\"lazy\" decoding=\"async\" src=\"https:\/\/www.hbod.hr\/wp-content\/uploads\/2024\/03\/24_Livadno-cvijece-168x300.jpg\" width=\"157\" height=\"280\" alt=\"\" class=\"wp-image-19701 alignnone size-medium\" srcset=\"https:\/\/www.hbod.hr\/wp-content\/uploads\/2024\/03\/24_Livadno-cvijece-168x300.jpg 168w, https:\/\/www.hbod.hr\/wp-content\/uploads\/2024\/03\/24_Livadno-cvijece.jpg 267w\" sizes=\"(max-width: 157px) 100vw, 157px\" \/><\/p>\n<p>[\/et_pb_accordion_item][et_pb_accordion_item title=&#8221;Read more&#8221; _builder_version=&#8221;4.24.2&#8243; _module_preset=&#8221;default&#8221; global_colors_info=&#8221;{}&#8221; open=&#8221;off&#8221;]<\/p>\n<p><strong>Author:<\/strong> Wolfgang Lippert<\/p>\n<p><strong>Publisher:<\/strong> Cankarjeva zalo\u017eba<\/p>\n<p><strong>Year published:<\/strong> 1990.<\/p>\n<p><strong>Pages:<\/strong> 80<\/p>\n<p>[\/et_pb_accordion_item][\/et_pb_accordion][\/et_pb_column][\/et_pb_row][et_pb_row column_structure=&#8221;1_3,1_3,1_3&#8243; _builder_version=&#8221;4.23.1&#8243; _module_preset=&#8221;default&#8221; width=&#8221;100%&#8221; locked=&#8221;off&#8221; global_colors_info=&#8221;{}&#8221;][et_pb_column type=&#8221;1_3&#8243; _builder_version=&#8221;4.23.1&#8243; _module_preset=&#8221;default&#8221; global_colors_info=&#8221;{}&#8221;][et_pb_accordion _builder_version=&#8221;4.24.2&#8243; _module_preset=&#8221;default&#8221; box_shadow_style=&#8221;preset1&#8243; global_colors_info=&#8221;{}&#8221;][et_pb_accordion_item title=&#8221;Botani\u010dki leksikon. Latinsko-hrvatski i hrvatsko-latinski&#8221; open=&#8221;on&#8221; _builder_version=&#8221;4.23.1&#8243; _module_preset=&#8221;default&#8221; body_text_align=&#8221;center&#8221; min_height=&#8221;284px&#8221; height=&#8221;232px&#8221; max_height=&#8221;326px&#8221; global_colors_info=&#8221;{}&#8221; toggle_level=&#8221;h1&#8243; toggle_font=&#8221;|700||||on|||&#8221; toggle_text_align=&#8221;left&#8221; toggle_font_size=&#8221;20px&#8221;]<\/p>\n<p><img loading=\"lazy\" decoding=\"async\" src=\"https:\/\/www.hbod.hr\/wp-content\/uploads\/2024\/01\/97_Botanicki-leksikon.-Latinsko-hrvatski-i-hrvatsko-latinski-209x300.jpg\" width=\"188\" height=\"270\" alt=\"\" class=\"wp-image-19109 alignnone size-medium\" \/><\/p>\n<p>[\/et_pb_accordion_item][et_pb_accordion_item title=&#8221;Read more &#8221; _builder_version=&#8221;4.24.2&#8243; _module_preset=&#8221;default&#8221; global_colors_info=&#8221;{}&#8221; open=&#8221;off&#8221;]<\/p>\n<p><span style=\"font-weight: 400;\"><strong>Autnor:<\/strong> Ivan \u0160ugar<\/span><\/p>\n<p><span style=\"font-weight: 400;\"><strong>Publisher:<\/strong> Jugoslavenska akademija znanosti i umjetnosti, Globus nakladni zavod\u00a0<\/span><\/p>\n<p><span style=\"font-weight: 400;\"><strong>Year published:<\/strong> 1990.<\/span><\/p>\n<p><span style=\"font-weight: 400;\"><strong>Pages:<\/strong> 550<\/span><\/p>\n<p>[\/et_pb_accordion_item][\/et_pb_accordion][\/et_pb_column][et_pb_column type=&#8221;1_3&#8243; _builder_version=&#8221;4.23.1&#8243; _module_preset=&#8221;default&#8221; global_colors_info=&#8221;{}&#8221;][et_pb_accordion _builder_version=&#8221;4.24.2&#8243; _module_preset=&#8221;default&#8221; box_shadow_style=&#8221;preset1&#8243; global_colors_info=&#8221;{}&#8221;][et_pb_accordion_item title=&#8221;Endemi\u010dne biljke&#8221; open=&#8221;on&#8221; content_tablet=&#8221;<\/p>\n<h3><a href=%22https:\/\/www.hbod.hr\/wp-content\/uploads\/2024\/01\/51_Ljekovito-bilje-i-ljekovite-droge.tif%22><img src=%22https:\/\/www.hbod.hr\/wp-content\/uploads\/2024\/01\/51_Ljekovito-bilje-i-ljekovite-droge.tif%22 width=%22undefined%22 height=%22undefined%22 alt=%22%22 class=%22wp-image-19008 alignnone size-full%22 \/><img src=%22https:\/\/www.hbod.hr\/wp-content\/uploads\/2024\/01\/69_Prirucnik-za-istrazivanje-bioraznolikosti-duz-rijeke-Drave-211x300.png%22 width=%22189%22 height=%22269%22 alt=%22%22 class=%22wp-image-19048 alignnone size-medium%22 \/><\/a><\/h3>\n<p>&#8221; content_phone=&#8221;<\/p>\n<h3><a href=%22https:\/\/www.hbod.hr\/wp-content\/uploads\/2024\/01\/51_Ljekovito-bilje-i-ljekovite-droge.tif%22><img src=%22https:\/\/www.hbod.hr\/wp-content\/uploads\/2024\/01\/51_Ljekovito-bilje-i-ljekovite-droge.tif%22 width=%22undefined%22 height=%22undefined%22 alt=%22%22 class=%22wp-image-19008 alignnone size-full%22 \/><img src=%22https:\/\/www.hbod.hr\/wp-content\/uploads\/2024\/01\/98_Endemicne-biljke-211x300.webp%22 width=%22197%22 height=%22280%22 alt=%22%22 class=%22wp-image-19111 alignnone size-medium%22 \/><\/a><\/h3>\n<p>&#8221; content_last_edited=&#8221;on|desktop&#8221; _builder_version=&#8221;4.24.0&#8243; _module_preset=&#8221;default&#8221; body_text_align=&#8221;center&#8221; min_height=&#8221;100px&#8221; height=&#8221;306px&#8221; max_height=&#8221;326px&#8221; global_colors_info=&#8221;{}&#8221; toggle_level=&#8221;h1&#8243; toggle_font=&#8221;|700||||on|||&#8221; toggle_text_align=&#8221;left&#8221; toggle_font_size=&#8221;20px&#8221;]<\/p>\n<p><img loading=\"lazy\" decoding=\"async\" src=\"https:\/\/www.hbod.hr\/wp-content\/uploads\/2024\/01\/98_Endemicne-biljke-211x300.webp\" width=\"211\" height=\"300\" alt=\"\" class=\"wp-image-19111 alignnone size-medium\" srcset=\"https:\/\/www.hbod.hr\/wp-content\/uploads\/2024\/01\/98_Endemicne-biljke-211x300.webp 211w, https:\/\/www.hbod.hr\/wp-content\/uploads\/2024\/01\/98_Endemicne-biljke.webp 327w\" sizes=\"(max-width: 211px) 100vw, 211px\" \/><\/p>\n<p>[\/et_pb_accordion_item][et_pb_accordion_item title=&#8221;Read more&#8221; _builder_version=&#8221;4.24.2&#8243; _module_preset=&#8221;default&#8221; global_colors_info=&#8221;{}&#8221; open=&#8221;off&#8221;]<\/p>\n<p><span style=\"font-weight: 400;\"><strong>Author:<\/strong> \u010cedomir \u0160ili\u0107<\/span><\/p>\n<p><span style=\"font-weight: 400;\"><strong>Publisher:<\/strong> IP \u201eSvjetlost\u201c, Zavod za ud\u017ebenike i nastavna sredstva, Sarajevo i Beograd<\/span><\/p>\n<p><span style=\"font-weight: 400;\"><strong>Year published:<\/strong> 1990.<\/span><\/p>\n<p><span style=\"font-weight: 400;\"><strong>Pages:<\/strong> 227<\/span><\/p>\n<p>[\/et_pb_accordion_item][\/et_pb_accordion][\/et_pb_column][et_pb_column type=&#8221;1_3&#8243; _builder_version=&#8221;4.23.1&#8243; _module_preset=&#8221;default&#8221; global_colors_info=&#8221;{}&#8221;][et_pb_accordion _builder_version=&#8221;4.24.2&#8243; _module_preset=&#8221;default&#8221; box_shadow_style=&#8221;preset1&#8243; global_colors_info=&#8221;{}&#8221;][et_pb_accordion_item title=&#8221;\u0160umske zeljaste biljke&#8221; open=&#8221;on&#8221; _builder_version=&#8221;4.23.1&#8243; _module_preset=&#8221;default&#8221; body_text_align=&#8221;center&#8221; max_height=&#8221;326px&#8221; global_colors_info=&#8221;{}&#8221; toggle_level=&#8221;h1&#8243; toggle_font=&#8221;|700||||on|||&#8221; toggle_text_align=&#8221;left&#8221; toggle_font_size=&#8221;20px&#8221;]<\/p>\n<h3><img loading=\"lazy\" decoding=\"async\" src=\"https:\/\/www.hbod.hr\/wp-content\/uploads\/2024\/01\/99_Sumske-zeljaste-biljke-213x300.jpg\" width=\"187\" height=\"263\" alt=\"\" class=\"wp-image-19113 alignnone size-medium\" \/><\/h3>\n<p>[\/et_pb_accordion_item][et_pb_accordion_item title=&#8221;Read more&#8221; _builder_version=&#8221;4.24.2&#8243; _module_preset=&#8221;default&#8221; global_colors_info=&#8221;{}&#8221; open=&#8221;off&#8221;]<\/p>\n<p><span style=\"font-weight: 400;\"><strong>Author:<\/strong> \u010cedomir \u0160ili\u0107<\/span><\/p>\n<p><span style=\"font-weight: 400;\"><strong>Publisher:<\/strong> IP \u201eSvjetlost\u201c, Zavod za ud\u017ebenike i nastavna sredstva, Sarajevo i Beograd<\/span><\/p>\n<p><span style=\"font-weight: 400;\"><strong>Year published:<\/strong> 1990.<\/span><\/p>\n<p><span style=\"font-weight: 400;\"><strong>Pages:<\/strong> 272<\/span><\/p>\n<p>[\/et_pb_accordion_item][\/et_pb_accordion][\/et_pb_column][\/et_pb_row][et_pb_row column_structure=&#8221;1_3,1_3,1_3&#8243; _builder_version=&#8221;4.23.1&#8243; _module_preset=&#8221;default&#8221; width=&#8221;100%&#8221; locked=&#8221;off&#8221; global_colors_info=&#8221;{}&#8221;][et_pb_column type=&#8221;1_3&#8243; _builder_version=&#8221;4.23.1&#8243; _module_preset=&#8221;default&#8221; global_colors_info=&#8221;{}&#8221;][et_pb_accordion _builder_version=&#8221;4.24.2&#8243; _module_preset=&#8221;default&#8221; box_shadow_style=&#8221;preset1&#8243; global_colors_info=&#8221;{}&#8221;][et_pb_accordion_item title=&#8221;Planinske biljke&#8221; open=&#8221;on&#8221; content_tablet=&#8221;<\/p>\n<h3><a href=%22https:\/\/www.hbod.hr\/wp-content\/uploads\/2024\/01\/51_Ljekovito-bilje-i-ljekovite-droge.tif%22><img src=%22https:\/\/www.hbod.hr\/wp-content\/uploads\/2024\/01\/51_Ljekovito-bilje-i-ljekovite-droge.tif%22 width=%22undefined%22 height=%22undefined%22 alt=%22%22 class=%22wp-image-19008 alignnone size-full%22 \/><img src=%22https:\/\/www.hbod.hr\/wp-content\/uploads\/2024\/01\/69_Prirucnik-za-istrazivanje-bioraznolikosti-duz-rijeke-Drave-211x300.png%22 width=%22189%22 height=%22269%22 alt=%22%22 class=%22wp-image-19048 alignnone size-medium%22 \/><\/a><\/h3>\n<p>&#8221; content_phone=&#8221;<\/p>\n<h3><a href=%22https:\/\/www.hbod.hr\/wp-content\/uploads\/2024\/01\/51_Ljekovito-bilje-i-ljekovite-droge.tif%22><img src=%22https:\/\/www.hbod.hr\/wp-content\/uploads\/2024\/01\/51_Ljekovito-bilje-i-ljekovite-droge.tif%22 width=%22undefined%22 height=%22undefined%22 alt=%22%22 class=%22wp-image-19008 alignnone size-full%22 \/><img src=%22https:\/\/www.hbod.hr\/wp-content\/uploads\/2024\/01\/101_Planinske-biljke-212x300.jpg%22 width=%22197%22 height=%22279%22 alt=%22%22 class=%22wp-image-19117 alignnone size-medium%22 \/><\/a><\/h3>\n<p>&#8221; content_last_edited=&#8221;on|desktop&#8221; _builder_version=&#8221;4.24.0&#8243; _module_preset=&#8221;default&#8221; body_text_align=&#8221;center&#8221; min_height=&#8221;100px&#8221; height=&#8221;306px&#8221; max_height=&#8221;326px&#8221; global_colors_info=&#8221;{}&#8221; toggle_level=&#8221;h1&#8243; toggle_font=&#8221;|700||||on|||&#8221; toggle_text_align=&#8221;left&#8221; toggle_font_size=&#8221;20px&#8221;]<\/p>\n<p><img loading=\"lazy\" decoding=\"async\" src=\"https:\/\/www.hbod.hr\/wp-content\/uploads\/2024\/01\/101_Planinske-biljke-212x300.jpg\" width=\"197\" height=\"279\" alt=\"\" class=\"wp-image-19117 alignnone size-medium\" \/><\/p>\n<p>[\/et_pb_accordion_item][et_pb_accordion_item title=&#8221;Read more&#8221; _builder_version=&#8221;4.24.2&#8243; _module_preset=&#8221;default&#8221; global_colors_info=&#8221;{}&#8221; open=&#8221;off&#8221;]<\/p>\n<p><span style=\"font-weight: 400;\"><strong>Author:<\/strong> \u010cedomir \u0160ili\u0107<\/span><\/p>\n<p><span style=\"font-weight: 400;\"><strong>Publisher:<\/strong> IP \u201eSvjetlost\u201c, Zavod za ud\u017ebenike i nastavna sredstva, Sarajevo i Beograd<\/span><\/p>\n<p><span style=\"font-weight: 400;\"><strong>Year published:<\/strong> 1990.<\/span><\/p>\n<p><span style=\"font-weight: 400;\"><strong>Pages:<\/strong> 227<\/span><\/p>\n<p>[\/et_pb_accordion_item][\/et_pb_accordion][\/et_pb_column][et_pb_column type=&#8221;1_3&#8243; _builder_version=&#8221;4.23.1&#8243; _module_preset=&#8221;default&#8221; global_colors_info=&#8221;{}&#8221;][et_pb_accordion _builder_version=&#8221;4.24.2&#8243; _module_preset=&#8221;default&#8221; box_shadow_style=&#8221;preset1&#8243; global_colors_info=&#8221;{}&#8221;][et_pb_accordion_item title=&#8221;Livadske biljke&#8221; open=&#8221;on&#8221; _builder_version=&#8221;4.23.1&#8243; _module_preset=&#8221;default&#8221; body_text_align=&#8221;center&#8221; min_height=&#8221;284px&#8221; height=&#8221;232px&#8221; max_height=&#8221;326px&#8221; global_colors_info=&#8221;{}&#8221; toggle_level=&#8221;h1&#8243; toggle_font=&#8221;|700||||on|||&#8221; toggle_text_align=&#8221;left&#8221; toggle_font_size=&#8221;20px&#8221;]<\/p>\n<p><img loading=\"lazy\" decoding=\"async\" src=\"https:\/\/www.hbod.hr\/wp-content\/uploads\/2024\/01\/100_Livadske-biljke-212x300.jpg\" width=\"182\" height=\"258\" alt=\"\" class=\"wp-image-19115 alignnone size-medium\" \/><\/p>\n<p>[\/et_pb_accordion_item][et_pb_accordion_item title=&#8221;Read more&#8221; _builder_version=&#8221;4.24.2&#8243; _module_preset=&#8221;default&#8221; global_colors_info=&#8221;{}&#8221; open=&#8221;off&#8221;]<\/p>\n<p><span style=\"font-weight: 400;\"><strong>Author:<\/strong> \u010cedomir \u0160ili\u0107<\/span><\/p>\n<p><span style=\"font-weight: 400;\"><strong>Publisher:<\/strong> IP \u201eSvjetlost\u201c, Zavod za ud\u017ebenike i nastavna sredstva, Sarajevo i Beograd<\/span><\/p>\n<p><span style=\"font-weight: 400;\"><strong>Year published:<\/strong> 1990.<\/span><\/p>\n<p><span style=\"font-weight: 400;\"><strong>Pages:<\/strong> 227<\/span><\/p>\n<p>[\/et_pb_accordion_item][\/et_pb_accordion][\/et_pb_column][et_pb_column type=&#8221;1_3&#8243; _builder_version=&#8221;4.23.1&#8243; _module_preset=&#8221;default&#8221; global_colors_info=&#8221;{}&#8221;][et_pb_accordion _builder_version=&#8221;4.24.2&#8243; _module_preset=&#8221;default&#8221; box_shadow_style=&#8221;preset1&#8243; global_colors_info=&#8221;{}&#8221;][et_pb_accordion_item title=&#8221;Ukrasno drve\u0107e i grmlje&#8221; open=&#8221;on&#8221; _builder_version=&#8221;4.23.1&#8243; _module_preset=&#8221;default&#8221; body_text_align=&#8221;center&#8221; max_height=&#8221;326px&#8221; global_colors_info=&#8221;{}&#8221; toggle_level=&#8221;h1&#8243; toggle_font=&#8221;|700||||on|||&#8221; toggle_text_align=&#8221;left&#8221; toggle_font_size=&#8221;20px&#8221;]<\/p>\n<h3><img loading=\"lazy\" decoding=\"async\" src=\"https:\/\/www.hbod.hr\/wp-content\/uploads\/2024\/01\/102_Ukrasno-drvece-i-grmlje.jpg\" width=\"190\" height=\"266\" alt=\"\" class=\"wp-image-19119 alignnone size-full\" \/><\/h3>\n<p>[\/et_pb_accordion_item][et_pb_accordion_item title=&#8221;Read more&#8221; _builder_version=&#8221;4.24.2&#8243; _module_preset=&#8221;default&#8221; global_colors_info=&#8221;{}&#8221; open=&#8221;off&#8221;]<\/p>\n<p><span style=\"font-weight: 400;\"><strong>Author:<\/strong> \u010cedomir \u0160ili\u0107<\/span><\/p>\n<p><span style=\"font-weight: 400;\"><strong>Publisher:<\/strong> IP \u201eSvjetlost\u201c, Zavod za ud\u017ebenike i nastavna sredstva, Sarajevo i Beograd<\/span><\/p>\n<p><span style=\"font-weight: 400;\"><strong>Year published:<\/strong> 1990.<\/span><\/p>\n<p><span style=\"font-weight: 400;\"><strong>Pages:<\/strong> 221<\/span><\/p>\n<p>[\/et_pb_accordion_item][\/et_pb_accordion][\/et_pb_column][\/et_pb_row][et_pb_row column_structure=&#8221;1_3,1_3,1_3&#8243; _builder_version=&#8221;4.23.1&#8243; _module_preset=&#8221;default&#8221; width=&#8221;100%&#8221; locked=&#8221;off&#8221; global_colors_info=&#8221;{}&#8221;][et_pb_column type=&#8221;1_3&#8243; _builder_version=&#8221;4.23.1&#8243; _module_preset=&#8221;default&#8221; global_colors_info=&#8221;{}&#8221;][et_pb_accordion _builder_version=&#8221;4.24.2&#8243; _module_preset=&#8221;default&#8221; box_shadow_style=&#8221;preset1&#8243; global_colors_info=&#8221;{}&#8221;][et_pb_accordion_item title=&#8221;Atlas drve\u0107a i grmlja&#8221; open=&#8221;on&#8221; _builder_version=&#8221;4.23.1&#8243; _module_preset=&#8221;default&#8221; body_text_align=&#8221;center&#8221; min_height=&#8221;284px&#8221; height=&#8221;232px&#8221; max_height=&#8221;326px&#8221; global_colors_info=&#8221;{}&#8221; toggle_level=&#8221;h1&#8243; toggle_font=&#8221;|700||||on|||&#8221; toggle_text_align=&#8221;left&#8221; toggle_font_size=&#8221;20px&#8221;]<\/p>\n<p><img loading=\"lazy\" decoding=\"async\" src=\"https:\/\/www.hbod.hr\/wp-content\/uploads\/2024\/01\/103_Atlas-drveca-i-grmlja-214x300.jpg\" width=\"175\" height=\"245\" alt=\"\" class=\"wp-image-19121 alignnone size-medium\" \/><\/p>\n<p>[\/et_pb_accordion_item][et_pb_accordion_item title=&#8221;Read more&#8221; _builder_version=&#8221;4.24.2&#8243; _module_preset=&#8221;default&#8221; global_colors_info=&#8221;{}&#8221; open=&#8221;off&#8221;]<\/p>\n<p><span style=\"font-weight: 400;\"><strong>Author:<\/strong> \u010cedomir \u0160ili\u0107<\/span><\/p>\n<p><span style=\"font-weight: 400;\"><strong>Publisher:<\/strong> IP \u201eSvjetlost\u201c, Zavod za ud\u017ebenike i nastavna sredstva, Sarajevo i Beograd<\/span><\/p>\n<p><span style=\"font-weight: 400;\"><strong>Year published:<\/strong> 1990.<\/span><\/p>\n<p><span style=\"font-weight: 400;\"><strong>Pages:<\/strong> 218<\/span><\/p>\n<p>[\/et_pb_accordion_item][\/et_pb_accordion][\/et_pb_column][et_pb_column type=&#8221;1_3&#8243; _builder_version=&#8221;4.23.1&#8243; _module_preset=&#8221;default&#8221; global_colors_info=&#8221;{}&#8221;][et_pb_accordion _builder_version=&#8221;4.24.2&#8243; _module_preset=&#8221;default&#8221; box_shadow_style=&#8221;preset1&#8243; global_colors_info=&#8221;{}&#8221;][et_pb_accordion_item title=&#8221;Vodi\u010d kroz Botani\u010dki vrt&#8221; open=&#8221;on&#8221; content_tablet=&#8221;<\/p>\n<h3><a href=%22https:\/\/www.hbod.hr\/wp-content\/uploads\/2024\/01\/51_Ljekovito-bilje-i-ljekovite-droge.tif%22><img src=%22https:\/\/www.hbod.hr\/wp-content\/uploads\/2024\/01\/51_Ljekovito-bilje-i-ljekovite-droge.tif%22 width=%22undefined%22 height=%22undefined%22 alt=%22%22 class=%22wp-image-19008 alignnone size-full%22 \/><img src=%22https:\/\/www.hbod.hr\/wp-content\/uploads\/2024\/01\/69_Prirucnik-za-istrazivanje-bioraznolikosti-duz-rijeke-Drave-211x300.png%22 width=%22189%22 height=%22269%22 alt=%22%22 class=%22wp-image-19048 alignnone size-medium%22 \/><\/a><\/h3>\n<p>&#8221; content_phone=&#8221;<\/p>\n<h3><a href=%22https:\/\/www.hbod.hr\/wp-content\/uploads\/2024\/01\/51_Ljekovito-bilje-i-ljekovite-droge.tif%22><img src=%22https:\/\/www.hbod.hr\/wp-content\/uploads\/2024\/01\/51_Ljekovito-bilje-i-ljekovite-droge.tif%22 width=%22undefined%22 height=%22undefined%22 alt=%22%22 class=%22wp-image-19008 alignnone size-full%22 \/><img src=%22https:\/\/www.hbod.hr\/wp-content\/uploads\/2024\/01\/104_Vodic-kroz-Botanicki-vrt-208x300.webp%22 width=%22186%22 height=%22268%22 alt=%22%22 class=%22wp-image-19123 alignnone size-medium%22 \/><\/a><\/h3>\n<p>&#8221; content_last_edited=&#8221;on|desktop&#8221; _builder_version=&#8221;4.24.0&#8243; _module_preset=&#8221;default&#8221; body_text_align=&#8221;center&#8221; min_height=&#8221;100px&#8221; height=&#8221;306px&#8221; max_height=&#8221;326px&#8221; global_colors_info=&#8221;{}&#8221; toggle_level=&#8221;h1&#8243; toggle_font=&#8221;|700||||on|||&#8221; toggle_text_align=&#8221;left&#8221; toggle_font_size=&#8221;20px&#8221;]<\/p>\n<p><img loading=\"lazy\" decoding=\"async\" src=\"https:\/\/www.hbod.hr\/wp-content\/uploads\/2024\/01\/104_Vodic-kroz-Botanicki-vrt-208x300.webp\" width=\"199\" height=\"287\" alt=\"\" class=\"wp-image-19123 alignnone size-medium\" srcset=\"https:\/\/www.hbod.hr\/wp-content\/uploads\/2024\/01\/104_Vodic-kroz-Botanicki-vrt-208x300.webp 208w, https:\/\/www.hbod.hr\/wp-content\/uploads\/2024\/01\/104_Vodic-kroz-Botanicki-vrt.webp 265w\" sizes=\"(max-width: 199px) 100vw, 199px\" \/><\/p>\n<p>[\/et_pb_accordion_item][et_pb_accordion_item title=&#8221;Read more&#8221; _builder_version=&#8221;4.24.2&#8243; _module_preset=&#8221;default&#8221; global_colors_info=&#8221;{}&#8221; open=&#8221;off&#8221;]<\/p>\n<p><span style=\"font-weight: 400;\"><strong>Authors:<\/strong> Sala Ungar i Ljerka Regula-Bevilaqua<\/span><\/p>\n<p><span style=\"font-weight: 400;\"><strong>Publisher:<\/strong> Hrvatsko ekolo\u0161ko dru\u0161tvo<\/span><\/p>\n<p><span style=\"font-weight: 400;\"><strong>Publisher:<\/strong> 1989.<\/span><\/p>\n<p><span style=\"font-weight: 400;\"><strong>Pages:<\/strong> 188<\/span><\/p>\n<p>[\/et_pb_accordion_item][\/et_pb_accordion][\/et_pb_column][et_pb_column type=&#8221;1_3&#8243; _builder_version=&#8221;4.23.1&#8243; _module_preset=&#8221;default&#8221; global_colors_info=&#8221;{}&#8221;][et_pb_accordion _builder_version=&#8221;4.24.2&#8243; _module_preset=&#8221;default&#8221; box_shadow_style=&#8221;preset1&#8243; locked=&#8221;off&#8221; global_colors_info=&#8221;{}&#8221;][et_pb_accordion_item title=&#8221;Flora i vegetacija oto\u010di\u0107a Ko\u0161ljuna&#8221; open=&#8221;on&#8221; _builder_version=&#8221;4.23.1&#8243; _module_preset=&#8221;default&#8221; body_text_align=&#8221;center&#8221; min_height=&#8221;100px&#8221; height=&#8221;306px&#8221; max_height=&#8221;326px&#8221; global_colors_info=&#8221;{}&#8221; toggle_level=&#8221;h1&#8243; toggle_font=&#8221;|700||||on|||&#8221; toggle_text_align=&#8221;left&#8221; toggle_font_size=&#8221;20px&#8221;]<\/p>\n<h3><img loading=\"lazy\" decoding=\"async\" src=\"https:\/\/www.hbod.hr\/wp-content\/uploads\/2024\/01\/Flora-i-vegetacija-otocica-Kosljuna-206x300.jpg\" width=\"189\" height=\"275\" alt=\"\" class=\"wp-image-19141 alignnone size-medium\" srcset=\"https:\/\/www.hbod.hr\/wp-content\/uploads\/2024\/01\/Flora-i-vegetacija-otocica-Kosljuna-206x300.jpg 206w, https:\/\/www.hbod.hr\/wp-content\/uploads\/2024\/01\/Flora-i-vegetacija-otocica-Kosljuna.jpg 411w\" sizes=\"(max-width: 189px) 100vw, 189px\" \/><\/h3>\n<p>[\/et_pb_accordion_item][et_pb_accordion_item title=&#8221;Read more&#8221; _builder_version=&#8221;4.24.2&#8243; _module_preset=&#8221;default&#8221; global_colors_info=&#8221;{}&#8221; open=&#8221;off&#8221;]<\/p>\n<p><span style=\"font-weight: 400;\"><strong>Author:<\/strong> Berard Bar\u010di\u0107<\/span><\/p>\n<p><span style=\"font-weight: 400;\"><strong>Publisher:<\/strong> Muzejska zbirka franjeva\u010dkog samostana PUNAT, Ko\u0161ljun<\/span><\/p>\n<p><span style=\"font-weight: 400;\"><strong>Year published:<\/strong> 1982.<\/span><\/p>\n<p><span style=\"font-weight: 400;\"><strong>Pages:<\/strong> 59<\/span><\/p>\n<p>[\/et_pb_accordion_item][\/et_pb_accordion][\/et_pb_column][\/et_pb_row][et_pb_row column_structure=&#8221;1_3,1_3,1_3&#8243; _builder_version=&#8221;4.23.1&#8243; _module_preset=&#8221;default&#8221; width=&#8221;100%&#8221; locked=&#8221;off&#8221; global_colors_info=&#8221;{}&#8221;][et_pb_column type=&#8221;1_3&#8243; _builder_version=&#8221;4.23.1&#8243; _module_preset=&#8221;default&#8221; global_colors_info=&#8221;{}&#8221;][et_pb_accordion _builder_version=&#8221;4.24.2&#8243; _module_preset=&#8221;default&#8221; box_shadow_style=&#8221;preset1&#8243; global_colors_info=&#8221;{}&#8221;][et_pb_accordion_item title=&#8221;Zelenilo Bjelovarskog kraja&#8221; open=&#8221;on&#8221; _builder_version=&#8221;4.23.1&#8243; _module_preset=&#8221;default&#8221; body_text_align=&#8221;center&#8221; max_height=&#8221;326px&#8221; global_colors_info=&#8221;{}&#8221; toggle_level=&#8221;h1&#8243; toggle_font=&#8221;|700||||on|||&#8221; toggle_text_align=&#8221;left&#8221; toggle_font_size=&#8221;20px&#8221;]<\/p>\n<h3><img loading=\"lazy\" decoding=\"async\" src=\"https:\/\/www.hbod.hr\/wp-content\/uploads\/2024\/01\/104_Zelenilo-Bjelovarskog-kraja-212x300.jpg\" width=\"158\" height=\"224\" alt=\"\" class=\"wp-image-19125 alignnone size-medium\" \/><\/h3>\n<p>[\/et_pb_accordion_item][et_pb_accordion_item title=&#8221;Read more&#8221; _builder_version=&#8221;4.24.2&#8243; _module_preset=&#8221;default&#8221; global_colors_info=&#8221;{}&#8221; open=&#8221;off&#8221;]<\/p>\n<p><span style=\"font-weight: 400;\"><strong>Author:<\/strong> \u0110uro Rau\u0161<\/span><\/p>\n<p><span style=\"font-weight: 400;\"><strong>Publisher:<\/strong> Radna organizacija \u201eBjelovarski vrt\u201c Bjelovar i Jedinstvena samoupravna interesna zajednica u stambeno-komunalnoj oblasti na podru\u010dju op\u0107ine Bjelovar<\/span><\/p>\n<p><span style=\"font-weight: 400;\"><strong>Year published:<\/strong> 1980.<\/span><\/p>\n<p><span style=\"font-weight: 400;\"><strong>Pages:<\/strong> 186<\/span><\/p>\n<p>[\/et_pb_accordion_item][\/et_pb_accordion][\/et_pb_column][et_pb_column type=&#8221;1_3&#8243; _builder_version=&#8221;4.23.1&#8243; _module_preset=&#8221;default&#8221; global_colors_info=&#8221;{}&#8221;][et_pb_accordion _builder_version=&#8221;4.24.2&#8243; _module_preset=&#8221;default&#8221; box_shadow_style=&#8221;preset1&#8243; global_colors_info=&#8221;{}&#8221;][et_pb_accordion_item title=&#8221;Ogled dalmatinskog bilja&#8221; open=&#8221;on&#8221; _builder_version=&#8221;4.24.2&#8243; _module_preset=&#8221;default&#8221; body_text_align=&#8221;center&#8221; max_height=&#8221;326px&#8221; global_colors_info=&#8221;{}&#8221; toggle_level=&#8221;h1&#8243; toggle_font=&#8221;|700||||on|||&#8221; toggle_text_align=&#8221;left&#8221; toggle_font_size=&#8221;20px&#8221;]<\/p>\n<h3><img loading=\"lazy\" decoding=\"async\" src=\"https:\/\/www.hbod.hr\/wp-content\/uploads\/2024\/03\/25_Ogled-dalmatinskog-bilja.jpg\" width=\"170\" height=\"240\" alt=\"\" class=\"wp-image-19703 alignnone size-full\" \/><\/h3>\n<p>[\/et_pb_accordion_item][et_pb_accordion_item title=&#8221;Read more&#8221; _builder_version=&#8221;4.24.2&#8243; _module_preset=&#8221;default&#8221; global_colors_info=&#8221;{}&#8221; open=&#8221;off&#8221;]<\/p>\n<p><strong>Author:<\/strong> Robert Visiani<\/p>\n<p><strong>Publisher:<\/strong> \u010cakavski sabor, Split<\/p>\n<p><strong>Year published:<\/strong> 1978.<\/p>\n<p><strong>Pages:<\/strong> 207<\/p>\n<p>[\/et_pb_accordion_item][\/et_pb_accordion][\/et_pb_column][et_pb_column type=&#8221;1_3&#8243; _builder_version=&#8221;4.23.1&#8243; _module_preset=&#8221;default&#8221; global_colors_info=&#8221;{}&#8221;][et_pb_accordion _builder_version=&#8221;4.24.2&#8243; _module_preset=&#8221;default&#8221; box_shadow_style=&#8221;preset1&#8243; global_colors_info=&#8221;{}&#8221;][et_pb_accordion_item title=&#8221;Bilje Biokova&#8221; open=&#8221;on&#8221; _builder_version=&#8221;4.23.1&#8243; _module_preset=&#8221;default&#8221; body_text_align=&#8221;center&#8221; min_height=&#8221;284px&#8221; height=&#8221;232px&#8221; max_height=&#8221;326px&#8221; global_colors_info=&#8221;{}&#8221; toggle_level=&#8221;h1&#8243; toggle_font=&#8221;|700||||on|||&#8221; toggle_text_align=&#8221;left&#8221; toggle_font_size=&#8221;20px&#8221;]<\/p>\n<p><img loading=\"lazy\" decoding=\"async\" src=\"https:\/\/www.hbod.hr\/wp-content\/uploads\/2024\/01\/105_Bilje-Biokova-204x300.webp\" width=\"170\" height=\"250\" alt=\"\" class=\"wp-image-19127 alignnone size-medium\" srcset=\"https:\/\/www.hbod.hr\/wp-content\/uploads\/2024\/01\/105_Bilje-Biokova-204x300.webp 204w, https:\/\/www.hbod.hr\/wp-content\/uploads\/2024\/01\/105_Bilje-Biokova.webp 294w\" sizes=\"(max-width: 170px) 100vw, 170px\" \/><\/p>\n<p>[\/et_pb_accordion_item][et_pb_accordion_item title=&#8221;Read more&#8221; _builder_version=&#8221;4.24.2&#8243; _module_preset=&#8221;default&#8221; global_colors_info=&#8221;{}&#8221; open=&#8221;off&#8221;]<\/p>\n<p><span style=\"font-weight: 400;\"><strong>Author:<\/strong> Jure Radi\u0107<\/span><\/p>\n<p><span style=\"font-weight: 400;\"><strong>Publisher:<\/strong> Institut \u201ePlanina i more\u201c \u2013 Malakolo\u0161ki muzej, Makarska, SIZ za kulturu op\u0107ine Makarska, Grafi\u010dki zavod Hrvatske, Zagreb<\/span><\/p>\n<p><span style=\"font-weight: 400;\"><strong>Year published:<\/strong> 1976.<\/span><\/p>\n<p><span style=\"font-weight: 400;\"><strong>Pages:<\/strong> 237<\/span><\/p>\n<p>[\/et_pb_accordion_item][\/et_pb_accordion][\/et_pb_column][\/et_pb_row][et_pb_row column_structure=&#8221;1_3,1_3,1_3&#8243; _builder_version=&#8221;4.23.1&#8243; _module_preset=&#8221;default&#8221; width=&#8221;100%&#8221; locked=&#8221;off&#8221; global_colors_info=&#8221;{}&#8221;][et_pb_column type=&#8221;1_3&#8243; _builder_version=&#8221;4.23.1&#8243; _module_preset=&#8221;default&#8221; global_colors_info=&#8221;{}&#8221;][et_pb_accordion _builder_version=&#8221;4.24.2&#8243; _module_preset=&#8221;default&#8221; box_shadow_style=&#8221;preset1&#8243; global_colors_info=&#8221;{}&#8221;][et_pb_accordion_item title=&#8221;Biokovo&#8221; open=&#8221;on&#8221; content_tablet=&#8221;<\/p>\n<h3><a href=%22https:\/\/www.hbod.hr\/wp-content\/uploads\/2024\/01\/51_Ljekovito-bilje-i-ljekovite-droge.tif%22><img src=%22https:\/\/www.hbod.hr\/wp-content\/uploads\/2024\/01\/51_Ljekovito-bilje-i-ljekovite-droge.tif%22 width=%22undefined%22 height=%22undefined%22 alt=%22%22 class=%22wp-image-19008 alignnone size-full%22 \/><img src=%22https:\/\/www.hbod.hr\/wp-content\/uploads\/2024\/01\/69_Prirucnik-za-istrazivanje-bioraznolikosti-duz-rijeke-Drave-211x300.png%22 width=%22189%22 height=%22269%22 alt=%22%22 class=%22wp-image-19048 alignnone size-medium%22 \/><\/a><\/h3>\n<p>&#8221; content_phone=&#8221;<\/p>\n<h3><a href=%22https:\/\/www.hbod.hr\/wp-content\/uploads\/2024\/01\/51_Ljekovito-bilje-i-ljekovite-droge.tif%22><img src=%22https:\/\/www.hbod.hr\/wp-content\/uploads\/2024\/01\/51_Ljekovito-bilje-i-ljekovite-droge.tif%22 width=%22undefined%22 height=%22undefined%22 alt=%22%22 class=%22wp-image-19008 alignnone size-full%22 \/><img src=%22https:\/\/www.hbod.hr\/wp-content\/uploads\/2024\/01\/106_Biljka-covjek-prostor-\u2013-Ukrasne-biljke-Jugoslavenske-obale.-Golosjemenjace-Gymnospermae-206x300.webp%22 width=%22187%22 height=%22272%22 alt=%22%22 class=%22wp-image-19129 alignnone size-medium%22 \/><\/a><\/h3>\n<p>&#8221; content_last_edited=&#8221;on|desktop&#8221; _builder_version=&#8221;4.24.2&#8243; _module_preset=&#8221;default&#8221; body_text_align=&#8221;center&#8221; min_height=&#8221;100px&#8221; height=&#8221;306px&#8221; max_height=&#8221;326px&#8221; global_colors_info=&#8221;{}&#8221; toggle_level=&#8221;h1&#8243; toggle_font=&#8221;|700||||on|||&#8221; toggle_text_align=&#8221;left&#8221; toggle_font_size=&#8221;20px&#8221;]<\/p>\n<p><img loading=\"lazy\" decoding=\"async\" src=\"https:\/\/www.hbod.hr\/wp-content\/uploads\/2024\/03\/26_Biokovo-1-217x300.jpg\" width=\"200\" height=\"277\" alt=\"\" class=\"wp-image-19738 alignnone size-medium\" srcset=\"https:\/\/www.hbod.hr\/wp-content\/uploads\/2024\/03\/26_Biokovo-1-217x300.jpg 217w, https:\/\/www.hbod.hr\/wp-content\/uploads\/2024\/03\/26_Biokovo-1.jpg 250w\" sizes=\"(max-width: 200px) 100vw, 200px\" \/><\/p>\n<p>[\/et_pb_accordion_item][et_pb_accordion_item title=&#8221;Read more&#8221; _builder_version=&#8221;4.24.2&#8243; _module_preset=&#8221;default&#8221; global_colors_info=&#8221;{}&#8221; open=&#8221;off&#8221;]<\/p>\n<p><strong>Author:<\/strong> Fran Ku\u0161an<\/p>\n<p><strong>Publisher:<\/strong> Malakolo\u0161ki muzej Makarska<\/p>\n<p><strong>Year published:<\/strong> 1971.<\/p>\n<p><strong>Pages:<\/strong> 139<\/p>\n<p>[\/et_pb_accordion_item][\/et_pb_accordion][\/et_pb_column][et_pb_column type=&#8221;1_3&#8243; _builder_version=&#8221;4.23.1&#8243; _module_preset=&#8221;default&#8221; global_colors_info=&#8221;{}&#8221;][et_pb_accordion _builder_version=&#8221;4.24.2&#8243; _module_preset=&#8221;default&#8221; box_shadow_style=&#8221;preset1&#8243; global_colors_info=&#8221;{}&#8221;][et_pb_accordion_item title=&#8221;Velebitski botani\u010dki vrt 1480 m&#8221; open=&#8221;on&#8221; content_tablet=&#8221;<\/p>\n<h3><a href=%22https:\/\/www.hbod.hr\/wp-content\/uploads\/2024\/01\/51_Ljekovito-bilje-i-ljekovite-droge.tif%22><img src=%22https:\/\/www.hbod.hr\/wp-content\/uploads\/2024\/01\/51_Ljekovito-bilje-i-ljekovite-droge.tif%22 width=%22undefined%22 height=%22undefined%22 alt=%22%22 class=%22wp-image-19008 alignnone size-full%22 \/><img src=%22https:\/\/www.hbod.hr\/wp-content\/uploads\/2024\/01\/69_Prirucnik-za-istrazivanje-bioraznolikosti-duz-rijeke-Drave-211x300.png%22 width=%22189%22 height=%22269%22 alt=%22%22 class=%22wp-image-19048 alignnone size-medium%22 \/><\/a><\/h3>\n<p>&#8221; content_phone=&#8221;<\/p>\n<h3><a href=%22https:\/\/www.hbod.hr\/wp-content\/uploads\/2024\/01\/51_Ljekovito-bilje-i-ljekovite-droge.tif%22><img src=%22https:\/\/www.hbod.hr\/wp-content\/uploads\/2024\/01\/51_Ljekovito-bilje-i-ljekovite-droge.tif%22 width=%22undefined%22 height=%22undefined%22 alt=%22%22 class=%22wp-image-19008 alignnone size-full%22 \/><img src=%22https:\/\/www.hbod.hr\/wp-content\/uploads\/2024\/01\/106_Biljka-covjek-prostor-\u2013-Ukrasne-biljke-Jugoslavenske-obale.-Golosjemenjace-Gymnospermae-206x300.webp%22 width=%22187%22 height=%22272%22 alt=%22%22 class=%22wp-image-19129 alignnone size-medium%22 \/><\/a><\/h3>\n<p>&#8221; content_last_edited=&#8221;on|desktop&#8221; _builder_version=&#8221;4.24.2&#8243; _module_preset=&#8221;default&#8221; body_text_align=&#8221;center&#8221; min_height=&#8221;100px&#8221; height=&#8221;306px&#8221; max_height=&#8221;326px&#8221; global_colors_info=&#8221;{}&#8221; toggle_level=&#8221;h1&#8243; toggle_font=&#8221;|700||||on|||&#8221; toggle_text_align=&#8221;left&#8221; toggle_font_size=&#8221;20px&#8221;]<\/p>\n<p><img loading=\"lazy\" decoding=\"async\" src=\"https:\/\/www.hbod.hr\/wp-content\/uploads\/2024\/03\/27_Velebitski-botanicki-vrt-1-209x300.jpg\" width=\"191\" height=\"274\" alt=\"\" class=\"wp-image-19740 alignnone size-medium\" srcset=\"https:\/\/www.hbod.hr\/wp-content\/uploads\/2024\/03\/27_Velebitski-botanicki-vrt-1-209x300.jpg 209w, https:\/\/www.hbod.hr\/wp-content\/uploads\/2024\/03\/27_Velebitski-botanicki-vrt-1.jpg 467w\" sizes=\"(max-width: 191px) 100vw, 191px\" \/><\/p>\n<p>[\/et_pb_accordion_item][et_pb_accordion_item title=&#8221;Read more&#8221; _builder_version=&#8221;4.24.2&#8243; _module_preset=&#8221;default&#8221; global_colors_info=&#8221;{}&#8221; open=&#8221;off&#8221;]<\/p>\n<p><strong>Author:<\/strong> Fran Ku\u0161an<\/p>\n<p><strong>Publisher:<\/strong> Gradski muzej &#8211; Senjsko muzejsko dru\u0161tvo<\/p>\n<p><strong>Year published:<\/strong> 1971.<\/p>\n<p><strong>Pages:<\/strong> 1971<\/p>\n<p>[\/et_pb_accordion_item][\/et_pb_accordion][\/et_pb_column][et_pb_column type=&#8221;1_3&#8243; _builder_version=&#8221;4.23.1&#8243; _module_preset=&#8221;default&#8221; global_colors_info=&#8221;{}&#8221;][et_pb_accordion _builder_version=&#8221;4.24.2&#8243; _module_preset=&#8221;default&#8221; box_shadow_style=&#8221;preset1&#8243; global_colors_info=&#8221;{}&#8221;][et_pb_accordion_item title=&#8221;Biljka, \u010dovjek, prostor \u2013 Ukrasne biljke Jugoslavenske obale. Golosjemenja\u010de Gymnospermae&#8221; open=&#8221;on&#8221; content_tablet=&#8221;<\/p>\n<h3><a href=%22https:\/\/www.hbod.hr\/wp-content\/uploads\/2024\/01\/51_Ljekovito-bilje-i-ljekovite-droge.tif%22><img src=%22https:\/\/www.hbod.hr\/wp-content\/uploads\/2024\/01\/51_Ljekovito-bilje-i-ljekovite-droge.tif%22 width=%22undefined%22 height=%22undefined%22 alt=%22%22 class=%22wp-image-19008 alignnone size-full%22 \/><img src=%22https:\/\/www.hbod.hr\/wp-content\/uploads\/2024\/01\/69_Prirucnik-za-istrazivanje-bioraznolikosti-duz-rijeke-Drave-211x300.png%22 width=%22189%22 height=%22269%22 alt=%22%22 class=%22wp-image-19048 alignnone size-medium%22 \/><\/a><\/h3>\n<p>&#8221; content_phone=&#8221;<\/p>\n<h3><a href=%22https:\/\/www.hbod.hr\/wp-content\/uploads\/2024\/01\/51_Ljekovito-bilje-i-ljekovite-droge.tif%22><img src=%22https:\/\/www.hbod.hr\/wp-content\/uploads\/2024\/01\/51_Ljekovito-bilje-i-ljekovite-droge.tif%22 width=%22undefined%22 height=%22undefined%22 alt=%22%22 class=%22wp-image-19008 alignnone size-full%22 \/><img src=%22https:\/\/www.hbod.hr\/wp-content\/uploads\/2024\/01\/106_Biljka-covjek-prostor-\u2013-Ukrasne-biljke-Jugoslavenske-obale.-Golosjemenjace-Gymnospermae-206x300.webp%22 width=%22187%22 height=%22272%22 alt=%22%22 class=%22wp-image-19129 alignnone size-medium%22 \/><\/a><\/h3>\n<p>&#8221; content_last_edited=&#8221;on|desktop&#8221; _builder_version=&#8221;4.24.0&#8243; _module_preset=&#8221;default&#8221; body_text_align=&#8221;center&#8221; min_height=&#8221;100px&#8221; height=&#8221;306px&#8221; max_height=&#8221;326px&#8221; global_colors_info=&#8221;{}&#8221; toggle_level=&#8221;h1&#8243; toggle_font=&#8221;|700||||on|||&#8221; toggle_text_align=&#8221;left&#8221; toggle_font_size=&#8221;20px&#8221;]<\/p>\n<p><img loading=\"lazy\" decoding=\"async\" src=\"https:\/\/www.hbod.hr\/wp-content\/uploads\/2024\/01\/106_Biljka-covjek-prostor-\u2013-Ukrasne-biljke-Jugoslavenske-obale.-Golosjemenjace-Gymnospermae-206x300.webp\" width=\"177\" height=\"258\" alt=\"\" class=\"wp-image-19129 alignnone size-medium\" srcset=\"https:\/\/www.hbod.hr\/wp-content\/uploads\/2024\/01\/106_Biljka-covjek-prostor-\u2013-Ukrasne-biljke-Jugoslavenske-obale.-Golosjemenjace-Gymnospermae-206x300.webp 206w, https:\/\/www.hbod.hr\/wp-content\/uploads\/2024\/01\/106_Biljka-covjek-prostor-\u2013-Ukrasne-biljke-Jugoslavenske-obale.-Golosjemenjace-Gymnospermae.webp 317w\" sizes=\"(max-width: 177px) 100vw, 177px\" \/><\/p>\n<p>[\/et_pb_accordion_item][et_pb_accordion_item title=&#8221;Read more&#8221; _builder_version=&#8221;4.24.2&#8243; _module_preset=&#8221;default&#8221; global_colors_info=&#8221;{}&#8221; open=&#8221;off&#8221;]<\/p>\n<p><span style=\"font-weight: 400;\"><strong>Author:<\/strong> Petar Matkovi\u0107<\/span><\/p>\n<p><span style=\"font-weight: 400;\"><strong>Publisher:<\/strong> Biblioteka za prirodne znanosti &#8211; Split<\/span><\/p>\n<p><span style=\"font-weight: 400;\"><strong>Year published:<\/strong> 1970.<\/span><\/p>\n<p><span style=\"font-weight: 400;\"><strong>Pages:<\/strong> 333<\/span><\/p>\n<p>[\/et_pb_accordion_item][\/et_pb_accordion][\/et_pb_column][\/et_pb_row][et_pb_row column_structure=&#8221;1_3,1_3,1_3&#8243; _builder_version=&#8221;4.23.1&#8243; _module_preset=&#8221;default&#8221; width=&#8221;100%&#8221; locked=&#8221;off&#8221; global_colors_info=&#8221;{}&#8221;][et_pb_column type=&#8221;1_3&#8243; _builder_version=&#8221;4.23.1&#8243; _module_preset=&#8221;default&#8221; global_colors_info=&#8221;{}&#8221;][et_pb_accordion _builder_version=&#8221;4.24.2&#8243; _module_preset=&#8221;default&#8221; box_shadow_style=&#8221;preset1&#8243; global_colors_info=&#8221;{}&#8221;][et_pb_accordion_item title=&#8221;Flora mahovina Jugoslavije&#8221; open=&#8221;on&#8221; _builder_version=&#8221;4.23.1&#8243; _module_preset=&#8221;default&#8221; body_text_align=&#8221;center&#8221; max_height=&#8221;326px&#8221; global_colors_info=&#8221;{}&#8221; toggle_level=&#8221;h1&#8243; toggle_font=&#8221;|700||||on|||&#8221; toggle_text_align=&#8221;left&#8221; toggle_font_size=&#8221;20px&#8221;]<\/p>\n<h3><img loading=\"lazy\" decoding=\"async\" src=\"https:\/\/www.hbod.hr\/wp-content\/uploads\/2024\/01\/107_Flora-mahovina-Jugoslavije-201x300.jpg\" width=\"166\" height=\"248\" alt=\"\" class=\"wp-image-19131 alignnone size-medium\" \/><\/h3>\n<p>[\/et_pb_accordion_item][et_pb_accordion_item title=&#8221;Read more&#8221; _builder_version=&#8221;4.24.2&#8243; _module_preset=&#8221;default&#8221; global_colors_info=&#8221;{}&#8221; open=&#8221;off&#8221;]<\/p>\n<p><span style=\"font-weight: 400;\"><strong>Author:<\/strong>\u00a0 Zlatko Pavleti\u0107<\/span><\/p>\n<p><span style=\"font-weight: 400;\"><strong>Publisher:<\/strong> Institut za botaniku Sveu\u010dili\u0161ta, Zagreb<\/span><\/p>\n<p><span style=\"font-weight: 400;\"><strong>Year published:<\/strong> 1968.<\/span><\/p>\n<p><span style=\"font-weight: 400;\"><strong>Pages:<\/strong> 431<\/span><\/p>\n<p>[\/et_pb_accordion_item][\/et_pb_accordion][\/et_pb_column][et_pb_column type=&#8221;1_3&#8243; _builder_version=&#8221;4.23.1&#8243; _module_preset=&#8221;default&#8221; global_colors_info=&#8221;{}&#8221;][et_pb_accordion _builder_version=&#8221;4.24.2&#8243; _module_preset=&#8221;default&#8221; box_shadow_style=&#8221;preset1&#8243; global_colors_info=&#8221;{}&#8221;][et_pb_accordion_item title=&#8221;Travnja\u010dka flora i njena poljoprivredna vrijednost&#8221; open=&#8221;on&#8221; _builder_version=&#8221;4.23.1&#8243; _module_preset=&#8221;default&#8221; body_text_align=&#8221;center&#8221; min_height=&#8221;284px&#8221; height=&#8221;232px&#8221; max_height=&#8221;326px&#8221; global_colors_info=&#8221;{}&#8221; toggle_level=&#8221;h1&#8243; toggle_font=&#8221;|700||||on|||&#8221; toggle_text_align=&#8221;left&#8221; toggle_font_size=&#8221;20px&#8221;]<\/p>\n<p><img loading=\"lazy\" decoding=\"async\" src=\"https:\/\/www.hbod.hr\/wp-content\/uploads\/2024\/01\/108_Travnjacka-flora-i-njena-poljoprivredna-vrijednost-205x300.webp\" width=\"180\" height=\"264\" alt=\"\" class=\"wp-image-19133 alignnone size-medium\" srcset=\"https:\/\/www.hbod.hr\/wp-content\/uploads\/2024\/01\/108_Travnjacka-flora-i-njena-poljoprivredna-vrijednost-205x300.webp 205w, https:\/\/www.hbod.hr\/wp-content\/uploads\/2024\/01\/108_Travnjacka-flora-i-njena-poljoprivredna-vrijednost.webp 312w\" sizes=\"(max-width: 180px) 100vw, 180px\" \/><\/p>\n<p>[\/et_pb_accordion_item][et_pb_accordion_item title=&#8221;Read more&#8221; _builder_version=&#8221;4.24.2&#8243; _module_preset=&#8221;default&#8221; global_colors_info=&#8221;{}&#8221; open=&#8221;off&#8221;]<\/p>\n<p><span style=\"font-weight: 400;\"><strong>Authors:<\/strong> Karlo \u0160o\u0161tari\u0107-Pisari\u0107, Josip Kova\u010devi\u0107<\/span><\/p>\n<p><span style=\"font-weight: 400;\"><strong>Publisher:<\/strong> Nakladni zavod Znanje Zagreb<\/span><\/p>\n<p><span style=\"font-weight: 400;\"><strong>Year published:<\/strong> 1968.<\/span><\/p>\n<p><span style=\"font-weight: 400;\"><strong>Pages:<\/strong> 443<\/span><\/p>\n<p>[\/et_pb_accordion_item][\/et_pb_accordion][\/et_pb_column][et_pb_column type=&#8221;1_3&#8243; _builder_version=&#8221;4.23.1&#8243; _module_preset=&#8221;default&#8221; global_colors_info=&#8221;{}&#8221;][et_pb_accordion _builder_version=&#8221;4.24.2&#8243; _module_preset=&#8221;default&#8221; box_shadow_style=&#8221;preset1&#8243; global_colors_info=&#8221;{}&#8221;][et_pb_accordion_item title=&#8221;Prodromus flore briofita Jugoslavije&#8221; open=&#8221;on&#8221; content_tablet=&#8221;<\/p>\n<h3><a href=%22https:\/\/www.hbod.hr\/wp-content\/uploads\/2024\/01\/51_Ljekovito-bilje-i-ljekovite-droge.tif%22><img src=%22https:\/\/www.hbod.hr\/wp-content\/uploads\/2024\/01\/51_Ljekovito-bilje-i-ljekovite-droge.tif%22 width=%22undefined%22 height=%22undefined%22 alt=%22%22 class=%22wp-image-19008 alignnone size-full%22 \/><img src=%22https:\/\/www.hbod.hr\/wp-content\/uploads\/2024\/01\/69_Prirucnik-za-istrazivanje-bioraznolikosti-duz-rijeke-Drave-211x300.png%22 width=%22189%22 height=%22269%22 alt=%22%22 class=%22wp-image-19048 alignnone size-medium%22 \/><\/a><\/h3>\n<p>&#8221; content_phone=&#8221;<\/p>\n<h3><a href=%22https:\/\/www.hbod.hr\/wp-content\/uploads\/2024\/01\/51_Ljekovito-bilje-i-ljekovite-droge.tif%22><img src=%22https:\/\/www.hbod.hr\/wp-content\/uploads\/2024\/01\/51_Ljekovito-bilje-i-ljekovite-droge.tif%22 width=%22undefined%22 height=%22undefined%22 alt=%22%22 class=%22wp-image-19008 alignnone size-full%22 \/><img src=%22https:\/\/www.hbod.hr\/wp-content\/uploads\/2024\/01\/109_Prodromus-flore-briofita-Jugoslavije-225x300.jpg%22 width=%22205%22 height=%22273%22 alt=%22%22 class=%22wp-image-19135 alignnone size-medium%22 \/><\/a><\/h3>\n<p>&#8221; content_last_edited=&#8221;on|desktop&#8221; _builder_version=&#8221;4.24.0&#8243; _module_preset=&#8221;default&#8221; body_text_align=&#8221;center&#8221; min_height=&#8221;100px&#8221; height=&#8221;306px&#8221; max_height=&#8221;326px&#8221; global_colors_info=&#8221;{}&#8221; toggle_level=&#8221;h1&#8243; toggle_font=&#8221;|700||||on|||&#8221; toggle_text_align=&#8221;left&#8221; toggle_font_size=&#8221;20px&#8221;]<\/p>\n<p><img loading=\"lazy\" decoding=\"async\" src=\"https:\/\/www.hbod.hr\/wp-content\/uploads\/2024\/01\/109_Prodromus-flore-briofita-Jugoslavije-225x300.jpg\" width=\"201\" height=\"268\" alt=\"\" class=\"wp-image-19135 alignnone size-medium\" \/><\/p>\n<p>[\/et_pb_accordion_item][et_pb_accordion_item title=&#8221;Read more&#8221; _builder_version=&#8221;4.24.2&#8243; _module_preset=&#8221;default&#8221; global_colors_info=&#8221;{}&#8221; open=&#8221;off&#8221;]<\/p>\n<p><span style=\"font-weight: 400;\"><strong>Author:\u00a0<\/strong> Zlatko Pavleti\u0107<\/span><\/p>\n<p><span style=\"font-weight: 400;\"><strong>Publisher:<\/strong> Jugoslavenska akademija znanosti i umjetnosti<\/span><\/p>\n<p><span style=\"font-weight: 400;\"><strong>Year published:<\/strong> 1955.<\/span><\/p>\n<p><span style=\"font-weight: 400;\"><strong>Pages:<\/strong> 578<\/span><\/p>\n<p>[\/et_pb_accordion_item][\/et_pb_accordion][\/et_pb_column][\/et_pb_row][et_pb_row column_structure=&#8221;1_3,1_3,1_3&#8243; _builder_version=&#8221;4.23.1&#8243; _module_preset=&#8221;default&#8221; width=&#8221;100%&#8221; locked=&#8221;off&#8221; global_colors_info=&#8221;{}&#8221;][et_pb_column type=&#8221;1_3&#8243; _builder_version=&#8221;4.23.1&#8243; _module_preset=&#8221;default&#8221; global_colors_info=&#8221;{}&#8221;][et_pb_accordion _builder_version=&#8221;4.24.2&#8243; _module_preset=&#8221;default&#8221; box_shadow_style=&#8221;preset1&#8243; global_colors_info=&#8221;{}&#8221;][et_pb_accordion_item title=&#8221;Ilustrirani bilinar&#8221; open=&#8221;on&#8221; _builder_version=&#8221;4.24.2&#8243; _module_preset=&#8221;default&#8221; body_text_align=&#8221;center&#8221; max_height=&#8221;326px&#8221; global_colors_info=&#8221;{}&#8221; toggle_level=&#8221;h1&#8243; toggle_font=&#8221;|700||||on|||&#8221; toggle_text_align=&#8221;left&#8221; toggle_font_size=&#8221;20px&#8221;]<\/p>\n<h3><img loading=\"lazy\" decoding=\"async\" src=\"https:\/\/www.hbod.hr\/wp-content\/uploads\/2024\/03\/28_Ilustrirani-bilinar-208x300.jpg\" width=\"175\" height=\"252\" alt=\"\" class=\"wp-image-19709 alignnone size-medium\" srcset=\"https:\/\/www.hbod.hr\/wp-content\/uploads\/2024\/03\/28_Ilustrirani-bilinar-208x300.jpg 208w, https:\/\/www.hbod.hr\/wp-content\/uploads\/2024\/03\/28_Ilustrirani-bilinar.jpg 467w\" sizes=\"(max-width: 175px) 100vw, 175px\" \/><\/h3>\n<p>[\/et_pb_accordion_item][et_pb_accordion_item title=&#8221;Read more&#8221; _builder_version=&#8221;4.24.2&#8243; _module_preset=&#8221;default&#8221; global_colors_info=&#8221;{}&#8221; open=&#8221;off&#8221;]<\/p>\n<p><strong>Author:<\/strong> Stjepan Horvati\u0107<\/p>\n<p><strong>Publisher:<\/strong> \u0160kolska knjiga<\/p>\n<p><strong>Year published:<\/strong> 1954.<\/p>\n<p><strong>Pages:<\/strong> 767<\/p>\n<p>[\/et_pb_accordion_item][\/et_pb_accordion][\/et_pb_column][et_pb_column type=&#8221;1_3&#8243; _builder_version=&#8221;4.23.1&#8243; _module_preset=&#8221;default&#8221; global_colors_info=&#8221;{}&#8221;][et_pb_accordion _builder_version=&#8221;4.24.2&#8243; _module_preset=&#8221;default&#8221; box_shadow_style=&#8221;preset1&#8243; global_colors_info=&#8221;{}&#8221;][et_pb_accordion_item title=&#8221;Prodromus flore li\u0161aja Jugoslavije&#8221; open=&#8221;on&#8221; _builder_version=&#8221;4.24.2&#8243; _module_preset=&#8221;default&#8221; body_text_align=&#8221;center&#8221; min_height=&#8221;284px&#8221; height=&#8221;232px&#8221; max_height=&#8221;326px&#8221; global_colors_info=&#8221;{}&#8221; toggle_level=&#8221;h1&#8243; toggle_font=&#8221;|700||||on|||&#8221; toggle_text_align=&#8221;left&#8221; toggle_font_size=&#8221;20px&#8221;]<\/p>\n<p><img loading=\"lazy\" decoding=\"async\" src=\"https:\/\/www.hbod.hr\/wp-content\/uploads\/2024\/03\/29_Prodromus-flore-lisaja-jugoslavije-214x300.jpg\" width=\"175\" height=\"245\" alt=\"\" class=\"wp-image-19711 alignnone size-medium\" srcset=\"https:\/\/www.hbod.hr\/wp-content\/uploads\/2024\/03\/29_Prodromus-flore-lisaja-jugoslavije-214x300.jpg 214w, https:\/\/www.hbod.hr\/wp-content\/uploads\/2024\/03\/29_Prodromus-flore-lisaja-jugoslavije.jpg 420w\" sizes=\"(max-width: 175px) 100vw, 175px\" \/><\/p>\n<p>[\/et_pb_accordion_item][et_pb_accordion_item title=&#8221;Read more&#8221; _builder_version=&#8221;4.24.2&#8243; _module_preset=&#8221;default&#8221; global_colors_info=&#8221;{}&#8221; open=&#8221;off&#8221;]<\/p>\n<p><strong>Author:<\/strong> Fran Ku\u0161an<\/p>\n<p><strong>Publisher:<\/strong> Jugoslavenska akademija znanosti i umjetnosti<\/p>\n<p><strong>Year published:<\/strong> 1953.<\/p>\n<p><strong>Pages:<\/strong> 595<\/p>\n<p>[\/et_pb_accordion_item][\/et_pb_accordion][\/et_pb_column][et_pb_column type=&#8221;1_3&#8243; _builder_version=&#8221;4.23.1&#8243; _module_preset=&#8221;default&#8221; global_colors_info=&#8221;{}&#8221;][\/et_pb_column][\/et_pb_row][et_pb_row column_structure=&#8221;1_3,1_3,1_3&#8243; _builder_version=&#8221;4.23.1&#8243; _module_preset=&#8221;default&#8221; width=&#8221;100%&#8221; locked=&#8221;off&#8221; global_colors_info=&#8221;{}&#8221;][et_pb_column type=&#8221;1_3&#8243; _builder_version=&#8221;4.23.1&#8243; _module_preset=&#8221;default&#8221; global_colors_info=&#8221;{}&#8221;][\/et_pb_column][et_pb_column type=&#8221;1_3&#8243; _builder_version=&#8221;4.23.1&#8243; _module_preset=&#8221;default&#8221; global_colors_info=&#8221;{}&#8221;][\/et_pb_column][et_pb_column type=&#8221;1_3&#8243; _builder_version=&#8221;4.23.1&#8243; _module_preset=&#8221;default&#8221; global_colors_info=&#8221;{}&#8221;][\/et_pb_column][\/et_pb_row][\/et_pb_section][et_pb_section fb_built=&#8221;1&#8243; _builder_version=&#8221;4.16&#8243; _module_preset=&#8221;default&#8221; global_colors_info=&#8221;{}&#8221;][\/et_pb_section]<\/p>\n","protected":false},"excerpt":{"rendered":"<p>Botanical libraryThe aim of Botanical library is to represent the central overview of expert-popular botanical literature about Croatian flora (books, manuals, textbooks, botanical guides, brochures\u2026) published in Croatia, mainly in Croatian language, with the corresponding front pages and basic information. The aim is to gather data about published literature in one place, so that the [&hellip;]<\/p>\n","protected":false},"author":1,"featured_media":0,"parent":0,"menu_order":0,"comment_status":"closed","ping_status":"closed","template":"","meta":{"_et_pb_use_builder":"on","_et_pb_old_content":"","_et_gb_content_width":"","footnotes":""},"class_list":["post-17987","page","type-page","status-publish","hentry"],"_links":{"self":[{"href":"https:\/\/www.hbod.hr\/en\/wp-json\/wp\/v2\/pages\/17987","targetHints":{"allow":["GET"]}}],"collection":[{"href":"https:\/\/www.hbod.hr\/en\/wp-json\/wp\/v2\/pages"}],"about":[{"href":"https:\/\/www.hbod.hr\/en\/wp-json\/wp\/v2\/types\/page"}],"author":[{"embeddable":true,"href":"https:\/\/www.hbod.hr\/en\/wp-json\/wp\/v2\/users\/1"}],"replies":[{"embeddable":true,"href":"https:\/\/www.hbod.hr\/en\/wp-json\/wp\/v2\/comments?post=17987"}],"version-history":[{"count":31,"href":"https:\/\/www.hbod.hr\/en\/wp-json\/wp\/v2\/pages\/17987\/revisions"}],"predecessor-version":[{"id":21688,"href":"https:\/\/www.hbod.hr\/en\/wp-json\/wp\/v2\/pages\/17987\/revisions\/21688"}],"wp:attachment":[{"href":"https:\/\/www.hbod.hr\/en\/wp-json\/wp\/v2\/media?parent=17987"}],"curies":[{"name":"wp","href":"https:\/\/api.w.org\/{rel}","templated":true}]}}